{"id":6,"date":"2014-08-11T11:19:13","date_gmt":"2014-08-11T09:19:13","guid":{"rendered":"http:\/\/www.ejw-oehringen.de\/wordpress\/?page_id=6"},"modified":"2026-01-24T16:57:31","modified_gmt":"2026-01-24T15:57:31","slug":"aktuelles","status":"publish","type":"page","link":"https:\/\/ejw-oehringen.de\/wordpress\/aktuelles\/","title":{"rendered":"Aktuelles"},"content":{"rendered":"\n<h3 class=\"wp-block-heading\"><strong>Termine aus dem EJ\u00d6<\/strong><\/h3>\n\n\n\n<p><iframe loading=\"lazy\" src=\"https:\/\/calendar.google.com\/calendar\/embed?src=dorothea.faerber%40ejw-oehringen.de&amp;ctz=Europe%2FBerlin\" style=\"border: 0\" scrolling=\"no\" width=\"800\" height=\"600\" frameborder=\"0\"><\/iframe><\/p>\n\n\n\n<hr class=\"wp-block-separator has-alpha-channel-opacity\"\/>\n\n\n<h2>Winterfreizeiten 2026<\/h2>\n<p>Es gibt noch freie Pl\u00e4tze bei der WIWA!!<\/p>\n\n\n<figure class=\"wp-block-gallery has-nested-images columns-default is-cropped wp-block-gallery-1 is-layout-flex wp-block-gallery-is-layout-flex\">\n<figure class=\"wp-block-image size-large\"><a href=\"https:\/\/ejw-oehringen.de\/wordpress\/wp-content\/uploads\/2025\/10\/Winter-Werbung_Online.jpg\"><img loading=\"lazy\" decoding=\"async\" width=\"722\" height=\"1024\" data-id=\"4597\" src=\"https:\/\/ejw-oehringen.de\/wordpress\/wp-content\/uploads\/2025\/10\/Winter-Werbung_Online-722x1024.jpg\" alt=\"\" class=\"wp-image-4597\" srcset=\"https:\/\/ejw-oehringen.de\/wordpress\/wp-content\/uploads\/2025\/10\/Winter-Werbung_Online-722x1024.jpg 722w, https:\/\/ejw-oehringen.de\/wordpress\/wp-content\/uploads\/2025\/10\/Winter-Werbung_Online-211x300.jpg 211w, https:\/\/ejw-oehringen.de\/wordpress\/wp-content\/uploads\/2025\/10\/Winter-Werbung_Online-768x1089.jpg 768w, https:\/\/ejw-oehringen.de\/wordpress\/wp-content\/uploads\/2025\/10\/Winter-Werbung_Online-1083x1536.jpg 1083w, https:\/\/ejw-oehringen.de\/wordpress\/wp-content\/uploads\/2025\/10\/Winter-Werbung_Online-1444x2048.jpg 1444w, https:\/\/ejw-oehringen.de\/wordpress\/wp-content\/uploads\/2025\/10\/Winter-Werbung_Online-106x150.jpg 106w, https:\/\/ejw-oehringen.de\/wordpress\/wp-content\/uploads\/2025\/10\/Winter-Werbung_Online-1320x1872.jpg 1320w, https:\/\/ejw-oehringen.de\/wordpress\/wp-content\/uploads\/2025\/10\/Winter-Werbung_Online.jpg 1749w\" sizes=\"auto, (max-width: 722px) 100vw, 722px\" \/><\/a><\/figure>\n<\/figure>\n\n\n\n<hr class=\"wp-block-separator has-alpha-channel-opacity\"\/>\n\n\n\n<p><\/p>\n\n\n<div class=\"wp-block-image\">\n<figure class=\"aligncenter size-large\"><a href=\"https:\/\/ejw-oehringen.de\/wordpress\/wp-content\/uploads\/2026\/01\/PeaceNight_FlyerOnline_A6.jpg\"><img loading=\"lazy\" decoding=\"async\" width=\"727\" height=\"1024\" src=\"https:\/\/ejw-oehringen.de\/wordpress\/wp-content\/uploads\/2026\/01\/PeaceNight_FlyerOnline_A6-727x1024.jpg\" alt=\"\" class=\"wp-image-4698\" srcset=\"https:\/\/ejw-oehringen.de\/wordpress\/wp-content\/uploads\/2026\/01\/PeaceNight_FlyerOnline_A6-727x1024.jpg 727w, https:\/\/ejw-oehringen.de\/wordpress\/wp-content\/uploads\/2026\/01\/PeaceNight_FlyerOnline_A6-213x300.jpg 213w, https:\/\/ejw-oehringen.de\/wordpress\/wp-content\/uploads\/2026\/01\/PeaceNight_FlyerOnline_A6-768x1082.jpg 768w, https:\/\/ejw-oehringen.de\/wordpress\/wp-content\/uploads\/2026\/01\/PeaceNight_FlyerOnline_A6-1090x1536.jpg 1090w, https:\/\/ejw-oehringen.de\/wordpress\/wp-content\/uploads\/2026\/01\/PeaceNight_FlyerOnline_A6-106x150.jpg 106w, https:\/\/ejw-oehringen.de\/wordpress\/wp-content\/uploads\/2026\/01\/PeaceNight_FlyerOnline_A6.jpg 1241w\" sizes=\"auto, (max-width: 727px) 100vw, 727px\" \/><\/a><\/figure>\n<\/div>\n\n\n<hr class=\"wp-block-separator has-alpha-channel-opacity\"\/>\n\n\n<h2>Termine Sommerfreizeiten 2026<\/h2>\n\n<div class=\"wp-block-image\">\n<figure class=\"aligncenter size-large\"><a href=\"https:\/\/ejw-oehringen.de\/wordpress\/wp-content\/uploads\/2025\/12\/Sommer-Freizeiten-26.jpg\"><img loading=\"lazy\" decoding=\"async\" width=\"724\" height=\"1024\" src=\"https:\/\/ejw-oehringen.de\/wordpress\/wp-content\/uploads\/2025\/12\/Sommer-Freizeiten-26-724x1024.jpg\" alt=\"\" class=\"wp-image-4673\" srcset=\"https:\/\/ejw-oehringen.de\/wordpress\/wp-content\/uploads\/2025\/12\/Sommer-Freizeiten-26-724x1024.jpg 724w, https:\/\/ejw-oehringen.de\/wordpress\/wp-content\/uploads\/2025\/12\/Sommer-Freizeiten-26-212x300.jpg 212w, https:\/\/ejw-oehringen.de\/wordpress\/wp-content\/uploads\/2025\/12\/Sommer-Freizeiten-26-768x1086.jpg 768w, https:\/\/ejw-oehringen.de\/wordpress\/wp-content\/uploads\/2025\/12\/Sommer-Freizeiten-26-1086x1536.jpg 1086w, https:\/\/ejw-oehringen.de\/wordpress\/wp-content\/uploads\/2025\/12\/Sommer-Freizeiten-26-1448x2048.jpg 1448w, https:\/\/ejw-oehringen.de\/wordpress\/wp-content\/uploads\/2025\/12\/Sommer-Freizeiten-26-106x150.jpg 106w, https:\/\/ejw-oehringen.de\/wordpress\/wp-content\/uploads\/2025\/12\/Sommer-Freizeiten-26-1320x1867.jpg 1320w, https:\/\/ejw-oehringen.de\/wordpress\/wp-content\/uploads\/2025\/12\/Sommer-Freizeiten-26.jpg 1754w\" sizes=\"auto, (max-width: 724px) 100vw, 724px\" \/><\/a><\/figure>\n<\/div>\n\n\n<hr class=\"wp-block-separator has-alpha-channel-opacity\"\/>\n\n\n\n<figure class=\"wp-block-gallery has-nested-images columns-default is-cropped wp-block-gallery-2 is-layout-flex wp-block-gallery-is-layout-flex\">\n<figure class=\"wp-block-image size-large\"><a href=\"https:\/\/ejw-oehringen.de\/wordpress\/wp-content\/uploads\/2025\/11\/27e7cb5a-b183-4dff-ad2a-5d55c44cc7f3-1.jpeg\"><img loading=\"lazy\" decoding=\"async\" width=\"1024\" height=\"683\" data-id=\"4616\" src=\"https:\/\/ejw-oehringen.de\/wordpress\/wp-content\/uploads\/2025\/11\/27e7cb5a-b183-4dff-ad2a-5d55c44cc7f3-1-1024x683.jpeg\" alt=\"\" class=\"wp-image-4616\" srcset=\"https:\/\/ejw-oehringen.de\/wordpress\/wp-content\/uploads\/2025\/11\/27e7cb5a-b183-4dff-ad2a-5d55c44cc7f3-1-1024x683.jpeg 1024w, https:\/\/ejw-oehringen.de\/wordpress\/wp-content\/uploads\/2025\/11\/27e7cb5a-b183-4dff-ad2a-5d55c44cc7f3-1-300x200.jpeg 300w, https:\/\/ejw-oehringen.de\/wordpress\/wp-content\/uploads\/2025\/11\/27e7cb5a-b183-4dff-ad2a-5d55c44cc7f3-1-768x512.jpeg 768w, https:\/\/ejw-oehringen.de\/wordpress\/wp-content\/uploads\/2025\/11\/27e7cb5a-b183-4dff-ad2a-5d55c44cc7f3-1-1536x1024.jpeg 1536w, https:\/\/ejw-oehringen.de\/wordpress\/wp-content\/uploads\/2025\/11\/27e7cb5a-b183-4dff-ad2a-5d55c44cc7f3-1-225x150.jpeg 225w, https:\/\/ejw-oehringen.de\/wordpress\/wp-content\/uploads\/2025\/11\/27e7cb5a-b183-4dff-ad2a-5d55c44cc7f3-1-150x100.jpeg 150w, https:\/\/ejw-oehringen.de\/wordpress\/wp-content\/uploads\/2025\/11\/27e7cb5a-b183-4dff-ad2a-5d55c44cc7f3-1-1320x880.jpeg 1320w, https:\/\/ejw-oehringen.de\/wordpress\/wp-content\/uploads\/2025\/11\/27e7cb5a-b183-4dff-ad2a-5d55c44cc7f3-1.jpeg 1824w\" sizes=\"auto, (max-width: 1024px) 100vw, 1024px\" \/><\/a><\/figure>\n<\/figure>\n\n\n\n<p class=\"has-text-align-center\"><strong>Churchnight Pfedelbach 2025 \u2013 Ein Abend voller Musik, Licht, Gemeinschaft und ein \u201eDurstl\u00f6scher\u201c f\u00fcr Herz und Seele<\/strong><\/p>\n\n\n\n<p>Am Samstag, den 25. Oktober 2025, erlebte Pfedelbach eine beeindruckende <strong>Churchnight. <\/strong>Unter dem Motto <strong>\u201eDurstl\u00f6scher\u201c<\/strong> kamen Jugendliche und Erwachsene in und um die Pfedelbacher Kirche zusammen, um gemeinsam zu feiern, zu singen und \u00fcber das nachzudenken, was unseren inneren Durst stillt \u2013 den Durst nach Sinn, Gemeinschaft und Leben.<\/p>\n\n\n\n<p>Schon beim Eintreffen der Besucher herrschte eine besondere Atmosph\u00e4re: Die Kirche und ihr Umfeld waren in ein faszinierendes <strong>Lichtspiel<\/strong> getaucht. Farben, Muster und Projektionen verwandelten den Platz und die Kirche in eine eindrucksvolle Kulisse, die sofort Vorfreude auf das Kommende weckte.<\/p>\n\n\n\n<figure class=\"wp-block-gallery has-nested-images columns-default is-cropped wp-block-gallery-3 is-layout-flex wp-block-gallery-is-layout-flex\">\n<figure class=\"wp-block-image size-large\"><a href=\"https:\/\/ejw-oehringen.de\/wordpress\/wp-content\/uploads\/2025\/11\/c94d39b4-7f95-4394-8547-ac5176108bdd-2.jpeg\"><img loading=\"lazy\" decoding=\"async\" width=\"1024\" height=\"683\" data-id=\"4617\" src=\"https:\/\/ejw-oehringen.de\/wordpress\/wp-content\/uploads\/2025\/11\/c94d39b4-7f95-4394-8547-ac5176108bdd-2-1024x683.jpeg\" alt=\"\" class=\"wp-image-4617\" srcset=\"https:\/\/ejw-oehringen.de\/wordpress\/wp-content\/uploads\/2025\/11\/c94d39b4-7f95-4394-8547-ac5176108bdd-2-1024x683.jpeg 1024w, https:\/\/ejw-oehringen.de\/wordpress\/wp-content\/uploads\/2025\/11\/c94d39b4-7f95-4394-8547-ac5176108bdd-2-300x200.jpeg 300w, https:\/\/ejw-oehringen.de\/wordpress\/wp-content\/uploads\/2025\/11\/c94d39b4-7f95-4394-8547-ac5176108bdd-2-768x512.jpeg 768w, https:\/\/ejw-oehringen.de\/wordpress\/wp-content\/uploads\/2025\/11\/c94d39b4-7f95-4394-8547-ac5176108bdd-2-1536x1024.jpeg 1536w, https:\/\/ejw-oehringen.de\/wordpress\/wp-content\/uploads\/2025\/11\/c94d39b4-7f95-4394-8547-ac5176108bdd-2-225x150.jpeg 225w, https:\/\/ejw-oehringen.de\/wordpress\/wp-content\/uploads\/2025\/11\/c94d39b4-7f95-4394-8547-ac5176108bdd-2-150x100.jpeg 150w, https:\/\/ejw-oehringen.de\/wordpress\/wp-content\/uploads\/2025\/11\/c94d39b4-7f95-4394-8547-ac5176108bdd-2-1320x880.jpeg 1320w, https:\/\/ejw-oehringen.de\/wordpress\/wp-content\/uploads\/2025\/11\/c94d39b4-7f95-4394-8547-ac5176108bdd-2.jpeg 1824w\" sizes=\"auto, (max-width: 1024px) 100vw, 1024px\" \/><\/a><\/figure>\n\n\n\n<figure class=\"wp-block-image size-large\"><a href=\"https:\/\/ejw-oehringen.de\/wordpress\/wp-content\/uploads\/2025\/11\/dd6cefec-f372-47e9-9d6e-390fa3942ce3-2.jpeg\"><img loading=\"lazy\" decoding=\"async\" width=\"1024\" height=\"683\" data-id=\"4618\" src=\"https:\/\/ejw-oehringen.de\/wordpress\/wp-content\/uploads\/2025\/11\/dd6cefec-f372-47e9-9d6e-390fa3942ce3-2-1024x683.jpeg\" alt=\"\" class=\"wp-image-4618\" srcset=\"https:\/\/ejw-oehringen.de\/wordpress\/wp-content\/uploads\/2025\/11\/dd6cefec-f372-47e9-9d6e-390fa3942ce3-2-1024x683.jpeg 1024w, https:\/\/ejw-oehringen.de\/wordpress\/wp-content\/uploads\/2025\/11\/dd6cefec-f372-47e9-9d6e-390fa3942ce3-2-300x200.jpeg 300w, https:\/\/ejw-oehringen.de\/wordpress\/wp-content\/uploads\/2025\/11\/dd6cefec-f372-47e9-9d6e-390fa3942ce3-2-768x512.jpeg 768w, https:\/\/ejw-oehringen.de\/wordpress\/wp-content\/uploads\/2025\/11\/dd6cefec-f372-47e9-9d6e-390fa3942ce3-2-1536x1024.jpeg 1536w, https:\/\/ejw-oehringen.de\/wordpress\/wp-content\/uploads\/2025\/11\/dd6cefec-f372-47e9-9d6e-390fa3942ce3-2-225x150.jpeg 225w, https:\/\/ejw-oehringen.de\/wordpress\/wp-content\/uploads\/2025\/11\/dd6cefec-f372-47e9-9d6e-390fa3942ce3-2-150x100.jpeg 150w, https:\/\/ejw-oehringen.de\/wordpress\/wp-content\/uploads\/2025\/11\/dd6cefec-f372-47e9-9d6e-390fa3942ce3-2-1320x880.jpeg 1320w, https:\/\/ejw-oehringen.de\/wordpress\/wp-content\/uploads\/2025\/11\/dd6cefec-f372-47e9-9d6e-390fa3942ce3-2.jpeg 1824w\" sizes=\"auto, (max-width: 1024px) 100vw, 1024px\" \/><\/a><\/figure>\n<\/figure>\n\n\n\n<p>Das <strong>Konzert von Jonny vom Dahl <\/strong>er\u00f6ffnete den Abend. Der Singer-Songwriter pr\u00e4sentierte seine Mischung aus ehrlicher Popmusik, eing\u00e4ngigen Melodien und inspirierenden Texten. Seine Songs f\u00fcgten sich in die Atmosph\u00e4re der Churchnight ein, mal nachdenklich, mal fr\u00f6hlich, immer echt.<br>Ebenso war f\u00fcr das leibliche Wohl bestens gesorgt mit einer Cocktailbar, Getr\u00e4nken und Punsch. Das Team des <strong>ej\u00f6-Foodtrucks<\/strong>, traf mit frisch zubereitetem <strong>Chili<\/strong> alle Geschm\u00e4cker. Viele Jugendliche nutzten die Gelegenheit, drau\u00dfen beisammenzustehen, zu essen und sich auszutauschen \u2013 ganz im Geist einer offenen und lebendigen Gemeinschaft.<\/p>\n\n\n\n<p>Mit dem <strong>Jugendgottesdienst<\/strong> ging das Programm weiter. Mitrei\u00dfende <strong>Lobpreislieder<\/strong> und eine offene, herzliche Stimmung machten deutlich: Hier geht es um mehr als nur ein Event \u2013 hier ging es um Begegnung, Glauben und Gemeinschaft. Die Musikband und der You\/C Chor sorgten mit modernen Kl\u00e4ngen und tiefgehenden Texten f\u00fcr sch\u00f6ne Momente. In der Predigt wurde das Thema \u201eDurstl\u00f6scher\u201c lebendig. Es ging um die Frage, was unseren Lebensdurst wirklich stillt \u2013 und um die Einladung, sich von Gottes Liebe und N\u00e4he erfrischen zu lassen.<\/p>\n\n\n\n<p>Ein weiterer H\u00f6hepunkt folgte mit einer beeindruckenden <strong>Zirkusshoweinlage des Zirkus Abbracci<\/strong>. Die jungen Artistinnen und Artisten zeigten atemberaubende Akrobatik und beeindruckende LED Jonglage \u2013 ein Programm, das die Zuschauer staunen lie\u00df und f\u00fcr begeisterten Applaus sorgte.<\/p>\n\n\n\n<figure class=\"wp-block-gallery has-nested-images columns-default is-cropped wp-block-gallery-4 is-layout-flex wp-block-gallery-is-layout-flex\">\n<figure class=\"wp-block-image size-large\"><a href=\"https:\/\/ejw-oehringen.de\/wordpress\/wp-content\/uploads\/2025\/11\/4e618800-b839-4937-b1e1-28dc18480404-2.jpeg\"><img loading=\"lazy\" decoding=\"async\" width=\"1024\" height=\"683\" data-id=\"4619\" src=\"https:\/\/ejw-oehringen.de\/wordpress\/wp-content\/uploads\/2025\/11\/4e618800-b839-4937-b1e1-28dc18480404-2-1024x683.jpeg\" alt=\"\" class=\"wp-image-4619\" srcset=\"https:\/\/ejw-oehringen.de\/wordpress\/wp-content\/uploads\/2025\/11\/4e618800-b839-4937-b1e1-28dc18480404-2-1024x683.jpeg 1024w, https:\/\/ejw-oehringen.de\/wordpress\/wp-content\/uploads\/2025\/11\/4e618800-b839-4937-b1e1-28dc18480404-2-300x200.jpeg 300w, https:\/\/ejw-oehringen.de\/wordpress\/wp-content\/uploads\/2025\/11\/4e618800-b839-4937-b1e1-28dc18480404-2-768x512.jpeg 768w, https:\/\/ejw-oehringen.de\/wordpress\/wp-content\/uploads\/2025\/11\/4e618800-b839-4937-b1e1-28dc18480404-2-1536x1024.jpeg 1536w, https:\/\/ejw-oehringen.de\/wordpress\/wp-content\/uploads\/2025\/11\/4e618800-b839-4937-b1e1-28dc18480404-2-225x150.jpeg 225w, https:\/\/ejw-oehringen.de\/wordpress\/wp-content\/uploads\/2025\/11\/4e618800-b839-4937-b1e1-28dc18480404-2-150x100.jpeg 150w, https:\/\/ejw-oehringen.de\/wordpress\/wp-content\/uploads\/2025\/11\/4e618800-b839-4937-b1e1-28dc18480404-2-1320x880.jpeg 1320w, https:\/\/ejw-oehringen.de\/wordpress\/wp-content\/uploads\/2025\/11\/4e618800-b839-4937-b1e1-28dc18480404-2.jpeg 1824w\" sizes=\"auto, (max-width: 1024px) 100vw, 1024px\" \/><\/a><\/figure>\n\n\n\n<figure class=\"wp-block-image size-large\"><a href=\"https:\/\/ejw-oehringen.de\/wordpress\/wp-content\/uploads\/2025\/11\/90d3dc5f-c048-4c47-8b69-22e3785b351d-1.jpeg\"><img loading=\"lazy\" decoding=\"async\" width=\"1024\" height=\"683\" data-id=\"4620\" src=\"https:\/\/ejw-oehringen.de\/wordpress\/wp-content\/uploads\/2025\/11\/90d3dc5f-c048-4c47-8b69-22e3785b351d-1-1024x683.jpeg\" alt=\"\" class=\"wp-image-4620\" srcset=\"https:\/\/ejw-oehringen.de\/wordpress\/wp-content\/uploads\/2025\/11\/90d3dc5f-c048-4c47-8b69-22e3785b351d-1-1024x683.jpeg 1024w, https:\/\/ejw-oehringen.de\/wordpress\/wp-content\/uploads\/2025\/11\/90d3dc5f-c048-4c47-8b69-22e3785b351d-1-300x200.jpeg 300w, https:\/\/ejw-oehringen.de\/wordpress\/wp-content\/uploads\/2025\/11\/90d3dc5f-c048-4c47-8b69-22e3785b351d-1-768x512.jpeg 768w, https:\/\/ejw-oehringen.de\/wordpress\/wp-content\/uploads\/2025\/11\/90d3dc5f-c048-4c47-8b69-22e3785b351d-1-225x150.jpeg 225w, https:\/\/ejw-oehringen.de\/wordpress\/wp-content\/uploads\/2025\/11\/90d3dc5f-c048-4c47-8b69-22e3785b351d-1-150x100.jpeg 150w, https:\/\/ejw-oehringen.de\/wordpress\/wp-content\/uploads\/2025\/11\/90d3dc5f-c048-4c47-8b69-22e3785b351d-1.jpeg 1280w\" sizes=\"auto, (max-width: 1024px) 100vw, 1024px\" \/><\/a><\/figure>\n\n\n\n<figure class=\"wp-block-image size-large\"><a href=\"https:\/\/ejw-oehringen.de\/wordpress\/wp-content\/uploads\/2025\/11\/7e34384f-8c91-41b6-8ead-e9f413bd0019.jpeg\"><img loading=\"lazy\" decoding=\"async\" width=\"1024\" height=\"683\" data-id=\"4621\" src=\"https:\/\/ejw-oehringen.de\/wordpress\/wp-content\/uploads\/2025\/11\/7e34384f-8c91-41b6-8ead-e9f413bd0019-1024x683.jpeg\" alt=\"\" class=\"wp-image-4621\" srcset=\"https:\/\/ejw-oehringen.de\/wordpress\/wp-content\/uploads\/2025\/11\/7e34384f-8c91-41b6-8ead-e9f413bd0019-1024x683.jpeg 1024w, https:\/\/ejw-oehringen.de\/wordpress\/wp-content\/uploads\/2025\/11\/7e34384f-8c91-41b6-8ead-e9f413bd0019-300x200.jpeg 300w, https:\/\/ejw-oehringen.de\/wordpress\/wp-content\/uploads\/2025\/11\/7e34384f-8c91-41b6-8ead-e9f413bd0019-768x512.jpeg 768w, https:\/\/ejw-oehringen.de\/wordpress\/wp-content\/uploads\/2025\/11\/7e34384f-8c91-41b6-8ead-e9f413bd0019-1536x1024.jpeg 1536w, https:\/\/ejw-oehringen.de\/wordpress\/wp-content\/uploads\/2025\/11\/7e34384f-8c91-41b6-8ead-e9f413bd0019-225x150.jpeg 225w, https:\/\/ejw-oehringen.de\/wordpress\/wp-content\/uploads\/2025\/11\/7e34384f-8c91-41b6-8ead-e9f413bd0019-150x100.jpeg 150w, https:\/\/ejw-oehringen.de\/wordpress\/wp-content\/uploads\/2025\/11\/7e34384f-8c91-41b6-8ead-e9f413bd0019-1320x880.jpeg 1320w, https:\/\/ejw-oehringen.de\/wordpress\/wp-content\/uploads\/2025\/11\/7e34384f-8c91-41b6-8ead-e9f413bd0019.jpeg 1824w\" sizes=\"auto, (max-width: 1024px) 100vw, 1024px\" \/><\/a><\/figure>\n<\/figure>\n\n\n\n<p class=\"has-text-align-center\">Die <strong>Churchnight Pfedelbach 2025<\/strong> war ein lebendiger Ausdruck von Freude, Glauben und Zusammenhalt. Ein Abend, der noch lange in Erinnerung bleiben wird.<\/p>\n\n\n\n<hr class=\"wp-block-separator has-alpha-channel-opacity\"\/>\n\n\n<div class=\"wp-block-image\">\n<figure class=\"aligncenter size-large\"><a href=\"https:\/\/ejw-oehringen.de\/wordpress\/wp-content\/uploads\/2024\/12\/1b9e5c22-8236-4dd1-bb99-645b9d59e023.jpeg\"><img loading=\"lazy\" decoding=\"async\" width=\"726\" height=\"1024\" src=\"https:\/\/ejw-oehringen.de\/wordpress\/wp-content\/uploads\/2024\/12\/1b9e5c22-8236-4dd1-bb99-645b9d59e023-726x1024.jpeg\" alt=\"\" class=\"wp-image-4316\" srcset=\"https:\/\/ejw-oehringen.de\/wordpress\/wp-content\/uploads\/2024\/12\/1b9e5c22-8236-4dd1-bb99-645b9d59e023-726x1024.jpeg 726w, https:\/\/ejw-oehringen.de\/wordpress\/wp-content\/uploads\/2024\/12\/1b9e5c22-8236-4dd1-bb99-645b9d59e023-213x300.jpeg 213w, https:\/\/ejw-oehringen.de\/wordpress\/wp-content\/uploads\/2024\/12\/1b9e5c22-8236-4dd1-bb99-645b9d59e023-768x1083.jpeg 768w, https:\/\/ejw-oehringen.de\/wordpress\/wp-content\/uploads\/2024\/12\/1b9e5c22-8236-4dd1-bb99-645b9d59e023-1090x1536.jpeg 1090w, https:\/\/ejw-oehringen.de\/wordpress\/wp-content\/uploads\/2024\/12\/1b9e5c22-8236-4dd1-bb99-645b9d59e023-106x150.jpeg 106w, https:\/\/ejw-oehringen.de\/wordpress\/wp-content\/uploads\/2024\/12\/1b9e5c22-8236-4dd1-bb99-645b9d59e023.jpeg 1240w\" sizes=\"auto, (max-width: 726px) 100vw, 726px\" \/><\/a><\/figure>\n<\/div>\n\n\n<hr class=\"wp-block-separator has-alpha-channel-opacity\"\/>\n\n\n\n<figure class=\"wp-block-image size-large is-style-default\"><a href=\"https:\/\/ejw-oehringen.de\/wordpress\/wp-content\/uploads\/2024\/02\/Sonday-Pub-PPP.png\"><img loading=\"lazy\" decoding=\"async\" width=\"1024\" height=\"576\" src=\"https:\/\/ejw-oehringen.de\/wordpress\/wp-content\/uploads\/2024\/02\/Sonday-Pub-PPP-1024x576.png\" alt=\"\" class=\"wp-image-4001\" srcset=\"https:\/\/ejw-oehringen.de\/wordpress\/wp-content\/uploads\/2024\/02\/Sonday-Pub-PPP-1024x576.png 1024w, https:\/\/ejw-oehringen.de\/wordpress\/wp-content\/uploads\/2024\/02\/Sonday-Pub-PPP-300x169.png 300w, https:\/\/ejw-oehringen.de\/wordpress\/wp-content\/uploads\/2024\/02\/Sonday-Pub-PPP-768x432.png 768w, https:\/\/ejw-oehringen.de\/wordpress\/wp-content\/uploads\/2024\/02\/Sonday-Pub-PPP-1536x864.png 1536w, https:\/\/ejw-oehringen.de\/wordpress\/wp-content\/uploads\/2024\/02\/Sonday-Pub-PPP-250x141.png 250w, https:\/\/ejw-oehringen.de\/wordpress\/wp-content\/uploads\/2024\/02\/Sonday-Pub-PPP-150x84.png 150w, https:\/\/ejw-oehringen.de\/wordpress\/wp-content\/uploads\/2024\/02\/Sonday-Pub-PPP-1320x743.png 1320w, https:\/\/ejw-oehringen.de\/wordpress\/wp-content\/uploads\/2024\/02\/Sonday-Pub-PPP.png 1920w\" sizes=\"auto, (max-width: 1024px) 100vw, 1024px\" \/><\/a><\/figure>\n\n\n\n<hr class=\"wp-block-separator has-alpha-channel-opacity\"\/>\n\n\n<h2><strong>Anpacken und Helfen im evangelischen Jugendwerk \u00d6hringen<\/strong><\/h2>\n<p>M\u00f6chtest du dich engagieren und etwas f\u00fcr Kinder und Jugendliche im evangelischen Kirchenbezirk tun, hast aber nicht so viel Zeit?<\/p>\n<p>Dann haben wir da was f\u00fcr dich.<br \/>Das EJ\u00d6 braucht immer mal wieder punktuell Unterst\u00fctzung. Bei Aktionen, Festen oder Events brauchen wir oft Mithilfe und praktisches Anpacken. Egal, ob es darum geht einen Standdienst zu \u00fcbernehmen, einen Kuchen zu backen, einen Salat zu machen oder etwas zu Kochen, beim Thema Fundraising mitzuhelfen, Fahrdienst zu \u00fcbernehmen, im Bereich Social Media mitzuhelfen, Musik zu machen, beim Aufbau zu helfen, Technik zu bedienen, bei einer Spielstra\u00dfe mitzumachen oder Sprachkurs zu geben.<br \/>Wir haben daf\u00fcr eine WhatsApp-Gruppe gegr\u00fcndet, in die ihr euch unverbindlich eintragen k\u00f6nnt. Dort wird dann die ben\u00f6tigte Unterst\u00fctzung angefragt und ihr entscheidet frei, ob ihr dabei sein wollt. <br \/>Tragt euch \u00fcber den QR Code oder den unten stehenden Link in die Gruppe ein und seid gespannt, was es als n\u00e4chstes zu tun gibt.&nbsp;<a href=\"https:\/\/chat.whatsapp.com\/IpOqvRYaKGnG2NdAp0FjJx\">https:\/\/chat.whatsapp.com\/IpOqvRYaKGnG2NdAp0FjJx<\/a><\/p>\n<p>Eure EJ\u00d6ler<\/p>\n\n\n<figure class=\"wp-block-image size-large is-style-default\"><a href=\"https:\/\/ejw-oehringen.de\/wordpress\/wp-content\/uploads\/2023\/12\/Anpacken-und-Helfen-im-Jugendwerk-QR-Code.jpg\"><img loading=\"lazy\" decoding=\"async\" width=\"1024\" height=\"1024\" src=\"https:\/\/ejw-oehringen.de\/wordpress\/wp-content\/uploads\/2023\/12\/Anpacken-und-Helfen-im-Jugendwerk-QR-Code-1024x1024.jpg\" alt=\"\" class=\"wp-image-3984\" srcset=\"https:\/\/ejw-oehringen.de\/wordpress\/wp-content\/uploads\/2023\/12\/Anpacken-und-Helfen-im-Jugendwerk-QR-Code-1024x1024.jpg 1024w, https:\/\/ejw-oehringen.de\/wordpress\/wp-content\/uploads\/2023\/12\/Anpacken-und-Helfen-im-Jugendwerk-QR-Code-300x300.jpg 300w, https:\/\/ejw-oehringen.de\/wordpress\/wp-content\/uploads\/2023\/12\/Anpacken-und-Helfen-im-Jugendwerk-QR-Code-150x150.jpg 150w, https:\/\/ejw-oehringen.de\/wordpress\/wp-content\/uploads\/2023\/12\/Anpacken-und-Helfen-im-Jugendwerk-QR-Code-768x768.jpg 768w, https:\/\/ejw-oehringen.de\/wordpress\/wp-content\/uploads\/2023\/12\/Anpacken-und-Helfen-im-Jugendwerk-QR-Code.jpg 1080w\" sizes=\"auto, (max-width: 1024px) 100vw, 1024px\" \/><\/a><\/figure>\n\n\n\n<hr class=\"wp-block-separator has-css-opacity\"\/>\n\n\n\n<figure class=\"wp-block-gallery has-nested-images columns-default is-cropped wp-block-gallery-5 is-layout-flex wp-block-gallery-is-layout-flex\">\n<figure class=\"wp-block-image size-large\"><img loading=\"lazy\" decoding=\"async\" width=\"726\" height=\"1024\" data-id=\"2594\" src=\"https:\/\/ejw-oehringen.de\/wordpress\/wp-content\/uploads\/2020\/11\/News1A6-726x1024.jpg\" alt=\"\" class=\"wp-image-2594\" srcset=\"https:\/\/ejw-oehringen.de\/wordpress\/wp-content\/uploads\/2020\/11\/News1A6-726x1024.jpg 726w, https:\/\/ejw-oehringen.de\/wordpress\/wp-content\/uploads\/2020\/11\/News1A6-213x300.jpg 213w, https:\/\/ejw-oehringen.de\/wordpress\/wp-content\/uploads\/2020\/11\/News1A6-768x1083.jpg 768w, https:\/\/ejw-oehringen.de\/wordpress\/wp-content\/uploads\/2020\/11\/News1A6-1090x1536.jpg 1090w, https:\/\/ejw-oehringen.de\/wordpress\/wp-content\/uploads\/2020\/11\/News1A6-106x150.jpg 106w, https:\/\/ejw-oehringen.de\/wordpress\/wp-content\/uploads\/2020\/11\/News1A6.jpg 1240w\" sizes=\"auto, (max-width: 726px) 100vw, 726px\" \/><\/figure>\n\n\n\n<figure class=\"wp-block-image size-large\"><img loading=\"lazy\" decoding=\"async\" width=\"726\" height=\"1024\" data-id=\"2595\" src=\"https:\/\/ejw-oehringen.de\/wordpress\/wp-content\/uploads\/2020\/11\/News2A6-726x1024.jpg\" alt=\"\" class=\"wp-image-2595\" srcset=\"https:\/\/ejw-oehringen.de\/wordpress\/wp-content\/uploads\/2020\/11\/News2A6-726x1024.jpg 726w, https:\/\/ejw-oehringen.de\/wordpress\/wp-content\/uploads\/2020\/11\/News2A6-213x300.jpg 213w, https:\/\/ejw-oehringen.de\/wordpress\/wp-content\/uploads\/2020\/11\/News2A6-768x1083.jpg 768w, https:\/\/ejw-oehringen.de\/wordpress\/wp-content\/uploads\/2020\/11\/News2A6-1090x1536.jpg 1090w, https:\/\/ejw-oehringen.de\/wordpress\/wp-content\/uploads\/2020\/11\/News2A6-106x150.jpg 106w, https:\/\/ejw-oehringen.de\/wordpress\/wp-content\/uploads\/2020\/11\/News2A6.jpg 1240w\" sizes=\"auto, (max-width: 726px) 100vw, 726px\" \/><\/figure>\n<\/figure>\n\n\n\n<hr class=\"wp-block-separator has-css-opacity\"\/>\n\n\n\n<figure class=\"wp-block-image size-large\"><img loading=\"lazy\" decoding=\"async\" width=\"1024\" height=\"768\" src=\"https:\/\/ejw-oehringen.de\/wordpress\/wp-content\/uploads\/2020\/04\/IMG-20200421-WA0003-1024x768.jpg\" alt=\"\" class=\"wp-image-2336\" srcset=\"https:\/\/ejw-oehringen.de\/wordpress\/wp-content\/uploads\/2020\/04\/IMG-20200421-WA0003-1024x768.jpg 1024w, https:\/\/ejw-oehringen.de\/wordpress\/wp-content\/uploads\/2020\/04\/IMG-20200421-WA0003-300x225.jpg 300w, https:\/\/ejw-oehringen.de\/wordpress\/wp-content\/uploads\/2020\/04\/IMG-20200421-WA0003-768x576.jpg 768w, https:\/\/ejw-oehringen.de\/wordpress\/wp-content\/uploads\/2020\/04\/IMG-20200421-WA0003-1536x1152.jpg 1536w, https:\/\/ejw-oehringen.de\/wordpress\/wp-content\/uploads\/2020\/04\/IMG-20200421-WA0003-200x150.jpg 200w, https:\/\/ejw-oehringen.de\/wordpress\/wp-content\/uploads\/2020\/04\/IMG-20200421-WA0003-150x113.jpg 150w, https:\/\/ejw-oehringen.de\/wordpress\/wp-content\/uploads\/2020\/04\/IMG-20200421-WA0003-1320x990.jpg 1320w, https:\/\/ejw-oehringen.de\/wordpress\/wp-content\/uploads\/2020\/04\/IMG-20200421-WA0003.jpg 1600w\" sizes=\"auto, (max-width: 1024px) 100vw, 1024px\" \/><\/figure>\n\n\n\n<p><\/p>\n","protected":false},"excerpt":{"rendered":"<p>Termine aus dem EJ\u00d6 Winterfreizeiten 2026 Es gibt noch freie Pl\u00e4tze bei der WIWA!! Termine Sommerfreizeiten 2026 Churchnight Pfedelbach 2025 \u2013 Ein Abend voller Musik, Licht, Gemeinschaft und ein \u201eDurstl\u00f6scher\u201c f\u00fcr Herz und Seele Am Samstag, den 25. Oktober 2025, erlebte Pfedelbach eine beeindruckende Churchnight. Unter dem Motto \u201eDurstl\u00f6scher\u201c kamen\u2026 <a class=\"continue-reading-link\" href=\"https:\/\/ejw-oehringen.de\/wordpress\/aktuelles\/\">Continue reading<\/a><\/p>\n","protected":false},"author":1,"featured_media":0,"parent":0,"menu_order":2,"comment_status":"closed","ping_status":"closed","template":"","meta":{"ngg_post_thumbnail":0,"footnotes":""},"class_list":["post-6","page","type-page","status-publish","hentry"],"_links":{"self":[{"href":"https:\/\/ejw-oehringen.de\/wordpress\/wp-json\/wp\/v2\/pages\/6","targetHints":{"allow":["GET"]}}],"collection":[{"href":"https:\/\/ejw-oehringen.de\/wordpress\/wp-json\/wp\/v2\/pages"}],"about":[{"href":"https:\/\/ejw-oehringen.de\/wordpress\/wp-json\/wp\/v2\/types\/page"}],"author":[{"embeddable":true,"href":"https:\/\/ejw-oehringen.de\/wordpress\/wp-json\/wp\/v2\/users\/1"}],"replies":[{"embeddable":true,"href":"https:\/\/ejw-oehringen.de\/wordpress\/wp-json\/wp\/v2\/comments?post=6"}],"version-history":[{"count":245,"href":"https:\/\/ejw-oehringen.de\/wordpress\/wp-json\/wp\/v2\/pages\/6\/revisions"}],"predecessor-version":[{"id":4701,"href":"https:\/\/ejw-oehringen.de\/wordpress\/wp-json\/wp\/v2\/pages\/6\/revisions\/4701"}],"wp:attachment":[{"href":"https:\/\/ejw-oehringen.de\/wordpress\/wp-json\/wp\/v2\/media?parent=6"}],"curies":[{"name":"wp","href":"https:\/\/api.w.org\/{rel}","templated":true}]}}