{"id":50,"date":"2014-08-11T11:34:31","date_gmt":"2014-08-11T09:34:31","guid":{"rendered":"http:\/\/www.ejw-oehringen.de\/wordpress\/?page_id=50"},"modified":"2023-09-28T09:05:07","modified_gmt":"2023-09-28T07:05:07","slug":"links","status":"publish","type":"page","link":"https:\/\/ejw-oehringen.de\/wordpress\/links\/","title":{"rendered":"Links"},"content":{"rendered":"<p><span class=\"Stil58\">es folgt eine Auswahl an (wie wir finden) interessanten Links<\/span><\/p>\n<h3><span class=\"Stil60\">Nachbarjugendwerke<\/span><\/h3>\n<ul>\n<li><span class=\"Stil58\"><a href=\"https:\/\/www.ejw.kuenzelsau.elk-wue.de\/\" target=\"_blank\" rel=\"noopener\">ev. Jugendwerk Bezirk K\u00fcnzelsau<\/a><br \/>\n<\/span><\/li>\n<li><a href=\"http:\/\/www.ejw-hall.de\" target=\"_blank\" rel=\"noopener\">ev. Jugendwerk Bezirk Schw\u00e4bisch Hall<\/a><\/li>\n<li><a href=\"https:\/\/www.ejn-online.de\" target=\"_blank\" rel=\"noopener\">ev. Jugendwerk Bezirk Neuenstadt<br \/>\n<\/a><\/li>\n<li><a href=\"https:\/\/www.ejw-brackenheim.de\" target=\"_blank\" rel=\"noopener\">ev. Jugendwerk Bezirk Brackenheim<\/a><\/li>\n<li><a href=\"http:\/\/www.ejweinsberg.de\" target=\"_blank\" rel=\"noopener\">ev. Jugendwerk Bezirk Weinsberg<\/a><\/li>\n<\/ul>\n<h3><span class=\"Stil60\">Hohenlohekreis<\/span><\/h3>\n<ul>\n<li><a class=\"Stil12\" href=\"https:\/\/www.kreisjugendring-hohenlohe.de\/\" target=\"_blank\" rel=\"noopener\">Kreisjugendring<\/a><\/li>\n<\/ul>\n<h3><span class=\"Stil60\">Baden W\u00fcrttemberg<\/span><\/h3>\n<ul>\n<li><a href=\"https:\/\/www.lajupf.de\" target=\"_blank\" rel=\"noopener\">Evangelisches Landesjugendpfarramt W\u00fcrttemberg<\/a><\/li>\n<li><a class=\"Stil12\" href=\"https:\/\/www.ljrbw.de\/\" target=\"_blank\" rel=\"noopener\">Landesjugendring<\/a><\/li>\n<li><a class=\"Stil12\" href=\"https:\/\/www.ejwue.de\" target=\"_blank\" rel=\"noopener\">ev. Jugendwerk in W\u00fcrttemberg<\/a><\/li>\n<li class=\"Stil12\"><a href=\"https:\/\/www.jugendakademie-bw.de\" target=\"_blank\" rel=\"noopener\">Akademie der Jugendarbeit Baden-W\u00fcrttemberg<\/a><\/li>\n<li><span class=\"Stil58\"><a id=\"15\" title=\"Landeszentrale f\u00fcr politische Bildung\" href=\"https:\/\/www.lpb-bw.de\" target=\"_blank\" rel=\"noopener\" name=\"15\">Landeszentrale f\u00fcr politische Bildung<\/a><br \/>\n<\/span><\/li>\n<\/ul>\n<h3><span class=\"Stil60\">Bund&nbsp; &#8211; Staatliche Organisationen<\/span><\/h3>\n<ul>\n<li><a href=\"https:\/\/www.cvjm.de\" target=\"_blank\" rel=\"noopener\">CVJM Gesamtverband in Deutschland e.V.<br \/>\n<\/a><\/li>\n<li><a id=\"1\" title=\"aej - Arbeitsgemeinschaft der Evangelischen Jugend in der Bundesrepublik e.V.\" href=\"https:\/\/www.evangelische-jugend.de\/\" target=\"_blank\" rel=\"noopener\" name=\"1\">aej &#8211; Arbeitsgemeinschaft der Evangelischen Jugend in der Bundesrepublik e.V.<\/a><\/li>\n<li class=\"Stil58\"><a id=\"12\" title=\"Fluter - Jugendzeitschrift der Bundeszentrale f\u00fcr politische Bildung\" href=\"https:\/\/www.fluter.de\/\" target=\"_blank\" rel=\"noopener\" name=\"12\">Fluter &#8211; Jugendzeitschrift der Bundeszentrale f\u00fcr politische Bildung<\/a><\/li>\n<li class=\"Stil58\"><a id=\"11\" title=\"Bundesministerium f\u00fcr Familien, Senioren, Frauen und Jugend\" href=\"https:\/\/www.bmfsfj.de\/\" target=\"_blank\" rel=\"noopener\" name=\"11\">Bundesministerium f\u00fcr Familien, Senioren, Frauen und Jugend<\/a><\/li>\n<li><span class=\"Stil58\"><a id=\"13\" title=\"Bundeszentrale f\u00fcr politische Bildung\" href=\"https:\/\/www.bpb.de\/\" target=\"_blank\" rel=\"noopener\" name=\"13\">Bundeszentrale f\u00fcr politische Bildung<\/a><\/span><\/li>\n<\/ul>\n<h3>Ausbildungeinrichtungen f\u00fcr Hauptamtliche in der Jugendarbeit<\/h3>\n<ul>\n<li class=\"Stil58\"><a href=\"https:\/\/www.missionsschule.de\" target=\"_blank\" rel=\"noopener\">Missionsschule Unterweissach<\/a><\/li>\n<li class=\"Stil12\"><a href=\"https:\/\/www.malche.de\" target=\"_blank\" rel=\"noopener\">Malche<\/a><\/li>\n<li class=\"Stil12\"><a href=\"https:\/\/www.liebenzell.org\/theologisches-seminar\/das-theologische-seminar\/\" target=\"_blank\" rel=\"noopener\">Liebenzeller Mission<\/a><\/li>\n<li class=\"Stil12\"><a href=\"https:\/\/www.johanneum.net\" target=\"_blank\" rel=\"noopener\">Evangelistenschule Johanneum<\/a><\/li>\n<li class=\"Stil12\"><a href=\"https:\/\/www.efh-ludwigsburg.de\" target=\"_blank\" rel=\"noopener\">evangelische Fachhochschule Ludwigsburg-Karlsh\u00f6he<\/a><\/li>\n<li class=\"Stil12\"><a href=\"https:\/\/www.cvjm-hochschule.de\/ausbildung\/\" target=\"_blank\" rel=\"noopener\">CVJM Kolleg<\/a><\/li>\n<\/ul>\n<h3><span class=\"Stil60\">Sonstiges<\/span><\/h3>\n<ul>\n<li><a class=\"Stil58\" href=\"https:\/\/www.jugendnetz.de\" target=\"_blank\" rel=\"noopener\">Jugendnetz<\/a><\/li>\n<li><a class=\"Stil58\" href=\"https:\/\/www.praxis-jugendarbeit.de\" target=\"_blank\" rel=\"noopener\"> praxis-jugendarbeit<\/a><\/li>\n<\/ul>\n","protected":false},"excerpt":{"rendered":"<p>es folgt eine Auswahl an (wie wir finden) interessanten Links Nachbarjugendwerke ev. Jugendwerk Bezirk K\u00fcnzelsau ev. Jugendwerk Bezirk Schw\u00e4bisch Hall ev. Jugendwerk Bezirk Neuenstadt ev. Jugendwerk Bezirk Brackenheim ev. Jugendwerk Bezirk Weinsberg Hohenlohekreis Kreisjugendring Baden W\u00fcrttemberg Evangelisches Landesjugendpfarramt W\u00fcrttemberg Landesjugendring ev. Jugendwerk in W\u00fcrttemberg Akademie der Jugendarbeit Baden-W\u00fcrttemberg Landeszentrale f\u00fcr\u2026 <a class=\"continue-reading-link\" href=\"https:\/\/ejw-oehringen.de\/wordpress\/links\/\">Continue reading<\/a><\/p>\n","protected":false},"author":1,"featured_media":0,"parent":0,"menu_order":0,"comment_status":"closed","ping_status":"closed","template":"","meta":{"ngg_post_thumbnail":0,"footnotes":""},"class_list":["post-50","page","type-page","status-publish","hentry"],"_links":{"self":[{"href":"https:\/\/ejw-oehringen.de\/wordpress\/wp-json\/wp\/v2\/pages\/50","targetHints":{"allow":["GET"]}}],"collection":[{"href":"https:\/\/ejw-oehringen.de\/wordpress\/wp-json\/wp\/v2\/pages"}],"about":[{"href":"https:\/\/ejw-oehringen.de\/wordpress\/wp-json\/wp\/v2\/types\/page"}],"author":[{"embeddable":true,"href":"https:\/\/ejw-oehringen.de\/wordpress\/wp-json\/wp\/v2\/users\/1"}],"replies":[{"embeddable":true,"href":"https:\/\/ejw-oehringen.de\/wordpress\/wp-json\/wp\/v2\/comments?post=50"}],"version-history":[{"count":10,"href":"https:\/\/ejw-oehringen.de\/wordpress\/wp-json\/wp\/v2\/pages\/50\/revisions"}],"predecessor-version":[{"id":3848,"href":"https:\/\/ejw-oehringen.de\/wordpress\/wp-json\/wp\/v2\/pages\/50\/revisions\/3848"}],"wp:attachment":[{"href":"https:\/\/ejw-oehringen.de\/wordpress\/wp-json\/wp\/v2\/media?parent=50"}],"curies":[{"name":"wp","href":"https:\/\/api.w.org\/{rel}","templated":true}]}}