{"id":32,"date":"2014-08-11T11:26:18","date_gmt":"2014-08-11T09:26:18","guid":{"rendered":"http:\/\/www.ejw-oehringen.de\/wordpress\/?page_id=32"},"modified":"2026-02-10T11:19:31","modified_gmt":"2026-02-10T10:19:31","slug":"jugendgottesdienste","status":"publish","type":"page","link":"https:\/\/ejw-oehringen.de\/wordpress\/arbeitsbereiche\/jugendgottesdienste\/","title":{"rendered":"Jugendgottesdienste"},"content":{"rendered":"\n<hr class=\"wp-block-separator has-alpha-channel-opacity\"\/>\n\n\n\n<figure class=\"wp-block-gallery has-nested-images columns-default is-cropped wp-block-gallery-1 is-layout-flex wp-block-gallery-is-layout-flex\">\n<figure class=\"wp-block-image size-large\"><a href=\"https:\/\/ejw-oehringen.de\/wordpress\/wp-content\/uploads\/2026\/02\/Churchnight-Bericht-Pfedelbach-2025-1.jpg\"><img loading=\"lazy\" decoding=\"async\" width=\"959\" height=\"1024\" data-id=\"4726\" src=\"https:\/\/ejw-oehringen.de\/wordpress\/wp-content\/uploads\/2026\/02\/Churchnight-Bericht-Pfedelbach-2025-1-959x1024.jpg\" alt=\"\" class=\"wp-image-4726\" srcset=\"https:\/\/ejw-oehringen.de\/wordpress\/wp-content\/uploads\/2026\/02\/Churchnight-Bericht-Pfedelbach-2025-1-959x1024.jpg 959w, https:\/\/ejw-oehringen.de\/wordpress\/wp-content\/uploads\/2026\/02\/Churchnight-Bericht-Pfedelbach-2025-1-281x300.jpg 281w, https:\/\/ejw-oehringen.de\/wordpress\/wp-content\/uploads\/2026\/02\/Churchnight-Bericht-Pfedelbach-2025-1-768x820.jpg 768w, https:\/\/ejw-oehringen.de\/wordpress\/wp-content\/uploads\/2026\/02\/Churchnight-Bericht-Pfedelbach-2025-1-1438x1536.jpg 1438w, https:\/\/ejw-oehringen.de\/wordpress\/wp-content\/uploads\/2026\/02\/Churchnight-Bericht-Pfedelbach-2025-1-1918x2048.jpg 1918w, https:\/\/ejw-oehringen.de\/wordpress\/wp-content\/uploads\/2026\/02\/Churchnight-Bericht-Pfedelbach-2025-1-140x150.jpg 140w, https:\/\/ejw-oehringen.de\/wordpress\/wp-content\/uploads\/2026\/02\/Churchnight-Bericht-Pfedelbach-2025-1-1320x1410.jpg 1320w\" sizes=\"auto, (max-width: 959px) 100vw, 959px\" \/><\/a><\/figure>\n<\/figure>\n\n\n\n<figure class=\"wp-block-gallery has-nested-images columns-default is-cropped wp-block-gallery-2 is-layout-flex wp-block-gallery-is-layout-flex\">\n<figure class=\"wp-block-image size-large\"><a href=\"https:\/\/ejw-oehringen.de\/wordpress\/wp-content\/uploads\/2026\/02\/Churchnight-Bericht-Pfedelbach-2025-3-1-scaled.jpg\"><img loading=\"lazy\" decoding=\"async\" width=\"786\" height=\"1024\" data-id=\"4730\" src=\"https:\/\/ejw-oehringen.de\/wordpress\/wp-content\/uploads\/2026\/02\/Churchnight-Bericht-Pfedelbach-2025-3-1-786x1024.jpg\" alt=\"\" class=\"wp-image-4730\" srcset=\"https:\/\/ejw-oehringen.de\/wordpress\/wp-content\/uploads\/2026\/02\/Churchnight-Bericht-Pfedelbach-2025-3-1-786x1024.jpg 786w, https:\/\/ejw-oehringen.de\/wordpress\/wp-content\/uploads\/2026\/02\/Churchnight-Bericht-Pfedelbach-2025-3-1-230x300.jpg 230w, https:\/\/ejw-oehringen.de\/wordpress\/wp-content\/uploads\/2026\/02\/Churchnight-Bericht-Pfedelbach-2025-3-1-768x1001.jpg 768w, https:\/\/ejw-oehringen.de\/wordpress\/wp-content\/uploads\/2026\/02\/Churchnight-Bericht-Pfedelbach-2025-3-1-1179x1536.jpg 1179w, https:\/\/ejw-oehringen.de\/wordpress\/wp-content\/uploads\/2026\/02\/Churchnight-Bericht-Pfedelbach-2025-3-1-1572x2048.jpg 1572w, https:\/\/ejw-oehringen.de\/wordpress\/wp-content\/uploads\/2026\/02\/Churchnight-Bericht-Pfedelbach-2025-3-1-115x150.jpg 115w, https:\/\/ejw-oehringen.de\/wordpress\/wp-content\/uploads\/2026\/02\/Churchnight-Bericht-Pfedelbach-2025-3-1-1320x1720.jpg 1320w, https:\/\/ejw-oehringen.de\/wordpress\/wp-content\/uploads\/2026\/02\/Churchnight-Bericht-Pfedelbach-2025-3-1-scaled.jpg 1965w\" sizes=\"auto, (max-width: 786px) 100vw, 786px\" \/><\/a><\/figure>\n<\/figure>\n\n\n\n<hr class=\"wp-block-separator has-alpha-channel-opacity\"\/>\n\n\n\n<p class=\"has-text-align-center\"><strong>PeaceNight \u2013 Friedensmomente in \u00d6hringen<\/strong><\/p>\n\n\n\n<figure class=\"wp-block-gallery has-nested-images columns-default is-cropped wp-block-gallery-3 is-layout-flex wp-block-gallery-is-layout-flex\">\n<figure class=\"wp-block-image size-large\"><a href=\"https:\/\/ejw-oehringen.de\/wordpress\/wp-content\/uploads\/2025\/02\/20250215_181746-scaled.jpg\"><img loading=\"lazy\" decoding=\"async\" width=\"1024\" height=\"768\" data-id=\"4367\" src=\"https:\/\/ejw-oehringen.de\/wordpress\/wp-content\/uploads\/2025\/02\/20250215_181746-1024x768.jpg\" alt=\"\" class=\"wp-image-4367\" srcset=\"https:\/\/ejw-oehringen.de\/wordpress\/wp-content\/uploads\/2025\/02\/20250215_181746-1024x768.jpg 1024w, https:\/\/ejw-oehringen.de\/wordpress\/wp-content\/uploads\/2025\/02\/20250215_181746-300x225.jpg 300w, https:\/\/ejw-oehringen.de\/wordpress\/wp-content\/uploads\/2025\/02\/20250215_181746-768x576.jpg 768w, https:\/\/ejw-oehringen.de\/wordpress\/wp-content\/uploads\/2025\/02\/20250215_181746-1536x1152.jpg 1536w, https:\/\/ejw-oehringen.de\/wordpress\/wp-content\/uploads\/2025\/02\/20250215_181746-2048x1536.jpg 2048w, https:\/\/ejw-oehringen.de\/wordpress\/wp-content\/uploads\/2025\/02\/20250215_181746-200x150.jpg 200w, https:\/\/ejw-oehringen.de\/wordpress\/wp-content\/uploads\/2025\/02\/20250215_181746-150x113.jpg 150w, https:\/\/ejw-oehringen.de\/wordpress\/wp-content\/uploads\/2025\/02\/20250215_181746-1320x990.jpg 1320w\" sizes=\"auto, (max-width: 1024px) 100vw, 1024px\" \/><\/a><\/figure>\n\n\n\n<figure class=\"wp-block-image size-large\"><a href=\"https:\/\/ejw-oehringen.de\/wordpress\/wp-content\/uploads\/2025\/02\/20250215_194541-scaled.jpg\"><img loading=\"lazy\" decoding=\"async\" width=\"1024\" height=\"768\" data-id=\"4366\" src=\"https:\/\/ejw-oehringen.de\/wordpress\/wp-content\/uploads\/2025\/02\/20250215_194541-1024x768.jpg\" alt=\"\" class=\"wp-image-4366\" srcset=\"https:\/\/ejw-oehringen.de\/wordpress\/wp-content\/uploads\/2025\/02\/20250215_194541-1024x768.jpg 1024w, https:\/\/ejw-oehringen.de\/wordpress\/wp-content\/uploads\/2025\/02\/20250215_194541-300x225.jpg 300w, https:\/\/ejw-oehringen.de\/wordpress\/wp-content\/uploads\/2025\/02\/20250215_194541-768x576.jpg 768w, https:\/\/ejw-oehringen.de\/wordpress\/wp-content\/uploads\/2025\/02\/20250215_194541-1536x1152.jpg 1536w, https:\/\/ejw-oehringen.de\/wordpress\/wp-content\/uploads\/2025\/02\/20250215_194541-2048x1536.jpg 2048w, https:\/\/ejw-oehringen.de\/wordpress\/wp-content\/uploads\/2025\/02\/20250215_194541-200x150.jpg 200w, https:\/\/ejw-oehringen.de\/wordpress\/wp-content\/uploads\/2025\/02\/20250215_194541-150x113.jpg 150w, https:\/\/ejw-oehringen.de\/wordpress\/wp-content\/uploads\/2025\/02\/20250215_194541-1320x990.jpg 1320w\" sizes=\"auto, (max-width: 1024px) 100vw, 1024px\" \/><\/a><\/figure>\n\n\n\n<figure class=\"wp-block-image size-large\"><a href=\"https:\/\/ejw-oehringen.de\/wordpress\/wp-content\/uploads\/2025\/02\/20250215_172404-scaled.jpg\"><img loading=\"lazy\" decoding=\"async\" width=\"1024\" height=\"768\" data-id=\"4368\" src=\"https:\/\/ejw-oehringen.de\/wordpress\/wp-content\/uploads\/2025\/02\/20250215_172404-1024x768.jpg\" alt=\"\" class=\"wp-image-4368\" srcset=\"https:\/\/ejw-oehringen.de\/wordpress\/wp-content\/uploads\/2025\/02\/20250215_172404-1024x768.jpg 1024w, https:\/\/ejw-oehringen.de\/wordpress\/wp-content\/uploads\/2025\/02\/20250215_172404-300x225.jpg 300w, https:\/\/ejw-oehringen.de\/wordpress\/wp-content\/uploads\/2025\/02\/20250215_172404-768x576.jpg 768w, https:\/\/ejw-oehringen.de\/wordpress\/wp-content\/uploads\/2025\/02\/20250215_172404-1536x1152.jpg 1536w, https:\/\/ejw-oehringen.de\/wordpress\/wp-content\/uploads\/2025\/02\/20250215_172404-2048x1536.jpg 2048w, https:\/\/ejw-oehringen.de\/wordpress\/wp-content\/uploads\/2025\/02\/20250215_172404-200x150.jpg 200w, https:\/\/ejw-oehringen.de\/wordpress\/wp-content\/uploads\/2025\/02\/20250215_172404-150x113.jpg 150w, https:\/\/ejw-oehringen.de\/wordpress\/wp-content\/uploads\/2025\/02\/20250215_172404-1320x990.jpg 1320w\" sizes=\"auto, (max-width: 1024px) 100vw, 1024px\" \/><\/a><\/figure>\n<\/figure>\n\n\n\n<p><\/p>\n\n\n\n<figure class=\"wp-block-gallery has-nested-images columns-default is-cropped wp-block-gallery-4 is-layout-flex wp-block-gallery-is-layout-flex\">\n<figure class=\"wp-block-image size-large\"><a href=\"https:\/\/ejw-oehringen.de\/wordpress\/wp-content\/uploads\/2025\/02\/20250215_194817-scaled.jpg\"><img loading=\"lazy\" decoding=\"async\" width=\"1024\" height=\"768\" data-id=\"4369\" src=\"https:\/\/ejw-oehringen.de\/wordpress\/wp-content\/uploads\/2025\/02\/20250215_194817-1024x768.jpg\" alt=\"\" class=\"wp-image-4369\" srcset=\"https:\/\/ejw-oehringen.de\/wordpress\/wp-content\/uploads\/2025\/02\/20250215_194817-1024x768.jpg 1024w, https:\/\/ejw-oehringen.de\/wordpress\/wp-content\/uploads\/2025\/02\/20250215_194817-300x225.jpg 300w, https:\/\/ejw-oehringen.de\/wordpress\/wp-content\/uploads\/2025\/02\/20250215_194817-768x576.jpg 768w, https:\/\/ejw-oehringen.de\/wordpress\/wp-content\/uploads\/2025\/02\/20250215_194817-1536x1152.jpg 1536w, https:\/\/ejw-oehringen.de\/wordpress\/wp-content\/uploads\/2025\/02\/20250215_194817-2048x1536.jpg 2048w, https:\/\/ejw-oehringen.de\/wordpress\/wp-content\/uploads\/2025\/02\/20250215_194817-200x150.jpg 200w, https:\/\/ejw-oehringen.de\/wordpress\/wp-content\/uploads\/2025\/02\/20250215_194817-150x113.jpg 150w, https:\/\/ejw-oehringen.de\/wordpress\/wp-content\/uploads\/2025\/02\/20250215_194817-1320x990.jpg 1320w\" sizes=\"auto, (max-width: 1024px) 100vw, 1024px\" \/><\/a><\/figure>\n\n\n\n<figure class=\"wp-block-image size-large\"><a href=\"https:\/\/ejw-oehringen.de\/wordpress\/wp-content\/uploads\/2025\/02\/IMG_4912-scaled.jpg\"><img loading=\"lazy\" decoding=\"async\" width=\"1024\" height=\"683\" data-id=\"4371\" src=\"https:\/\/ejw-oehringen.de\/wordpress\/wp-content\/uploads\/2025\/02\/IMG_4912-1024x683.jpg\" alt=\"\" class=\"wp-image-4371\" srcset=\"https:\/\/ejw-oehringen.de\/wordpress\/wp-content\/uploads\/2025\/02\/IMG_4912-1024x683.jpg 1024w, https:\/\/ejw-oehringen.de\/wordpress\/wp-content\/uploads\/2025\/02\/IMG_4912-300x200.jpg 300w, https:\/\/ejw-oehringen.de\/wordpress\/wp-content\/uploads\/2025\/02\/IMG_4912-768x512.jpg 768w, https:\/\/ejw-oehringen.de\/wordpress\/wp-content\/uploads\/2025\/02\/IMG_4912-1536x1024.jpg 1536w, https:\/\/ejw-oehringen.de\/wordpress\/wp-content\/uploads\/2025\/02\/IMG_4912-2048x1365.jpg 2048w, https:\/\/ejw-oehringen.de\/wordpress\/wp-content\/uploads\/2025\/02\/IMG_4912-225x150.jpg 225w, https:\/\/ejw-oehringen.de\/wordpress\/wp-content\/uploads\/2025\/02\/IMG_4912-150x100.jpg 150w, https:\/\/ejw-oehringen.de\/wordpress\/wp-content\/uploads\/2025\/02\/IMG_4912-1320x880.jpg 1320w\" sizes=\"auto, (max-width: 1024px) 100vw, 1024px\" \/><\/a><\/figure>\n<\/figure>\n\n\n\n<p><\/p>\n\n\n\n<p class=\"has-text-align-center\">Am 15. Februar 2025 lud das Evangelische Jugendwerk \u00d6hringen zur PeaceNight ins Evangelische Rosenberggemeindehaus ein \u2013 ein Abend voller Musik, bewegender Geschichten und hoffnungsvoller Gebete unter dem Motto \u201ePeace starts here\u201c.<\/p>\n\n\n\n<p class=\"has-text-align-center\">Durch den voll besetzten Saal schallten energiegeladene Kl\u00e4ngen der Band June aus Waldenburg. Pfarrerinnen, Pfarrer und ihre Konfirmand:innen waren mittendrin und lie\u00dfen sich von den Songs mitrei\u00dfen.<br>Ein besonderer Moment war der bewegende Bericht von Nemat, der aus Afghanistan geflohen ist. Seine Erlebnisse fesselten die Zuh\u00f6rer:innen \u2013 voller Schmerz, aber auch voller Dankbarkeit f\u00fcr die Menschen, die ihm geholfen haben. Seine Geschichte machte klar: Frieden ist keine Selbstverst\u00e4ndlichkeit, sondern ein Geschenk, f\u00fcr das wir einstehen m\u00fcssen.<\/p>\n\n\n\n<p class=\"has-text-align-center\">Nach dieser tief ber\u00fchrenden Erz\u00e4hlung folgte eine Zeit der Stille:<br>An verschiedenen Gebetsstationen konnten die Teilnehmenden f\u00fcr Afghanistan, f\u00fcr unsere Welt und f\u00fcr pers\u00f6nliche Anliegen beten \u2013 ein Moment der Besinnung und Hoffnung.<\/p>\n\n\n\n<p class=\"has-text-align-center\">Dann wurde es wieder musikalisch: Der Projektchor von Johanna Machado YOU\/C sorgte mit seinen einstudierten Songs f\u00fcr G\u00e4nsehautstimmung. Anschlie\u00dfend gab es eine kulinarische \u00dcberraschung \u2013 leckeres afghanisches Essen, das die G\u00e4ste miteinander teilten.<\/p>\n\n\n\n<p class=\"has-text-align-center\">Den Abschluss bildeten weitere musikalische Beitr\u00e4ge, bevor ein herzliches Dankesch\u00f6n an alle Beteiligten ging, die diese PeaceNight zu einem unvergesslichen Abend voller Friedensmomente gemacht haben.<\/p>\n\n\n<div class=\"wp-block-image\">\n<figure class=\"aligncenter size-large\"><a href=\"https:\/\/ejw-oehringen.de\/wordpress\/wp-content\/uploads\/2025\/01\/PeaceNight-1.jpg\"><img loading=\"lazy\" decoding=\"async\" width=\"727\" height=\"1024\" src=\"https:\/\/ejw-oehringen.de\/wordpress\/wp-content\/uploads\/2025\/01\/PeaceNight-1-727x1024.jpg\" alt=\"\" class=\"wp-image-4345\" srcset=\"https:\/\/ejw-oehringen.de\/wordpress\/wp-content\/uploads\/2025\/01\/PeaceNight-1-727x1024.jpg 727w, https:\/\/ejw-oehringen.de\/wordpress\/wp-content\/uploads\/2025\/01\/PeaceNight-1-213x300.jpg 213w, https:\/\/ejw-oehringen.de\/wordpress\/wp-content\/uploads\/2025\/01\/PeaceNight-1-768x1082.jpg 768w, https:\/\/ejw-oehringen.de\/wordpress\/wp-content\/uploads\/2025\/01\/PeaceNight-1-1090x1536.jpg 1090w, https:\/\/ejw-oehringen.de\/wordpress\/wp-content\/uploads\/2025\/01\/PeaceNight-1-106x150.jpg 106w, https:\/\/ejw-oehringen.de\/wordpress\/wp-content\/uploads\/2025\/01\/PeaceNight-1.jpg 1241w\" sizes=\"auto, (max-width: 727px) 100vw, 727px\" \/><\/a><\/figure>\n<\/div>\n\n\n<hr class=\"wp-block-separator has-alpha-channel-opacity\"\/>\n\n\n\n<p><strong>Talente auf, neben und hinter der B\u00fchne<\/strong><\/p>\n\n\n\n<p>Am <strong>26. Oktober 2024<\/strong> verwandelte sich der \u00d6hringer <strong>Jugendpavillon<\/strong> in einen pulsierenden Treffpunkt f\u00fcr Jugendliche und junge Erwachsene. Rund 300 junge Menschen aus der Region kamen zur diesj\u00e4hrigen <strong>Churchnight<\/strong> zusammen, um gemeinsam einen Abend mit lebendigem und vielf\u00e4ltigem Programm voller <strong>Musik<\/strong>, <strong>Tanz<\/strong> und <strong>Gemeinschaft<\/strong> zu erleben. Das Event wurde durch die tatkr\u00e4ftige Unterst\u00fctzung zahlreicher ehrenamtlicher Helfer, einem professionellen Technikteam und vielen Spendern erm\u00f6glicht, die f\u00fcr einen reibungslosen Ablauf sorgten.<\/p>\n\n\n\n<p>In diesem Jahr stand die Church Night unter dem Thema \u201eTalente\u201c.<\/p>\n\n\n\n<p>Der Abend wurde musikalisch von <strong>To-One<\/strong> er\u00f6ffnet. Mit seinen modernen christlichen Songs und der energiegeladenen, freudestrahlenden Performance sorgte er von Beginn an f\u00fcr eine gute und besondere Stimmung und traf genau den Nerv der Jugendlichen. Im Anschluss trat die <strong>Tanzgruppe Remix aus Sindringen<\/strong> mit ihrer Choreografie auf und zeigte, wie Kunst und Bewegung die Botschaft des Abends erg\u00e4nzen k\u00f6nnen.<br>Ein besonderes Highlight war der Auftritt der <strong>Breakdance-Gruppe \u201eGround is call\u201c<\/strong>, deren akrobatische Moves und kraftvolle Performance f\u00fcr Staunen und tosenden Applaus sorgten.<\/p>\n\n\n\n<p>Musikalisch ging es weiter mit <strong>DJ Kick Off<\/strong>, der die Jugendlichen mit seiner Musik und den Tanzmoves mit riss. Er sorgte f\u00fcr viel gute Laune und jede Menge Spa\u00df. Mit einer Mischung aus modernen, christlichen Tracks und energiegeladenen Beats schuf er eine elektrisierende Atmosph\u00e4re, die die Jugendlichen begeisterte.<br>Im Anschluss fesselten die talentierten HipHop <strong>Tanzgruppen Dynamics und Mirage<\/strong> aus Sindringen das Publikum mit ihren kreativen Darbietungen, die Begeisterung ausl\u00f6sten.<\/p>\n\n\n\n<p>Neben dem kulturellen Programm sorgte auch das kulinarische Angebot f\u00fcr Begeisterung. Mit Essen versorgte der <strong>Foodtruck vom Evangelischen Jugendwerk \u00d6hringen<\/strong> die Besucher*innen. Es gab vegane Maultaschenburger und Hotdogs, die gro\u00dfen Anklang fanden. Eine einladende Atmosph\u00e4re entstand, die Raum f\u00fcr Austausch und Erholung bot. Die M\u00f6glichkeit, sich bei k\u00f6stlichem Essen zu st\u00e4rken und dabei neue Freundschaften zu kn\u00fcpfen, trug zus\u00e4tzlich zur entspannten und fr\u00f6hlichen Stimmung der Veranstaltung bei.<\/p>\n\n\n\n<p>Den vorl\u00e4ufigen Abschluss der Churchnight bildete ein bewegender <strong>Jugendgottesdienst<\/strong>, der von der <strong>Band Grace aus K\u00fcnzelsau<\/strong> in neuer Besetzung musikalisch begleitet wurde. Die Band f\u00fchrte die jungen Menschen mit ihren gef\u00fchlvollen Lobpreisliedern in eine besondere Atmosph\u00e4re der Andacht und Gemeinschaft. Der Gottesdienst bot Raum f\u00fcr Besinnung und Begegnung mit dem Glauben, und viele Teilnehmer nutzten die Gelegenheit, um in der Gemeinschaft innezuhalten und ihren Glauben zu feiern. Mit einer inspirierenden und pers\u00f6nlichen Predigt des S\u00e4ngers Tobi von To One, griff er das Thema des Abends auf. Er sprach \u00fcber die Talente, die uns von Gott geschenkt sind, und betonte, wie wichtig es ist, ihren Wert zu erkennen und sie zu nutzen. Dies verdeutlichte er an der Bibelstelle Matth\u00e4us 5,13-16 in der Jesus seine J\u00fcnger auffordert, wie Salz und Licht in der Welt zu sein und erg\u00e4nzte durch eine pers\u00f6nliche Geschichte, dass Gott durch uns strahlen kann und nur ein Gebet weit entfernt ist.<\/p>\n\n\n\n<p>Zum kr\u00f6nenden Abschluss wartete noch ein besonderes Highlight auf die Jugendlichen. Eine <strong>Feuershow<\/strong> bot einen faszinierenden Anblick und rundete den Abend ab.<\/p>\n\n\n\n<p>Die Churchnight in \u00d6hringen 2024 war nicht nur ein unvergessliches Event voller Musik, Tanz und guter Laune, sondern auch ein Ort der Begegnung, Gemeinschaft des Glaubens und des Austauschs. Die Mischung aus kulturellen Highlights und spirituellen Momenten schaffte eine einzigartige Atmosph\u00e4re, die bei den Jugendlichen noch lange in Erinnerung bleiben wird. Dank der zahlreichen ehrenamtlichen Helfer und der engagierten K\u00fcnstler wurde die Churchnight zu einem vollen Erfolg, der zeigt, wie wichtig solche Veranstaltungen f\u00fcr die Jugend der Region sind.<\/p>\n\n\n\n<figure class=\"wp-block-gallery has-nested-images columns-default is-cropped wp-block-gallery-5 is-layout-flex wp-block-gallery-is-layout-flex\">\n<figure class=\"wp-block-image size-large\"><a href=\"https:\/\/ejw-oehringen.de\/wordpress\/wp-content\/uploads\/2024\/12\/Bild1.jpg\"><img loading=\"lazy\" decoding=\"async\" width=\"730\" height=\"548\" data-id=\"4307\" src=\"https:\/\/ejw-oehringen.de\/wordpress\/wp-content\/uploads\/2024\/12\/Bild1.jpg\" alt=\"\" class=\"wp-image-4307\" srcset=\"https:\/\/ejw-oehringen.de\/wordpress\/wp-content\/uploads\/2024\/12\/Bild1.jpg 730w, https:\/\/ejw-oehringen.de\/wordpress\/wp-content\/uploads\/2024\/12\/Bild1-300x225.jpg 300w, https:\/\/ejw-oehringen.de\/wordpress\/wp-content\/uploads\/2024\/12\/Bild1-200x150.jpg 200w, https:\/\/ejw-oehringen.de\/wordpress\/wp-content\/uploads\/2024\/12\/Bild1-150x113.jpg 150w\" sizes=\"auto, (max-width: 730px) 100vw, 730px\" \/><\/a><\/figure>\n\n\n\n<figure class=\"wp-block-image size-large\"><a href=\"https:\/\/ejw-oehringen.de\/wordpress\/wp-content\/uploads\/2024\/12\/Bild2.jpg\"><img loading=\"lazy\" decoding=\"async\" width=\"721\" height=\"540\" data-id=\"4311\" src=\"https:\/\/ejw-oehringen.de\/wordpress\/wp-content\/uploads\/2024\/12\/Bild2.jpg\" alt=\"\" class=\"wp-image-4311\" srcset=\"https:\/\/ejw-oehringen.de\/wordpress\/wp-content\/uploads\/2024\/12\/Bild2.jpg 721w, https:\/\/ejw-oehringen.de\/wordpress\/wp-content\/uploads\/2024\/12\/Bild2-300x225.jpg 300w, https:\/\/ejw-oehringen.de\/wordpress\/wp-content\/uploads\/2024\/12\/Bild2-200x150.jpg 200w, https:\/\/ejw-oehringen.de\/wordpress\/wp-content\/uploads\/2024\/12\/Bild2-150x112.jpg 150w\" sizes=\"auto, (max-width: 721px) 100vw, 721px\" \/><\/a><\/figure>\n\n\n\n<figure class=\"wp-block-image size-large\"><a href=\"https:\/\/ejw-oehringen.de\/wordpress\/wp-content\/uploads\/2024\/12\/Bild3.jpg\"><img loading=\"lazy\" decoding=\"async\" width=\"623\" height=\"468\" data-id=\"4309\" src=\"https:\/\/ejw-oehringen.de\/wordpress\/wp-content\/uploads\/2024\/12\/Bild3.jpg\" alt=\"\" class=\"wp-image-4309\" srcset=\"https:\/\/ejw-oehringen.de\/wordpress\/wp-content\/uploads\/2024\/12\/Bild3.jpg 623w, https:\/\/ejw-oehringen.de\/wordpress\/wp-content\/uploads\/2024\/12\/Bild3-300x225.jpg 300w, https:\/\/ejw-oehringen.de\/wordpress\/wp-content\/uploads\/2024\/12\/Bild3-200x150.jpg 200w, https:\/\/ejw-oehringen.de\/wordpress\/wp-content\/uploads\/2024\/12\/Bild3-150x113.jpg 150w\" sizes=\"auto, (max-width: 623px) 100vw, 623px\" \/><\/a><\/figure>\n\n\n\n<figure class=\"wp-block-image size-large\"><a href=\"https:\/\/ejw-oehringen.de\/wordpress\/wp-content\/uploads\/2024\/12\/Bild4.jpg\"><img loading=\"lazy\" decoding=\"async\" width=\"703\" height=\"527\" data-id=\"4308\" src=\"https:\/\/ejw-oehringen.de\/wordpress\/wp-content\/uploads\/2024\/12\/Bild4.jpg\" alt=\"\" class=\"wp-image-4308\" srcset=\"https:\/\/ejw-oehringen.de\/wordpress\/wp-content\/uploads\/2024\/12\/Bild4.jpg 703w, https:\/\/ejw-oehringen.de\/wordpress\/wp-content\/uploads\/2024\/12\/Bild4-300x225.jpg 300w, https:\/\/ejw-oehringen.de\/wordpress\/wp-content\/uploads\/2024\/12\/Bild4-200x150.jpg 200w, https:\/\/ejw-oehringen.de\/wordpress\/wp-content\/uploads\/2024\/12\/Bild4-150x112.jpg 150w\" sizes=\"auto, (max-width: 703px) 100vw, 703px\" \/><\/a><\/figure>\n\n\n\n<figure class=\"wp-block-image size-large\"><a href=\"https:\/\/ejw-oehringen.de\/wordpress\/wp-content\/uploads\/2024\/12\/Bild6.jpg\"><img loading=\"lazy\" decoding=\"async\" width=\"874\" height=\"656\" data-id=\"4305\" src=\"https:\/\/ejw-oehringen.de\/wordpress\/wp-content\/uploads\/2024\/12\/Bild6.jpg\" alt=\"\" class=\"wp-image-4305\" srcset=\"https:\/\/ejw-oehringen.de\/wordpress\/wp-content\/uploads\/2024\/12\/Bild6.jpg 874w, https:\/\/ejw-oehringen.de\/wordpress\/wp-content\/uploads\/2024\/12\/Bild6-300x225.jpg 300w, https:\/\/ejw-oehringen.de\/wordpress\/wp-content\/uploads\/2024\/12\/Bild6-768x576.jpg 768w, https:\/\/ejw-oehringen.de\/wordpress\/wp-content\/uploads\/2024\/12\/Bild6-200x150.jpg 200w, https:\/\/ejw-oehringen.de\/wordpress\/wp-content\/uploads\/2024\/12\/Bild6-150x113.jpg 150w\" sizes=\"auto, (max-width: 874px) 100vw, 874px\" \/><\/a><\/figure>\n\n\n\n<figure class=\"wp-block-image size-large\"><a href=\"https:\/\/ejw-oehringen.de\/wordpress\/wp-content\/uploads\/2024\/12\/Bild7.jpg\"><img loading=\"lazy\" decoding=\"async\" width=\"778\" height=\"518\" data-id=\"4306\" src=\"https:\/\/ejw-oehringen.de\/wordpress\/wp-content\/uploads\/2024\/12\/Bild7.jpg\" alt=\"\" class=\"wp-image-4306\" srcset=\"https:\/\/ejw-oehringen.de\/wordpress\/wp-content\/uploads\/2024\/12\/Bild7.jpg 778w, https:\/\/ejw-oehringen.de\/wordpress\/wp-content\/uploads\/2024\/12\/Bild7-300x200.jpg 300w, https:\/\/ejw-oehringen.de\/wordpress\/wp-content\/uploads\/2024\/12\/Bild7-768x511.jpg 768w, https:\/\/ejw-oehringen.de\/wordpress\/wp-content\/uploads\/2024\/12\/Bild7-225x150.jpg 225w, https:\/\/ejw-oehringen.de\/wordpress\/wp-content\/uploads\/2024\/12\/Bild7-150x100.jpg 150w\" sizes=\"auto, (max-width: 778px) 100vw, 778px\" \/><\/a><\/figure>\n<\/figure>\n\n\n\n<p><\/p>\n\n\n<div class=\"wp-block-image\">\n<figure class=\"aligncenter size-large\"><a href=\"https:\/\/ejw-oehringen.de\/wordpress\/wp-content\/uploads\/2024\/10\/PlakatA32024-scaled.jpg\"><img loading=\"lazy\" decoding=\"async\" width=\"724\" height=\"1024\" src=\"https:\/\/ejw-oehringen.de\/wordpress\/wp-content\/uploads\/2024\/10\/PlakatA32024-724x1024.jpg\" alt=\"\" class=\"wp-image-4246\" srcset=\"https:\/\/ejw-oehringen.de\/wordpress\/wp-content\/uploads\/2024\/10\/PlakatA32024-724x1024.jpg 724w, https:\/\/ejw-oehringen.de\/wordpress\/wp-content\/uploads\/2024\/10\/PlakatA32024-212x300.jpg 212w, https:\/\/ejw-oehringen.de\/wordpress\/wp-content\/uploads\/2024\/10\/PlakatA32024-768x1086.jpg 768w, https:\/\/ejw-oehringen.de\/wordpress\/wp-content\/uploads\/2024\/10\/PlakatA32024-1086x1536.jpg 1086w, https:\/\/ejw-oehringen.de\/wordpress\/wp-content\/uploads\/2024\/10\/PlakatA32024-1448x2048.jpg 1448w, https:\/\/ejw-oehringen.de\/wordpress\/wp-content\/uploads\/2024\/10\/PlakatA32024-106x150.jpg 106w, https:\/\/ejw-oehringen.de\/wordpress\/wp-content\/uploads\/2024\/10\/PlakatA32024-1320x1867.jpg 1320w, https:\/\/ejw-oehringen.de\/wordpress\/wp-content\/uploads\/2024\/10\/PlakatA32024-scaled.jpg 1810w\" sizes=\"auto, (max-width: 724px) 100vw, 724px\" \/><\/a><\/figure>\n<\/div>\n\n\n<hr class=\"wp-block-separator has-alpha-channel-opacity\"\/>\n\n\n\n<h2 class=\"wp-block-heading\"><strong>Lebendige Kirche &#8211; ChurchNight am 28.10.2023 in \u00d6hringen<\/strong><\/h2>\n\n\n\n<p>Auch 2023 wieder eine gelungene ChurchNight im Kirchenbezirk \u00d6hringen, die zeigt, dass Kirche lebendig ist und erfrischend, verbindend und begeisternd sein kann.<\/p>\n\n\n\n<p><br>18.53h am Jugendpavillon in \u00d6hringen:<br>Eine Traube aus jungen und jung gebliebenen Menschen sammelt sich am Eingang und wartet gespannt auf den Einlass. Im gro\u00dfen Saal des Jugendpavillon ist alles bereit f\u00fcr die ChurchNight des Evangelischen Jugendwerk Bezirk \u00d6hringen. Die Rockband Normal ist Anders ist angereist und freut sich auf ihre energiegeladene Liveshow. Nach einer kurzen Begr\u00fc\u00dfung legen die drei Musiker los und drehen auf. Die 150 Besucher sammeln sich vor der B\u00fchne und nehmen gleich die grandiose Energie der Band mit. Es wird getanzt, gesprungen und mitgesungen und die drei Jungs auf der B\u00fchne geben richtig Gas.<br>Zwischendrin auch ruhigere T\u00f6ne, Chris der S\u00e4nger spricht dar\u00fcber, dass die Band auf der B\u00fchne steht, um Gottes wirken in der Welt zu feiern. Er betet f\u00fcr die Jugendlichen und f\u00fcr den Abend, um kurz darauf wieder auf der B\u00fchne herumzuwirbeln.<br>Dann geht es weiter mit einem gelungenen Tanzbeitrag der Broadway Dance School. Im Hiphopstyle begeisterten die M\u00e4dels das Publikum.<br>Nach so viel Bewegung und Energie ist St\u00e4rkung angesagt. Der Foodtruck des Jugendwerks ist mit am Start, um f\u00fcr die Besucher Leckeres auf dem Grill zu brutzeln. Die vielen engagierten ehrenamtlichen Helfer der ChurchNight sorgen auch daf\u00fcr, dass sich jeder mit Getr\u00e4nken und alkoholfreien Cocktails oder Punsch versorgen kann.<br>Frisch gest\u00e4rkt geht es weiter und nach einem kurzen Umbau beginnt der Jugendgottesdienst. Gemeinsame Lobpreislieder umrahmen die Gedanken des Gottesdienstes zum Thema \u201ebe real \u2013 echt sein.\u201c Die Band Normal ist Anders erz\u00e4hlt im Interview, wie sie mit entt\u00e4uschten Erwartungen umgehen, was es f\u00fcr sie bedeutet, echt und authentisch zu sein und dass ein Leben in Gottes Gegenwart das Beste ist, was sie sich vorstellen k\u00f6nnen.<br>In der Predigt von Lena Bertsch schauen die Jugendlichen mit ihr gemeinsam auf ihr eigenes Leben und dass es gar nicht so einfach ist, authentisch und positiv zu sein in dieser Welt voller Krisen und Herausforderungen.<br>Als Kr\u00f6nung des gelungenen Abends findet im Freien dann noch die abschlie\u00dfende Feuershow statt.<br>Begeisterte Jugendliche und freudige Gesichter machen sich auf den Heimweg und die Organisatoren ziehen beim Abbau auch dank der grandiosen Arbeit der Technikfirma mediasystem sowie allen Beteiligten und Helfern eine durchweg positive Bilanz.<\/p>\n\n\n\n<figure class=\"wp-block-image size-large is-style-default\"><a href=\"https:\/\/ejw-oehringen.de\/wordpress\/wp-content\/uploads\/2023\/11\/20231028_192155-scaled.jpg\"><img loading=\"lazy\" decoding=\"async\" width=\"1024\" height=\"768\" src=\"https:\/\/ejw-oehringen.de\/wordpress\/wp-content\/uploads\/2023\/11\/20231028_192155-1024x768.jpg\" alt=\"\" class=\"wp-image-3910\" srcset=\"https:\/\/ejw-oehringen.de\/wordpress\/wp-content\/uploads\/2023\/11\/20231028_192155-1024x768.jpg 1024w, https:\/\/ejw-oehringen.de\/wordpress\/wp-content\/uploads\/2023\/11\/20231028_192155-300x225.jpg 300w, https:\/\/ejw-oehringen.de\/wordpress\/wp-content\/uploads\/2023\/11\/20231028_192155-768x576.jpg 768w, https:\/\/ejw-oehringen.de\/wordpress\/wp-content\/uploads\/2023\/11\/20231028_192155-1536x1152.jpg 1536w, https:\/\/ejw-oehringen.de\/wordpress\/wp-content\/uploads\/2023\/11\/20231028_192155-2048x1536.jpg 2048w, https:\/\/ejw-oehringen.de\/wordpress\/wp-content\/uploads\/2023\/11\/20231028_192155-200x150.jpg 200w, https:\/\/ejw-oehringen.de\/wordpress\/wp-content\/uploads\/2023\/11\/20231028_192155-150x113.jpg 150w, https:\/\/ejw-oehringen.de\/wordpress\/wp-content\/uploads\/2023\/11\/20231028_192155-1320x990.jpg 1320w\" sizes=\"auto, (max-width: 1024px) 100vw, 1024px\" \/><\/a><\/figure>\n\n\n\n<p><\/p>\n\n\n\n<figure class=\"wp-block-image size-large is-style-default\"><a href=\"https:\/\/ejw-oehringen.de\/wordpress\/wp-content\/uploads\/2023\/08\/Churchnight2023-1.jpg\"><img loading=\"lazy\" decoding=\"async\" width=\"1024\" height=\"768\" src=\"https:\/\/ejw-oehringen.de\/wordpress\/wp-content\/uploads\/2023\/08\/Churchnight2023-1-1024x768.jpg\" alt=\"\" class=\"wp-image-3774\" srcset=\"https:\/\/ejw-oehringen.de\/wordpress\/wp-content\/uploads\/2023\/08\/Churchnight2023-1-1024x768.jpg 1024w, https:\/\/ejw-oehringen.de\/wordpress\/wp-content\/uploads\/2023\/08\/Churchnight2023-1-300x225.jpg 300w, https:\/\/ejw-oehringen.de\/wordpress\/wp-content\/uploads\/2023\/08\/Churchnight2023-1-768x576.jpg 768w, https:\/\/ejw-oehringen.de\/wordpress\/wp-content\/uploads\/2023\/08\/Churchnight2023-1-200x150.jpg 200w, https:\/\/ejw-oehringen.de\/wordpress\/wp-content\/uploads\/2023\/08\/Churchnight2023-1-150x113.jpg 150w, https:\/\/ejw-oehringen.de\/wordpress\/wp-content\/uploads\/2023\/08\/Churchnight2023-1.jpg 1280w\" sizes=\"auto, (max-width: 1024px) 100vw, 1024px\" \/><\/a><\/figure>\n\n\n\n<hr class=\"wp-block-separator has-alpha-channel-opacity\"\/>\n\n\n\n<p><a rel=\"noreferrer noopener\" href=\"https:\/\/www.churchnight-neuenstein.de\" target=\"_blank\">www.churchnight-neuenstein.de<\/a><\/p>\n\n\n\n<figure class=\"wp-block-gallery has-nested-images columns-default is-cropped wp-block-gallery-6 is-layout-flex wp-block-gallery-is-layout-flex\">\n<figure class=\"wp-block-image size-large is-style-default\"><a href=\"https:\/\/ejw-oehringen.de\/wordpress\/wp-content\/uploads\/2021\/10\/CN-flyer-A6-2021-vorn.jpg\"><img loading=\"lazy\" decoding=\"async\" width=\"727\" height=\"1024\" data-id=\"3066\" src=\"https:\/\/ejw-oehringen.de\/wordpress\/wp-content\/uploads\/2021\/10\/CN-flyer-A6-2021-vorn-727x1024.jpg\" alt=\"\" class=\"wp-image-3066\" srcset=\"https:\/\/ejw-oehringen.de\/wordpress\/wp-content\/uploads\/2021\/10\/CN-flyer-A6-2021-vorn-727x1024.jpg 727w, https:\/\/ejw-oehringen.de\/wordpress\/wp-content\/uploads\/2021\/10\/CN-flyer-A6-2021-vorn-213x300.jpg 213w, https:\/\/ejw-oehringen.de\/wordpress\/wp-content\/uploads\/2021\/10\/CN-flyer-A6-2021-vorn-768x1082.jpg 768w, https:\/\/ejw-oehringen.de\/wordpress\/wp-content\/uploads\/2021\/10\/CN-flyer-A6-2021-vorn-1090x1536.jpg 1090w, https:\/\/ejw-oehringen.de\/wordpress\/wp-content\/uploads\/2021\/10\/CN-flyer-A6-2021-vorn-106x150.jpg 106w, https:\/\/ejw-oehringen.de\/wordpress\/wp-content\/uploads\/2021\/10\/CN-flyer-A6-2021-vorn.jpg 1260w\" sizes=\"auto, (max-width: 727px) 100vw, 727px\" \/><\/a><\/figure>\n\n\n\n<figure class=\"wp-block-image size-large is-style-default\"><a href=\"https:\/\/ejw-oehringen.de\/wordpress\/wp-content\/uploads\/2022\/01\/Gemeindebriefartikel-churchnight-2020.jpg\"><img loading=\"lazy\" decoding=\"async\" width=\"722\" height=\"1024\" data-id=\"3109\" src=\"https:\/\/ejw-oehringen.de\/wordpress\/wp-content\/uploads\/2022\/01\/Gemeindebriefartikel-churchnight-2020-722x1024.jpg\" alt=\"\" class=\"wp-image-3109\" srcset=\"https:\/\/ejw-oehringen.de\/wordpress\/wp-content\/uploads\/2022\/01\/Gemeindebriefartikel-churchnight-2020-722x1024.jpg 722w, https:\/\/ejw-oehringen.de\/wordpress\/wp-content\/uploads\/2022\/01\/Gemeindebriefartikel-churchnight-2020-211x300.jpg 211w, https:\/\/ejw-oehringen.de\/wordpress\/wp-content\/uploads\/2022\/01\/Gemeindebriefartikel-churchnight-2020-768x1090.jpg 768w, https:\/\/ejw-oehringen.de\/wordpress\/wp-content\/uploads\/2022\/01\/Gemeindebriefartikel-churchnight-2020-1083x1536.jpg 1083w, https:\/\/ejw-oehringen.de\/wordpress\/wp-content\/uploads\/2022\/01\/Gemeindebriefartikel-churchnight-2020-1444x2048.jpg 1444w, https:\/\/ejw-oehringen.de\/wordpress\/wp-content\/uploads\/2022\/01\/Gemeindebriefartikel-churchnight-2020-106x150.jpg 106w, https:\/\/ejw-oehringen.de\/wordpress\/wp-content\/uploads\/2022\/01\/Gemeindebriefartikel-churchnight-2020-1320x1873.jpg 1320w, https:\/\/ejw-oehringen.de\/wordpress\/wp-content\/uploads\/2022\/01\/Gemeindebriefartikel-churchnight-2020.jpg 1748w\" sizes=\"auto, (max-width: 722px) 100vw, 722px\" \/><\/a><\/figure>\n\n\n\n<figure class=\"wp-block-image size-large is-style-default\"><a href=\"https:\/\/ejw-oehringen.de\/wordpress\/wp-content\/uploads\/2022\/01\/CN-flyer-A6-2019-vorn.jpg\"><img loading=\"lazy\" decoding=\"async\" width=\"732\" height=\"1024\" data-id=\"3110\" src=\"https:\/\/ejw-oehringen.de\/wordpress\/wp-content\/uploads\/2022\/01\/CN-flyer-A6-2019-vorn-732x1024.jpg\" alt=\"\" class=\"wp-image-3110\" srcset=\"https:\/\/ejw-oehringen.de\/wordpress\/wp-content\/uploads\/2022\/01\/CN-flyer-A6-2019-vorn-732x1024.jpg 732w, https:\/\/ejw-oehringen.de\/wordpress\/wp-content\/uploads\/2022\/01\/CN-flyer-A6-2019-vorn-215x300.jpg 215w, https:\/\/ejw-oehringen.de\/wordpress\/wp-content\/uploads\/2022\/01\/CN-flyer-A6-2019-vorn-768x1074.jpg 768w, https:\/\/ejw-oehringen.de\/wordpress\/wp-content\/uploads\/2022\/01\/CN-flyer-A6-2019-vorn-1098x1536.jpg 1098w, https:\/\/ejw-oehringen.de\/wordpress\/wp-content\/uploads\/2022\/01\/CN-flyer-A6-2019-vorn-107x150.jpg 107w, https:\/\/ejw-oehringen.de\/wordpress\/wp-content\/uploads\/2022\/01\/CN-flyer-A6-2019-vorn.jpg 1255w\" sizes=\"auto, (max-width: 732px) 100vw, 732px\" \/><\/a><\/figure>\n\n\n\n<figure class=\"wp-block-image size-large is-style-default\"><a href=\"https:\/\/ejw-oehringen.de\/wordpress\/wp-content\/uploads\/2019\/06\/CN-flyer-A6-2018-vorn.jpg\"><img loading=\"lazy\" decoding=\"async\" width=\"729\" height=\"1024\" data-id=\"1945\" src=\"https:\/\/ejw-oehringen.de\/wordpress\/wp-content\/uploads\/2019\/06\/CN-flyer-A6-2018-vorn-729x1024.jpg\" alt=\"\" class=\"wp-image-1945\" srcset=\"https:\/\/ejw-oehringen.de\/wordpress\/wp-content\/uploads\/2019\/06\/CN-flyer-A6-2018-vorn-729x1024.jpg 729w, https:\/\/ejw-oehringen.de\/wordpress\/wp-content\/uploads\/2019\/06\/CN-flyer-A6-2018-vorn-214x300.jpg 214w, https:\/\/ejw-oehringen.de\/wordpress\/wp-content\/uploads\/2019\/06\/CN-flyer-A6-2018-vorn-768x1079.jpg 768w, https:\/\/ejw-oehringen.de\/wordpress\/wp-content\/uploads\/2019\/06\/CN-flyer-A6-2018-vorn-107x150.jpg 107w, https:\/\/ejw-oehringen.de\/wordpress\/wp-content\/uploads\/2019\/06\/CN-flyer-A6-2018-vorn.jpg 1264w\" sizes=\"auto, (max-width: 729px) 100vw, 729px\" \/><\/a><\/figure>\n\n\n\n<figure class=\"wp-block-image size-large is-style-default\"><a href=\"https:\/\/ejw-oehringen.de\/wordpress\/wp-content\/uploads\/2022\/01\/CN-A6-jpg_print-scaled.jpg\"><img loading=\"lazy\" decoding=\"async\" width=\"721\" height=\"1024\" data-id=\"3111\" src=\"https:\/\/ejw-oehringen.de\/wordpress\/wp-content\/uploads\/2022\/01\/CN-A6-jpg_print-721x1024.jpg\" alt=\"\" class=\"wp-image-3111\" srcset=\"https:\/\/ejw-oehringen.de\/wordpress\/wp-content\/uploads\/2022\/01\/CN-A6-jpg_print-721x1024.jpg 721w, https:\/\/ejw-oehringen.de\/wordpress\/wp-content\/uploads\/2022\/01\/CN-A6-jpg_print-211x300.jpg 211w, https:\/\/ejw-oehringen.de\/wordpress\/wp-content\/uploads\/2022\/01\/CN-A6-jpg_print-768x1090.jpg 768w, https:\/\/ejw-oehringen.de\/wordpress\/wp-content\/uploads\/2022\/01\/CN-A6-jpg_print-1082x1536.jpg 1082w, https:\/\/ejw-oehringen.de\/wordpress\/wp-content\/uploads\/2022\/01\/CN-A6-jpg_print-1443x2048.jpg 1443w, https:\/\/ejw-oehringen.de\/wordpress\/wp-content\/uploads\/2022\/01\/CN-A6-jpg_print-106x150.jpg 106w, https:\/\/ejw-oehringen.de\/wordpress\/wp-content\/uploads\/2022\/01\/CN-A6-jpg_print-1320x1874.jpg 1320w, https:\/\/ejw-oehringen.de\/wordpress\/wp-content\/uploads\/2022\/01\/CN-A6-jpg_print-scaled.jpg 1803w\" sizes=\"auto, (max-width: 721px) 100vw, 721px\" \/><\/a><\/figure>\n\n\n\n<figure class=\"wp-block-image size-large is-style-default\"><a href=\"https:\/\/ejw-oehringen.de\/wordpress\/wp-content\/uploads\/2017\/08\/cn-flyer-A6-2016-vorn-732x1024.jpg\"><img loading=\"lazy\" decoding=\"async\" width=\"732\" height=\"1024\" data-id=\"1170\" src=\"https:\/\/ejw-oehringen.de\/wordpress\/wp-content\/uploads\/2017\/08\/cn-flyer-A6-2016-vorn-732x1024-732x1024.jpg\" alt=\"\" class=\"wp-image-1170\" srcset=\"https:\/\/ejw-oehringen.de\/wordpress\/wp-content\/uploads\/2017\/08\/cn-flyer-A6-2016-vorn-732x1024.jpg 732w, https:\/\/ejw-oehringen.de\/wordpress\/wp-content\/uploads\/2017\/08\/cn-flyer-A6-2016-vorn-732x1024-214x300.jpg 214w, https:\/\/ejw-oehringen.de\/wordpress\/wp-content\/uploads\/2017\/08\/cn-flyer-A6-2016-vorn-732x1024-107x150.jpg 107w\" sizes=\"auto, (max-width: 732px) 100vw, 732px\" \/><\/a><\/figure>\n<\/figure>\n\n\n<p><strong><span class=\"sidebarHeader\">Jugendgottesdienste im Bezirk \u00d6hringen<\/span><\/strong><\/p>\n<p><strong>&nbsp;<\/strong><\/p>\n<p><strong>Die Jugendgottesdienste in Neuenstein pausieren gerade<br \/><\/strong><\/p>\n<p><a href=\"https:\/\/ejw-oehringen.de\/wordpress\/wp-content\/uploads\/2019\/12\/Plakat-Jugo-19.01.2020-scaled.jpg\"><img loading=\"lazy\" decoding=\"async\" class=\"alignnone size-medium wp-image-2235\" src=\"https:\/\/ejw-oehringen.de\/wordpress\/wp-content\/uploads\/2019\/12\/Plakat-Jugo-19.01.2020-300x212.jpg\" alt=\"\" width=\"300\" height=\"212\" srcset=\"https:\/\/ejw-oehringen.de\/wordpress\/wp-content\/uploads\/2019\/12\/Plakat-Jugo-19.01.2020-300x212.jpg 300w, https:\/\/ejw-oehringen.de\/wordpress\/wp-content\/uploads\/2019\/12\/Plakat-Jugo-19.01.2020-1024x724.jpg 1024w, https:\/\/ejw-oehringen.de\/wordpress\/wp-content\/uploads\/2019\/12\/Plakat-Jugo-19.01.2020-768x543.jpg 768w, https:\/\/ejw-oehringen.de\/wordpress\/wp-content\/uploads\/2019\/12\/Plakat-Jugo-19.01.2020-1536x1086.jpg 1536w, https:\/\/ejw-oehringen.de\/wordpress\/wp-content\/uploads\/2019\/12\/Plakat-Jugo-19.01.2020-2048x1448.jpg 2048w, https:\/\/ejw-oehringen.de\/wordpress\/wp-content\/uploads\/2019\/12\/Plakat-Jugo-19.01.2020-212x150.jpg 212w, https:\/\/ejw-oehringen.de\/wordpress\/wp-content\/uploads\/2019\/12\/Plakat-Jugo-19.01.2020-150x106.jpg 150w, https:\/\/ejw-oehringen.de\/wordpress\/wp-content\/uploads\/2019\/12\/Plakat-Jugo-19.01.2020-1320x933.jpg 1320w\" sizes=\"auto, (max-width: 300px) 100vw, 300px\" \/><\/a><\/p>\n<h2><strong>Jugendtag im Kirchenbezirk K\u00fcnzelsau<\/strong><\/h2>\n<p>09. April 2022<\/p>\n<p>04. April 2020<\/p>\n<p><a href=\"https:\/\/www.ejw.kuenzelsau.elk-wue.de\/jugend\/jugendtag-heartbeat\" target=\"_blank\" rel=\"noopener noreferrer\">www.jugendtag-heartbeat.de<\/a><\/p>\n\n\n<p><\/p>\n","protected":false},"excerpt":{"rendered":"<p>PeaceNight \u2013 Friedensmomente in \u00d6hringen Am 15. Februar 2025 lud das Evangelische Jugendwerk \u00d6hringen zur PeaceNight ins Evangelische Rosenberggemeindehaus ein \u2013 ein Abend voller Musik, bewegender Geschichten und hoffnungsvoller Gebete unter dem Motto \u201ePeace starts here\u201c. Durch den voll besetzten Saal schallten energiegeladene Kl\u00e4ngen der Band June aus Waldenburg. Pfarrerinnen,\u2026 <a class=\"continue-reading-link\" href=\"https:\/\/ejw-oehringen.de\/wordpress\/arbeitsbereiche\/jugendgottesdienste\/\">Continue reading<\/a><\/p>\n","protected":false},"author":1,"featured_media":0,"parent":24,"menu_order":4,"comment_status":"closed","ping_status":"closed","template":"","meta":{"ngg_post_thumbnail":0,"footnotes":""},"class_list":["post-32","page","type-page","status-publish","hentry"],"_links":{"self":[{"href":"https:\/\/ejw-oehringen.de\/wordpress\/wp-json\/wp\/v2\/pages\/32","targetHints":{"allow":["GET"]}}],"collection":[{"href":"https:\/\/ejw-oehringen.de\/wordpress\/wp-json\/wp\/v2\/pages"}],"about":[{"href":"https:\/\/ejw-oehringen.de\/wordpress\/wp-json\/wp\/v2\/types\/page"}],"author":[{"embeddable":true,"href":"https:\/\/ejw-oehringen.de\/wordpress\/wp-json\/wp\/v2\/users\/1"}],"replies":[{"embeddable":true,"href":"https:\/\/ejw-oehringen.de\/wordpress\/wp-json\/wp\/v2\/comments?post=32"}],"version-history":[{"count":42,"href":"https:\/\/ejw-oehringen.de\/wordpress\/wp-json\/wp\/v2\/pages\/32\/revisions"}],"predecessor-version":[{"id":4731,"href":"https:\/\/ejw-oehringen.de\/wordpress\/wp-json\/wp\/v2\/pages\/32\/revisions\/4731"}],"up":[{"embeddable":true,"href":"https:\/\/ejw-oehringen.de\/wordpress\/wp-json\/wp\/v2\/pages\/24"}],"wp:attachment":[{"href":"https:\/\/ejw-oehringen.de\/wordpress\/wp-json\/wp\/v2\/media?parent=32"}],"curies":[{"name":"wp","href":"https:\/\/api.w.org\/{rel}","templated":true}]}}