{"id":26,"date":"2014-08-11T11:24:20","date_gmt":"2014-08-11T09:24:20","guid":{"rendered":"http:\/\/www.ejw-oehringen.de\/wordpress\/?page_id=26"},"modified":"2026-02-10T11:14:01","modified_gmt":"2026-02-10T10:14:01","slug":"mitarbeiterbildung","status":"publish","type":"page","link":"https:\/\/ejw-oehringen.de\/wordpress\/arbeitsbereiche\/mitarbeiterbildung\/","title":{"rendered":"Mitarbeiterbildung"},"content":{"rendered":"\n<figure class=\"wp-block-image size-large\"><a href=\"https:\/\/ejw-oehringen.de\/wordpress\/wp-content\/uploads\/2026\/02\/Einsteigerkurs26.jpg\"><img loading=\"lazy\" decoding=\"async\" width=\"1024\" height=\"727\" src=\"https:\/\/ejw-oehringen.de\/wordpress\/wp-content\/uploads\/2026\/02\/Einsteigerkurs26-1024x727.jpg\" alt=\"\" class=\"wp-image-4722\" srcset=\"https:\/\/ejw-oehringen.de\/wordpress\/wp-content\/uploads\/2026\/02\/Einsteigerkurs26-1024x727.jpg 1024w, https:\/\/ejw-oehringen.de\/wordpress\/wp-content\/uploads\/2026\/02\/Einsteigerkurs26-300x213.jpg 300w, https:\/\/ejw-oehringen.de\/wordpress\/wp-content\/uploads\/2026\/02\/Einsteigerkurs26-768x545.jpg 768w, https:\/\/ejw-oehringen.de\/wordpress\/wp-content\/uploads\/2026\/02\/Einsteigerkurs26-1536x1090.jpg 1536w, https:\/\/ejw-oehringen.de\/wordpress\/wp-content\/uploads\/2026\/02\/Einsteigerkurs26-2048x1453.jpg 2048w, https:\/\/ejw-oehringen.de\/wordpress\/wp-content\/uploads\/2026\/02\/Einsteigerkurs26-211x150.jpg 211w, https:\/\/ejw-oehringen.de\/wordpress\/wp-content\/uploads\/2026\/02\/Einsteigerkurs26-150x106.jpg 150w, https:\/\/ejw-oehringen.de\/wordpress\/wp-content\/uploads\/2026\/02\/Einsteigerkurs26-1320x937.jpg 1320w\" sizes=\"auto, (max-width: 1024px) 100vw, 1024px\" \/><\/a><\/figure>\n\n\n\n<p><a href=\"https:\/\/ejoe-ejkuen.amosweb.de\/reg\/veranstaltung\/344339\">https:\/\/ejoe-ejkuen.amosweb.de\/reg\/veranstaltung\/344339<\/a><\/p>\n\n\n\n<hr class=\"wp-block-separator has-alpha-channel-opacity\"\/>\n\n\n\n<figure class=\"wp-block-image size-full\"><a href=\"https:\/\/ejw-oehringen.de\/wordpress\/wp-content\/uploads\/2026\/02\/Screenshot-2026-02-10-103859.png\"><img loading=\"lazy\" decoding=\"async\" width=\"810\" height=\"358\" src=\"https:\/\/ejw-oehringen.de\/wordpress\/wp-content\/uploads\/2026\/02\/Screenshot-2026-02-10-103859.png\" alt=\"\" class=\"wp-image-4716\" srcset=\"https:\/\/ejw-oehringen.de\/wordpress\/wp-content\/uploads\/2026\/02\/Screenshot-2026-02-10-103859.png 810w, https:\/\/ejw-oehringen.de\/wordpress\/wp-content\/uploads\/2026\/02\/Screenshot-2026-02-10-103859-300x133.png 300w, https:\/\/ejw-oehringen.de\/wordpress\/wp-content\/uploads\/2026\/02\/Screenshot-2026-02-10-103859-768x339.png 768w, https:\/\/ejw-oehringen.de\/wordpress\/wp-content\/uploads\/2026\/02\/Screenshot-2026-02-10-103859-250x110.png 250w, https:\/\/ejw-oehringen.de\/wordpress\/wp-content\/uploads\/2026\/02\/Screenshot-2026-02-10-103859-150x66.png 150w\" sizes=\"auto, (max-width: 810px) 100vw, 810px\" \/><\/a><\/figure>\n\n\n\n<p>Ein Angebote des Landesjugendwerk f\u00fcr Ehrenamtliche in der Kinder- und Jugendarbeit<br><a href=\"https:\/\/www.ejwue.de\/ejw_angebot\/leitungsakademie\">https:\/\/www.ejwue.de\/ejw_angebot\/leitungsakademie<\/a><\/p>\n\n\n\n<hr class=\"wp-block-separator has-alpha-channel-opacity\"\/>\n\n\n\n<figure class=\"wp-block-image size-large\"><a href=\"https:\/\/ejw-oehringen.de\/wordpress\/wp-content\/uploads\/2026\/02\/Screenshot-2026-02-10-104829.png\"><img loading=\"lazy\" decoding=\"async\" width=\"1024\" height=\"177\" src=\"https:\/\/ejw-oehringen.de\/wordpress\/wp-content\/uploads\/2026\/02\/Screenshot-2026-02-10-104829-1024x177.png\" alt=\"\" class=\"wp-image-4720\" srcset=\"https:\/\/ejw-oehringen.de\/wordpress\/wp-content\/uploads\/2026\/02\/Screenshot-2026-02-10-104829-1024x177.png 1024w, https:\/\/ejw-oehringen.de\/wordpress\/wp-content\/uploads\/2026\/02\/Screenshot-2026-02-10-104829-300x52.png 300w, https:\/\/ejw-oehringen.de\/wordpress\/wp-content\/uploads\/2026\/02\/Screenshot-2026-02-10-104829-768x132.png 768w, https:\/\/ejw-oehringen.de\/wordpress\/wp-content\/uploads\/2026\/02\/Screenshot-2026-02-10-104829-250x43.png 250w, https:\/\/ejw-oehringen.de\/wordpress\/wp-content\/uploads\/2026\/02\/Screenshot-2026-02-10-104829-150x26.png 150w, https:\/\/ejw-oehringen.de\/wordpress\/wp-content\/uploads\/2026\/02\/Screenshot-2026-02-10-104829.png 1258w\" sizes=\"auto, (max-width: 1024px) 100vw, 1024px\" \/><\/a><\/figure>\n\n\n\n<p>Im Studienzentrum Josefstal gibt es jede Menge interessante Schulungsangebote, in Pr\u00e4senz oder Online.<br>Zum Beispiel Module zur Juleica, Kochen f\u00fcr Gruppen, Digitalisierung oder Theologie, schaut einfach mal rein.<br><a href=\"https:\/\/jugendarbeit.de\/\">https:\/\/jugendarbeit.de\/<\/a><\/p>\n\n\n\n<hr class=\"wp-block-separator has-alpha-channel-opacity\"\/>\n\n\n\n<figure class=\"wp-block-image size-full\"><a href=\"https:\/\/ejw-oehringen.de\/wordpress\/wp-content\/uploads\/2026\/02\/Screenshot-2026-02-10-104430.png\"><img loading=\"lazy\" decoding=\"async\" width=\"801\" height=\"378\" src=\"https:\/\/ejw-oehringen.de\/wordpress\/wp-content\/uploads\/2026\/02\/Screenshot-2026-02-10-104430.png\" alt=\"\" class=\"wp-image-4718\" srcset=\"https:\/\/ejw-oehringen.de\/wordpress\/wp-content\/uploads\/2026\/02\/Screenshot-2026-02-10-104430.png 801w, https:\/\/ejw-oehringen.de\/wordpress\/wp-content\/uploads\/2026\/02\/Screenshot-2026-02-10-104430-300x142.png 300w, https:\/\/ejw-oehringen.de\/wordpress\/wp-content\/uploads\/2026\/02\/Screenshot-2026-02-10-104430-768x362.png 768w, https:\/\/ejw-oehringen.de\/wordpress\/wp-content\/uploads\/2026\/02\/Screenshot-2026-02-10-104430-250x118.png 250w, https:\/\/ejw-oehringen.de\/wordpress\/wp-content\/uploads\/2026\/02\/Screenshot-2026-02-10-104430-150x71.png 150w\" sizes=\"auto, (max-width: 801px) 100vw, 801px\" \/><\/a><\/figure>\n\n\n\n<p><a href=\"https:\/\/www.ejw-erleben.de\/veranstaltung\/338645-freizeitkuchen-gekonnt-leiten\">https:\/\/www.ejw-erleben.de\/veranstaltung\/338645-freizeitkuchen-gekonnt-leiten<\/a><br>Termin: 24.04.2026 &#8211; 25.04.2026<br>Ort: Tagungszentrum Bernh\u00e4user Forst<\/p>\n\n\n\n<hr class=\"wp-block-separator has-alpha-channel-opacity\"\/>\n\n\n\n<figure class=\"wp-block-image size-full\"><a href=\"https:\/\/ejw-oehringen.de\/wordpress\/wp-content\/uploads\/2026\/02\/Anzeige_FollowUp_A6_2026-734x1024-1.jpg\"><img loading=\"lazy\" decoding=\"async\" width=\"734\" height=\"1024\" src=\"https:\/\/ejw-oehringen.de\/wordpress\/wp-content\/uploads\/2026\/02\/Anzeige_FollowUp_A6_2026-734x1024-1.jpg\" alt=\"\" class=\"wp-image-4717\" srcset=\"https:\/\/ejw-oehringen.de\/wordpress\/wp-content\/uploads\/2026\/02\/Anzeige_FollowUp_A6_2026-734x1024-1.jpg 734w, https:\/\/ejw-oehringen.de\/wordpress\/wp-content\/uploads\/2026\/02\/Anzeige_FollowUp_A6_2026-734x1024-1-215x300.jpg 215w, https:\/\/ejw-oehringen.de\/wordpress\/wp-content\/uploads\/2026\/02\/Anzeige_FollowUp_A6_2026-734x1024-1-108x150.jpg 108w\" sizes=\"auto, (max-width: 734px) 100vw, 734px\" \/><\/a><\/figure>\n\n\n\n<p><a href=\"https:\/\/www.ejwue.de\/ejw_angebot\/follow-up\">https:\/\/www.ejwue.de\/ejw_angebot\/follow-up<\/a><\/p>\n\n\n\n<hr class=\"wp-block-separator has-alpha-channel-opacity\"\/>\n\n\n\n<figure class=\"wp-block-image size-large\"><a href=\"https:\/\/ejw-oehringen.de\/wordpress\/wp-content\/uploads\/2026\/02\/Flyer_Juleica_HOK_2026.jpg\"><img loading=\"lazy\" decoding=\"async\" width=\"724\" height=\"1024\" src=\"https:\/\/ejw-oehringen.de\/wordpress\/wp-content\/uploads\/2026\/02\/Flyer_Juleica_HOK_2026-724x1024.jpg\" alt=\"\" class=\"wp-image-4714\" srcset=\"https:\/\/ejw-oehringen.de\/wordpress\/wp-content\/uploads\/2026\/02\/Flyer_Juleica_HOK_2026-724x1024.jpg 724w, https:\/\/ejw-oehringen.de\/wordpress\/wp-content\/uploads\/2026\/02\/Flyer_Juleica_HOK_2026-212x300.jpg 212w, https:\/\/ejw-oehringen.de\/wordpress\/wp-content\/uploads\/2026\/02\/Flyer_Juleica_HOK_2026-768x1086.jpg 768w, https:\/\/ejw-oehringen.de\/wordpress\/wp-content\/uploads\/2026\/02\/Flyer_Juleica_HOK_2026-1086x1536.jpg 1086w, https:\/\/ejw-oehringen.de\/wordpress\/wp-content\/uploads\/2026\/02\/Flyer_Juleica_HOK_2026-1448x2048.jpg 1448w, https:\/\/ejw-oehringen.de\/wordpress\/wp-content\/uploads\/2026\/02\/Flyer_Juleica_HOK_2026-106x150.jpg 106w, https:\/\/ejw-oehringen.de\/wordpress\/wp-content\/uploads\/2026\/02\/Flyer_Juleica_HOK_2026-1320x1866.jpg 1320w, https:\/\/ejw-oehringen.de\/wordpress\/wp-content\/uploads\/2026\/02\/Flyer_Juleica_HOK_2026.jpg 1655w\" sizes=\"auto, (max-width: 724px) 100vw, 724px\" \/><\/a><\/figure>\n\n\n\n<hr class=\"wp-block-separator has-alpha-channel-opacity\"\/>\n\n\n<div class=\"wp-block-image\">\n<figure class=\"aligncenter size-large\"><a href=\"https:\/\/ejw-oehringen.de\/wordpress\/wp-content\/uploads\/2025\/05\/Einsteigerkurs-Bericht-25-1.jpg\"><img loading=\"lazy\" decoding=\"async\" width=\"724\" height=\"1024\" src=\"https:\/\/ejw-oehringen.de\/wordpress\/wp-content\/uploads\/2025\/05\/Einsteigerkurs-Bericht-25-1-724x1024.jpg\" alt=\"\" class=\"wp-image-4484\" srcset=\"https:\/\/ejw-oehringen.de\/wordpress\/wp-content\/uploads\/2025\/05\/Einsteigerkurs-Bericht-25-1-724x1024.jpg 724w, https:\/\/ejw-oehringen.de\/wordpress\/wp-content\/uploads\/2025\/05\/Einsteigerkurs-Bericht-25-1-212x300.jpg 212w, https:\/\/ejw-oehringen.de\/wordpress\/wp-content\/uploads\/2025\/05\/Einsteigerkurs-Bericht-25-1-768x1086.jpg 768w, https:\/\/ejw-oehringen.de\/wordpress\/wp-content\/uploads\/2025\/05\/Einsteigerkurs-Bericht-25-1-1086x1536.jpg 1086w, https:\/\/ejw-oehringen.de\/wordpress\/wp-content\/uploads\/2025\/05\/Einsteigerkurs-Bericht-25-1-106x150.jpg 106w, https:\/\/ejw-oehringen.de\/wordpress\/wp-content\/uploads\/2025\/05\/Einsteigerkurs-Bericht-25-1-1320x1867.jpg 1320w, https:\/\/ejw-oehringen.de\/wordpress\/wp-content\/uploads\/2025\/05\/Einsteigerkurs-Bericht-25-1.jpg 1414w\" sizes=\"auto, (max-width: 724px) 100vw, 724px\" \/><\/a><\/figure>\n<\/div>\n\n\n<hr class=\"wp-block-separator has-alpha-channel-opacity\"\/>\n\n\n<h2>Einsteigerkurs 2024<\/h2>\n<p>Am 4.-7. April versammelten sich 26 Teilnehmende mit 10 Mitarbeitenden f\u00fcr den Einsteigerkurs in die Jugendarbeit. Der Kurs hat auf der Schiedh\u00fctte in Forchtenberg stattgefunden und wir hatten vier Tage voller neuer Eindr\u00fccke, Erfahrungen und Herausforderungen. Auf unserem Programm standen ganz normale Dinge, was man jeden Tag macht\u2026 oder doch nicht?!<br \/>Aufgaben wie: ein Interview mit einer fremden Person in der Altstadt f\u00fchren, Spiele erkl\u00e4ren<br \/>und vorbereiten &#8211; das geht nat\u00fcrlich am besten, wenn man sie selbst einmal spielt!<br \/>Fragen, die uns w\u00e4hrend dieser Tage besch\u00e4ftigen und wir zusammen angingen: Wie gestalte ich selbst ein Programm? Wie erz\u00e4hle ich Kindern in einer Jungschargruppe oder auf einem Zeltlager am besten Geschichten und wie kann ich meine Stimme dabei einsetzen? Wie gebe ich Feedback und warum? Meine Rolle in einer Gruppe und viele weitere Themen, die wir zusammen erarbeitet haben. Neben der Theorie geh\u00f6rt auch die Praxis dazu: Ein H\u00f6rspiel im Wald bei Nacht! Auf seine Sinne vertrauen und bei absoluter Dunkelheit einem Seil durch das Unterholz im Wald folgen. Einer der Highlights an diesem Wochenende war \u201eFire Soccer\u201c. Dazu nimmt man alte Textilien und wickelt sie in Draht, dieser Ball wird in Brand gesteckt und wir spielen damit Fu\u00dfball, was kann uns da schon gef\u00e4hrlich werden, da kommt die Aufsichtspflicht ins Spiel! Vier Tage, vollgepackt mit Theorie, Praxis und Spa\u00df ein perfekter Einstieg in die Jugendarbeit und wir freuen uns darauf einige der Teilnehmenden als Mitarbeitende auf zuk\u00fcnftigen Veranstaltungen unserer Jugendwerke wiederzusehen.<\/p>\n\n\n<figure class=\"wp-block-gallery has-nested-images columns-default is-cropped wp-block-gallery-1 is-layout-flex wp-block-gallery-is-layout-flex\">\n<figure class=\"wp-block-image size-large is-style-default\"><a href=\"https:\/\/ejw-oehringen.de\/wordpress\/wp-content\/uploads\/2024\/04\/25a67f7a-2e1d-451d-97e1-85ceb8efd94a.jpg\"><img loading=\"lazy\" decoding=\"async\" width=\"577\" height=\"1024\" data-id=\"4126\" src=\"https:\/\/ejw-oehringen.de\/wordpress\/wp-content\/uploads\/2024\/04\/25a67f7a-2e1d-451d-97e1-85ceb8efd94a-577x1024.jpg\" alt=\"\" class=\"wp-image-4126\" srcset=\"https:\/\/ejw-oehringen.de\/wordpress\/wp-content\/uploads\/2024\/04\/25a67f7a-2e1d-451d-97e1-85ceb8efd94a-577x1024.jpg 577w, https:\/\/ejw-oehringen.de\/wordpress\/wp-content\/uploads\/2024\/04\/25a67f7a-2e1d-451d-97e1-85ceb8efd94a-169x300.jpg 169w, https:\/\/ejw-oehringen.de\/wordpress\/wp-content\/uploads\/2024\/04\/25a67f7a-2e1d-451d-97e1-85ceb8efd94a-768x1364.jpg 768w, https:\/\/ejw-oehringen.de\/wordpress\/wp-content\/uploads\/2024\/04\/25a67f7a-2e1d-451d-97e1-85ceb8efd94a-865x1536.jpg 865w, https:\/\/ejw-oehringen.de\/wordpress\/wp-content\/uploads\/2024\/04\/25a67f7a-2e1d-451d-97e1-85ceb8efd94a-84x150.jpg 84w, https:\/\/ejw-oehringen.de\/wordpress\/wp-content\/uploads\/2024\/04\/25a67f7a-2e1d-451d-97e1-85ceb8efd94a.jpg 1126w\" sizes=\"auto, (max-width: 577px) 100vw, 577px\" \/><\/a><\/figure>\n\n\n\n<figure class=\"wp-block-image size-large is-style-default\"><a href=\"https:\/\/ejw-oehringen.de\/wordpress\/wp-content\/uploads\/2024\/04\/db95a14a-9eb3-4572-9a17-48c80445ecc5.jpg\"><img loading=\"lazy\" decoding=\"async\" width=\"768\" height=\"1024\" data-id=\"4127\" src=\"https:\/\/ejw-oehringen.de\/wordpress\/wp-content\/uploads\/2024\/04\/db95a14a-9eb3-4572-9a17-48c80445ecc5-768x1024.jpg\" alt=\"\" class=\"wp-image-4127\" srcset=\"https:\/\/ejw-oehringen.de\/wordpress\/wp-content\/uploads\/2024\/04\/db95a14a-9eb3-4572-9a17-48c80445ecc5-768x1024.jpg 768w, https:\/\/ejw-oehringen.de\/wordpress\/wp-content\/uploads\/2024\/04\/db95a14a-9eb3-4572-9a17-48c80445ecc5-225x300.jpg 225w, https:\/\/ejw-oehringen.de\/wordpress\/wp-content\/uploads\/2024\/04\/db95a14a-9eb3-4572-9a17-48c80445ecc5-1152x1536.jpg 1152w, https:\/\/ejw-oehringen.de\/wordpress\/wp-content\/uploads\/2024\/04\/db95a14a-9eb3-4572-9a17-48c80445ecc5-113x150.jpg 113w, https:\/\/ejw-oehringen.de\/wordpress\/wp-content\/uploads\/2024\/04\/db95a14a-9eb3-4572-9a17-48c80445ecc5.jpg 1200w\" sizes=\"auto, (max-width: 768px) 100vw, 768px\" \/><\/a><\/figure>\n\n\n\n<figure class=\"wp-block-image size-large is-style-default\"><a href=\"https:\/\/ejw-oehringen.de\/wordpress\/wp-content\/uploads\/2024\/04\/IMG_0134-scaled.jpeg\"><img loading=\"lazy\" decoding=\"async\" width=\"768\" height=\"1024\" data-id=\"4128\" src=\"https:\/\/ejw-oehringen.de\/wordpress\/wp-content\/uploads\/2024\/04\/IMG_0134-768x1024.jpeg\" alt=\"\" class=\"wp-image-4128\" srcset=\"https:\/\/ejw-oehringen.de\/wordpress\/wp-content\/uploads\/2024\/04\/IMG_0134-768x1024.jpeg 768w, https:\/\/ejw-oehringen.de\/wordpress\/wp-content\/uploads\/2024\/04\/IMG_0134-225x300.jpeg 225w, https:\/\/ejw-oehringen.de\/wordpress\/wp-content\/uploads\/2024\/04\/IMG_0134-1152x1536.jpeg 1152w, https:\/\/ejw-oehringen.de\/wordpress\/wp-content\/uploads\/2024\/04\/IMG_0134-1536x2048.jpeg 1536w, https:\/\/ejw-oehringen.de\/wordpress\/wp-content\/uploads\/2024\/04\/IMG_0134-113x150.jpeg 113w, https:\/\/ejw-oehringen.de\/wordpress\/wp-content\/uploads\/2024\/04\/IMG_0134-1320x1760.jpeg 1320w, https:\/\/ejw-oehringen.de\/wordpress\/wp-content\/uploads\/2024\/04\/IMG_0134-scaled.jpeg 1920w\" sizes=\"auto, (max-width: 768px) 100vw, 768px\" \/><\/a><\/figure>\n\n\n\n<figure class=\"wp-block-image size-large is-style-default\"><a href=\"https:\/\/ejw-oehringen.de\/wordpress\/wp-content\/uploads\/2024\/04\/IMG_0163-scaled.jpeg\"><img loading=\"lazy\" decoding=\"async\" width=\"1024\" height=\"768\" data-id=\"4132\" src=\"https:\/\/ejw-oehringen.de\/wordpress\/wp-content\/uploads\/2024\/04\/IMG_0163-1024x768.jpeg\" alt=\"\" class=\"wp-image-4132\" srcset=\"https:\/\/ejw-oehringen.de\/wordpress\/wp-content\/uploads\/2024\/04\/IMG_0163-1024x768.jpeg 1024w, https:\/\/ejw-oehringen.de\/wordpress\/wp-content\/uploads\/2024\/04\/IMG_0163-300x225.jpeg 300w, https:\/\/ejw-oehringen.de\/wordpress\/wp-content\/uploads\/2024\/04\/IMG_0163-768x576.jpeg 768w, https:\/\/ejw-oehringen.de\/wordpress\/wp-content\/uploads\/2024\/04\/IMG_0163-1536x1152.jpeg 1536w, https:\/\/ejw-oehringen.de\/wordpress\/wp-content\/uploads\/2024\/04\/IMG_0163-2048x1536.jpeg 2048w, https:\/\/ejw-oehringen.de\/wordpress\/wp-content\/uploads\/2024\/04\/IMG_0163-200x150.jpeg 200w, https:\/\/ejw-oehringen.de\/wordpress\/wp-content\/uploads\/2024\/04\/IMG_0163-150x113.jpeg 150w, https:\/\/ejw-oehringen.de\/wordpress\/wp-content\/uploads\/2024\/04\/IMG_0163-1320x990.jpeg 1320w\" sizes=\"auto, (max-width: 1024px) 100vw, 1024px\" \/><\/a><\/figure>\n\n\n\n<figure class=\"wp-block-image size-large is-style-default\"><a href=\"https:\/\/ejw-oehringen.de\/wordpress\/wp-content\/uploads\/2024\/04\/IMG_0168-scaled.jpeg\"><img loading=\"lazy\" decoding=\"async\" width=\"1024\" height=\"768\" data-id=\"4133\" src=\"https:\/\/ejw-oehringen.de\/wordpress\/wp-content\/uploads\/2024\/04\/IMG_0168-1024x768.jpeg\" alt=\"\" class=\"wp-image-4133\" srcset=\"https:\/\/ejw-oehringen.de\/wordpress\/wp-content\/uploads\/2024\/04\/IMG_0168-1024x768.jpeg 1024w, https:\/\/ejw-oehringen.de\/wordpress\/wp-content\/uploads\/2024\/04\/IMG_0168-300x225.jpeg 300w, https:\/\/ejw-oehringen.de\/wordpress\/wp-content\/uploads\/2024\/04\/IMG_0168-768x576.jpeg 768w, https:\/\/ejw-oehringen.de\/wordpress\/wp-content\/uploads\/2024\/04\/IMG_0168-1536x1152.jpeg 1536w, https:\/\/ejw-oehringen.de\/wordpress\/wp-content\/uploads\/2024\/04\/IMG_0168-2048x1536.jpeg 2048w, https:\/\/ejw-oehringen.de\/wordpress\/wp-content\/uploads\/2024\/04\/IMG_0168-200x150.jpeg 200w, https:\/\/ejw-oehringen.de\/wordpress\/wp-content\/uploads\/2024\/04\/IMG_0168-150x113.jpeg 150w, https:\/\/ejw-oehringen.de\/wordpress\/wp-content\/uploads\/2024\/04\/IMG_0168-1320x990.jpeg 1320w\" sizes=\"auto, (max-width: 1024px) 100vw, 1024px\" \/><\/a><\/figure>\n\n\n\n<figure class=\"wp-block-image size-large is-style-default\"><a href=\"https:\/\/ejw-oehringen.de\/wordpress\/wp-content\/uploads\/2024\/04\/IMG_1474-scaled.jpeg\"><img loading=\"lazy\" decoding=\"async\" width=\"768\" height=\"1024\" data-id=\"4131\" src=\"https:\/\/ejw-oehringen.de\/wordpress\/wp-content\/uploads\/2024\/04\/IMG_1474-768x1024.jpeg\" alt=\"\" class=\"wp-image-4131\" srcset=\"https:\/\/ejw-oehringen.de\/wordpress\/wp-content\/uploads\/2024\/04\/IMG_1474-768x1024.jpeg 768w, https:\/\/ejw-oehringen.de\/wordpress\/wp-content\/uploads\/2024\/04\/IMG_1474-225x300.jpeg 225w, https:\/\/ejw-oehringen.de\/wordpress\/wp-content\/uploads\/2024\/04\/IMG_1474-1152x1536.jpeg 1152w, https:\/\/ejw-oehringen.de\/wordpress\/wp-content\/uploads\/2024\/04\/IMG_1474-1536x2048.jpeg 1536w, https:\/\/ejw-oehringen.de\/wordpress\/wp-content\/uploads\/2024\/04\/IMG_1474-113x150.jpeg 113w, https:\/\/ejw-oehringen.de\/wordpress\/wp-content\/uploads\/2024\/04\/IMG_1474-1320x1760.jpeg 1320w, https:\/\/ejw-oehringen.de\/wordpress\/wp-content\/uploads\/2024\/04\/IMG_1474-scaled.jpeg 1920w\" sizes=\"auto, (max-width: 768px) 100vw, 768px\" \/><\/a><\/figure>\n\n\n\n<figure class=\"wp-block-image size-large is-style-default\"><a href=\"https:\/\/ejw-oehringen.de\/wordpress\/wp-content\/uploads\/2024\/04\/IMG_1518-scaled.jpeg\"><img loading=\"lazy\" decoding=\"async\" width=\"1024\" height=\"768\" data-id=\"4129\" src=\"https:\/\/ejw-oehringen.de\/wordpress\/wp-content\/uploads\/2024\/04\/IMG_1518-1024x768.jpeg\" alt=\"\" class=\"wp-image-4129\" srcset=\"https:\/\/ejw-oehringen.de\/wordpress\/wp-content\/uploads\/2024\/04\/IMG_1518-1024x768.jpeg 1024w, https:\/\/ejw-oehringen.de\/wordpress\/wp-content\/uploads\/2024\/04\/IMG_1518-300x225.jpeg 300w, https:\/\/ejw-oehringen.de\/wordpress\/wp-content\/uploads\/2024\/04\/IMG_1518-768x576.jpeg 768w, https:\/\/ejw-oehringen.de\/wordpress\/wp-content\/uploads\/2024\/04\/IMG_1518-1536x1152.jpeg 1536w, https:\/\/ejw-oehringen.de\/wordpress\/wp-content\/uploads\/2024\/04\/IMG_1518-2048x1536.jpeg 2048w, https:\/\/ejw-oehringen.de\/wordpress\/wp-content\/uploads\/2024\/04\/IMG_1518-200x150.jpeg 200w, https:\/\/ejw-oehringen.de\/wordpress\/wp-content\/uploads\/2024\/04\/IMG_1518-150x113.jpeg 150w, https:\/\/ejw-oehringen.de\/wordpress\/wp-content\/uploads\/2024\/04\/IMG_1518-1320x990.jpeg 1320w\" sizes=\"auto, (max-width: 1024px) 100vw, 1024px\" \/><\/a><\/figure>\n\n\n\n<figure class=\"wp-block-image size-large is-style-default\"><a href=\"https:\/\/ejw-oehringen.de\/wordpress\/wp-content\/uploads\/2024\/04\/IMG_1573-scaled.jpeg\"><img loading=\"lazy\" decoding=\"async\" width=\"768\" height=\"1024\" data-id=\"4130\" src=\"https:\/\/ejw-oehringen.de\/wordpress\/wp-content\/uploads\/2024\/04\/IMG_1573-768x1024.jpeg\" alt=\"\" class=\"wp-image-4130\" srcset=\"https:\/\/ejw-oehringen.de\/wordpress\/wp-content\/uploads\/2024\/04\/IMG_1573-768x1024.jpeg 768w, https:\/\/ejw-oehringen.de\/wordpress\/wp-content\/uploads\/2024\/04\/IMG_1573-225x300.jpeg 225w, https:\/\/ejw-oehringen.de\/wordpress\/wp-content\/uploads\/2024\/04\/IMG_1573-1152x1536.jpeg 1152w, https:\/\/ejw-oehringen.de\/wordpress\/wp-content\/uploads\/2024\/04\/IMG_1573-1536x2048.jpeg 1536w, https:\/\/ejw-oehringen.de\/wordpress\/wp-content\/uploads\/2024\/04\/IMG_1573-113x150.jpeg 113w, https:\/\/ejw-oehringen.de\/wordpress\/wp-content\/uploads\/2024\/04\/IMG_1573-1320x1760.jpeg 1320w, https:\/\/ejw-oehringen.de\/wordpress\/wp-content\/uploads\/2024\/04\/IMG_1573-scaled.jpeg 1920w\" sizes=\"auto, (max-width: 768px) 100vw, 768px\" \/><\/a><\/figure>\n<\/figure>\n\n\n\n<hr class=\"wp-block-separator has-alpha-channel-opacity\"\/>\n\n\n\n<figure class=\"wp-block-image size-large is-style-default\"><a href=\"https:\/\/ejw-oehringen.de\/wordpress\/wp-content\/uploads\/2024\/03\/Ausschreibung-Einsteigerkurs-2024.png\"><img loading=\"lazy\" decoding=\"async\" width=\"677\" height=\"1024\" src=\"https:\/\/ejw-oehringen.de\/wordpress\/wp-content\/uploads\/2024\/03\/Ausschreibung-Einsteigerkurs-2024-677x1024.png\" alt=\"\" class=\"wp-image-4030\" srcset=\"https:\/\/ejw-oehringen.de\/wordpress\/wp-content\/uploads\/2024\/03\/Ausschreibung-Einsteigerkurs-2024-677x1024.png 677w, https:\/\/ejw-oehringen.de\/wordpress\/wp-content\/uploads\/2024\/03\/Ausschreibung-Einsteigerkurs-2024-198x300.png 198w, https:\/\/ejw-oehringen.de\/wordpress\/wp-content\/uploads\/2024\/03\/Ausschreibung-Einsteigerkurs-2024-768x1161.png 768w, https:\/\/ejw-oehringen.de\/wordpress\/wp-content\/uploads\/2024\/03\/Ausschreibung-Einsteigerkurs-2024-1016x1536.png 1016w, https:\/\/ejw-oehringen.de\/wordpress\/wp-content\/uploads\/2024\/03\/Ausschreibung-Einsteigerkurs-2024-1354x2048.png 1354w, https:\/\/ejw-oehringen.de\/wordpress\/wp-content\/uploads\/2024\/03\/Ausschreibung-Einsteigerkurs-2024-99x150.png 99w, https:\/\/ejw-oehringen.de\/wordpress\/wp-content\/uploads\/2024\/03\/Ausschreibung-Einsteigerkurs-2024-1320x1996.png 1320w\" sizes=\"auto, (max-width: 677px) 100vw, 677px\" \/><\/a><\/figure>\n\n\n\n<hr class=\"wp-block-separator has-alpha-channel-opacity\"\/>\n\n\n\n<figure class=\"wp-block-image size-large is-style-default\"><a href=\"https:\/\/ejw-oehringen.de\/wordpress\/wp-content\/uploads\/2024\/03\/Schulung_Praevention_2024-1-scaled.jpg\"><img loading=\"lazy\" decoding=\"async\" width=\"1024\" height=\"719\" src=\"https:\/\/ejw-oehringen.de\/wordpress\/wp-content\/uploads\/2024\/03\/Schulung_Praevention_2024-1-1024x719.jpg\" alt=\"\" class=\"wp-image-4033\" srcset=\"https:\/\/ejw-oehringen.de\/wordpress\/wp-content\/uploads\/2024\/03\/Schulung_Praevention_2024-1-1024x719.jpg 1024w, https:\/\/ejw-oehringen.de\/wordpress\/wp-content\/uploads\/2024\/03\/Schulung_Praevention_2024-1-300x211.jpg 300w, https:\/\/ejw-oehringen.de\/wordpress\/wp-content\/uploads\/2024\/03\/Schulung_Praevention_2024-1-768x539.jpg 768w, https:\/\/ejw-oehringen.de\/wordpress\/wp-content\/uploads\/2024\/03\/Schulung_Praevention_2024-1-1536x1078.jpg 1536w, https:\/\/ejw-oehringen.de\/wordpress\/wp-content\/uploads\/2024\/03\/Schulung_Praevention_2024-1-2048x1437.jpg 2048w, https:\/\/ejw-oehringen.de\/wordpress\/wp-content\/uploads\/2024\/03\/Schulung_Praevention_2024-1-214x150.jpg 214w, https:\/\/ejw-oehringen.de\/wordpress\/wp-content\/uploads\/2024\/03\/Schulung_Praevention_2024-1-150x105.jpg 150w, https:\/\/ejw-oehringen.de\/wordpress\/wp-content\/uploads\/2024\/03\/Schulung_Praevention_2024-1-1320x926.jpg 1320w\" sizes=\"auto, (max-width: 1024px) 100vw, 1024px\" \/><\/a><\/figure>\n\n\n\n<figure class=\"wp-block-image size-large is-style-default\"><a href=\"https:\/\/ejw-oehringen.de\/wordpress\/wp-content\/uploads\/2024\/03\/Schulung_Praevention_2024-2-scaled.jpg\"><img loading=\"lazy\" decoding=\"async\" width=\"1024\" height=\"724\" src=\"https:\/\/ejw-oehringen.de\/wordpress\/wp-content\/uploads\/2024\/03\/Schulung_Praevention_2024-2-1024x724.jpg\" alt=\"\" class=\"wp-image-4034\" srcset=\"https:\/\/ejw-oehringen.de\/wordpress\/wp-content\/uploads\/2024\/03\/Schulung_Praevention_2024-2-1024x724.jpg 1024w, https:\/\/ejw-oehringen.de\/wordpress\/wp-content\/uploads\/2024\/03\/Schulung_Praevention_2024-2-300x212.jpg 300w, https:\/\/ejw-oehringen.de\/wordpress\/wp-content\/uploads\/2024\/03\/Schulung_Praevention_2024-2-768x543.jpg 768w, https:\/\/ejw-oehringen.de\/wordpress\/wp-content\/uploads\/2024\/03\/Schulung_Praevention_2024-2-1536x1086.jpg 1536w, https:\/\/ejw-oehringen.de\/wordpress\/wp-content\/uploads\/2024\/03\/Schulung_Praevention_2024-2-2048x1448.jpg 2048w, https:\/\/ejw-oehringen.de\/wordpress\/wp-content\/uploads\/2024\/03\/Schulung_Praevention_2024-2-212x150.jpg 212w, https:\/\/ejw-oehringen.de\/wordpress\/wp-content\/uploads\/2024\/03\/Schulung_Praevention_2024-2-150x106.jpg 150w, https:\/\/ejw-oehringen.de\/wordpress\/wp-content\/uploads\/2024\/03\/Schulung_Praevention_2024-2-1320x933.jpg 1320w\" sizes=\"auto, (max-width: 1024px) 100vw, 1024px\" \/><\/a><\/figure>\n\n\n\n<h2 class=\"wp-block-heading\"><strong>Pr\u00e4ventionsschulung im Kirchenbezirk \u00d6hringen im November 2023<\/strong><\/h2>\n\n\n\n<p>An zwei Abenden bzw. einem Samstag konnten ehrenamtlich Mitarbeitende des Ev. Kirchenbezirks und des Ev. Jugendwerkes \u00d6hringen eine Pr\u00e4ventionsschulung zum Thema Kinderschutz besuchen. 47 Teilnehmende besch\u00e4ftigten sich mit Themen wie N\u00e4he und Distanz, Begrifflichkeiten wie Grenz\u00fcberschreitung, \u00dcbergriff und Missbrauch, T\u00e4terstrategien und Vorgehensweisen im Verdachtsfall.<\/p>\n\n\n\n<p>F\u00fcr die Teilnehmenden kein einfaches Thema. Aber ein wichtiges, wie die Referenten Pfarrer David Mayer aus Pfedelbach und Jugendreferentin Lena Bertsch w\u00e4hrend der Schulung immer wieder betonen. Vielen ist das Thema zumindest aus den Medien bekannt. Immer wieder ersch\u00fcttern Skandale besonders auch im kirchlichen Bereich die Gesellschaft. Missbrauch Schutzbefohlener egal in welcher Form darf kein Tabuthema sein und bleiben. Dem Ev. Kirchenbezirk \u00d6hringen ist es ein Anliegen, seine Mitarbeitenden zu sensibilisieren und pr\u00e4ventiv zu Arbeiten. Angebote der Kinder- und Jugendarbeit sollen R\u00e4ume bieten, in denen Teilnehmende einen gesch\u00fctzten Rahmen erfahren. Grenzverletzendes und \u00fcbergriffiges Verhalten wird nicht geduldet.<\/p>\n\n\n\n<p>Um den Teilnehmenden erstes Wahrnehmen ihrer eigenen Grenzen zu erm\u00f6glichen, wurden verschiedene \u00dcbungen durchgef\u00fchrt. In Paaren probierten die Teilnehmenden aus, wie viel Distanz sie f\u00fcr ein gutes Gespr\u00e4ch brauchen, wann ihnen die N\u00e4he zu gro\u00df wurde, und was passiert, wenn das Gegen\u00fcber diese Grenzen bewusst missachtet. Schnell wurde klar: Grenzen sind subjektiv, d\u00fcrfen aber klar kommuniziert werden. Anhand von verschiedenen Fallbeispielen konnten die Teilnehmenden Situationen aus dem Alltag bewerten. Ist es eine Grenz\u00fcberschreitung, wenn Mitarbeitende Teilnehmende auf Freizeiten k\u00f6rperlich zum Duschen zwingen, wenn es aus hygienischer Sicht dringend n\u00f6tig ist?<\/p>\n\n\n\n<p>Theoretische Grundlagen erhielten die Teilnehmenden von Elke Hammel. Sie ist Leiterin der Infokoop im Hohenlohekreis (Fachberatung mit Schwerpunkt sexuelle Gewalt an M\u00e4dchen und Jungen und h\u00e4usliche Gewalt, von der M\u00e4dchen und Jugend betroffen sind). Ihr Vortrag machte betroffen, wenn man die Zahlen der von sexuellem Missbrauch betroffenen Kinder und Jugendlichen h\u00f6rt. Allein 48 neue F\u00e4lle pro Tag werden registriert. Neben T\u00e4terstrategien erfuhren die Teilnehmenden auch, welche Vorgehensweisen betroffene Kinder annehmen k\u00f6nnen und welche Denkmuster sie entwickeln k\u00f6nnen.<\/p>\n\n\n\n<p>Zum Abschluss der beiden Schulungen gab Pfarrer Mayer eine Einf\u00fchrung ins Kinderschutzkonzept des Kirchenbezirkes. Dieses gilt f\u00fcr den Kirchenbezirk inklusive Jugendwerk und Kirchengemeinden. In ihm sind die Ansprechpartner und Ansprechpartnerinnen im Kirchenbezirk, aber auch beim Oberkirchenrat und dem Landkreis vermerkt.<\/p>\n\n\n\n<p>Die R\u00fcckmeldung zu diesen Schulungen war durchaus positiv, auch wenn das bei diesem schweren Thema eine spannende Formulierung ist. Aber gerade deshalb sind sie notwendig, um Kinder und Jugendliche zu sch\u00fctzen und konsequent handeln zu k\u00f6nnen, wenn sich Verdachtsmomente erh\u00e4rten.<\/p>\n\n\n\n<hr class=\"wp-block-separator has-alpha-channel-opacity\"\/>\n\n\n\n<h2 class=\"wp-block-heading\">Forum Jugend &#8211; Ausbildung zum Jugendleiter<\/h2>\n\n\n\n<p>Forum Jugend, Fortbildungen und Schulungen f\u00fcr Mitarbeiter finden mittlerweile als &#8222;to go&#8220; Veranstaltung statt. Das hei\u00dft ihr meldet euch im Jugendwerk wenn ihr Bedarf und Interesse habt und wir kommen dann zu euch vor Ort, bringen alles mit und besprechen mit euch was ihr auf dem Herzen habt.<\/p>\n\n\n\n<h2 class=\"wp-block-heading\"><a href=\"https:\/\/ejw-oehringen.de\/wordpress\/wp-content\/uploads\/2019\/05\/Forum-Jugend_ToGo_Flyer_NEU-1.jpg\"><img loading=\"lazy\" decoding=\"async\" class=\"alignnone wp-image-1830 size-large\" src=\"https:\/\/ejw-oehringen.de\/wordpress\/wp-content\/uploads\/2019\/05\/Forum-Jugend_ToGo_Flyer_NEU-1-1024x1024.jpg\" alt=\"\" width=\"800\" height=\"800\" srcset=\"https:\/\/ejw-oehringen.de\/wordpress\/wp-content\/uploads\/2019\/05\/Forum-Jugend_ToGo_Flyer_NEU-1-1024x1024.jpg 1024w, https:\/\/ejw-oehringen.de\/wordpress\/wp-content\/uploads\/2019\/05\/Forum-Jugend_ToGo_Flyer_NEU-1-150x150.jpg 150w, https:\/\/ejw-oehringen.de\/wordpress\/wp-content\/uploads\/2019\/05\/Forum-Jugend_ToGo_Flyer_NEU-1-300x300.jpg 300w, https:\/\/ejw-oehringen.de\/wordpress\/wp-content\/uploads\/2019\/05\/Forum-Jugend_ToGo_Flyer_NEU-1-768x768.jpg 768w, https:\/\/ejw-oehringen.de\/wordpress\/wp-content\/uploads\/2019\/05\/Forum-Jugend_ToGo_Flyer_NEU-1-1320x1320.jpg 1320w\" sizes=\"auto, (max-width: 800px) 100vw, 800px\" \/><\/a> <a href=\"https:\/\/ejw-oehringen.de\/wordpress\/wp-content\/uploads\/2019\/05\/Forum-Jugend_ToGo_Flyer_NEU-2.jpg\"><img loading=\"lazy\" decoding=\"async\" class=\"alignnone wp-image-1831 size-large\" src=\"https:\/\/ejw-oehringen.de\/wordpress\/wp-content\/uploads\/2019\/05\/Forum-Jugend_ToGo_Flyer_NEU-2-1024x1024.jpg\" alt=\"\" width=\"800\" height=\"800\" srcset=\"https:\/\/ejw-oehringen.de\/wordpress\/wp-content\/uploads\/2019\/05\/Forum-Jugend_ToGo_Flyer_NEU-2-1024x1024.jpg 1024w, https:\/\/ejw-oehringen.de\/wordpress\/wp-content\/uploads\/2019\/05\/Forum-Jugend_ToGo_Flyer_NEU-2-150x150.jpg 150w, https:\/\/ejw-oehringen.de\/wordpress\/wp-content\/uploads\/2019\/05\/Forum-Jugend_ToGo_Flyer_NEU-2-300x300.jpg 300w, https:\/\/ejw-oehringen.de\/wordpress\/wp-content\/uploads\/2019\/05\/Forum-Jugend_ToGo_Flyer_NEU-2-768x768.jpg 768w, https:\/\/ejw-oehringen.de\/wordpress\/wp-content\/uploads\/2019\/05\/Forum-Jugend_ToGo_Flyer_NEU-2-1320x1320.jpg 1320w\" sizes=\"auto, (max-width: 800px) 100vw, 800px\" \/><\/a> <a href=\"https:\/\/ejw-oehringen.de\/wordpress\/wp-content\/uploads\/2019\/05\/20190331_210104.jpg\"><img loading=\"lazy\" decoding=\"async\" class=\"alignnone wp-image-1832 size-large\" src=\"https:\/\/ejw-oehringen.de\/wordpress\/wp-content\/uploads\/2019\/05\/20190331_210104-916x1024.jpg\" alt=\"\" width=\"800\" height=\"894\" srcset=\"https:\/\/ejw-oehringen.de\/wordpress\/wp-content\/uploads\/2019\/05\/20190331_210104-916x1024.jpg 916w, https:\/\/ejw-oehringen.de\/wordpress\/wp-content\/uploads\/2019\/05\/20190331_210104-268x300.jpg 268w, https:\/\/ejw-oehringen.de\/wordpress\/wp-content\/uploads\/2019\/05\/20190331_210104-768x859.jpg 768w, https:\/\/ejw-oehringen.de\/wordpress\/wp-content\/uploads\/2019\/05\/20190331_210104-134x150.jpg 134w, https:\/\/ejw-oehringen.de\/wordpress\/wp-content\/uploads\/2019\/05\/20190331_210104-1320x1476.jpg 1320w\" sizes=\"auto, (max-width: 800px) 100vw, 800px\" \/><\/a><\/h2>\n","protected":false},"excerpt":{"rendered":"<p>https:\/\/ejoe-ejkuen.amosweb.de\/reg\/veranstaltung\/344339 Ein Angebote des Landesjugendwerk f\u00fcr Ehrenamtliche in der Kinder- und Jugendarbeithttps:\/\/www.ejwue.de\/ejw_angebot\/leitungsakademie Im Studienzentrum Josefstal gibt es jede Menge interessante Schulungsangebote, in Pr\u00e4senz oder Online.Zum Beispiel Module zur Juleica, Kochen f\u00fcr Gruppen, Digitalisierung oder Theologie, schaut einfach mal rein.https:\/\/jugendarbeit.de\/ https:\/\/www.ejw-erleben.de\/veranstaltung\/338645-freizeitkuchen-gekonnt-leitenTermin: 24.04.2026 &#8211; 25.04.2026Ort: Tagungszentrum Bernh\u00e4user Forst https:\/\/www.ejwue.de\/ejw_angebot\/follow-up Einsteigerkurs 2024 Am\u2026 <a class=\"continue-reading-link\" href=\"https:\/\/ejw-oehringen.de\/wordpress\/arbeitsbereiche\/mitarbeiterbildung\/\">Continue reading<\/a><\/p>\n","protected":false},"author":1,"featured_media":0,"parent":24,"menu_order":1,"comment_status":"closed","ping_status":"closed","template":"","meta":{"ngg_post_thumbnail":0,"footnotes":""},"class_list":["post-26","page","type-page","status-publish","hentry"],"_links":{"self":[{"href":"https:\/\/ejw-oehringen.de\/wordpress\/wp-json\/wp\/v2\/pages\/26","targetHints":{"allow":["GET"]}}],"collection":[{"href":"https:\/\/ejw-oehringen.de\/wordpress\/wp-json\/wp\/v2\/pages"}],"about":[{"href":"https:\/\/ejw-oehringen.de\/wordpress\/wp-json\/wp\/v2\/types\/page"}],"author":[{"embeddable":true,"href":"https:\/\/ejw-oehringen.de\/wordpress\/wp-json\/wp\/v2\/users\/1"}],"replies":[{"embeddable":true,"href":"https:\/\/ejw-oehringen.de\/wordpress\/wp-json\/wp\/v2\/comments?post=26"}],"version-history":[{"count":40,"href":"https:\/\/ejw-oehringen.de\/wordpress\/wp-json\/wp\/v2\/pages\/26\/revisions"}],"predecessor-version":[{"id":4724,"href":"https:\/\/ejw-oehringen.de\/wordpress\/wp-json\/wp\/v2\/pages\/26\/revisions\/4724"}],"up":[{"embeddable":true,"href":"https:\/\/ejw-oehringen.de\/wordpress\/wp-json\/wp\/v2\/pages\/24"}],"wp:attachment":[{"href":"https:\/\/ejw-oehringen.de\/wordpress\/wp-json\/wp\/v2\/media?parent=26"}],"curies":[{"name":"wp","href":"https:\/\/api.w.org\/{rel}","templated":true}]}}