{"id":1925,"date":"2019-06-02T10:48:27","date_gmt":"2019-06-02T08:48:27","guid":{"rendered":"https:\/\/ejw-oehringen.de\/wordpress\/?page_id=1925"},"modified":"2026-01-24T17:07:22","modified_gmt":"2026-01-24T16:07:22","slug":"nagelkreuzgemeinschaft","status":"publish","type":"page","link":"https:\/\/ejw-oehringen.de\/wordpress\/nagelkreuzgemeinschaft\/","title":{"rendered":"Nagelkreuzgemeinschaft"},"content":{"rendered":"\n<hr class=\"wp-block-separator has-css-opacity\"\/>\n\n\n<div class=\"wp-block-image\">\n<figure class=\"aligncenter size-large\"><a href=\"https:\/\/ejw-oehringen.de\/wordpress\/wp-content\/uploads\/2026\/01\/PeaceNight_FlyerOnline_A6-1.jpg\"><img loading=\"lazy\" decoding=\"async\" width=\"727\" height=\"1024\" src=\"https:\/\/ejw-oehringen.de\/wordpress\/wp-content\/uploads\/2026\/01\/PeaceNight_FlyerOnline_A6-1-727x1024.jpg\" alt=\"\" class=\"wp-image-4707\" srcset=\"https:\/\/ejw-oehringen.de\/wordpress\/wp-content\/uploads\/2026\/01\/PeaceNight_FlyerOnline_A6-1-727x1024.jpg 727w, https:\/\/ejw-oehringen.de\/wordpress\/wp-content\/uploads\/2026\/01\/PeaceNight_FlyerOnline_A6-1-213x300.jpg 213w, https:\/\/ejw-oehringen.de\/wordpress\/wp-content\/uploads\/2026\/01\/PeaceNight_FlyerOnline_A6-1-768x1082.jpg 768w, https:\/\/ejw-oehringen.de\/wordpress\/wp-content\/uploads\/2026\/01\/PeaceNight_FlyerOnline_A6-1-1090x1536.jpg 1090w, https:\/\/ejw-oehringen.de\/wordpress\/wp-content\/uploads\/2026\/01\/PeaceNight_FlyerOnline_A6-1-106x150.jpg 106w, https:\/\/ejw-oehringen.de\/wordpress\/wp-content\/uploads\/2026\/01\/PeaceNight_FlyerOnline_A6-1.jpg 1241w\" sizes=\"auto, (max-width: 727px) 100vw, 727px\" \/><\/a><\/figure>\n<\/div>\n\n\n<hr class=\"wp-block-separator has-alpha-channel-opacity\"\/>\n\n\n\n<figure class=\"wp-block-gallery has-nested-images columns-default is-cropped wp-block-gallery-1 is-layout-flex wp-block-gallery-is-layout-flex\">\n<figure class=\"wp-block-image size-large\"><a href=\"https:\/\/ejw-oehringen.de\/wordpress\/wp-content\/uploads\/2025\/05\/20250215_172404-scaled.jpg\"><img loading=\"lazy\" decoding=\"async\" width=\"1024\" height=\"768\" data-id=\"4456\" src=\"https:\/\/ejw-oehringen.de\/wordpress\/wp-content\/uploads\/2025\/05\/20250215_172404-1024x768.jpg\" alt=\"\" class=\"wp-image-4456\" srcset=\"https:\/\/ejw-oehringen.de\/wordpress\/wp-content\/uploads\/2025\/05\/20250215_172404-1024x768.jpg 1024w, https:\/\/ejw-oehringen.de\/wordpress\/wp-content\/uploads\/2025\/05\/20250215_172404-300x225.jpg 300w, https:\/\/ejw-oehringen.de\/wordpress\/wp-content\/uploads\/2025\/05\/20250215_172404-768x576.jpg 768w, https:\/\/ejw-oehringen.de\/wordpress\/wp-content\/uploads\/2025\/05\/20250215_172404-1536x1152.jpg 1536w, https:\/\/ejw-oehringen.de\/wordpress\/wp-content\/uploads\/2025\/05\/20250215_172404-2048x1536.jpg 2048w, https:\/\/ejw-oehringen.de\/wordpress\/wp-content\/uploads\/2025\/05\/20250215_172404-200x150.jpg 200w, https:\/\/ejw-oehringen.de\/wordpress\/wp-content\/uploads\/2025\/05\/20250215_172404-150x113.jpg 150w, https:\/\/ejw-oehringen.de\/wordpress\/wp-content\/uploads\/2025\/05\/20250215_172404-1320x990.jpg 1320w\" sizes=\"auto, (max-width: 1024px) 100vw, 1024px\" \/><\/a><\/figure>\n\n\n\n<figure class=\"wp-block-image size-large\"><a href=\"https:\/\/ejw-oehringen.de\/wordpress\/wp-content\/uploads\/2025\/05\/20250215_180851-scaled.jpg\"><img loading=\"lazy\" decoding=\"async\" width=\"1024\" height=\"768\" data-id=\"4457\" src=\"https:\/\/ejw-oehringen.de\/wordpress\/wp-content\/uploads\/2025\/05\/20250215_180851-1024x768.jpg\" alt=\"\" class=\"wp-image-4457\" srcset=\"https:\/\/ejw-oehringen.de\/wordpress\/wp-content\/uploads\/2025\/05\/20250215_180851-1024x768.jpg 1024w, https:\/\/ejw-oehringen.de\/wordpress\/wp-content\/uploads\/2025\/05\/20250215_180851-300x225.jpg 300w, https:\/\/ejw-oehringen.de\/wordpress\/wp-content\/uploads\/2025\/05\/20250215_180851-768x576.jpg 768w, https:\/\/ejw-oehringen.de\/wordpress\/wp-content\/uploads\/2025\/05\/20250215_180851-1536x1152.jpg 1536w, https:\/\/ejw-oehringen.de\/wordpress\/wp-content\/uploads\/2025\/05\/20250215_180851-2048x1536.jpg 2048w, https:\/\/ejw-oehringen.de\/wordpress\/wp-content\/uploads\/2025\/05\/20250215_180851-200x150.jpg 200w, https:\/\/ejw-oehringen.de\/wordpress\/wp-content\/uploads\/2025\/05\/20250215_180851-150x113.jpg 150w, https:\/\/ejw-oehringen.de\/wordpress\/wp-content\/uploads\/2025\/05\/20250215_180851-1320x990.jpg 1320w\" sizes=\"auto, (max-width: 1024px) 100vw, 1024px\" \/><\/a><\/figure>\n\n\n\n<figure class=\"wp-block-image size-large\"><a href=\"https:\/\/ejw-oehringen.de\/wordpress\/wp-content\/uploads\/2025\/05\/20250215_181746-scaled.jpg\"><img loading=\"lazy\" decoding=\"async\" width=\"1024\" height=\"768\" data-id=\"4458\" src=\"https:\/\/ejw-oehringen.de\/wordpress\/wp-content\/uploads\/2025\/05\/20250215_181746-1024x768.jpg\" alt=\"\" class=\"wp-image-4458\" srcset=\"https:\/\/ejw-oehringen.de\/wordpress\/wp-content\/uploads\/2025\/05\/20250215_181746-1024x768.jpg 1024w, https:\/\/ejw-oehringen.de\/wordpress\/wp-content\/uploads\/2025\/05\/20250215_181746-300x225.jpg 300w, https:\/\/ejw-oehringen.de\/wordpress\/wp-content\/uploads\/2025\/05\/20250215_181746-768x576.jpg 768w, https:\/\/ejw-oehringen.de\/wordpress\/wp-content\/uploads\/2025\/05\/20250215_181746-1536x1152.jpg 1536w, https:\/\/ejw-oehringen.de\/wordpress\/wp-content\/uploads\/2025\/05\/20250215_181746-2048x1536.jpg 2048w, https:\/\/ejw-oehringen.de\/wordpress\/wp-content\/uploads\/2025\/05\/20250215_181746-200x150.jpg 200w, https:\/\/ejw-oehringen.de\/wordpress\/wp-content\/uploads\/2025\/05\/20250215_181746-150x113.jpg 150w, https:\/\/ejw-oehringen.de\/wordpress\/wp-content\/uploads\/2025\/05\/20250215_181746-1320x990.jpg 1320w\" sizes=\"auto, (max-width: 1024px) 100vw, 1024px\" \/><\/a><\/figure>\n\n\n\n<figure class=\"wp-block-image size-large\"><a href=\"https:\/\/ejw-oehringen.de\/wordpress\/wp-content\/uploads\/2025\/05\/20250215_194513-scaled.jpg\"><img loading=\"lazy\" decoding=\"async\" width=\"1024\" height=\"768\" data-id=\"4461\" src=\"https:\/\/ejw-oehringen.de\/wordpress\/wp-content\/uploads\/2025\/05\/20250215_194513-1024x768.jpg\" alt=\"\" class=\"wp-image-4461\" srcset=\"https:\/\/ejw-oehringen.de\/wordpress\/wp-content\/uploads\/2025\/05\/20250215_194513-1024x768.jpg 1024w, https:\/\/ejw-oehringen.de\/wordpress\/wp-content\/uploads\/2025\/05\/20250215_194513-300x225.jpg 300w, https:\/\/ejw-oehringen.de\/wordpress\/wp-content\/uploads\/2025\/05\/20250215_194513-768x576.jpg 768w, https:\/\/ejw-oehringen.de\/wordpress\/wp-content\/uploads\/2025\/05\/20250215_194513-1536x1152.jpg 1536w, https:\/\/ejw-oehringen.de\/wordpress\/wp-content\/uploads\/2025\/05\/20250215_194513-2048x1536.jpg 2048w, https:\/\/ejw-oehringen.de\/wordpress\/wp-content\/uploads\/2025\/05\/20250215_194513-200x150.jpg 200w, https:\/\/ejw-oehringen.de\/wordpress\/wp-content\/uploads\/2025\/05\/20250215_194513-150x113.jpg 150w, https:\/\/ejw-oehringen.de\/wordpress\/wp-content\/uploads\/2025\/05\/20250215_194513-1320x990.jpg 1320w\" sizes=\"auto, (max-width: 1024px) 100vw, 1024px\" \/><\/a><\/figure>\n\n\n\n<figure class=\"wp-block-image size-large\"><a href=\"https:\/\/ejw-oehringen.de\/wordpress\/wp-content\/uploads\/2025\/05\/20250215_194541-scaled.jpg\"><img loading=\"lazy\" decoding=\"async\" width=\"1024\" height=\"768\" data-id=\"4460\" src=\"https:\/\/ejw-oehringen.de\/wordpress\/wp-content\/uploads\/2025\/05\/20250215_194541-1024x768.jpg\" alt=\"\" class=\"wp-image-4460\" srcset=\"https:\/\/ejw-oehringen.de\/wordpress\/wp-content\/uploads\/2025\/05\/20250215_194541-1024x768.jpg 1024w, https:\/\/ejw-oehringen.de\/wordpress\/wp-content\/uploads\/2025\/05\/20250215_194541-300x225.jpg 300w, https:\/\/ejw-oehringen.de\/wordpress\/wp-content\/uploads\/2025\/05\/20250215_194541-768x576.jpg 768w, https:\/\/ejw-oehringen.de\/wordpress\/wp-content\/uploads\/2025\/05\/20250215_194541-1536x1152.jpg 1536w, https:\/\/ejw-oehringen.de\/wordpress\/wp-content\/uploads\/2025\/05\/20250215_194541-2048x1536.jpg 2048w, https:\/\/ejw-oehringen.de\/wordpress\/wp-content\/uploads\/2025\/05\/20250215_194541-200x150.jpg 200w, https:\/\/ejw-oehringen.de\/wordpress\/wp-content\/uploads\/2025\/05\/20250215_194541-150x113.jpg 150w, https:\/\/ejw-oehringen.de\/wordpress\/wp-content\/uploads\/2025\/05\/20250215_194541-1320x990.jpg 1320w\" sizes=\"auto, (max-width: 1024px) 100vw, 1024px\" \/><\/a><\/figure>\n\n\n\n<figure class=\"wp-block-image size-large\"><a href=\"https:\/\/ejw-oehringen.de\/wordpress\/wp-content\/uploads\/2025\/05\/IMG_4915-scaled.jpg\"><img loading=\"lazy\" decoding=\"async\" width=\"1024\" height=\"683\" data-id=\"4459\" src=\"https:\/\/ejw-oehringen.de\/wordpress\/wp-content\/uploads\/2025\/05\/IMG_4915-1024x683.jpg\" alt=\"\" class=\"wp-image-4459\" srcset=\"https:\/\/ejw-oehringen.de\/wordpress\/wp-content\/uploads\/2025\/05\/IMG_4915-1024x683.jpg 1024w, https:\/\/ejw-oehringen.de\/wordpress\/wp-content\/uploads\/2025\/05\/IMG_4915-300x200.jpg 300w, https:\/\/ejw-oehringen.de\/wordpress\/wp-content\/uploads\/2025\/05\/IMG_4915-768x512.jpg 768w, https:\/\/ejw-oehringen.de\/wordpress\/wp-content\/uploads\/2025\/05\/IMG_4915-1536x1024.jpg 1536w, https:\/\/ejw-oehringen.de\/wordpress\/wp-content\/uploads\/2025\/05\/IMG_4915-2048x1365.jpg 2048w, https:\/\/ejw-oehringen.de\/wordpress\/wp-content\/uploads\/2025\/05\/IMG_4915-225x150.jpg 225w, https:\/\/ejw-oehringen.de\/wordpress\/wp-content\/uploads\/2025\/05\/IMG_4915-150x100.jpg 150w, https:\/\/ejw-oehringen.de\/wordpress\/wp-content\/uploads\/2025\/05\/IMG_4915-1320x880.jpg 1320w\" sizes=\"auto, (max-width: 1024px) 100vw, 1024px\" \/><\/a><\/figure>\n\n\n\n<figure class=\"wp-block-image size-large\"><a href=\"https:\/\/ejw-oehringen.de\/wordpress\/wp-content\/uploads\/2025\/05\/IMG_4999-scaled.jpg\"><img loading=\"lazy\" decoding=\"async\" width=\"1024\" height=\"683\" data-id=\"4462\" src=\"https:\/\/ejw-oehringen.de\/wordpress\/wp-content\/uploads\/2025\/05\/IMG_4999-1024x683.jpg\" alt=\"\" class=\"wp-image-4462\" srcset=\"https:\/\/ejw-oehringen.de\/wordpress\/wp-content\/uploads\/2025\/05\/IMG_4999-1024x683.jpg 1024w, https:\/\/ejw-oehringen.de\/wordpress\/wp-content\/uploads\/2025\/05\/IMG_4999-300x200.jpg 300w, https:\/\/ejw-oehringen.de\/wordpress\/wp-content\/uploads\/2025\/05\/IMG_4999-768x512.jpg 768w, https:\/\/ejw-oehringen.de\/wordpress\/wp-content\/uploads\/2025\/05\/IMG_4999-1536x1024.jpg 1536w, https:\/\/ejw-oehringen.de\/wordpress\/wp-content\/uploads\/2025\/05\/IMG_4999-2048x1365.jpg 2048w, https:\/\/ejw-oehringen.de\/wordpress\/wp-content\/uploads\/2025\/05\/IMG_4999-225x150.jpg 225w, https:\/\/ejw-oehringen.de\/wordpress\/wp-content\/uploads\/2025\/05\/IMG_4999-150x100.jpg 150w, https:\/\/ejw-oehringen.de\/wordpress\/wp-content\/uploads\/2025\/05\/IMG_4999-1320x880.jpg 1320w\" sizes=\"auto, (max-width: 1024px) 100vw, 1024px\" \/><\/a><\/figure>\n\n\n\n<figure class=\"wp-block-image size-large\"><a href=\"https:\/\/ejw-oehringen.de\/wordpress\/wp-content\/uploads\/2025\/05\/IMG_5137-scaled.jpg\"><img loading=\"lazy\" decoding=\"async\" width=\"1024\" height=\"683\" data-id=\"4463\" src=\"https:\/\/ejw-oehringen.de\/wordpress\/wp-content\/uploads\/2025\/05\/IMG_5137-1024x683.jpg\" alt=\"\" class=\"wp-image-4463\" srcset=\"https:\/\/ejw-oehringen.de\/wordpress\/wp-content\/uploads\/2025\/05\/IMG_5137-1024x683.jpg 1024w, https:\/\/ejw-oehringen.de\/wordpress\/wp-content\/uploads\/2025\/05\/IMG_5137-300x200.jpg 300w, https:\/\/ejw-oehringen.de\/wordpress\/wp-content\/uploads\/2025\/05\/IMG_5137-768x512.jpg 768w, https:\/\/ejw-oehringen.de\/wordpress\/wp-content\/uploads\/2025\/05\/IMG_5137-1536x1024.jpg 1536w, https:\/\/ejw-oehringen.de\/wordpress\/wp-content\/uploads\/2025\/05\/IMG_5137-2048x1365.jpg 2048w, https:\/\/ejw-oehringen.de\/wordpress\/wp-content\/uploads\/2025\/05\/IMG_5137-225x150.jpg 225w, https:\/\/ejw-oehringen.de\/wordpress\/wp-content\/uploads\/2025\/05\/IMG_5137-150x100.jpg 150w, https:\/\/ejw-oehringen.de\/wordpress\/wp-content\/uploads\/2025\/05\/IMG_5137-1320x880.jpg 1320w\" sizes=\"auto, (max-width: 1024px) 100vw, 1024px\" \/><\/a><\/figure>\n<\/figure>\n\n\n\n<p><strong>Peacenight \u2013 Friedensmomente in \u00d6hringen<\/strong><\/p>\n\n\n\n<p>Das Evangelische Jugendwerk \u00d6hringen hatte zur PeaceNight am 15.02.2025 ins evangelische Rosenberggemeindehaus eingeladen. Als Teil der weltweiten Nagelkreuzgemeinschaft ist es den Veranstaltern wichtig f\u00fcr Frieden und Vers\u00f6hnung in unserer Welt einzutreten und so versammelten sich zahlreiche Teilnehmer unter dem Motto \u201ePeace starts here\u201c zu einem Abend im Zeichen des Friedens.<\/p>\n\n\n\n<p>Die Pfarrerinnen und Pfarrer des Kirchenbezirks waren mit ihren KonfirmandInnen am Start und erlebten mitrei\u00dfende Songs der Band June aus Waldenburg im voll besetzten Saal.<br>Marcel Pl\u00fcckthun begr\u00fc\u00dfte die TeilnehmerInnen und stellte auch gleich eine besonderen Gast vor: Nemat berichtet aus seinem Leben und seiner Flucht aus Afghanistan. Die sehr bewegenden Worte und Schilderungen fesselten die Zuh\u00f6rer. Sein Wunsch nach Frieden und Sicherheit wurde immer wieder deutlich und gleichzeitig seine Dankbarkeit f\u00fcr alle die ihm geholfen und ihn gerettet haben.<br>Weiter ging es bei der PeaceNight mit einer Zeit der Stille an verschiedenen Gebetsstationen: zum Thema Nagelkreuzgemeinschaft, f\u00fcr Afghanistan, f\u00fcr unsere Welt und pers\u00f6nliche Gebetsanliegen.<br>Dann war wieder Zeit f\u00fcr Musik. Der Projektchor von Johanna Macchado You\/C hatte ein paar Songs einge\u00fcbt, die sie zum Besten gaben ehe es mit leckerem afghanischen Essen weiter ging.<\/p>\n\n\n\n<p>Zum Abschluss wurde es wieder musikalisch und ein gro\u00dfes Danke ging raus an alle Beteiligten, die f\u00fcr diese bewegenden Friedensmomente gesorgt haben.<\/p>\n\n\n<div class=\"wp-block-image\">\n<figure class=\"aligncenter size-large\"><a href=\"https:\/\/ejw-oehringen.de\/wordpress\/wp-content\/uploads\/2025\/05\/PeaceNight2025.jpg\"><img loading=\"lazy\" decoding=\"async\" width=\"726\" height=\"1024\" src=\"https:\/\/ejw-oehringen.de\/wordpress\/wp-content\/uploads\/2025\/05\/PeaceNight2025-726x1024.jpg\" alt=\"\" class=\"wp-image-4454\" srcset=\"https:\/\/ejw-oehringen.de\/wordpress\/wp-content\/uploads\/2025\/05\/PeaceNight2025-726x1024.jpg 726w, https:\/\/ejw-oehringen.de\/wordpress\/wp-content\/uploads\/2025\/05\/PeaceNight2025-213x300.jpg 213w, https:\/\/ejw-oehringen.de\/wordpress\/wp-content\/uploads\/2025\/05\/PeaceNight2025-768x1083.jpg 768w, https:\/\/ejw-oehringen.de\/wordpress\/wp-content\/uploads\/2025\/05\/PeaceNight2025-1090x1536.jpg 1090w, https:\/\/ejw-oehringen.de\/wordpress\/wp-content\/uploads\/2025\/05\/PeaceNight2025-106x150.jpg 106w, https:\/\/ejw-oehringen.de\/wordpress\/wp-content\/uploads\/2025\/05\/PeaceNight2025.jpg 1135w\" sizes=\"auto, (max-width: 726px) 100vw, 726px\" \/><\/a><\/figure>\n<\/div>\n\n\n<p><\/p>\n\n\n<div class=\"wp-block-image is-style-default\">\n<figure class=\"aligncenter size-large\"><a href=\"https:\/\/ejw-oehringen.de\/wordpress\/wp-content\/uploads\/2024\/02\/2024-Nagelkreuzgebet.jpg\"><img loading=\"lazy\" decoding=\"async\" width=\"727\" height=\"1024\" src=\"https:\/\/ejw-oehringen.de\/wordpress\/wp-content\/uploads\/2024\/02\/2024-Nagelkreuzgebet-727x1024.jpg\" alt=\"\" class=\"wp-image-3991\" srcset=\"https:\/\/ejw-oehringen.de\/wordpress\/wp-content\/uploads\/2024\/02\/2024-Nagelkreuzgebet-727x1024.jpg 727w, https:\/\/ejw-oehringen.de\/wordpress\/wp-content\/uploads\/2024\/02\/2024-Nagelkreuzgebet-213x300.jpg 213w, https:\/\/ejw-oehringen.de\/wordpress\/wp-content\/uploads\/2024\/02\/2024-Nagelkreuzgebet-768x1082.jpg 768w, https:\/\/ejw-oehringen.de\/wordpress\/wp-content\/uploads\/2024\/02\/2024-Nagelkreuzgebet-1090x1536.jpg 1090w, https:\/\/ejw-oehringen.de\/wordpress\/wp-content\/uploads\/2024\/02\/2024-Nagelkreuzgebet-106x150.jpg 106w, https:\/\/ejw-oehringen.de\/wordpress\/wp-content\/uploads\/2024\/02\/2024-Nagelkreuzgebet.jpg 1241w\" sizes=\"auto, (max-width: 727px) 100vw, 727px\" \/><\/a><\/figure>\n<\/div>\n\n\n<p><\/p>\n\n\n<div class=\"wp-block-image is-style-default\">\n<figure class=\"aligncenter size-large\"><a href=\"https:\/\/ejw-oehringen.de\/wordpress\/wp-content\/uploads\/2024\/02\/2024NKGebet-scaled.jpg\"><img loading=\"lazy\" decoding=\"async\" width=\"724\" height=\"1024\" src=\"https:\/\/ejw-oehringen.de\/wordpress\/wp-content\/uploads\/2024\/02\/2024NKGebet-724x1024.jpg\" alt=\"\" class=\"wp-image-3990\" srcset=\"https:\/\/ejw-oehringen.de\/wordpress\/wp-content\/uploads\/2024\/02\/2024NKGebet-724x1024.jpg 724w, https:\/\/ejw-oehringen.de\/wordpress\/wp-content\/uploads\/2024\/02\/2024NKGebet-212x300.jpg 212w, https:\/\/ejw-oehringen.de\/wordpress\/wp-content\/uploads\/2024\/02\/2024NKGebet-768x1086.jpg 768w, https:\/\/ejw-oehringen.de\/wordpress\/wp-content\/uploads\/2024\/02\/2024NKGebet-1086x1536.jpg 1086w, https:\/\/ejw-oehringen.de\/wordpress\/wp-content\/uploads\/2024\/02\/2024NKGebet-1448x2048.jpg 1448w, https:\/\/ejw-oehringen.de\/wordpress\/wp-content\/uploads\/2024\/02\/2024NKGebet-106x150.jpg 106w, https:\/\/ejw-oehringen.de\/wordpress\/wp-content\/uploads\/2024\/02\/2024NKGebet-1320x1867.jpg 1320w, https:\/\/ejw-oehringen.de\/wordpress\/wp-content\/uploads\/2024\/02\/2024NKGebet-scaled.jpg 1810w\" sizes=\"auto, (max-width: 724px) 100vw, 724px\" \/><\/a><\/figure>\n<\/div>\n\n\n<hr class=\"wp-block-separator has-alpha-channel-opacity\"\/>\n\n\n<div class=\"wp-block-image is-style-default\">\n<figure class=\"aligncenter size-large\"><a href=\"https:\/\/ejw-oehringen.de\/wordpress\/wp-content\/uploads\/2023\/01\/2023KaertchenNK-scaled.jpg\"><img loading=\"lazy\" decoding=\"async\" width=\"1024\" height=\"912\" src=\"https:\/\/ejw-oehringen.de\/wordpress\/wp-content\/uploads\/2023\/01\/2023KaertchenNK-1024x912.jpg\" alt=\"\" class=\"wp-image-3709\" srcset=\"https:\/\/ejw-oehringen.de\/wordpress\/wp-content\/uploads\/2023\/01\/2023KaertchenNK-1024x912.jpg 1024w, https:\/\/ejw-oehringen.de\/wordpress\/wp-content\/uploads\/2023\/01\/2023KaertchenNK-300x267.jpg 300w, https:\/\/ejw-oehringen.de\/wordpress\/wp-content\/uploads\/2023\/01\/2023KaertchenNK-768x684.jpg 768w, https:\/\/ejw-oehringen.de\/wordpress\/wp-content\/uploads\/2023\/01\/2023KaertchenNK-1536x1368.jpg 1536w, https:\/\/ejw-oehringen.de\/wordpress\/wp-content\/uploads\/2023\/01\/2023KaertchenNK-2048x1825.jpg 2048w, https:\/\/ejw-oehringen.de\/wordpress\/wp-content\/uploads\/2023\/01\/2023KaertchenNK-168x150.jpg 168w, https:\/\/ejw-oehringen.de\/wordpress\/wp-content\/uploads\/2023\/01\/2023KaertchenNK-150x134.jpg 150w, https:\/\/ejw-oehringen.de\/wordpress\/wp-content\/uploads\/2023\/01\/2023KaertchenNK-1320x1176.jpg 1320w\" sizes=\"auto, (max-width: 1024px) 100vw, 1024px\" \/><\/a><\/figure>\n<\/div>\n\n\n<figure class=\"wp-block-image size-large is-style-default\"><a href=\"https:\/\/ejw-oehringen.de\/wordpress\/wp-content\/uploads\/2023\/01\/20221125_170938-scaled.jpg\"><img loading=\"lazy\" decoding=\"async\" width=\"1024\" height=\"578\" src=\"https:\/\/ejw-oehringen.de\/wordpress\/wp-content\/uploads\/2023\/01\/20221125_170938-1024x578.jpg\" alt=\"\" class=\"wp-image-3708\" srcset=\"https:\/\/ejw-oehringen.de\/wordpress\/wp-content\/uploads\/2023\/01\/20221125_170938-1024x578.jpg 1024w, https:\/\/ejw-oehringen.de\/wordpress\/wp-content\/uploads\/2023\/01\/20221125_170938-300x169.jpg 300w, https:\/\/ejw-oehringen.de\/wordpress\/wp-content\/uploads\/2023\/01\/20221125_170938-768x433.jpg 768w, https:\/\/ejw-oehringen.de\/wordpress\/wp-content\/uploads\/2023\/01\/20221125_170938-1536x866.jpg 1536w, https:\/\/ejw-oehringen.de\/wordpress\/wp-content\/uploads\/2023\/01\/20221125_170938-2048x1155.jpg 2048w, https:\/\/ejw-oehringen.de\/wordpress\/wp-content\/uploads\/2023\/01\/20221125_170938-250x141.jpg 250w, https:\/\/ejw-oehringen.de\/wordpress\/wp-content\/uploads\/2023\/01\/20221125_170938-150x85.jpg 150w, https:\/\/ejw-oehringen.de\/wordpress\/wp-content\/uploads\/2023\/01\/20221125_170938-1320x744.jpg 1320w\" sizes=\"auto, (max-width: 1024px) 100vw, 1024px\" \/><\/a><figcaption class=\"wp-element-caption\">2022-11 Nagelkreuzgebet mit Lena Bertsch<\/figcaption><\/figure>\n\n\n\n<hr class=\"wp-block-separator has-css-opacity\"\/>\n\n\n\n<figure class=\"wp-block-gallery has-nested-images columns-default is-cropped wp-block-gallery-2 is-layout-flex wp-block-gallery-is-layout-flex\">\n<figure class=\"wp-block-image size-large is-style-default\"><a href=\"https:\/\/ejw-oehringen.de\/wordpress\/wp-content\/uploads\/2022\/03\/20220318_172405-scaled.jpg\"><img loading=\"lazy\" decoding=\"async\" width=\"652\" height=\"1024\" data-id=\"3285\" src=\"https:\/\/ejw-oehringen.de\/wordpress\/wp-content\/uploads\/2022\/03\/20220318_172405-652x1024.jpg\" alt=\"\" class=\"wp-image-3285\" srcset=\"https:\/\/ejw-oehringen.de\/wordpress\/wp-content\/uploads\/2022\/03\/20220318_172405-652x1024.jpg 652w, https:\/\/ejw-oehringen.de\/wordpress\/wp-content\/uploads\/2022\/03\/20220318_172405-191x300.jpg 191w, https:\/\/ejw-oehringen.de\/wordpress\/wp-content\/uploads\/2022\/03\/20220318_172405-768x1206.jpg 768w, https:\/\/ejw-oehringen.de\/wordpress\/wp-content\/uploads\/2022\/03\/20220318_172405-978x1536.jpg 978w, https:\/\/ejw-oehringen.de\/wordpress\/wp-content\/uploads\/2022\/03\/20220318_172405-1304x2048.jpg 1304w, https:\/\/ejw-oehringen.de\/wordpress\/wp-content\/uploads\/2022\/03\/20220318_172405-96x150.jpg 96w, https:\/\/ejw-oehringen.de\/wordpress\/wp-content\/uploads\/2022\/03\/20220318_172405-1320x2073.jpg 1320w, https:\/\/ejw-oehringen.de\/wordpress\/wp-content\/uploads\/2022\/03\/20220318_172405-scaled.jpg 1630w\" sizes=\"auto, (max-width: 652px) 100vw, 652px\" \/><\/a><\/figure>\n\n\n\n<figure class=\"wp-block-image size-large is-style-default\"><a href=\"https:\/\/ejw-oehringen.de\/wordpress\/wp-content\/uploads\/2022\/03\/20220318_165758-scaled.jpg\"><img loading=\"lazy\" decoding=\"async\" width=\"1024\" height=\"768\" data-id=\"3286\" src=\"https:\/\/ejw-oehringen.de\/wordpress\/wp-content\/uploads\/2022\/03\/20220318_165758-1024x768.jpg\" alt=\"\" class=\"wp-image-3286\" srcset=\"https:\/\/ejw-oehringen.de\/wordpress\/wp-content\/uploads\/2022\/03\/20220318_165758-1024x768.jpg 1024w, https:\/\/ejw-oehringen.de\/wordpress\/wp-content\/uploads\/2022\/03\/20220318_165758-300x225.jpg 300w, https:\/\/ejw-oehringen.de\/wordpress\/wp-content\/uploads\/2022\/03\/20220318_165758-768x576.jpg 768w, https:\/\/ejw-oehringen.de\/wordpress\/wp-content\/uploads\/2022\/03\/20220318_165758-1536x1152.jpg 1536w, https:\/\/ejw-oehringen.de\/wordpress\/wp-content\/uploads\/2022\/03\/20220318_165758-2048x1536.jpg 2048w, https:\/\/ejw-oehringen.de\/wordpress\/wp-content\/uploads\/2022\/03\/20220318_165758-200x150.jpg 200w, https:\/\/ejw-oehringen.de\/wordpress\/wp-content\/uploads\/2022\/03\/20220318_165758-150x113.jpg 150w, https:\/\/ejw-oehringen.de\/wordpress\/wp-content\/uploads\/2022\/03\/20220318_165758-1320x990.jpg 1320w\" sizes=\"auto, (max-width: 1024px) 100vw, 1024px\" \/><\/a><\/figure>\n<figcaption class=\"blocks-gallery-caption wp-element-caption\">Vers\u00f6hnungsgebet im M\u00e4rz 2022<\/figcaption><\/figure>\n\n\n\n<hr class=\"wp-block-separator has-css-opacity\"\/>\n\n\n\n<figure class=\"wp-block-gallery has-nested-images columns-default is-cropped wp-block-gallery-3 is-layout-flex wp-block-gallery-is-layout-flex\">\n<figure class=\"wp-block-image size-large is-style-default\"><a href=\"https:\/\/ejw-oehringen.de\/wordpress\/wp-content\/uploads\/2022\/03\/20220312_161458-scaled.jpg\"><img loading=\"lazy\" decoding=\"async\" width=\"1024\" height=\"768\" data-id=\"3289\" src=\"https:\/\/ejw-oehringen.de\/wordpress\/wp-content\/uploads\/2022\/03\/20220312_161458-1024x768.jpg\" alt=\"\" class=\"wp-image-3289\" srcset=\"https:\/\/ejw-oehringen.de\/wordpress\/wp-content\/uploads\/2022\/03\/20220312_161458-1024x768.jpg 1024w, https:\/\/ejw-oehringen.de\/wordpress\/wp-content\/uploads\/2022\/03\/20220312_161458-300x225.jpg 300w, https:\/\/ejw-oehringen.de\/wordpress\/wp-content\/uploads\/2022\/03\/20220312_161458-768x576.jpg 768w, https:\/\/ejw-oehringen.de\/wordpress\/wp-content\/uploads\/2022\/03\/20220312_161458-1536x1152.jpg 1536w, https:\/\/ejw-oehringen.de\/wordpress\/wp-content\/uploads\/2022\/03\/20220312_161458-2048x1536.jpg 2048w, https:\/\/ejw-oehringen.de\/wordpress\/wp-content\/uploads\/2022\/03\/20220312_161458-200x150.jpg 200w, https:\/\/ejw-oehringen.de\/wordpress\/wp-content\/uploads\/2022\/03\/20220312_161458-150x113.jpg 150w, https:\/\/ejw-oehringen.de\/wordpress\/wp-content\/uploads\/2022\/03\/20220312_161458-1320x990.jpg 1320w\" sizes=\"auto, (max-width: 1024px) 100vw, 1024px\" \/><\/a><\/figure>\n\n\n\n<figure class=\"wp-block-image size-large is-style-default\"><a href=\"https:\/\/ejw-oehringen.de\/wordpress\/wp-content\/uploads\/2022\/03\/20220312_161503-scaled.jpg\"><img loading=\"lazy\" decoding=\"async\" width=\"1024\" height=\"768\" data-id=\"3290\" src=\"https:\/\/ejw-oehringen.de\/wordpress\/wp-content\/uploads\/2022\/03\/20220312_161503-1024x768.jpg\" alt=\"\" class=\"wp-image-3290\" srcset=\"https:\/\/ejw-oehringen.de\/wordpress\/wp-content\/uploads\/2022\/03\/20220312_161503-1024x768.jpg 1024w, https:\/\/ejw-oehringen.de\/wordpress\/wp-content\/uploads\/2022\/03\/20220312_161503-300x225.jpg 300w, https:\/\/ejw-oehringen.de\/wordpress\/wp-content\/uploads\/2022\/03\/20220312_161503-768x576.jpg 768w, https:\/\/ejw-oehringen.de\/wordpress\/wp-content\/uploads\/2022\/03\/20220312_161503-1536x1152.jpg 1536w, https:\/\/ejw-oehringen.de\/wordpress\/wp-content\/uploads\/2022\/03\/20220312_161503-2048x1536.jpg 2048w, https:\/\/ejw-oehringen.de\/wordpress\/wp-content\/uploads\/2022\/03\/20220312_161503-200x150.jpg 200w, https:\/\/ejw-oehringen.de\/wordpress\/wp-content\/uploads\/2022\/03\/20220312_161503-150x113.jpg 150w, https:\/\/ejw-oehringen.de\/wordpress\/wp-content\/uploads\/2022\/03\/20220312_161503-1320x990.jpg 1320w\" sizes=\"auto, (max-width: 1024px) 100vw, 1024px\" \/><\/a><\/figure>\n\n\n\n<figure class=\"wp-block-image size-large is-style-default\"><a href=\"https:\/\/ejw-oehringen.de\/wordpress\/wp-content\/uploads\/2022\/03\/20220312_165138-scaled.jpg\"><img loading=\"lazy\" decoding=\"async\" width=\"1024\" height=\"768\" data-id=\"3292\" src=\"https:\/\/ejw-oehringen.de\/wordpress\/wp-content\/uploads\/2022\/03\/20220312_165138-1024x768.jpg\" alt=\"\" class=\"wp-image-3292\" srcset=\"https:\/\/ejw-oehringen.de\/wordpress\/wp-content\/uploads\/2022\/03\/20220312_165138-1024x768.jpg 1024w, https:\/\/ejw-oehringen.de\/wordpress\/wp-content\/uploads\/2022\/03\/20220312_165138-300x225.jpg 300w, https:\/\/ejw-oehringen.de\/wordpress\/wp-content\/uploads\/2022\/03\/20220312_165138-768x576.jpg 768w, https:\/\/ejw-oehringen.de\/wordpress\/wp-content\/uploads\/2022\/03\/20220312_165138-1536x1152.jpg 1536w, https:\/\/ejw-oehringen.de\/wordpress\/wp-content\/uploads\/2022\/03\/20220312_165138-2048x1536.jpg 2048w, https:\/\/ejw-oehringen.de\/wordpress\/wp-content\/uploads\/2022\/03\/20220312_165138-200x150.jpg 200w, https:\/\/ejw-oehringen.de\/wordpress\/wp-content\/uploads\/2022\/03\/20220312_165138-150x113.jpg 150w, https:\/\/ejw-oehringen.de\/wordpress\/wp-content\/uploads\/2022\/03\/20220312_165138-1320x990.jpg 1320w\" sizes=\"auto, (max-width: 1024px) 100vw, 1024px\" \/><\/a><\/figure>\n\n\n\n<figure class=\"wp-block-image size-large is-style-default\"><a href=\"https:\/\/ejw-oehringen.de\/wordpress\/wp-content\/uploads\/2022\/03\/20220312_173142-scaled.jpg\"><img loading=\"lazy\" decoding=\"async\" width=\"1024\" height=\"768\" data-id=\"3293\" src=\"https:\/\/ejw-oehringen.de\/wordpress\/wp-content\/uploads\/2022\/03\/20220312_173142-1024x768.jpg\" alt=\"\" class=\"wp-image-3293\" srcset=\"https:\/\/ejw-oehringen.de\/wordpress\/wp-content\/uploads\/2022\/03\/20220312_173142-1024x768.jpg 1024w, https:\/\/ejw-oehringen.de\/wordpress\/wp-content\/uploads\/2022\/03\/20220312_173142-300x225.jpg 300w, https:\/\/ejw-oehringen.de\/wordpress\/wp-content\/uploads\/2022\/03\/20220312_173142-768x576.jpg 768w, https:\/\/ejw-oehringen.de\/wordpress\/wp-content\/uploads\/2022\/03\/20220312_173142-1536x1152.jpg 1536w, https:\/\/ejw-oehringen.de\/wordpress\/wp-content\/uploads\/2022\/03\/20220312_173142-2048x1536.jpg 2048w, https:\/\/ejw-oehringen.de\/wordpress\/wp-content\/uploads\/2022\/03\/20220312_173142-200x150.jpg 200w, https:\/\/ejw-oehringen.de\/wordpress\/wp-content\/uploads\/2022\/03\/20220312_173142-150x113.jpg 150w, https:\/\/ejw-oehringen.de\/wordpress\/wp-content\/uploads\/2022\/03\/20220312_173142-1320x990.jpg 1320w\" sizes=\"auto, (max-width: 1024px) 100vw, 1024px\" \/><\/a><\/figure>\n\n\n\n<figure class=\"wp-block-image size-large is-style-default\"><a href=\"https:\/\/ejw-oehringen.de\/wordpress\/wp-content\/uploads\/2022\/03\/20220312_172741-scaled.jpg\"><img loading=\"lazy\" decoding=\"async\" width=\"1024\" height=\"768\" data-id=\"3291\" src=\"https:\/\/ejw-oehringen.de\/wordpress\/wp-content\/uploads\/2022\/03\/20220312_172741-1024x768.jpg\" alt=\"\" class=\"wp-image-3291\" srcset=\"https:\/\/ejw-oehringen.de\/wordpress\/wp-content\/uploads\/2022\/03\/20220312_172741-1024x768.jpg 1024w, https:\/\/ejw-oehringen.de\/wordpress\/wp-content\/uploads\/2022\/03\/20220312_172741-300x225.jpg 300w, https:\/\/ejw-oehringen.de\/wordpress\/wp-content\/uploads\/2022\/03\/20220312_172741-768x576.jpg 768w, https:\/\/ejw-oehringen.de\/wordpress\/wp-content\/uploads\/2022\/03\/20220312_172741-1536x1152.jpg 1536w, https:\/\/ejw-oehringen.de\/wordpress\/wp-content\/uploads\/2022\/03\/20220312_172741-2048x1536.jpg 2048w, https:\/\/ejw-oehringen.de\/wordpress\/wp-content\/uploads\/2022\/03\/20220312_172741-200x150.jpg 200w, https:\/\/ejw-oehringen.de\/wordpress\/wp-content\/uploads\/2022\/03\/20220312_172741-150x113.jpg 150w, https:\/\/ejw-oehringen.de\/wordpress\/wp-content\/uploads\/2022\/03\/20220312_172741-1320x990.jpg 1320w\" sizes=\"auto, (max-width: 1024px) 100vw, 1024px\" \/><\/a><\/figure>\n<figcaption class=\"blocks-gallery-caption wp-element-caption\">2022-03-12 Regionaltreffen der Nagelkreuzgemeinschaft Region S\u00fcdwest in Esslingen<\/figcaption><\/figure>\n\n\n\n<hr class=\"wp-block-separator has-css-opacity\"\/>\n\n\n\n<hr class=\"wp-block-separator has-alpha-channel-opacity\"\/>\n\n\n\n<figure class=\"wp-block-image size-large is-style-default\"><a href=\"https:\/\/ejw-oehringen.de\/wordpress\/wp-content\/uploads\/2022\/01\/20211217_171933-01-scaled.jpeg\"><img loading=\"lazy\" decoding=\"async\" width=\"1024\" height=\"748\" src=\"https:\/\/ejw-oehringen.de\/wordpress\/wp-content\/uploads\/2022\/01\/20211217_171933-01-1024x748.jpeg\" alt=\"\" class=\"wp-image-3155\" srcset=\"https:\/\/ejw-oehringen.de\/wordpress\/wp-content\/uploads\/2022\/01\/20211217_171933-01-1024x748.jpeg 1024w, https:\/\/ejw-oehringen.de\/wordpress\/wp-content\/uploads\/2022\/01\/20211217_171933-01-300x219.jpeg 300w, https:\/\/ejw-oehringen.de\/wordpress\/wp-content\/uploads\/2022\/01\/20211217_171933-01-768x561.jpeg 768w, https:\/\/ejw-oehringen.de\/wordpress\/wp-content\/uploads\/2022\/01\/20211217_171933-01-1536x1122.jpeg 1536w, https:\/\/ejw-oehringen.de\/wordpress\/wp-content\/uploads\/2022\/01\/20211217_171933-01-2048x1496.jpeg 2048w, https:\/\/ejw-oehringen.de\/wordpress\/wp-content\/uploads\/2022\/01\/20211217_171933-01-205x150.jpeg 205w, https:\/\/ejw-oehringen.de\/wordpress\/wp-content\/uploads\/2022\/01\/20211217_171933-01-150x110.jpeg 150w, https:\/\/ejw-oehringen.de\/wordpress\/wp-content\/uploads\/2022\/01\/20211217_171933-01-1320x964.jpeg 1320w\" sizes=\"auto, (max-width: 1024px) 100vw, 1024px\" \/><\/a><figcaption class=\"wp-element-caption\">Vers\u00f6hnungsgebet im Dezember 2021<\/figcaption><\/figure>\n\n\n\n<hr class=\"wp-block-separator has-css-opacity\"\/>\n\n\n\n<figure class=\"wp-block-image size-large is-style-default\"><a href=\"https:\/\/ejw-oehringen.de\/wordpress\/wp-content\/uploads\/2022\/01\/20211217_115022-scaled.jpg\"><img loading=\"lazy\" decoding=\"async\" width=\"768\" height=\"1024\" src=\"https:\/\/ejw-oehringen.de\/wordpress\/wp-content\/uploads\/2022\/01\/20211217_115022-768x1024.jpg\" alt=\"\" class=\"wp-image-3147\" srcset=\"https:\/\/ejw-oehringen.de\/wordpress\/wp-content\/uploads\/2022\/01\/20211217_115022-768x1024.jpg 768w, https:\/\/ejw-oehringen.de\/wordpress\/wp-content\/uploads\/2022\/01\/20211217_115022-225x300.jpg 225w, https:\/\/ejw-oehringen.de\/wordpress\/wp-content\/uploads\/2022\/01\/20211217_115022-1152x1536.jpg 1152w, https:\/\/ejw-oehringen.de\/wordpress\/wp-content\/uploads\/2022\/01\/20211217_115022-1536x2048.jpg 1536w, https:\/\/ejw-oehringen.de\/wordpress\/wp-content\/uploads\/2022\/01\/20211217_115022-113x150.jpg 113w, https:\/\/ejw-oehringen.de\/wordpress\/wp-content\/uploads\/2022\/01\/20211217_115022-1320x1760.jpg 1320w, https:\/\/ejw-oehringen.de\/wordpress\/wp-content\/uploads\/2022\/01\/20211217_115022-scaled.jpg 1920w\" sizes=\"auto, (max-width: 768px) 100vw, 768px\" \/><\/a><figcaption class=\"wp-element-caption\">Die Telefonzelle in \u00d6hringen auf dem \u00d6lberg<\/figcaption><\/figure>\n\n\n\n<hr class=\"wp-block-separator has-css-opacity\"\/>\n\n\n<div class=\"wp-block-image is-style-default\">\n<figure class=\"aligncenter size-medium\"><a href=\"https:\/\/ejw-oehringen.de\/wordpress\/wp-content\/uploads\/2022\/01\/PostkarteNagelkreuzgemeinschaftvorne.jpg\"><img loading=\"lazy\" decoding=\"async\" width=\"214\" height=\"300\" src=\"https:\/\/ejw-oehringen.de\/wordpress\/wp-content\/uploads\/2022\/01\/PostkarteNagelkreuzgemeinschaftvorne-214x300.jpg\" alt=\"\" class=\"wp-image-3153\" srcset=\"https:\/\/ejw-oehringen.de\/wordpress\/wp-content\/uploads\/2022\/01\/PostkarteNagelkreuzgemeinschaftvorne-214x300.jpg 214w, https:\/\/ejw-oehringen.de\/wordpress\/wp-content\/uploads\/2022\/01\/PostkarteNagelkreuzgemeinschaftvorne-730x1024.jpg 730w, https:\/\/ejw-oehringen.de\/wordpress\/wp-content\/uploads\/2022\/01\/PostkarteNagelkreuzgemeinschaftvorne-768x1077.jpg 768w, https:\/\/ejw-oehringen.de\/wordpress\/wp-content\/uploads\/2022\/01\/PostkarteNagelkreuzgemeinschaftvorne-1096x1536.jpg 1096w, https:\/\/ejw-oehringen.de\/wordpress\/wp-content\/uploads\/2022\/01\/PostkarteNagelkreuzgemeinschaftvorne-107x150.jpg 107w, https:\/\/ejw-oehringen.de\/wordpress\/wp-content\/uploads\/2022\/01\/PostkarteNagelkreuzgemeinschaftvorne.jpg 1264w\" sizes=\"auto, (max-width: 214px) 100vw, 214px\" \/><\/a><figcaption class=\"wp-element-caption\">Postkarte zur Nagelkreuzgemeinschaft<\/figcaption><\/figure>\n<\/div>\n\n\n<hr class=\"wp-block-separator has-css-opacity\"\/>\n\n\n\n<figure class=\"wp-block-gallery has-nested-images columns-default is-cropped wp-block-gallery-4 is-layout-flex wp-block-gallery-is-layout-flex\"><\/figure>\n\n\n\n<hr class=\"wp-block-separator has-css-opacity\"\/>\n\n\n\n<figure class=\"wp-block-image size-large\"><a href=\"https:\/\/ejw-oehringen.de\/wordpress\/wp-content\/uploads\/2021\/09\/IMG_20210908_205348_601-1.jpg\"><img loading=\"lazy\" decoding=\"async\" width=\"1024\" height=\"1024\" src=\"https:\/\/ejw-oehringen.de\/wordpress\/wp-content\/uploads\/2021\/09\/IMG_20210908_205348_601-1-1024x1024.jpg\" alt=\"\" class=\"wp-image-2994\" srcset=\"https:\/\/ejw-oehringen.de\/wordpress\/wp-content\/uploads\/2021\/09\/IMG_20210908_205348_601-1-1024x1024.jpg 1024w, https:\/\/ejw-oehringen.de\/wordpress\/wp-content\/uploads\/2021\/09\/IMG_20210908_205348_601-1-300x300.jpg 300w, https:\/\/ejw-oehringen.de\/wordpress\/wp-content\/uploads\/2021\/09\/IMG_20210908_205348_601-1-150x150.jpg 150w, https:\/\/ejw-oehringen.de\/wordpress\/wp-content\/uploads\/2021\/09\/IMG_20210908_205348_601-1-768x768.jpg 768w, https:\/\/ejw-oehringen.de\/wordpress\/wp-content\/uploads\/2021\/09\/IMG_20210908_205348_601-1-1320x1320.jpg 1320w, https:\/\/ejw-oehringen.de\/wordpress\/wp-content\/uploads\/2021\/09\/IMG_20210908_205348_601-1.jpg 1440w\" sizes=\"auto, (max-width: 1024px) 100vw, 1024px\" \/><\/a><figcaption class=\"wp-element-caption\">Die Telefonzelle in Michelbach<\/figcaption><\/figure>\n\n\n\n<hr class=\"wp-block-separator has-css-opacity\"\/>\n\n\n\n<figure class=\"wp-block-gallery has-nested-images columns-default is-cropped wp-block-gallery-5 is-layout-flex wp-block-gallery-is-layout-flex\">\n<figure class=\"wp-block-image size-large\"><a href=\"https:\/\/ejw-oehringen.de\/wordpress\/wp-content\/uploads\/2021\/07\/20210618_164949-01-scaled.jpeg\"><img loading=\"lazy\" decoding=\"async\" width=\"768\" height=\"1024\" data-id=\"2874\" src=\"https:\/\/ejw-oehringen.de\/wordpress\/wp-content\/uploads\/2021\/07\/20210618_164949-01-768x1024.jpeg\" alt=\"\" class=\"wp-image-2874\" srcset=\"https:\/\/ejw-oehringen.de\/wordpress\/wp-content\/uploads\/2021\/07\/20210618_164949-01-768x1024.jpeg 768w, https:\/\/ejw-oehringen.de\/wordpress\/wp-content\/uploads\/2021\/07\/20210618_164949-01-225x300.jpeg 225w, https:\/\/ejw-oehringen.de\/wordpress\/wp-content\/uploads\/2021\/07\/20210618_164949-01-1152x1536.jpeg 1152w, https:\/\/ejw-oehringen.de\/wordpress\/wp-content\/uploads\/2021\/07\/20210618_164949-01-1536x2048.jpeg 1536w, https:\/\/ejw-oehringen.de\/wordpress\/wp-content\/uploads\/2021\/07\/20210618_164949-01-113x150.jpeg 113w, https:\/\/ejw-oehringen.de\/wordpress\/wp-content\/uploads\/2021\/07\/20210618_164949-01-1320x1760.jpeg 1320w, https:\/\/ejw-oehringen.de\/wordpress\/wp-content\/uploads\/2021\/07\/20210618_164949-01-scaled.jpeg 1920w\" sizes=\"auto, (max-width: 768px) 100vw, 768px\" \/><\/a><\/figure>\n\n\n\n<figure class=\"wp-block-image size-large\"><a href=\"https:\/\/ejw-oehringen.de\/wordpress\/wp-content\/uploads\/2021\/07\/20210618_170046-scaled.jpg\"><img loading=\"lazy\" decoding=\"async\" width=\"1024\" height=\"768\" data-id=\"2875\" src=\"https:\/\/ejw-oehringen.de\/wordpress\/wp-content\/uploads\/2021\/07\/20210618_170046-1024x768.jpg\" alt=\"\" class=\"wp-image-2875\" srcset=\"https:\/\/ejw-oehringen.de\/wordpress\/wp-content\/uploads\/2021\/07\/20210618_170046-1024x768.jpg 1024w, https:\/\/ejw-oehringen.de\/wordpress\/wp-content\/uploads\/2021\/07\/20210618_170046-300x225.jpg 300w, https:\/\/ejw-oehringen.de\/wordpress\/wp-content\/uploads\/2021\/07\/20210618_170046-768x576.jpg 768w, https:\/\/ejw-oehringen.de\/wordpress\/wp-content\/uploads\/2021\/07\/20210618_170046-1536x1152.jpg 1536w, https:\/\/ejw-oehringen.de\/wordpress\/wp-content\/uploads\/2021\/07\/20210618_170046-2048x1536.jpg 2048w, https:\/\/ejw-oehringen.de\/wordpress\/wp-content\/uploads\/2021\/07\/20210618_170046-200x150.jpg 200w, https:\/\/ejw-oehringen.de\/wordpress\/wp-content\/uploads\/2021\/07\/20210618_170046-150x113.jpg 150w, https:\/\/ejw-oehringen.de\/wordpress\/wp-content\/uploads\/2021\/07\/20210618_170046-1320x990.jpg 1320w\" sizes=\"auto, (max-width: 1024px) 100vw, 1024px\" \/><\/a><\/figure>\n\n\n\n<figure class=\"wp-block-image size-large\"><a href=\"https:\/\/ejw-oehringen.de\/wordpress\/wp-content\/uploads\/2021\/07\/20210618_170353-scaled.jpg\"><img loading=\"lazy\" decoding=\"async\" width=\"1024\" height=\"768\" data-id=\"2876\" src=\"https:\/\/ejw-oehringen.de\/wordpress\/wp-content\/uploads\/2021\/07\/20210618_170353-1024x768.jpg\" alt=\"\" class=\"wp-image-2876\" srcset=\"https:\/\/ejw-oehringen.de\/wordpress\/wp-content\/uploads\/2021\/07\/20210618_170353-1024x768.jpg 1024w, https:\/\/ejw-oehringen.de\/wordpress\/wp-content\/uploads\/2021\/07\/20210618_170353-300x225.jpg 300w, https:\/\/ejw-oehringen.de\/wordpress\/wp-content\/uploads\/2021\/07\/20210618_170353-768x576.jpg 768w, https:\/\/ejw-oehringen.de\/wordpress\/wp-content\/uploads\/2021\/07\/20210618_170353-1536x1152.jpg 1536w, https:\/\/ejw-oehringen.de\/wordpress\/wp-content\/uploads\/2021\/07\/20210618_170353-2048x1536.jpg 2048w, https:\/\/ejw-oehringen.de\/wordpress\/wp-content\/uploads\/2021\/07\/20210618_170353-200x150.jpg 200w, https:\/\/ejw-oehringen.de\/wordpress\/wp-content\/uploads\/2021\/07\/20210618_170353-150x113.jpg 150w, https:\/\/ejw-oehringen.de\/wordpress\/wp-content\/uploads\/2021\/07\/20210618_170353-1320x990.jpg 1320w\" sizes=\"auto, (max-width: 1024px) 100vw, 1024px\" \/><\/a><\/figure>\n<figcaption class=\"blocks-gallery-caption wp-element-caption\">Vers\u00f6hnungsgebet am 18.06.2021<\/figcaption><\/figure>\n\n\n\n<hr class=\"wp-block-separator has-css-opacity\"\/>\n\n\n\n<figure class=\"wp-block-gallery has-nested-images columns-default is-cropped wp-block-gallery-6 is-layout-flex wp-block-gallery-is-layout-flex\">\n<figure class=\"wp-block-image size-large\"><a href=\"https:\/\/ejw-oehringen.de\/wordpress\/wp-content\/uploads\/2021\/07\/20210603_195207-scaled.jpg\"><img loading=\"lazy\" decoding=\"async\" width=\"768\" height=\"1024\" data-id=\"2878\" src=\"https:\/\/ejw-oehringen.de\/wordpress\/wp-content\/uploads\/2021\/07\/20210603_195207-768x1024.jpg\" alt=\"\" class=\"wp-image-2878\" srcset=\"https:\/\/ejw-oehringen.de\/wordpress\/wp-content\/uploads\/2021\/07\/20210603_195207-768x1024.jpg 768w, https:\/\/ejw-oehringen.de\/wordpress\/wp-content\/uploads\/2021\/07\/20210603_195207-225x300.jpg 225w, https:\/\/ejw-oehringen.de\/wordpress\/wp-content\/uploads\/2021\/07\/20210603_195207-1152x1536.jpg 1152w, https:\/\/ejw-oehringen.de\/wordpress\/wp-content\/uploads\/2021\/07\/20210603_195207-1536x2048.jpg 1536w, https:\/\/ejw-oehringen.de\/wordpress\/wp-content\/uploads\/2021\/07\/20210603_195207-113x150.jpg 113w, https:\/\/ejw-oehringen.de\/wordpress\/wp-content\/uploads\/2021\/07\/20210603_195207-1320x1760.jpg 1320w, https:\/\/ejw-oehringen.de\/wordpress\/wp-content\/uploads\/2021\/07\/20210603_195207-scaled.jpg 1920w\" sizes=\"auto, (max-width: 768px) 100vw, 768px\" \/><\/a><\/figure>\n\n\n\n<figure class=\"wp-block-image size-large\"><a href=\"https:\/\/ejw-oehringen.de\/wordpress\/wp-content\/uploads\/2021\/07\/20210603_200342-scaled.jpg\"><img loading=\"lazy\" decoding=\"async\" width=\"1024\" height=\"768\" data-id=\"2879\" src=\"https:\/\/ejw-oehringen.de\/wordpress\/wp-content\/uploads\/2021\/07\/20210603_200342-1024x768.jpg\" alt=\"\" class=\"wp-image-2879\" srcset=\"https:\/\/ejw-oehringen.de\/wordpress\/wp-content\/uploads\/2021\/07\/20210603_200342-1024x768.jpg 1024w, https:\/\/ejw-oehringen.de\/wordpress\/wp-content\/uploads\/2021\/07\/20210603_200342-300x225.jpg 300w, https:\/\/ejw-oehringen.de\/wordpress\/wp-content\/uploads\/2021\/07\/20210603_200342-768x576.jpg 768w, https:\/\/ejw-oehringen.de\/wordpress\/wp-content\/uploads\/2021\/07\/20210603_200342-1536x1152.jpg 1536w, https:\/\/ejw-oehringen.de\/wordpress\/wp-content\/uploads\/2021\/07\/20210603_200342-2048x1536.jpg 2048w, https:\/\/ejw-oehringen.de\/wordpress\/wp-content\/uploads\/2021\/07\/20210603_200342-200x150.jpg 200w, https:\/\/ejw-oehringen.de\/wordpress\/wp-content\/uploads\/2021\/07\/20210603_200342-150x113.jpg 150w, https:\/\/ejw-oehringen.de\/wordpress\/wp-content\/uploads\/2021\/07\/20210603_200342-1320x990.jpg 1320w\" sizes=\"auto, (max-width: 1024px) 100vw, 1024px\" \/><\/a><\/figure>\n\n\n\n<figure class=\"wp-block-image size-large\"><a href=\"https:\/\/ejw-oehringen.de\/wordpress\/wp-content\/uploads\/2021\/07\/20210603_200359-scaled.jpg\"><img loading=\"lazy\" decoding=\"async\" width=\"768\" height=\"1024\" data-id=\"2880\" src=\"https:\/\/ejw-oehringen.de\/wordpress\/wp-content\/uploads\/2021\/07\/20210603_200359-768x1024.jpg\" alt=\"\" class=\"wp-image-2880\" srcset=\"https:\/\/ejw-oehringen.de\/wordpress\/wp-content\/uploads\/2021\/07\/20210603_200359-768x1024.jpg 768w, https:\/\/ejw-oehringen.de\/wordpress\/wp-content\/uploads\/2021\/07\/20210603_200359-225x300.jpg 225w, https:\/\/ejw-oehringen.de\/wordpress\/wp-content\/uploads\/2021\/07\/20210603_200359-1152x1536.jpg 1152w, https:\/\/ejw-oehringen.de\/wordpress\/wp-content\/uploads\/2021\/07\/20210603_200359-1536x2048.jpg 1536w, https:\/\/ejw-oehringen.de\/wordpress\/wp-content\/uploads\/2021\/07\/20210603_200359-113x150.jpg 113w, https:\/\/ejw-oehringen.de\/wordpress\/wp-content\/uploads\/2021\/07\/20210603_200359-1320x1760.jpg 1320w, https:\/\/ejw-oehringen.de\/wordpress\/wp-content\/uploads\/2021\/07\/20210603_200359-scaled.jpg 1920w\" sizes=\"auto, (max-width: 768px) 100vw, 768px\" \/><\/a><\/figure>\n<figcaption class=\"blocks-gallery-caption wp-element-caption\">Das Nagelkreuz und die Telefonzelle in Pfedelbach<\/figcaption><\/figure>\n\n\n\n<hr class=\"wp-block-separator has-css-opacity\"\/>\n\n\n\n<p>Wanderung des <strong>Nagelkreuzes<\/strong> und der <strong>Telefonzelle<\/strong> durch den Kirchenbezirk<\/p>\n\n\n\n<div class=\"wp-block-columns is-layout-flex wp-container-core-columns-is-layout-9d6595d7 wp-block-columns-is-layout-flex\">\n<div class=\"wp-block-column is-layout-flow wp-block-column-is-layout-flow\" style=\"flex-basis:100%\">\n<figure class=\"wp-block-gallery has-nested-images columns-default is-cropped wp-block-gallery-7 is-layout-flex wp-block-gallery-is-layout-flex\">\n<figure class=\"wp-block-image size-large\"><a href=\"https:\/\/ejw-oehringen.de\/wordpress\/wp-content\/uploads\/2021\/05\/20201113_161315-scaled.jpg\"><img loading=\"lazy\" decoding=\"async\" width=\"768\" height=\"1024\" data-id=\"2836\" src=\"https:\/\/ejw-oehringen.de\/wordpress\/wp-content\/uploads\/2021\/05\/20201113_161315-768x1024.jpg\" alt=\"\" class=\"wp-image-2836\" srcset=\"https:\/\/ejw-oehringen.de\/wordpress\/wp-content\/uploads\/2021\/05\/20201113_161315-768x1024.jpg 768w, https:\/\/ejw-oehringen.de\/wordpress\/wp-content\/uploads\/2021\/05\/20201113_161315-225x300.jpg 225w, https:\/\/ejw-oehringen.de\/wordpress\/wp-content\/uploads\/2021\/05\/20201113_161315-1152x1536.jpg 1152w, https:\/\/ejw-oehringen.de\/wordpress\/wp-content\/uploads\/2021\/05\/20201113_161315-1536x2048.jpg 1536w, https:\/\/ejw-oehringen.de\/wordpress\/wp-content\/uploads\/2021\/05\/20201113_161315-113x150.jpg 113w, https:\/\/ejw-oehringen.de\/wordpress\/wp-content\/uploads\/2021\/05\/20201113_161315-1320x1760.jpg 1320w, https:\/\/ejw-oehringen.de\/wordpress\/wp-content\/uploads\/2021\/05\/20201113_161315-scaled.jpg 1920w\" sizes=\"auto, (max-width: 768px) 100vw, 768px\" \/><\/a><figcaption class=\"wp-element-caption\">\u00d6hringen vor der Stiftskirche<\/figcaption><\/figure>\n\n\n\n<figure class=\"wp-block-image size-large\"><a href=\"https:\/\/ejw-oehringen.de\/wordpress\/wp-content\/uploads\/2021\/05\/FB_IMG_1611423374042.jpg\"><img loading=\"lazy\" decoding=\"async\" width=\"1024\" height=\"768\" data-id=\"2835\" src=\"https:\/\/ejw-oehringen.de\/wordpress\/wp-content\/uploads\/2021\/05\/FB_IMG_1611423374042-1024x768.jpg\" alt=\"\" class=\"wp-image-2835\" srcset=\"https:\/\/ejw-oehringen.de\/wordpress\/wp-content\/uploads\/2021\/05\/FB_IMG_1611423374042-1024x768.jpg 1024w, https:\/\/ejw-oehringen.de\/wordpress\/wp-content\/uploads\/2021\/05\/FB_IMG_1611423374042-300x225.jpg 300w, https:\/\/ejw-oehringen.de\/wordpress\/wp-content\/uploads\/2021\/05\/FB_IMG_1611423374042-768x576.jpg 768w, https:\/\/ejw-oehringen.de\/wordpress\/wp-content\/uploads\/2021\/05\/FB_IMG_1611423374042-200x150.jpg 200w, https:\/\/ejw-oehringen.de\/wordpress\/wp-content\/uploads\/2021\/05\/FB_IMG_1611423374042-150x113.jpg 150w, https:\/\/ejw-oehringen.de\/wordpress\/wp-content\/uploads\/2021\/05\/FB_IMG_1611423374042.jpg 1080w\" sizes=\"auto, (max-width: 1024px) 100vw, 1024px\" \/><\/a><figcaption class=\"wp-element-caption\">Waldenburg<\/figcaption><\/figure>\n\n\n\n<figure class=\"wp-block-image size-large\"><a href=\"https:\/\/ejw-oehringen.de\/wordpress\/wp-content\/uploads\/2021\/05\/IMG_20210331_220757_677.jpg\"><img loading=\"lazy\" decoding=\"async\" width=\"1024\" height=\"1024\" data-id=\"2837\" src=\"https:\/\/ejw-oehringen.de\/wordpress\/wp-content\/uploads\/2021\/05\/IMG_20210331_220757_677-1024x1024.jpg\" alt=\"\" class=\"wp-image-2837\" srcset=\"https:\/\/ejw-oehringen.de\/wordpress\/wp-content\/uploads\/2021\/05\/IMG_20210331_220757_677-1024x1024.jpg 1024w, https:\/\/ejw-oehringen.de\/wordpress\/wp-content\/uploads\/2021\/05\/IMG_20210331_220757_677-300x300.jpg 300w, https:\/\/ejw-oehringen.de\/wordpress\/wp-content\/uploads\/2021\/05\/IMG_20210331_220757_677-150x150.jpg 150w, https:\/\/ejw-oehringen.de\/wordpress\/wp-content\/uploads\/2021\/05\/IMG_20210331_220757_677-768x768.jpg 768w, https:\/\/ejw-oehringen.de\/wordpress\/wp-content\/uploads\/2021\/05\/IMG_20210331_220757_677-1320x1320.jpg 1320w, https:\/\/ejw-oehringen.de\/wordpress\/wp-content\/uploads\/2021\/05\/IMG_20210331_220757_677.jpg 1440w\" sizes=\"auto, (max-width: 1024px) 100vw, 1024px\" \/><\/a><figcaption class=\"wp-element-caption\">Neuenstein<\/figcaption><\/figure>\n\n\n\n<figure class=\"wp-block-image size-large\"><a href=\"https:\/\/ejw-oehringen.de\/wordpress\/wp-content\/uploads\/2021\/05\/IMG_20210331_220757_831.jpg\"><img loading=\"lazy\" decoding=\"async\" width=\"1024\" height=\"1024\" data-id=\"2838\" src=\"https:\/\/ejw-oehringen.de\/wordpress\/wp-content\/uploads\/2021\/05\/IMG_20210331_220757_831-1024x1024.jpg\" alt=\"\" class=\"wp-image-2838\" srcset=\"https:\/\/ejw-oehringen.de\/wordpress\/wp-content\/uploads\/2021\/05\/IMG_20210331_220757_831-1024x1024.jpg 1024w, https:\/\/ejw-oehringen.de\/wordpress\/wp-content\/uploads\/2021\/05\/IMG_20210331_220757_831-300x300.jpg 300w, https:\/\/ejw-oehringen.de\/wordpress\/wp-content\/uploads\/2021\/05\/IMG_20210331_220757_831-150x150.jpg 150w, https:\/\/ejw-oehringen.de\/wordpress\/wp-content\/uploads\/2021\/05\/IMG_20210331_220757_831-768x768.jpg 768w, https:\/\/ejw-oehringen.de\/wordpress\/wp-content\/uploads\/2021\/05\/IMG_20210331_220757_831-1320x1320.jpg 1320w, https:\/\/ejw-oehringen.de\/wordpress\/wp-content\/uploads\/2021\/05\/IMG_20210331_220757_831.jpg 1440w\" sizes=\"auto, (max-width: 1024px) 100vw, 1024px\" \/><\/a><figcaption class=\"wp-element-caption\">Eschental<\/figcaption><\/figure>\n\n\n\n<figure class=\"wp-block-image size-large\"><a href=\"https:\/\/ejw-oehringen.de\/wordpress\/wp-content\/uploads\/2021\/05\/20210429_185910-scaled.jpg\"><img loading=\"lazy\" decoding=\"async\" width=\"1024\" height=\"768\" data-id=\"2839\" src=\"https:\/\/ejw-oehringen.de\/wordpress\/wp-content\/uploads\/2021\/05\/20210429_185910-1024x768.jpg\" alt=\"\" class=\"wp-image-2839\" srcset=\"https:\/\/ejw-oehringen.de\/wordpress\/wp-content\/uploads\/2021\/05\/20210429_185910-1024x768.jpg 1024w, https:\/\/ejw-oehringen.de\/wordpress\/wp-content\/uploads\/2021\/05\/20210429_185910-300x225.jpg 300w, https:\/\/ejw-oehringen.de\/wordpress\/wp-content\/uploads\/2021\/05\/20210429_185910-768x576.jpg 768w, https:\/\/ejw-oehringen.de\/wordpress\/wp-content\/uploads\/2021\/05\/20210429_185910-1536x1152.jpg 1536w, https:\/\/ejw-oehringen.de\/wordpress\/wp-content\/uploads\/2021\/05\/20210429_185910-2048x1536.jpg 2048w, https:\/\/ejw-oehringen.de\/wordpress\/wp-content\/uploads\/2021\/05\/20210429_185910-200x150.jpg 200w, https:\/\/ejw-oehringen.de\/wordpress\/wp-content\/uploads\/2021\/05\/20210429_185910-150x113.jpg 150w, https:\/\/ejw-oehringen.de\/wordpress\/wp-content\/uploads\/2021\/05\/20210429_185910-1320x990.jpg 1320w\" sizes=\"auto, (max-width: 1024px) 100vw, 1024px\" \/><\/a><figcaption class=\"wp-element-caption\">Kirchensall<\/figcaption><\/figure>\n<\/figure>\n<\/div>\n<\/div>\n\n\n\n<figure class=\"wp-block-image size-large\"><a href=\"https:\/\/www.youtube.com\/watch?v=dozlDA41zPg&amp;feature=youtu.be\" target=\"_blank\" rel=\"noopener\"><img loading=\"lazy\" decoding=\"async\" width=\"1024\" height=\"618\" src=\"https:\/\/ejw-oehringen.de\/wordpress\/wp-content\/uploads\/2021\/01\/Gottesdienst-vom-24.-1-zur-Uebergabe-des-Nagelkreuzes-mit-dem-Jugendwerk-Oehr-1024x618.png\" alt=\"\" class=\"wp-image-2715\" srcset=\"https:\/\/ejw-oehringen.de\/wordpress\/wp-content\/uploads\/2021\/01\/Gottesdienst-vom-24.-1-zur-Uebergabe-des-Nagelkreuzes-mit-dem-Jugendwerk-Oehr-1024x618.png 1024w, https:\/\/ejw-oehringen.de\/wordpress\/wp-content\/uploads\/2021\/01\/Gottesdienst-vom-24.-1-zur-Uebergabe-des-Nagelkreuzes-mit-dem-Jugendwerk-Oehr-300x181.png 300w, https:\/\/ejw-oehringen.de\/wordpress\/wp-content\/uploads\/2021\/01\/Gottesdienst-vom-24.-1-zur-Uebergabe-des-Nagelkreuzes-mit-dem-Jugendwerk-Oehr-768x463.png 768w, https:\/\/ejw-oehringen.de\/wordpress\/wp-content\/uploads\/2021\/01\/Gottesdienst-vom-24.-1-zur-Uebergabe-des-Nagelkreuzes-mit-dem-Jugendwerk-Oehr-250x150.png 250w, https:\/\/ejw-oehringen.de\/wordpress\/wp-content\/uploads\/2021\/01\/Gottesdienst-vom-24.-1-zur-Uebergabe-des-Nagelkreuzes-mit-dem-Jugendwerk-Oehr-150x90.png 150w, https:\/\/ejw-oehringen.de\/wordpress\/wp-content\/uploads\/2021\/01\/Gottesdienst-vom-24.-1-zur-Uebergabe-des-Nagelkreuzes-mit-dem-Jugendwerk-Oehr.png 1308w\" sizes=\"auto, (max-width: 1024px) 100vw, 1024px\" \/><\/a><\/figure>\n\n\n\n<figure class=\"wp-block-embed is-type-video is-provider-youtube wp-block-embed-youtube wp-embed-aspect-16-9 wp-has-aspect-ratio\"><div class=\"wp-block-embed__wrapper\">\n<iframe loading=\"lazy\" title=\"2021-02-19 Vers\u00f6hnungsgebet\" width=\"800\" height=\"450\" src=\"https:\/\/www.youtube.com\/embed\/gmh1f3HOu4c?feature=oembed\" frameborder=\"0\" allow=\"accelerometer; autoplay; clipboard-write; encrypted-media; gyroscope; picture-in-picture; web-share\" referrerpolicy=\"strict-origin-when-cross-origin\" allowfullscreen><\/iframe>\n<\/div><\/figure>\n\n\n\n<hr class=\"wp-block-separator has-css-opacity\"\/>\n\n\n\n<figure class=\"wp-block-gallery has-nested-images columns-default is-cropped wp-block-gallery-8 is-layout-flex wp-block-gallery-is-layout-flex\">\n<figure class=\"wp-block-image size-large\"><img loading=\"lazy\" decoding=\"async\" width=\"726\" height=\"1024\" data-id=\"2564\" src=\"https:\/\/ejw-oehringen.de\/wordpress\/wp-content\/uploads\/2020\/11\/Gedenkgottesdienst_1-1-726x1024.jpg\" alt=\"\" class=\"wp-image-2564\" srcset=\"https:\/\/ejw-oehringen.de\/wordpress\/wp-content\/uploads\/2020\/11\/Gedenkgottesdienst_1-1-726x1024.jpg 726w, https:\/\/ejw-oehringen.de\/wordpress\/wp-content\/uploads\/2020\/11\/Gedenkgottesdienst_1-1-213x300.jpg 213w, https:\/\/ejw-oehringen.de\/wordpress\/wp-content\/uploads\/2020\/11\/Gedenkgottesdienst_1-1-768x1083.jpg 768w, https:\/\/ejw-oehringen.de\/wordpress\/wp-content\/uploads\/2020\/11\/Gedenkgottesdienst_1-1-1090x1536.jpg 1090w, https:\/\/ejw-oehringen.de\/wordpress\/wp-content\/uploads\/2020\/11\/Gedenkgottesdienst_1-1-106x150.jpg 106w, https:\/\/ejw-oehringen.de\/wordpress\/wp-content\/uploads\/2020\/11\/Gedenkgottesdienst_1-1.jpg 1240w\" sizes=\"auto, (max-width: 726px) 100vw, 726px\" \/><\/figure>\n\n\n\n<figure class=\"wp-block-image size-large\"><img loading=\"lazy\" decoding=\"async\" width=\"707\" height=\"1024\" data-id=\"2563\" src=\"https:\/\/ejw-oehringen.de\/wordpress\/wp-content\/uploads\/2020\/11\/Gedenkgottesdienst_2-1-707x1024.jpg\" alt=\"\" class=\"wp-image-2563\" srcset=\"https:\/\/ejw-oehringen.de\/wordpress\/wp-content\/uploads\/2020\/11\/Gedenkgottesdienst_2-1-707x1024.jpg 707w, https:\/\/ejw-oehringen.de\/wordpress\/wp-content\/uploads\/2020\/11\/Gedenkgottesdienst_2-1-207x300.jpg 207w, https:\/\/ejw-oehringen.de\/wordpress\/wp-content\/uploads\/2020\/11\/Gedenkgottesdienst_2-1-768x1112.jpg 768w, https:\/\/ejw-oehringen.de\/wordpress\/wp-content\/uploads\/2020\/11\/Gedenkgottesdienst_2-1-1061x1536.jpg 1061w, https:\/\/ejw-oehringen.de\/wordpress\/wp-content\/uploads\/2020\/11\/Gedenkgottesdienst_2-1-104x150.jpg 104w, https:\/\/ejw-oehringen.de\/wordpress\/wp-content\/uploads\/2020\/11\/Gedenkgottesdienst_2-1.jpg 1220w\" sizes=\"auto, (max-width: 707px) 100vw, 707px\" \/><\/figure>\n\n\n\n<figure class=\"wp-block-image size-large\"><img loading=\"lazy\" decoding=\"async\" width=\"1024\" height=\"768\" data-id=\"2566\" src=\"https:\/\/ejw-oehringen.de\/wordpress\/wp-content\/uploads\/2020\/11\/20201114_184041-1024x768.jpg\" alt=\"\" class=\"wp-image-2566\" srcset=\"https:\/\/ejw-oehringen.de\/wordpress\/wp-content\/uploads\/2020\/11\/20201114_184041-1024x768.jpg 1024w, https:\/\/ejw-oehringen.de\/wordpress\/wp-content\/uploads\/2020\/11\/20201114_184041-300x225.jpg 300w, https:\/\/ejw-oehringen.de\/wordpress\/wp-content\/uploads\/2020\/11\/20201114_184041-768x576.jpg 768w, https:\/\/ejw-oehringen.de\/wordpress\/wp-content\/uploads\/2020\/11\/20201114_184041-1536x1152.jpg 1536w, https:\/\/ejw-oehringen.de\/wordpress\/wp-content\/uploads\/2020\/11\/20201114_184041-2048x1536.jpg 2048w, https:\/\/ejw-oehringen.de\/wordpress\/wp-content\/uploads\/2020\/11\/20201114_184041-200x150.jpg 200w, https:\/\/ejw-oehringen.de\/wordpress\/wp-content\/uploads\/2020\/11\/20201114_184041-150x113.jpg 150w, https:\/\/ejw-oehringen.de\/wordpress\/wp-content\/uploads\/2020\/11\/20201114_184041-1320x990.jpg 1320w\" sizes=\"auto, (max-width: 1024px) 100vw, 1024px\" \/><\/figure>\n\n\n\n<figure class=\"wp-block-image size-large\"><img loading=\"lazy\" decoding=\"async\" width=\"596\" height=\"1024\" data-id=\"2569\" src=\"https:\/\/ejw-oehringen.de\/wordpress\/wp-content\/uploads\/2020\/11\/20201114_192402-596x1024.jpg\" alt=\"\" class=\"wp-image-2569\" srcset=\"https:\/\/ejw-oehringen.de\/wordpress\/wp-content\/uploads\/2020\/11\/20201114_192402-596x1024.jpg 596w, https:\/\/ejw-oehringen.de\/wordpress\/wp-content\/uploads\/2020\/11\/20201114_192402-175x300.jpg 175w, https:\/\/ejw-oehringen.de\/wordpress\/wp-content\/uploads\/2020\/11\/20201114_192402-768x1319.jpg 768w, https:\/\/ejw-oehringen.de\/wordpress\/wp-content\/uploads\/2020\/11\/20201114_192402-894x1536.jpg 894w, https:\/\/ejw-oehringen.de\/wordpress\/wp-content\/uploads\/2020\/11\/20201114_192402-1192x2048.jpg 1192w, https:\/\/ejw-oehringen.de\/wordpress\/wp-content\/uploads\/2020\/11\/20201114_192402-87x150.jpg 87w, https:\/\/ejw-oehringen.de\/wordpress\/wp-content\/uploads\/2020\/11\/20201114_192402-1320x2268.jpg 1320w, https:\/\/ejw-oehringen.de\/wordpress\/wp-content\/uploads\/2020\/11\/20201114_192402-scaled.jpg 1490w\" sizes=\"auto, (max-width: 596px) 100vw, 596px\" \/><\/figure>\n\n\n\n<figure class=\"wp-block-image size-large\"><img loading=\"lazy\" decoding=\"async\" width=\"1024\" height=\"768\" data-id=\"2568\" src=\"https:\/\/ejw-oehringen.de\/wordpress\/wp-content\/uploads\/2020\/11\/20201114_185812-1024x768.jpg\" alt=\"\" class=\"wp-image-2568\" srcset=\"https:\/\/ejw-oehringen.de\/wordpress\/wp-content\/uploads\/2020\/11\/20201114_185812-1024x768.jpg 1024w, https:\/\/ejw-oehringen.de\/wordpress\/wp-content\/uploads\/2020\/11\/20201114_185812-300x225.jpg 300w, https:\/\/ejw-oehringen.de\/wordpress\/wp-content\/uploads\/2020\/11\/20201114_185812-768x576.jpg 768w, https:\/\/ejw-oehringen.de\/wordpress\/wp-content\/uploads\/2020\/11\/20201114_185812-1536x1152.jpg 1536w, https:\/\/ejw-oehringen.de\/wordpress\/wp-content\/uploads\/2020\/11\/20201114_185812-2048x1536.jpg 2048w, https:\/\/ejw-oehringen.de\/wordpress\/wp-content\/uploads\/2020\/11\/20201114_185812-200x150.jpg 200w, https:\/\/ejw-oehringen.de\/wordpress\/wp-content\/uploads\/2020\/11\/20201114_185812-150x113.jpg 150w, https:\/\/ejw-oehringen.de\/wordpress\/wp-content\/uploads\/2020\/11\/20201114_185812-1320x990.jpg 1320w\" sizes=\"auto, (max-width: 1024px) 100vw, 1024px\" \/><\/figure>\n\n\n\n<figure class=\"wp-block-image size-large\"><img loading=\"lazy\" decoding=\"async\" width=\"1024\" height=\"768\" data-id=\"2567\" src=\"https:\/\/ejw-oehringen.de\/wordpress\/wp-content\/uploads\/2020\/11\/20201114_184128-1024x768.jpg\" alt=\"\" class=\"wp-image-2567\" srcset=\"https:\/\/ejw-oehringen.de\/wordpress\/wp-content\/uploads\/2020\/11\/20201114_184128-1024x768.jpg 1024w, https:\/\/ejw-oehringen.de\/wordpress\/wp-content\/uploads\/2020\/11\/20201114_184128-300x225.jpg 300w, https:\/\/ejw-oehringen.de\/wordpress\/wp-content\/uploads\/2020\/11\/20201114_184128-768x576.jpg 768w, https:\/\/ejw-oehringen.de\/wordpress\/wp-content\/uploads\/2020\/11\/20201114_184128-1536x1152.jpg 1536w, https:\/\/ejw-oehringen.de\/wordpress\/wp-content\/uploads\/2020\/11\/20201114_184128-2048x1536.jpg 2048w, https:\/\/ejw-oehringen.de\/wordpress\/wp-content\/uploads\/2020\/11\/20201114_184128-200x150.jpg 200w, https:\/\/ejw-oehringen.de\/wordpress\/wp-content\/uploads\/2020\/11\/20201114_184128-150x113.jpg 150w, https:\/\/ejw-oehringen.de\/wordpress\/wp-content\/uploads\/2020\/11\/20201114_184128-1320x990.jpg 1320w\" sizes=\"auto, (max-width: 1024px) 100vw, 1024px\" \/><\/figure>\n<\/figure>\n\n\n\n<figure class=\"wp-block-embed is-type-rich is-provider-handler-einbetten wp-block-embed-handler-einbetten wp-embed-aspect-16-9 wp-has-aspect-ratio\"><div class=\"wp-block-embed__wrapper\">\n<iframe loading=\"lazy\" title=\"ej\u00f6 Gedenkgottesdienst 80 Jahre Coventry\" width=\"800\" height=\"450\" src=\"https:\/\/www.youtube.com\/embed\/WdVHzBG6ijE?feature=oembed\" frameborder=\"0\" allow=\"accelerometer; autoplay; clipboard-write; encrypted-media; gyroscope; picture-in-picture; web-share\" referrerpolicy=\"strict-origin-when-cross-origin\" allowfullscreen><\/iframe>\n<\/div><\/figure>\n\n\n\n<figure class=\"wp-block-gallery has-nested-images columns-default is-cropped wp-block-gallery-9 is-layout-flex wp-block-gallery-is-layout-flex\">\n<figure class=\"wp-block-image size-large\"><img loading=\"lazy\" decoding=\"async\" width=\"1004\" height=\"566\" data-id=\"2622\" src=\"https:\/\/ejw-oehringen.de\/wordpress\/wp-content\/uploads\/2020\/11\/2020-11-27-11_52_19-Window.png\" alt=\"\" class=\"wp-image-2622\" srcset=\"https:\/\/ejw-oehringen.de\/wordpress\/wp-content\/uploads\/2020\/11\/2020-11-27-11_52_19-Window.png 1004w, https:\/\/ejw-oehringen.de\/wordpress\/wp-content\/uploads\/2020\/11\/2020-11-27-11_52_19-Window-300x169.png 300w, https:\/\/ejw-oehringen.de\/wordpress\/wp-content\/uploads\/2020\/11\/2020-11-27-11_52_19-Window-768x433.png 768w, https:\/\/ejw-oehringen.de\/wordpress\/wp-content\/uploads\/2020\/11\/2020-11-27-11_52_19-Window-250x141.png 250w, https:\/\/ejw-oehringen.de\/wordpress\/wp-content\/uploads\/2020\/11\/2020-11-27-11_52_19-Window-150x85.png 150w, https:\/\/ejw-oehringen.de\/wordpress\/wp-content\/uploads\/2020\/11\/2020-11-27-11_52_19-Window-356x201.png 356w\" sizes=\"auto, (max-width: 1004px) 100vw, 1004px\" \/><\/figure>\n\n\n\n<figure class=\"wp-block-image size-large\"><img loading=\"lazy\" decoding=\"async\" width=\"1010\" height=\"568\" data-id=\"2623\" src=\"https:\/\/ejw-oehringen.de\/wordpress\/wp-content\/uploads\/2020\/11\/2020-11-27-11_52_39-Window.png\" alt=\"\" class=\"wp-image-2623\" srcset=\"https:\/\/ejw-oehringen.de\/wordpress\/wp-content\/uploads\/2020\/11\/2020-11-27-11_52_39-Window.png 1010w, https:\/\/ejw-oehringen.de\/wordpress\/wp-content\/uploads\/2020\/11\/2020-11-27-11_52_39-Window-300x169.png 300w, https:\/\/ejw-oehringen.de\/wordpress\/wp-content\/uploads\/2020\/11\/2020-11-27-11_52_39-Window-768x432.png 768w, https:\/\/ejw-oehringen.de\/wordpress\/wp-content\/uploads\/2020\/11\/2020-11-27-11_52_39-Window-250x141.png 250w, https:\/\/ejw-oehringen.de\/wordpress\/wp-content\/uploads\/2020\/11\/2020-11-27-11_52_39-Window-150x84.png 150w, https:\/\/ejw-oehringen.de\/wordpress\/wp-content\/uploads\/2020\/11\/2020-11-27-11_52_39-Window-356x201.png 356w\" sizes=\"auto, (max-width: 1010px) 100vw, 1010px\" \/><\/figure>\n\n\n\n<figure class=\"wp-block-image size-large\"><img loading=\"lazy\" decoding=\"async\" width=\"1006\" height=\"562\" data-id=\"2624\" src=\"https:\/\/ejw-oehringen.de\/wordpress\/wp-content\/uploads\/2020\/11\/2020-11-27-11_53_11-Window.png\" alt=\"\" class=\"wp-image-2624\" srcset=\"https:\/\/ejw-oehringen.de\/wordpress\/wp-content\/uploads\/2020\/11\/2020-11-27-11_53_11-Window.png 1006w, https:\/\/ejw-oehringen.de\/wordpress\/wp-content\/uploads\/2020\/11\/2020-11-27-11_53_11-Window-300x168.png 300w, https:\/\/ejw-oehringen.de\/wordpress\/wp-content\/uploads\/2020\/11\/2020-11-27-11_53_11-Window-768x429.png 768w, https:\/\/ejw-oehringen.de\/wordpress\/wp-content\/uploads\/2020\/11\/2020-11-27-11_53_11-Window-250x140.png 250w, https:\/\/ejw-oehringen.de\/wordpress\/wp-content\/uploads\/2020\/11\/2020-11-27-11_53_11-Window-150x84.png 150w\" sizes=\"auto, (max-width: 1006px) 100vw, 1006px\" \/><\/figure>\n\n\n\n<figure class=\"wp-block-image size-large\"><img loading=\"lazy\" decoding=\"async\" width=\"1005\" height=\"566\" data-id=\"2625\" src=\"https:\/\/ejw-oehringen.de\/wordpress\/wp-content\/uploads\/2020\/11\/2020-11-27-11_54_03-Window.png\" alt=\"\" class=\"wp-image-2625\" srcset=\"https:\/\/ejw-oehringen.de\/wordpress\/wp-content\/uploads\/2020\/11\/2020-11-27-11_54_03-Window.png 1005w, https:\/\/ejw-oehringen.de\/wordpress\/wp-content\/uploads\/2020\/11\/2020-11-27-11_54_03-Window-300x169.png 300w, https:\/\/ejw-oehringen.de\/wordpress\/wp-content\/uploads\/2020\/11\/2020-11-27-11_54_03-Window-768x433.png 768w, https:\/\/ejw-oehringen.de\/wordpress\/wp-content\/uploads\/2020\/11\/2020-11-27-11_54_03-Window-250x141.png 250w, https:\/\/ejw-oehringen.de\/wordpress\/wp-content\/uploads\/2020\/11\/2020-11-27-11_54_03-Window-150x84.png 150w, https:\/\/ejw-oehringen.de\/wordpress\/wp-content\/uploads\/2020\/11\/2020-11-27-11_54_03-Window-356x201.png 356w\" sizes=\"auto, (max-width: 1005px) 100vw, 1005px\" \/><\/figure>\n\n\n\n<figure class=\"wp-block-image size-large\"><img loading=\"lazy\" decoding=\"async\" width=\"1001\" height=\"563\" data-id=\"2627\" src=\"https:\/\/ejw-oehringen.de\/wordpress\/wp-content\/uploads\/2020\/11\/2020-11-27-11_56_03-Window.png\" alt=\"\" class=\"wp-image-2627\" srcset=\"https:\/\/ejw-oehringen.de\/wordpress\/wp-content\/uploads\/2020\/11\/2020-11-27-11_56_03-Window.png 1001w, https:\/\/ejw-oehringen.de\/wordpress\/wp-content\/uploads\/2020\/11\/2020-11-27-11_56_03-Window-300x169.png 300w, https:\/\/ejw-oehringen.de\/wordpress\/wp-content\/uploads\/2020\/11\/2020-11-27-11_56_03-Window-768x432.png 768w, https:\/\/ejw-oehringen.de\/wordpress\/wp-content\/uploads\/2020\/11\/2020-11-27-11_56_03-Window-250x141.png 250w, https:\/\/ejw-oehringen.de\/wordpress\/wp-content\/uploads\/2020\/11\/2020-11-27-11_56_03-Window-150x84.png 150w, https:\/\/ejw-oehringen.de\/wordpress\/wp-content\/uploads\/2020\/11\/2020-11-27-11_56_03-Window-356x201.png 356w\" sizes=\"auto, (max-width: 1001px) 100vw, 1001px\" \/><\/figure>\n\n\n\n<figure class=\"wp-block-image size-large\"><img loading=\"lazy\" decoding=\"async\" width=\"1011\" height=\"568\" data-id=\"2628\" src=\"https:\/\/ejw-oehringen.de\/wordpress\/wp-content\/uploads\/2020\/11\/2020-11-27-11_56_18-Window.png\" alt=\"\" class=\"wp-image-2628\" srcset=\"https:\/\/ejw-oehringen.de\/wordpress\/wp-content\/uploads\/2020\/11\/2020-11-27-11_56_18-Window.png 1011w, https:\/\/ejw-oehringen.de\/wordpress\/wp-content\/uploads\/2020\/11\/2020-11-27-11_56_18-Window-300x169.png 300w, https:\/\/ejw-oehringen.de\/wordpress\/wp-content\/uploads\/2020\/11\/2020-11-27-11_56_18-Window-768x431.png 768w, https:\/\/ejw-oehringen.de\/wordpress\/wp-content\/uploads\/2020\/11\/2020-11-27-11_56_18-Window-250x140.png 250w, https:\/\/ejw-oehringen.de\/wordpress\/wp-content\/uploads\/2020\/11\/2020-11-27-11_56_18-Window-150x84.png 150w, https:\/\/ejw-oehringen.de\/wordpress\/wp-content\/uploads\/2020\/11\/2020-11-27-11_56_18-Window-356x201.png 356w\" sizes=\"auto, (max-width: 1011px) 100vw, 1011px\" \/><\/figure>\n\n\n\n<figure class=\"wp-block-image size-large\"><img loading=\"lazy\" decoding=\"async\" width=\"1014\" height=\"564\" data-id=\"2629\" src=\"https:\/\/ejw-oehringen.de\/wordpress\/wp-content\/uploads\/2020\/11\/2020-11-27-11_58_15-Window.png\" alt=\"\" class=\"wp-image-2629\" srcset=\"https:\/\/ejw-oehringen.de\/wordpress\/wp-content\/uploads\/2020\/11\/2020-11-27-11_58_15-Window.png 1014w, https:\/\/ejw-oehringen.de\/wordpress\/wp-content\/uploads\/2020\/11\/2020-11-27-11_58_15-Window-300x167.png 300w, https:\/\/ejw-oehringen.de\/wordpress\/wp-content\/uploads\/2020\/11\/2020-11-27-11_58_15-Window-768x427.png 768w, https:\/\/ejw-oehringen.de\/wordpress\/wp-content\/uploads\/2020\/11\/2020-11-27-11_58_15-Window-250x139.png 250w, https:\/\/ejw-oehringen.de\/wordpress\/wp-content\/uploads\/2020\/11\/2020-11-27-11_58_15-Window-150x83.png 150w\" sizes=\"auto, (max-width: 1014px) 100vw, 1014px\" \/><\/figure>\n\n\n\n<figure class=\"wp-block-image size-large\"><img loading=\"lazy\" decoding=\"async\" width=\"991\" height=\"555\" data-id=\"2630\" src=\"https:\/\/ejw-oehringen.de\/wordpress\/wp-content\/uploads\/2020\/11\/2020-11-27-11_58_55-Window.png\" alt=\"\" class=\"wp-image-2630\" srcset=\"https:\/\/ejw-oehringen.de\/wordpress\/wp-content\/uploads\/2020\/11\/2020-11-27-11_58_55-Window.png 991w, https:\/\/ejw-oehringen.de\/wordpress\/wp-content\/uploads\/2020\/11\/2020-11-27-11_58_55-Window-300x168.png 300w, https:\/\/ejw-oehringen.de\/wordpress\/wp-content\/uploads\/2020\/11\/2020-11-27-11_58_55-Window-768x430.png 768w, https:\/\/ejw-oehringen.de\/wordpress\/wp-content\/uploads\/2020\/11\/2020-11-27-11_58_55-Window-250x140.png 250w, https:\/\/ejw-oehringen.de\/wordpress\/wp-content\/uploads\/2020\/11\/2020-11-27-11_58_55-Window-150x84.png 150w\" sizes=\"auto, (max-width: 991px) 100vw, 991px\" \/><\/figure>\n\n\n\n<figure class=\"wp-block-image size-large\"><img loading=\"lazy\" decoding=\"async\" width=\"985\" height=\"564\" data-id=\"2631\" src=\"https:\/\/ejw-oehringen.de\/wordpress\/wp-content\/uploads\/2020\/11\/2020-11-27-11_59_21-Window.png\" alt=\"\" class=\"wp-image-2631\" srcset=\"https:\/\/ejw-oehringen.de\/wordpress\/wp-content\/uploads\/2020\/11\/2020-11-27-11_59_21-Window.png 985w, https:\/\/ejw-oehringen.de\/wordpress\/wp-content\/uploads\/2020\/11\/2020-11-27-11_59_21-Window-300x172.png 300w, https:\/\/ejw-oehringen.de\/wordpress\/wp-content\/uploads\/2020\/11\/2020-11-27-11_59_21-Window-768x440.png 768w, https:\/\/ejw-oehringen.de\/wordpress\/wp-content\/uploads\/2020\/11\/2020-11-27-11_59_21-Window-250x143.png 250w, https:\/\/ejw-oehringen.de\/wordpress\/wp-content\/uploads\/2020\/11\/2020-11-27-11_59_21-Window-150x86.png 150w\" sizes=\"auto, (max-width: 985px) 100vw, 985px\" \/><\/figure>\n\n\n\n<figure class=\"wp-block-image size-large\"><img loading=\"lazy\" decoding=\"async\" width=\"699\" height=\"567\" data-id=\"2632\" src=\"https:\/\/ejw-oehringen.de\/wordpress\/wp-content\/uploads\/2020\/11\/2020-11-27-12_00_04-Window.png\" alt=\"\" class=\"wp-image-2632\" srcset=\"https:\/\/ejw-oehringen.de\/wordpress\/wp-content\/uploads\/2020\/11\/2020-11-27-12_00_04-Window.png 699w, https:\/\/ejw-oehringen.de\/wordpress\/wp-content\/uploads\/2020\/11\/2020-11-27-12_00_04-Window-300x243.png 300w, https:\/\/ejw-oehringen.de\/wordpress\/wp-content\/uploads\/2020\/11\/2020-11-27-12_00_04-Window-185x150.png 185w, https:\/\/ejw-oehringen.de\/wordpress\/wp-content\/uploads\/2020\/11\/2020-11-27-12_00_04-Window-150x122.png 150w\" sizes=\"auto, (max-width: 699px) 100vw, 699px\" \/><\/figure>\n\n\n\n<figure class=\"wp-block-image size-large\"><img loading=\"lazy\" decoding=\"async\" width=\"967\" height=\"640\" data-id=\"2633\" src=\"https:\/\/ejw-oehringen.de\/wordpress\/wp-content\/uploads\/2020\/11\/2020-11-27-12_00_31-Window.png\" alt=\"\" class=\"wp-image-2633\" srcset=\"https:\/\/ejw-oehringen.de\/wordpress\/wp-content\/uploads\/2020\/11\/2020-11-27-12_00_31-Window.png 967w, https:\/\/ejw-oehringen.de\/wordpress\/wp-content\/uploads\/2020\/11\/2020-11-27-12_00_31-Window-300x199.png 300w, https:\/\/ejw-oehringen.de\/wordpress\/wp-content\/uploads\/2020\/11\/2020-11-27-12_00_31-Window-768x508.png 768w, https:\/\/ejw-oehringen.de\/wordpress\/wp-content\/uploads\/2020\/11\/2020-11-27-12_00_31-Window-227x150.png 227w, https:\/\/ejw-oehringen.de\/wordpress\/wp-content\/uploads\/2020\/11\/2020-11-27-12_00_31-Window-150x99.png 150w\" sizes=\"auto, (max-width: 967px) 100vw, 967px\" \/><\/figure>\n\n\n\n<figure class=\"wp-block-image size-large\"><img loading=\"lazy\" decoding=\"async\" width=\"420\" height=\"561\" data-id=\"2634\" src=\"https:\/\/ejw-oehringen.de\/wordpress\/wp-content\/uploads\/2020\/11\/2020-11-27-12_00_48-Window.png\" alt=\"\" class=\"wp-image-2634\" srcset=\"https:\/\/ejw-oehringen.de\/wordpress\/wp-content\/uploads\/2020\/11\/2020-11-27-12_00_48-Window.png 420w, https:\/\/ejw-oehringen.de\/wordpress\/wp-content\/uploads\/2020\/11\/2020-11-27-12_00_48-Window-225x300.png 225w, https:\/\/ejw-oehringen.de\/wordpress\/wp-content\/uploads\/2020\/11\/2020-11-27-12_00_48-Window-112x150.png 112w\" sizes=\"auto, (max-width: 420px) 100vw, 420px\" \/><\/figure>\n\n\n\n<figure class=\"wp-block-image size-large\"><img loading=\"lazy\" decoding=\"async\" width=\"978\" height=\"568\" data-id=\"2635\" src=\"https:\/\/ejw-oehringen.de\/wordpress\/wp-content\/uploads\/2020\/11\/2020-11-27-12_00_58-Window.png\" alt=\"\" class=\"wp-image-2635\" srcset=\"https:\/\/ejw-oehringen.de\/wordpress\/wp-content\/uploads\/2020\/11\/2020-11-27-12_00_58-Window.png 978w, https:\/\/ejw-oehringen.de\/wordpress\/wp-content\/uploads\/2020\/11\/2020-11-27-12_00_58-Window-300x174.png 300w, https:\/\/ejw-oehringen.de\/wordpress\/wp-content\/uploads\/2020\/11\/2020-11-27-12_00_58-Window-768x446.png 768w, https:\/\/ejw-oehringen.de\/wordpress\/wp-content\/uploads\/2020\/11\/2020-11-27-12_00_58-Window-250x145.png 250w, https:\/\/ejw-oehringen.de\/wordpress\/wp-content\/uploads\/2020\/11\/2020-11-27-12_00_58-Window-150x87.png 150w\" sizes=\"auto, (max-width: 978px) 100vw, 978px\" \/><\/figure>\n\n\n\n<figure class=\"wp-block-image size-large\"><img loading=\"lazy\" decoding=\"async\" width=\"961\" height=\"567\" data-id=\"2637\" src=\"https:\/\/ejw-oehringen.de\/wordpress\/wp-content\/uploads\/2020\/11\/2020-11-27-12_04_15-Window.png\" alt=\"\" class=\"wp-image-2637\" srcset=\"https:\/\/ejw-oehringen.de\/wordpress\/wp-content\/uploads\/2020\/11\/2020-11-27-12_04_15-Window.png 961w, https:\/\/ejw-oehringen.de\/wordpress\/wp-content\/uploads\/2020\/11\/2020-11-27-12_04_15-Window-300x177.png 300w, https:\/\/ejw-oehringen.de\/wordpress\/wp-content\/uploads\/2020\/11\/2020-11-27-12_04_15-Window-768x453.png 768w, https:\/\/ejw-oehringen.de\/wordpress\/wp-content\/uploads\/2020\/11\/2020-11-27-12_04_15-Window-250x148.png 250w, https:\/\/ejw-oehringen.de\/wordpress\/wp-content\/uploads\/2020\/11\/2020-11-27-12_04_15-Window-150x89.png 150w\" sizes=\"auto, (max-width: 961px) 100vw, 961px\" \/><\/figure>\n\n\n\n<figure class=\"wp-block-image size-large\"><img loading=\"lazy\" decoding=\"async\" width=\"997\" height=\"562\" data-id=\"2619\" src=\"https:\/\/ejw-oehringen.de\/wordpress\/wp-content\/uploads\/2020\/11\/2020-11-27-12_05_05-Window.png\" alt=\"\" class=\"wp-image-2619\" srcset=\"https:\/\/ejw-oehringen.de\/wordpress\/wp-content\/uploads\/2020\/11\/2020-11-27-12_05_05-Window.png 997w, https:\/\/ejw-oehringen.de\/wordpress\/wp-content\/uploads\/2020\/11\/2020-11-27-12_05_05-Window-300x169.png 300w, https:\/\/ejw-oehringen.de\/wordpress\/wp-content\/uploads\/2020\/11\/2020-11-27-12_05_05-Window-768x433.png 768w, https:\/\/ejw-oehringen.de\/wordpress\/wp-content\/uploads\/2020\/11\/2020-11-27-12_05_05-Window-250x141.png 250w, https:\/\/ejw-oehringen.de\/wordpress\/wp-content\/uploads\/2020\/11\/2020-11-27-12_05_05-Window-150x85.png 150w, https:\/\/ejw-oehringen.de\/wordpress\/wp-content\/uploads\/2020\/11\/2020-11-27-12_05_05-Window-356x201.png 356w\" sizes=\"auto, (max-width: 997px) 100vw, 997px\" \/><\/figure>\n<figcaption class=\"blocks-gallery-caption wp-element-caption\">Gedenkgottesdienst am 14. November 2020 &#8211; 80 Jahre Bombardierung von Coventry<\/figcaption><\/figure>\n\n\n\n<hr class=\"wp-block-separator has-css-opacity\"\/>\n\n\n\n<hr class=\"wp-block-separator has-css-opacity\"\/>\n\n\n\n<figure class=\"wp-block-gallery has-nested-images columns-default is-cropped wp-block-gallery-10 is-layout-flex wp-block-gallery-is-layout-flex\">\n<figure class=\"wp-block-image size-large\"><img loading=\"lazy\" decoding=\"async\" width=\"1024\" height=\"716\" data-id=\"2575\" src=\"https:\/\/ejw-oehringen.de\/wordpress\/wp-content\/uploads\/2020\/11\/20201112_144720-1024x716.jpg\" alt=\"\" class=\"wp-image-2575\" srcset=\"https:\/\/ejw-oehringen.de\/wordpress\/wp-content\/uploads\/2020\/11\/20201112_144720-1024x716.jpg 1024w, https:\/\/ejw-oehringen.de\/wordpress\/wp-content\/uploads\/2020\/11\/20201112_144720-300x210.jpg 300w, https:\/\/ejw-oehringen.de\/wordpress\/wp-content\/uploads\/2020\/11\/20201112_144720-768x537.jpg 768w, https:\/\/ejw-oehringen.de\/wordpress\/wp-content\/uploads\/2020\/11\/20201112_144720-1536x1073.jpg 1536w, https:\/\/ejw-oehringen.de\/wordpress\/wp-content\/uploads\/2020\/11\/20201112_144720-2048x1431.jpg 2048w, https:\/\/ejw-oehringen.de\/wordpress\/wp-content\/uploads\/2020\/11\/20201112_144720-215x150.jpg 215w, https:\/\/ejw-oehringen.de\/wordpress\/wp-content\/uploads\/2020\/11\/20201112_144720-150x105.jpg 150w, https:\/\/ejw-oehringen.de\/wordpress\/wp-content\/uploads\/2020\/11\/20201112_144720-1320x922.jpg 1320w\" sizes=\"auto, (max-width: 1024px) 100vw, 1024px\" \/><\/figure>\n\n\n\n<figure class=\"wp-block-image size-large\"><img loading=\"lazy\" decoding=\"async\" width=\"768\" height=\"1024\" data-id=\"2576\" src=\"https:\/\/ejw-oehringen.de\/wordpress\/wp-content\/uploads\/2020\/11\/20201114_182931-768x1024.jpg\" alt=\"\" class=\"wp-image-2576\" srcset=\"https:\/\/ejw-oehringen.de\/wordpress\/wp-content\/uploads\/2020\/11\/20201114_182931-768x1024.jpg 768w, https:\/\/ejw-oehringen.de\/wordpress\/wp-content\/uploads\/2020\/11\/20201114_182931-225x300.jpg 225w, https:\/\/ejw-oehringen.de\/wordpress\/wp-content\/uploads\/2020\/11\/20201114_182931-1152x1536.jpg 1152w, https:\/\/ejw-oehringen.de\/wordpress\/wp-content\/uploads\/2020\/11\/20201114_182931-1536x2048.jpg 1536w, https:\/\/ejw-oehringen.de\/wordpress\/wp-content\/uploads\/2020\/11\/20201114_182931-113x150.jpg 113w, https:\/\/ejw-oehringen.de\/wordpress\/wp-content\/uploads\/2020\/11\/20201114_182931-1320x1760.jpg 1320w, https:\/\/ejw-oehringen.de\/wordpress\/wp-content\/uploads\/2020\/11\/20201114_182931-scaled.jpg 1920w\" sizes=\"auto, (max-width: 768px) 100vw, 768px\" \/><\/figure>\n\n\n\n<figure class=\"wp-block-image size-large\"><img loading=\"lazy\" decoding=\"async\" width=\"768\" height=\"1024\" data-id=\"2571\" src=\"https:\/\/ejw-oehringen.de\/wordpress\/wp-content\/uploads\/2020\/11\/20201114_195928-768x1024.jpg\" alt=\"\" class=\"wp-image-2571\" srcset=\"https:\/\/ejw-oehringen.de\/wordpress\/wp-content\/uploads\/2020\/11\/20201114_195928-768x1024.jpg 768w, https:\/\/ejw-oehringen.de\/wordpress\/wp-content\/uploads\/2020\/11\/20201114_195928-225x300.jpg 225w, https:\/\/ejw-oehringen.de\/wordpress\/wp-content\/uploads\/2020\/11\/20201114_195928-1152x1536.jpg 1152w, https:\/\/ejw-oehringen.de\/wordpress\/wp-content\/uploads\/2020\/11\/20201114_195928-1536x2048.jpg 1536w, https:\/\/ejw-oehringen.de\/wordpress\/wp-content\/uploads\/2020\/11\/20201114_195928-113x150.jpg 113w, https:\/\/ejw-oehringen.de\/wordpress\/wp-content\/uploads\/2020\/11\/20201114_195928-1320x1760.jpg 1320w, https:\/\/ejw-oehringen.de\/wordpress\/wp-content\/uploads\/2020\/11\/20201114_195928-scaled.jpg 1920w\" sizes=\"auto, (max-width: 768px) 100vw, 768px\" \/><\/figure>\n\n\n\n<figure class=\"wp-block-image size-large\"><img loading=\"lazy\" decoding=\"async\" width=\"725\" height=\"1024\" data-id=\"2574\" src=\"https:\/\/ejw-oehringen.de\/wordpress\/wp-content\/uploads\/2020\/11\/Gebetsanliegen-725x1024.jpg\" alt=\"\" class=\"wp-image-2574\" srcset=\"https:\/\/ejw-oehringen.de\/wordpress\/wp-content\/uploads\/2020\/11\/Gebetsanliegen-725x1024.jpg 725w, https:\/\/ejw-oehringen.de\/wordpress\/wp-content\/uploads\/2020\/11\/Gebetsanliegen-212x300.jpg 212w, https:\/\/ejw-oehringen.de\/wordpress\/wp-content\/uploads\/2020\/11\/Gebetsanliegen-768x1085.jpg 768w, https:\/\/ejw-oehringen.de\/wordpress\/wp-content\/uploads\/2020\/11\/Gebetsanliegen-1087x1536.jpg 1087w, https:\/\/ejw-oehringen.de\/wordpress\/wp-content\/uploads\/2020\/11\/Gebetsanliegen-1449x2048.jpg 1449w, https:\/\/ejw-oehringen.de\/wordpress\/wp-content\/uploads\/2020\/11\/Gebetsanliegen-106x150.jpg 106w, https:\/\/ejw-oehringen.de\/wordpress\/wp-content\/uploads\/2020\/11\/Gebetsanliegen-1320x1865.jpg 1320w, https:\/\/ejw-oehringen.de\/wordpress\/wp-content\/uploads\/2020\/11\/Gebetsanliegen.jpg 1772w\" sizes=\"auto, (max-width: 725px) 100vw, 725px\" \/><\/figure>\n<\/figure>\n\n\n\n<h5 class=\"wp-block-heading has-text-align-center\" id=\"uber-diesen-link-konnt-ihr-eure-gebetsanliegen-online-eingeben\"><a href=\"https:\/\/ejw-oehringen.de\/wordpress\/?page_id=2384\" target=\"_blank\" rel=\"noreferrer noopener\">\u00dcber diesen Link k\u00f6nnt ihr eure Gebetsanliegen online eingeben.<\/a><\/h5>\n\n\n\n<hr class=\"wp-block-separator has-css-opacity\"\/>\n\n\n\n<figure class=\"wp-block-gallery has-nested-images columns-3 is-cropped wp-block-gallery-11 is-layout-flex wp-block-gallery-is-layout-flex\">\n<figure class=\"wp-block-image size-large\"><img loading=\"lazy\" decoding=\"async\" width=\"1024\" height=\"768\" data-id=\"2246\" src=\"https:\/\/ejw-oehringen.de\/wordpress\/wp-content\/uploads\/2019\/12\/20191220_133413-1024x768.jpg\" alt=\"\" class=\"wp-image-2246\" srcset=\"https:\/\/ejw-oehringen.de\/wordpress\/wp-content\/uploads\/2019\/12\/20191220_133413-1024x768.jpg 1024w, https:\/\/ejw-oehringen.de\/wordpress\/wp-content\/uploads\/2019\/12\/20191220_133413-300x225.jpg 300w, https:\/\/ejw-oehringen.de\/wordpress\/wp-content\/uploads\/2019\/12\/20191220_133413-768x576.jpg 768w, https:\/\/ejw-oehringen.de\/wordpress\/wp-content\/uploads\/2019\/12\/20191220_133413-1536x1152.jpg 1536w, https:\/\/ejw-oehringen.de\/wordpress\/wp-content\/uploads\/2019\/12\/20191220_133413-2048x1536.jpg 2048w, https:\/\/ejw-oehringen.de\/wordpress\/wp-content\/uploads\/2019\/12\/20191220_133413-200x150.jpg 200w, https:\/\/ejw-oehringen.de\/wordpress\/wp-content\/uploads\/2019\/12\/20191220_133413-150x113.jpg 150w, https:\/\/ejw-oehringen.de\/wordpress\/wp-content\/uploads\/2019\/12\/20191220_133413-1320x990.jpg 1320w\" sizes=\"auto, (max-width: 1024px) 100vw, 1024px\" \/><\/figure>\n\n\n\n<figure class=\"wp-block-image size-large\"><img loading=\"lazy\" decoding=\"async\" width=\"1024\" height=\"768\" data-id=\"2245\" src=\"https:\/\/ejw-oehringen.de\/wordpress\/wp-content\/uploads\/2019\/12\/20191220_133101-1024x768.jpg\" alt=\"\" class=\"wp-image-2245\" srcset=\"https:\/\/ejw-oehringen.de\/wordpress\/wp-content\/uploads\/2019\/12\/20191220_133101-1024x768.jpg 1024w, https:\/\/ejw-oehringen.de\/wordpress\/wp-content\/uploads\/2019\/12\/20191220_133101-300x225.jpg 300w, https:\/\/ejw-oehringen.de\/wordpress\/wp-content\/uploads\/2019\/12\/20191220_133101-768x576.jpg 768w, https:\/\/ejw-oehringen.de\/wordpress\/wp-content\/uploads\/2019\/12\/20191220_133101-1536x1152.jpg 1536w, https:\/\/ejw-oehringen.de\/wordpress\/wp-content\/uploads\/2019\/12\/20191220_133101-2048x1536.jpg 2048w, https:\/\/ejw-oehringen.de\/wordpress\/wp-content\/uploads\/2019\/12\/20191220_133101-200x150.jpg 200w, https:\/\/ejw-oehringen.de\/wordpress\/wp-content\/uploads\/2019\/12\/20191220_133101-150x113.jpg 150w, https:\/\/ejw-oehringen.de\/wordpress\/wp-content\/uploads\/2019\/12\/20191220_133101-1320x990.jpg 1320w\" sizes=\"auto, (max-width: 1024px) 100vw, 1024px\" \/><\/figure>\n\n\n\n<figure class=\"wp-block-image size-large\"><img loading=\"lazy\" decoding=\"async\" width=\"1024\" height=\"768\" data-id=\"2244\" src=\"https:\/\/ejw-oehringen.de\/wordpress\/wp-content\/uploads\/2019\/12\/20191220_131950-1024x768.jpg\" alt=\"\" class=\"wp-image-2244\" srcset=\"https:\/\/ejw-oehringen.de\/wordpress\/wp-content\/uploads\/2019\/12\/20191220_131950-1024x768.jpg 1024w, https:\/\/ejw-oehringen.de\/wordpress\/wp-content\/uploads\/2019\/12\/20191220_131950-300x225.jpg 300w, https:\/\/ejw-oehringen.de\/wordpress\/wp-content\/uploads\/2019\/12\/20191220_131950-768x576.jpg 768w, https:\/\/ejw-oehringen.de\/wordpress\/wp-content\/uploads\/2019\/12\/20191220_131950-1536x1152.jpg 1536w, https:\/\/ejw-oehringen.de\/wordpress\/wp-content\/uploads\/2019\/12\/20191220_131950-2048x1536.jpg 2048w, https:\/\/ejw-oehringen.de\/wordpress\/wp-content\/uploads\/2019\/12\/20191220_131950-200x150.jpg 200w, https:\/\/ejw-oehringen.de\/wordpress\/wp-content\/uploads\/2019\/12\/20191220_131950-150x113.jpg 150w, https:\/\/ejw-oehringen.de\/wordpress\/wp-content\/uploads\/2019\/12\/20191220_131950-1320x990.jpg 1320w\" sizes=\"auto, (max-width: 1024px) 100vw, 1024px\" \/><\/figure>\n\n\n\n<figure class=\"wp-block-image size-large\"><img loading=\"lazy\" decoding=\"async\" width=\"1024\" height=\"768\" data-id=\"2243\" src=\"https:\/\/ejw-oehringen.de\/wordpress\/wp-content\/uploads\/2019\/12\/20191220_131934-1024x768.jpg\" alt=\"\" class=\"wp-image-2243\" srcset=\"https:\/\/ejw-oehringen.de\/wordpress\/wp-content\/uploads\/2019\/12\/20191220_131934-1024x768.jpg 1024w, https:\/\/ejw-oehringen.de\/wordpress\/wp-content\/uploads\/2019\/12\/20191220_131934-300x225.jpg 300w, https:\/\/ejw-oehringen.de\/wordpress\/wp-content\/uploads\/2019\/12\/20191220_131934-768x576.jpg 768w, https:\/\/ejw-oehringen.de\/wordpress\/wp-content\/uploads\/2019\/12\/20191220_131934-1536x1152.jpg 1536w, https:\/\/ejw-oehringen.de\/wordpress\/wp-content\/uploads\/2019\/12\/20191220_131934-2048x1536.jpg 2048w, https:\/\/ejw-oehringen.de\/wordpress\/wp-content\/uploads\/2019\/12\/20191220_131934-200x150.jpg 200w, https:\/\/ejw-oehringen.de\/wordpress\/wp-content\/uploads\/2019\/12\/20191220_131934-150x113.jpg 150w, https:\/\/ejw-oehringen.de\/wordpress\/wp-content\/uploads\/2019\/12\/20191220_131934-1320x990.jpg 1320w\" sizes=\"auto, (max-width: 1024px) 100vw, 1024px\" \/><\/figure>\n<\/figure>\n\n\n\n<hr class=\"wp-block-separator has-css-opacity\"\/>\n\n\n\n<figure class=\"wp-block-gallery has-nested-images columns-2 is-cropped wp-block-gallery-12 is-layout-flex wp-block-gallery-is-layout-flex\">\n<figure class=\"wp-block-image size-large\"><img loading=\"lazy\" decoding=\"async\" width=\"1024\" height=\"678\" data-id=\"2206\" src=\"https:\/\/ejw-oehringen.de\/wordpress\/wp-content\/uploads\/2019\/12\/img09274_191013EJ\u251c\u00fb-Nagelkreuzgottesdienst_FrankLutz-1024x678.jpg\" alt=\"\" class=\"wp-image-2206\" srcset=\"https:\/\/ejw-oehringen.de\/wordpress\/wp-content\/uploads\/2019\/12\/img09274_191013EJ\u251c\u00fb-Nagelkreuzgottesdienst_FrankLutz-1024x678.jpg 1024w, https:\/\/ejw-oehringen.de\/wordpress\/wp-content\/uploads\/2019\/12\/img09274_191013EJ\u251c\u00fb-Nagelkreuzgottesdienst_FrankLutz-300x199.jpg 300w, https:\/\/ejw-oehringen.de\/wordpress\/wp-content\/uploads\/2019\/12\/img09274_191013EJ\u251c\u00fb-Nagelkreuzgottesdienst_FrankLutz-768x509.jpg 768w, https:\/\/ejw-oehringen.de\/wordpress\/wp-content\/uploads\/2019\/12\/img09274_191013EJ\u251c\u00fb-Nagelkreuzgottesdienst_FrankLutz-1536x1017.jpg 1536w, https:\/\/ejw-oehringen.de\/wordpress\/wp-content\/uploads\/2019\/12\/img09274_191013EJ\u251c\u00fb-Nagelkreuzgottesdienst_FrankLutz-2048x1356.jpg 2048w, https:\/\/ejw-oehringen.de\/wordpress\/wp-content\/uploads\/2019\/12\/img09274_191013EJ\u251c\u00fb-Nagelkreuzgottesdienst_FrankLutz-226x150.jpg 226w, https:\/\/ejw-oehringen.de\/wordpress\/wp-content\/uploads\/2019\/12\/img09274_191013EJ\u251c\u00fb-Nagelkreuzgottesdienst_FrankLutz-150x99.jpg 150w, https:\/\/ejw-oehringen.de\/wordpress\/wp-content\/uploads\/2019\/12\/img09274_191013EJ\u251c\u00fb-Nagelkreuzgottesdienst_FrankLutz-1320x874.jpg 1320w\" sizes=\"auto, (max-width: 1024px) 100vw, 1024px\" \/><\/figure>\n\n\n\n<figure class=\"wp-block-image size-large\"><img loading=\"lazy\" decoding=\"async\" width=\"1024\" height=\"678\" data-id=\"2207\" src=\"https:\/\/ejw-oehringen.de\/wordpress\/wp-content\/uploads\/2019\/12\/img09287_191013EJ\u251c\u00fb-Nagelkreuzgottesdienst_FrankLutz-1024x678.jpg\" alt=\"\" class=\"wp-image-2207\" srcset=\"https:\/\/ejw-oehringen.de\/wordpress\/wp-content\/uploads\/2019\/12\/img09287_191013EJ\u251c\u00fb-Nagelkreuzgottesdienst_FrankLutz-1024x678.jpg 1024w, https:\/\/ejw-oehringen.de\/wordpress\/wp-content\/uploads\/2019\/12\/img09287_191013EJ\u251c\u00fb-Nagelkreuzgottesdienst_FrankLutz-300x199.jpg 300w, https:\/\/ejw-oehringen.de\/wordpress\/wp-content\/uploads\/2019\/12\/img09287_191013EJ\u251c\u00fb-Nagelkreuzgottesdienst_FrankLutz-768x509.jpg 768w, https:\/\/ejw-oehringen.de\/wordpress\/wp-content\/uploads\/2019\/12\/img09287_191013EJ\u251c\u00fb-Nagelkreuzgottesdienst_FrankLutz-1536x1017.jpg 1536w, https:\/\/ejw-oehringen.de\/wordpress\/wp-content\/uploads\/2019\/12\/img09287_191013EJ\u251c\u00fb-Nagelkreuzgottesdienst_FrankLutz-2048x1356.jpg 2048w, https:\/\/ejw-oehringen.de\/wordpress\/wp-content\/uploads\/2019\/12\/img09287_191013EJ\u251c\u00fb-Nagelkreuzgottesdienst_FrankLutz-226x150.jpg 226w, https:\/\/ejw-oehringen.de\/wordpress\/wp-content\/uploads\/2019\/12\/img09287_191013EJ\u251c\u00fb-Nagelkreuzgottesdienst_FrankLutz-150x99.jpg 150w, https:\/\/ejw-oehringen.de\/wordpress\/wp-content\/uploads\/2019\/12\/img09287_191013EJ\u251c\u00fb-Nagelkreuzgottesdienst_FrankLutz-1320x874.jpg 1320w\" sizes=\"auto, (max-width: 1024px) 100vw, 1024px\" \/><\/figure>\n\n\n\n<figure class=\"wp-block-image size-large\"><img loading=\"lazy\" decoding=\"async\" width=\"1024\" height=\"678\" data-id=\"2208\" src=\"https:\/\/ejw-oehringen.de\/wordpress\/wp-content\/uploads\/2019\/12\/img09323_191013EJ\u251c\u00fb-Nagelkreuzgottesdienst_FrankLutz-1024x678.jpg\" alt=\"\" class=\"wp-image-2208\" srcset=\"https:\/\/ejw-oehringen.de\/wordpress\/wp-content\/uploads\/2019\/12\/img09323_191013EJ\u251c\u00fb-Nagelkreuzgottesdienst_FrankLutz-1024x678.jpg 1024w, https:\/\/ejw-oehringen.de\/wordpress\/wp-content\/uploads\/2019\/12\/img09323_191013EJ\u251c\u00fb-Nagelkreuzgottesdienst_FrankLutz-300x199.jpg 300w, https:\/\/ejw-oehringen.de\/wordpress\/wp-content\/uploads\/2019\/12\/img09323_191013EJ\u251c\u00fb-Nagelkreuzgottesdienst_FrankLutz-768x509.jpg 768w, https:\/\/ejw-oehringen.de\/wordpress\/wp-content\/uploads\/2019\/12\/img09323_191013EJ\u251c\u00fb-Nagelkreuzgottesdienst_FrankLutz-1536x1017.jpg 1536w, https:\/\/ejw-oehringen.de\/wordpress\/wp-content\/uploads\/2019\/12\/img09323_191013EJ\u251c\u00fb-Nagelkreuzgottesdienst_FrankLutz-2048x1356.jpg 2048w, https:\/\/ejw-oehringen.de\/wordpress\/wp-content\/uploads\/2019\/12\/img09323_191013EJ\u251c\u00fb-Nagelkreuzgottesdienst_FrankLutz-226x150.jpg 226w, https:\/\/ejw-oehringen.de\/wordpress\/wp-content\/uploads\/2019\/12\/img09323_191013EJ\u251c\u00fb-Nagelkreuzgottesdienst_FrankLutz-150x99.jpg 150w, https:\/\/ejw-oehringen.de\/wordpress\/wp-content\/uploads\/2019\/12\/img09323_191013EJ\u251c\u00fb-Nagelkreuzgottesdienst_FrankLutz-1320x874.jpg 1320w\" sizes=\"auto, (max-width: 1024px) 100vw, 1024px\" \/><\/figure>\n\n\n\n<figure class=\"wp-block-image size-large\"><img loading=\"lazy\" decoding=\"async\" width=\"1024\" height=\"678\" data-id=\"2210\" src=\"https:\/\/ejw-oehringen.de\/wordpress\/wp-content\/uploads\/2019\/12\/img09325_191013EJ\u251c\u00fb-Nagelkreuzgottesdienst_FrankLutz-1024x678.jpg\" alt=\"\" class=\"wp-image-2210\" srcset=\"https:\/\/ejw-oehringen.de\/wordpress\/wp-content\/uploads\/2019\/12\/img09325_191013EJ\u251c\u00fb-Nagelkreuzgottesdienst_FrankLutz-1024x678.jpg 1024w, https:\/\/ejw-oehringen.de\/wordpress\/wp-content\/uploads\/2019\/12\/img09325_191013EJ\u251c\u00fb-Nagelkreuzgottesdienst_FrankLutz-300x199.jpg 300w, https:\/\/ejw-oehringen.de\/wordpress\/wp-content\/uploads\/2019\/12\/img09325_191013EJ\u251c\u00fb-Nagelkreuzgottesdienst_FrankLutz-768x509.jpg 768w, https:\/\/ejw-oehringen.de\/wordpress\/wp-content\/uploads\/2019\/12\/img09325_191013EJ\u251c\u00fb-Nagelkreuzgottesdienst_FrankLutz-1536x1017.jpg 1536w, https:\/\/ejw-oehringen.de\/wordpress\/wp-content\/uploads\/2019\/12\/img09325_191013EJ\u251c\u00fb-Nagelkreuzgottesdienst_FrankLutz-2048x1356.jpg 2048w, https:\/\/ejw-oehringen.de\/wordpress\/wp-content\/uploads\/2019\/12\/img09325_191013EJ\u251c\u00fb-Nagelkreuzgottesdienst_FrankLutz-226x150.jpg 226w, https:\/\/ejw-oehringen.de\/wordpress\/wp-content\/uploads\/2019\/12\/img09325_191013EJ\u251c\u00fb-Nagelkreuzgottesdienst_FrankLutz-150x99.jpg 150w, https:\/\/ejw-oehringen.de\/wordpress\/wp-content\/uploads\/2019\/12\/img09325_191013EJ\u251c\u00fb-Nagelkreuzgottesdienst_FrankLutz-1320x874.jpg 1320w\" sizes=\"auto, (max-width: 1024px) 100vw, 1024px\" \/><\/figure>\n\n\n\n<figure class=\"wp-block-image size-large\"><img loading=\"lazy\" decoding=\"async\" width=\"1024\" height=\"678\" data-id=\"2211\" src=\"https:\/\/ejw-oehringen.de\/wordpress\/wp-content\/uploads\/2019\/12\/img09335_191013EJ\u251c\u00fb-Nagelkreuzgottesdienst_FrankLutz-1024x678.jpg\" alt=\"\" class=\"wp-image-2211\" srcset=\"https:\/\/ejw-oehringen.de\/wordpress\/wp-content\/uploads\/2019\/12\/img09335_191013EJ\u251c\u00fb-Nagelkreuzgottesdienst_FrankLutz-1024x678.jpg 1024w, https:\/\/ejw-oehringen.de\/wordpress\/wp-content\/uploads\/2019\/12\/img09335_191013EJ\u251c\u00fb-Nagelkreuzgottesdienst_FrankLutz-300x199.jpg 300w, https:\/\/ejw-oehringen.de\/wordpress\/wp-content\/uploads\/2019\/12\/img09335_191013EJ\u251c\u00fb-Nagelkreuzgottesdienst_FrankLutz-768x509.jpg 768w, https:\/\/ejw-oehringen.de\/wordpress\/wp-content\/uploads\/2019\/12\/img09335_191013EJ\u251c\u00fb-Nagelkreuzgottesdienst_FrankLutz-1536x1017.jpg 1536w, https:\/\/ejw-oehringen.de\/wordpress\/wp-content\/uploads\/2019\/12\/img09335_191013EJ\u251c\u00fb-Nagelkreuzgottesdienst_FrankLutz-2048x1356.jpg 2048w, https:\/\/ejw-oehringen.de\/wordpress\/wp-content\/uploads\/2019\/12\/img09335_191013EJ\u251c\u00fb-Nagelkreuzgottesdienst_FrankLutz-226x150.jpg 226w, https:\/\/ejw-oehringen.de\/wordpress\/wp-content\/uploads\/2019\/12\/img09335_191013EJ\u251c\u00fb-Nagelkreuzgottesdienst_FrankLutz-150x99.jpg 150w, https:\/\/ejw-oehringen.de\/wordpress\/wp-content\/uploads\/2019\/12\/img09335_191013EJ\u251c\u00fb-Nagelkreuzgottesdienst_FrankLutz-1320x874.jpg 1320w\" sizes=\"auto, (max-width: 1024px) 100vw, 1024px\" \/><\/figure>\n\n\n\n<figure class=\"wp-block-image size-large\"><img loading=\"lazy\" decoding=\"async\" width=\"1024\" height=\"678\" data-id=\"2212\" src=\"https:\/\/ejw-oehringen.de\/wordpress\/wp-content\/uploads\/2019\/12\/img09405_191013EJ\u251c\u00fb-Nagelkreuzgottesdienst_FrankLutz-1024x678.jpg\" alt=\"\" class=\"wp-image-2212\" srcset=\"https:\/\/ejw-oehringen.de\/wordpress\/wp-content\/uploads\/2019\/12\/img09405_191013EJ\u251c\u00fb-Nagelkreuzgottesdienst_FrankLutz-1024x678.jpg 1024w, https:\/\/ejw-oehringen.de\/wordpress\/wp-content\/uploads\/2019\/12\/img09405_191013EJ\u251c\u00fb-Nagelkreuzgottesdienst_FrankLutz-300x199.jpg 300w, https:\/\/ejw-oehringen.de\/wordpress\/wp-content\/uploads\/2019\/12\/img09405_191013EJ\u251c\u00fb-Nagelkreuzgottesdienst_FrankLutz-768x509.jpg 768w, https:\/\/ejw-oehringen.de\/wordpress\/wp-content\/uploads\/2019\/12\/img09405_191013EJ\u251c\u00fb-Nagelkreuzgottesdienst_FrankLutz-1536x1017.jpg 1536w, https:\/\/ejw-oehringen.de\/wordpress\/wp-content\/uploads\/2019\/12\/img09405_191013EJ\u251c\u00fb-Nagelkreuzgottesdienst_FrankLutz-2048x1356.jpg 2048w, https:\/\/ejw-oehringen.de\/wordpress\/wp-content\/uploads\/2019\/12\/img09405_191013EJ\u251c\u00fb-Nagelkreuzgottesdienst_FrankLutz-226x150.jpg 226w, https:\/\/ejw-oehringen.de\/wordpress\/wp-content\/uploads\/2019\/12\/img09405_191013EJ\u251c\u00fb-Nagelkreuzgottesdienst_FrankLutz-150x99.jpg 150w, https:\/\/ejw-oehringen.de\/wordpress\/wp-content\/uploads\/2019\/12\/img09405_191013EJ\u251c\u00fb-Nagelkreuzgottesdienst_FrankLutz-1320x874.jpg 1320w\" sizes=\"auto, (max-width: 1024px) 100vw, 1024px\" \/><\/figure>\n\n\n\n<figure class=\"wp-block-image size-large\"><img loading=\"lazy\" decoding=\"async\" width=\"1024\" height=\"678\" data-id=\"2213\" src=\"https:\/\/ejw-oehringen.de\/wordpress\/wp-content\/uploads\/2019\/12\/img09382_191013EJ\u251c\u00fb-Nagelkreuzgottesdienst_FrankLutz-1024x678.jpg\" alt=\"\" class=\"wp-image-2213\" srcset=\"https:\/\/ejw-oehringen.de\/wordpress\/wp-content\/uploads\/2019\/12\/img09382_191013EJ\u251c\u00fb-Nagelkreuzgottesdienst_FrankLutz-1024x678.jpg 1024w, https:\/\/ejw-oehringen.de\/wordpress\/wp-content\/uploads\/2019\/12\/img09382_191013EJ\u251c\u00fb-Nagelkreuzgottesdienst_FrankLutz-300x199.jpg 300w, https:\/\/ejw-oehringen.de\/wordpress\/wp-content\/uploads\/2019\/12\/img09382_191013EJ\u251c\u00fb-Nagelkreuzgottesdienst_FrankLutz-768x509.jpg 768w, https:\/\/ejw-oehringen.de\/wordpress\/wp-content\/uploads\/2019\/12\/img09382_191013EJ\u251c\u00fb-Nagelkreuzgottesdienst_FrankLutz-1536x1017.jpg 1536w, https:\/\/ejw-oehringen.de\/wordpress\/wp-content\/uploads\/2019\/12\/img09382_191013EJ\u251c\u00fb-Nagelkreuzgottesdienst_FrankLutz-2048x1356.jpg 2048w, https:\/\/ejw-oehringen.de\/wordpress\/wp-content\/uploads\/2019\/12\/img09382_191013EJ\u251c\u00fb-Nagelkreuzgottesdienst_FrankLutz-226x150.jpg 226w, https:\/\/ejw-oehringen.de\/wordpress\/wp-content\/uploads\/2019\/12\/img09382_191013EJ\u251c\u00fb-Nagelkreuzgottesdienst_FrankLutz-150x99.jpg 150w, https:\/\/ejw-oehringen.de\/wordpress\/wp-content\/uploads\/2019\/12\/img09382_191013EJ\u251c\u00fb-Nagelkreuzgottesdienst_FrankLutz-1320x874.jpg 1320w\" sizes=\"auto, (max-width: 1024px) 100vw, 1024px\" \/><\/figure>\n\n\n\n<figure class=\"wp-block-image size-large\"><img loading=\"lazy\" decoding=\"async\" width=\"1024\" height=\"678\" data-id=\"2214\" src=\"https:\/\/ejw-oehringen.de\/wordpress\/wp-content\/uploads\/2019\/12\/img09523_191013EJ\u251c\u00fb-Nagelkreuzgottesdienst_FrankLutz-1024x678.jpg\" alt=\"\" class=\"wp-image-2214\" srcset=\"https:\/\/ejw-oehringen.de\/wordpress\/wp-content\/uploads\/2019\/12\/img09523_191013EJ\u251c\u00fb-Nagelkreuzgottesdienst_FrankLutz-1024x678.jpg 1024w, https:\/\/ejw-oehringen.de\/wordpress\/wp-content\/uploads\/2019\/12\/img09523_191013EJ\u251c\u00fb-Nagelkreuzgottesdienst_FrankLutz-300x199.jpg 300w, https:\/\/ejw-oehringen.de\/wordpress\/wp-content\/uploads\/2019\/12\/img09523_191013EJ\u251c\u00fb-Nagelkreuzgottesdienst_FrankLutz-768x509.jpg 768w, https:\/\/ejw-oehringen.de\/wordpress\/wp-content\/uploads\/2019\/12\/img09523_191013EJ\u251c\u00fb-Nagelkreuzgottesdienst_FrankLutz-1536x1017.jpg 1536w, https:\/\/ejw-oehringen.de\/wordpress\/wp-content\/uploads\/2019\/12\/img09523_191013EJ\u251c\u00fb-Nagelkreuzgottesdienst_FrankLutz-2048x1356.jpg 2048w, https:\/\/ejw-oehringen.de\/wordpress\/wp-content\/uploads\/2019\/12\/img09523_191013EJ\u251c\u00fb-Nagelkreuzgottesdienst_FrankLutz-226x150.jpg 226w, https:\/\/ejw-oehringen.de\/wordpress\/wp-content\/uploads\/2019\/12\/img09523_191013EJ\u251c\u00fb-Nagelkreuzgottesdienst_FrankLutz-150x99.jpg 150w, https:\/\/ejw-oehringen.de\/wordpress\/wp-content\/uploads\/2019\/12\/img09523_191013EJ\u251c\u00fb-Nagelkreuzgottesdienst_FrankLutz-1320x874.jpg 1320w\" sizes=\"auto, (max-width: 1024px) 100vw, 1024px\" \/><\/figure>\n<figcaption class=\"blocks-gallery-caption wp-element-caption\">Festgottesdienst zur Verleihung des Nagelkreuzes und zur Aufnahme in die Nagelkreuzgemeinschaft am 13. Oktober 2019 in der Stiftskirche in \u00d6hringen<\/figcaption><\/figure>\n\n\n\n<hr class=\"wp-block-separator has-css-opacity\"\/>\n\n\n\n<figure class=\"wp-block-image size-large\"><img loading=\"lazy\" decoding=\"async\" width=\"1024\" height=\"724\" src=\"https:\/\/ejw-oehringen.de\/wordpress\/wp-content\/uploads\/2019\/12\/NKFestgottesdienst2019-1024x724.jpg\" alt=\"\" class=\"wp-image-2229\" srcset=\"https:\/\/ejw-oehringen.de\/wordpress\/wp-content\/uploads\/2019\/12\/NKFestgottesdienst2019-1024x724.jpg 1024w, https:\/\/ejw-oehringen.de\/wordpress\/wp-content\/uploads\/2019\/12\/NKFestgottesdienst2019-300x212.jpg 300w, https:\/\/ejw-oehringen.de\/wordpress\/wp-content\/uploads\/2019\/12\/NKFestgottesdienst2019-768x543.jpg 768w, https:\/\/ejw-oehringen.de\/wordpress\/wp-content\/uploads\/2019\/12\/NKFestgottesdienst2019-1536x1086.jpg 1536w, https:\/\/ejw-oehringen.de\/wordpress\/wp-content\/uploads\/2019\/12\/NKFestgottesdienst2019-2048x1448.jpg 2048w, https:\/\/ejw-oehringen.de\/wordpress\/wp-content\/uploads\/2019\/12\/NKFestgottesdienst2019-212x150.jpg 212w, https:\/\/ejw-oehringen.de\/wordpress\/wp-content\/uploads\/2019\/12\/NKFestgottesdienst2019-150x106.jpg 150w, https:\/\/ejw-oehringen.de\/wordpress\/wp-content\/uploads\/2019\/12\/NKFestgottesdienst2019-1320x933.jpg 1320w\" sizes=\"auto, (max-width: 1024px) 100vw, 1024px\" \/><\/figure>\n\n\n\n<p>Die Nagelkreuzgemeinschaft ist ein weltweites Netzwerk, das sich \u2013 in  enger Verbindung zur Kathedrale von Coventry \u2013 f\u00fcr Frieden und  Vers\u00f6hnung einsetzt. <\/p>\n\n\n\n<figure class=\"wp-block-image size-large\"><img loading=\"lazy\" decoding=\"async\" width=\"947\" height=\"1024\" src=\"https:\/\/ejw-oehringen.de\/wordpress\/wp-content\/uploads\/2019\/12\/Nagelkreuz2019-947x1024.jpg\" alt=\"\" class=\"wp-image-2230\" srcset=\"https:\/\/ejw-oehringen.de\/wordpress\/wp-content\/uploads\/2019\/12\/Nagelkreuz2019-947x1024.jpg 947w, https:\/\/ejw-oehringen.de\/wordpress\/wp-content\/uploads\/2019\/12\/Nagelkreuz2019-277x300.jpg 277w, https:\/\/ejw-oehringen.de\/wordpress\/wp-content\/uploads\/2019\/12\/Nagelkreuz2019-768x831.jpg 768w, https:\/\/ejw-oehringen.de\/wordpress\/wp-content\/uploads\/2019\/12\/Nagelkreuz2019-1420x1536.jpg 1420w, https:\/\/ejw-oehringen.de\/wordpress\/wp-content\/uploads\/2019\/12\/Nagelkreuz2019-1893x2048.jpg 1893w, https:\/\/ejw-oehringen.de\/wordpress\/wp-content\/uploads\/2019\/12\/Nagelkreuz2019-139x150.jpg 139w, https:\/\/ejw-oehringen.de\/wordpress\/wp-content\/uploads\/2019\/12\/Nagelkreuz2019-1320x1428.jpg 1320w\" sizes=\"auto, (max-width: 947px) 100vw, 947px\" \/><\/figure>\n\n\n\n<figure class=\"wp-block-image\"><img loading=\"lazy\" decoding=\"async\" width=\"1024\" height=\"972\" src=\"https:\/\/ejw-oehringen.de\/wordpress\/wp-content\/uploads\/2019\/06\/20190531_124151-2-1024x972.jpg\" alt=\"\" class=\"wp-image-1926\" srcset=\"https:\/\/ejw-oehringen.de\/wordpress\/wp-content\/uploads\/2019\/06\/20190531_124151-2-1024x972.jpg 1024w, https:\/\/ejw-oehringen.de\/wordpress\/wp-content\/uploads\/2019\/06\/20190531_124151-2-300x285.jpg 300w, https:\/\/ejw-oehringen.de\/wordpress\/wp-content\/uploads\/2019\/06\/20190531_124151-2-768x729.jpg 768w, https:\/\/ejw-oehringen.de\/wordpress\/wp-content\/uploads\/2019\/06\/20190531_124151-2-158x150.jpg 158w, https:\/\/ejw-oehringen.de\/wordpress\/wp-content\/uploads\/2019\/06\/20190531_124151-2-150x142.jpg 150w, https:\/\/ejw-oehringen.de\/wordpress\/wp-content\/uploads\/2019\/06\/20190531_124151-2-1320x1252.jpg 1320w\" sizes=\"auto, (max-width: 1024px) 100vw, 1024px\" \/><\/figure>\n\n\n\n<p>Das Evangelische Jugendwerk Bezirk \u00d6hringen ist Mitglied in der Nagelkreuzgemeinschaft. Am 31.05.2019 wurde das Nagelkreuz in der Kathedrale von Coventry gesegnet.<\/p>\n\n\n\n<p>Am 13. Oktober 2019 fand der offizielle Festgottesdienst zur Aufnahme in die Nagelkreuzgemeinschaft in der Stiftskirche in \u00d6hringen statt <\/p>\n\n\n\n<figure class=\"wp-block-gallery has-nested-images columns-default is-cropped wp-block-gallery-13 is-layout-flex wp-block-gallery-is-layout-flex\">\n<figure class=\"wp-block-image size-large\"><img loading=\"lazy\" decoding=\"async\" width=\"768\" height=\"1024\" data-id=\"1929\" src=\"https:\/\/ejw-oehringen.de\/wordpress\/wp-content\/uploads\/2019\/06\/20190528_145208-e1559465139163-768x1024.jpg\" alt=\"\" class=\"wp-image-1929\" srcset=\"https:\/\/ejw-oehringen.de\/wordpress\/wp-content\/uploads\/2019\/06\/20190528_145208-e1559465139163-768x1024.jpg 768w, https:\/\/ejw-oehringen.de\/wordpress\/wp-content\/uploads\/2019\/06\/20190528_145208-e1559465139163-225x300.jpg 225w, https:\/\/ejw-oehringen.de\/wordpress\/wp-content\/uploads\/2019\/06\/20190528_145208-e1559465139163-113x150.jpg 113w, https:\/\/ejw-oehringen.de\/wordpress\/wp-content\/uploads\/2019\/06\/20190528_145208-e1559465139163-1320x1760.jpg 1320w\" sizes=\"auto, (max-width: 768px) 100vw, 768px\" \/><\/figure>\n\n\n\n<figure class=\"wp-block-image size-large\"><img loading=\"lazy\" decoding=\"async\" width=\"1024\" height=\"768\" data-id=\"1932\" src=\"https:\/\/ejw-oehringen.de\/wordpress\/wp-content\/uploads\/2019\/06\/20190528_150029-1024x768.jpg\" alt=\"\" class=\"wp-image-1932\" srcset=\"https:\/\/ejw-oehringen.de\/wordpress\/wp-content\/uploads\/2019\/06\/20190528_150029-1024x768.jpg 1024w, https:\/\/ejw-oehringen.de\/wordpress\/wp-content\/uploads\/2019\/06\/20190528_150029-300x225.jpg 300w, https:\/\/ejw-oehringen.de\/wordpress\/wp-content\/uploads\/2019\/06\/20190528_150029-768x576.jpg 768w, https:\/\/ejw-oehringen.de\/wordpress\/wp-content\/uploads\/2019\/06\/20190528_150029-200x150.jpg 200w, https:\/\/ejw-oehringen.de\/wordpress\/wp-content\/uploads\/2019\/06\/20190528_150029-150x113.jpg 150w, https:\/\/ejw-oehringen.de\/wordpress\/wp-content\/uploads\/2019\/06\/20190528_150029-1320x990.jpg 1320w\" sizes=\"auto, (max-width: 1024px) 100vw, 1024px\" \/><\/figure>\n\n\n\n<figure class=\"wp-block-image size-large\"><img loading=\"lazy\" decoding=\"async\" width=\"1024\" height=\"768\" data-id=\"1937\" src=\"https:\/\/ejw-oehringen.de\/wordpress\/wp-content\/uploads\/2019\/06\/20190529_120852-1024x768.jpg\" alt=\"\" class=\"wp-image-1937\" srcset=\"https:\/\/ejw-oehringen.de\/wordpress\/wp-content\/uploads\/2019\/06\/20190529_120852-1024x768.jpg 1024w, https:\/\/ejw-oehringen.de\/wordpress\/wp-content\/uploads\/2019\/06\/20190529_120852-300x225.jpg 300w, https:\/\/ejw-oehringen.de\/wordpress\/wp-content\/uploads\/2019\/06\/20190529_120852-768x576.jpg 768w, https:\/\/ejw-oehringen.de\/wordpress\/wp-content\/uploads\/2019\/06\/20190529_120852-200x150.jpg 200w, https:\/\/ejw-oehringen.de\/wordpress\/wp-content\/uploads\/2019\/06\/20190529_120852-150x113.jpg 150w, https:\/\/ejw-oehringen.de\/wordpress\/wp-content\/uploads\/2019\/06\/20190529_120852-1320x990.jpg 1320w\" sizes=\"auto, (max-width: 1024px) 100vw, 1024px\" \/><\/figure>\n\n\n\n<figure class=\"wp-block-image size-large\"><img loading=\"lazy\" decoding=\"async\" width=\"1024\" height=\"768\" data-id=\"1930\" src=\"https:\/\/ejw-oehringen.de\/wordpress\/wp-content\/uploads\/2019\/06\/20190528_145634-1024x768.jpg\" alt=\"\" class=\"wp-image-1930\" srcset=\"https:\/\/ejw-oehringen.de\/wordpress\/wp-content\/uploads\/2019\/06\/20190528_145634-1024x768.jpg 1024w, https:\/\/ejw-oehringen.de\/wordpress\/wp-content\/uploads\/2019\/06\/20190528_145634-300x225.jpg 300w, https:\/\/ejw-oehringen.de\/wordpress\/wp-content\/uploads\/2019\/06\/20190528_145634-768x576.jpg 768w, https:\/\/ejw-oehringen.de\/wordpress\/wp-content\/uploads\/2019\/06\/20190528_145634-200x150.jpg 200w, https:\/\/ejw-oehringen.de\/wordpress\/wp-content\/uploads\/2019\/06\/20190528_145634-150x113.jpg 150w, https:\/\/ejw-oehringen.de\/wordpress\/wp-content\/uploads\/2019\/06\/20190528_145634-1320x990.jpg 1320w\" sizes=\"auto, (max-width: 1024px) 100vw, 1024px\" \/><\/figure>\n\n\n\n<figure class=\"wp-block-image size-large\"><img loading=\"lazy\" decoding=\"async\" width=\"1024\" height=\"768\" data-id=\"1931\" src=\"https:\/\/ejw-oehringen.de\/wordpress\/wp-content\/uploads\/2019\/06\/20190528_145700-1024x768.jpg\" alt=\"\" class=\"wp-image-1931\" srcset=\"https:\/\/ejw-oehringen.de\/wordpress\/wp-content\/uploads\/2019\/06\/20190528_145700-1024x768.jpg 1024w, https:\/\/ejw-oehringen.de\/wordpress\/wp-content\/uploads\/2019\/06\/20190528_145700-300x225.jpg 300w, https:\/\/ejw-oehringen.de\/wordpress\/wp-content\/uploads\/2019\/06\/20190528_145700-768x576.jpg 768w, https:\/\/ejw-oehringen.de\/wordpress\/wp-content\/uploads\/2019\/06\/20190528_145700-200x150.jpg 200w, https:\/\/ejw-oehringen.de\/wordpress\/wp-content\/uploads\/2019\/06\/20190528_145700-150x113.jpg 150w, https:\/\/ejw-oehringen.de\/wordpress\/wp-content\/uploads\/2019\/06\/20190528_145700-1320x990.jpg 1320w\" sizes=\"auto, (max-width: 1024px) 100vw, 1024px\" \/><\/figure>\n\n\n\n<figure class=\"wp-block-image size-large\"><img loading=\"lazy\" decoding=\"async\" width=\"768\" height=\"1024\" data-id=\"1941\" src=\"https:\/\/ejw-oehringen.de\/wordpress\/wp-content\/uploads\/2019\/06\/20190530_120237-e1559465102631-768x1024.jpg\" alt=\"\" class=\"wp-image-1941\" srcset=\"https:\/\/ejw-oehringen.de\/wordpress\/wp-content\/uploads\/2019\/06\/20190530_120237-e1559465102631-768x1024.jpg 768w, https:\/\/ejw-oehringen.de\/wordpress\/wp-content\/uploads\/2019\/06\/20190530_120237-e1559465102631-225x300.jpg 225w, https:\/\/ejw-oehringen.de\/wordpress\/wp-content\/uploads\/2019\/06\/20190530_120237-e1559465102631-113x150.jpg 113w, https:\/\/ejw-oehringen.de\/wordpress\/wp-content\/uploads\/2019\/06\/20190530_120237-e1559465102631-1320x1760.jpg 1320w\" sizes=\"auto, (max-width: 768px) 100vw, 768px\" \/><\/figure>\n\n\n\n<figure class=\"wp-block-image size-large\"><img loading=\"lazy\" decoding=\"async\" width=\"1024\" height=\"768\" data-id=\"1942\" src=\"https:\/\/ejw-oehringen.de\/wordpress\/wp-content\/uploads\/2019\/06\/20190530_120913-1024x768.jpg\" alt=\"\" class=\"wp-image-1942\" srcset=\"https:\/\/ejw-oehringen.de\/wordpress\/wp-content\/uploads\/2019\/06\/20190530_120913-1024x768.jpg 1024w, https:\/\/ejw-oehringen.de\/wordpress\/wp-content\/uploads\/2019\/06\/20190530_120913-300x225.jpg 300w, https:\/\/ejw-oehringen.de\/wordpress\/wp-content\/uploads\/2019\/06\/20190530_120913-768x576.jpg 768w, https:\/\/ejw-oehringen.de\/wordpress\/wp-content\/uploads\/2019\/06\/20190530_120913-200x150.jpg 200w, https:\/\/ejw-oehringen.de\/wordpress\/wp-content\/uploads\/2019\/06\/20190530_120913-150x113.jpg 150w, https:\/\/ejw-oehringen.de\/wordpress\/wp-content\/uploads\/2019\/06\/20190530_120913-1320x990.jpg 1320w\" sizes=\"auto, (max-width: 1024px) 100vw, 1024px\" \/><\/figure>\n\n\n\n<figure class=\"wp-block-image size-large\"><img loading=\"lazy\" decoding=\"async\" width=\"1024\" height=\"768\" data-id=\"1940\" src=\"https:\/\/ejw-oehringen.de\/wordpress\/wp-content\/uploads\/2019\/06\/20190530_105642-1024x768.jpg\" alt=\"\" class=\"wp-image-1940\" srcset=\"https:\/\/ejw-oehringen.de\/wordpress\/wp-content\/uploads\/2019\/06\/20190530_105642-1024x768.jpg 1024w, https:\/\/ejw-oehringen.de\/wordpress\/wp-content\/uploads\/2019\/06\/20190530_105642-300x225.jpg 300w, https:\/\/ejw-oehringen.de\/wordpress\/wp-content\/uploads\/2019\/06\/20190530_105642-768x576.jpg 768w, https:\/\/ejw-oehringen.de\/wordpress\/wp-content\/uploads\/2019\/06\/20190530_105642-200x150.jpg 200w, https:\/\/ejw-oehringen.de\/wordpress\/wp-content\/uploads\/2019\/06\/20190530_105642-150x113.jpg 150w, https:\/\/ejw-oehringen.de\/wordpress\/wp-content\/uploads\/2019\/06\/20190530_105642-1320x990.jpg 1320w\" sizes=\"auto, (max-width: 1024px) 100vw, 1024px\" \/><\/figure>\n\n\n\n<figure class=\"wp-block-image size-large\"><img loading=\"lazy\" decoding=\"async\" width=\"1024\" height=\"768\" data-id=\"1939\" src=\"https:\/\/ejw-oehringen.de\/wordpress\/wp-content\/uploads\/2019\/06\/20190530_103958-1024x768.jpg\" alt=\"\" class=\"wp-image-1939\" srcset=\"https:\/\/ejw-oehringen.de\/wordpress\/wp-content\/uploads\/2019\/06\/20190530_103958-1024x768.jpg 1024w, https:\/\/ejw-oehringen.de\/wordpress\/wp-content\/uploads\/2019\/06\/20190530_103958-300x225.jpg 300w, https:\/\/ejw-oehringen.de\/wordpress\/wp-content\/uploads\/2019\/06\/20190530_103958-768x576.jpg 768w, https:\/\/ejw-oehringen.de\/wordpress\/wp-content\/uploads\/2019\/06\/20190530_103958-200x150.jpg 200w, https:\/\/ejw-oehringen.de\/wordpress\/wp-content\/uploads\/2019\/06\/20190530_103958-150x113.jpg 150w, https:\/\/ejw-oehringen.de\/wordpress\/wp-content\/uploads\/2019\/06\/20190530_103958-1320x990.jpg 1320w\" sizes=\"auto, (max-width: 1024px) 100vw, 1024px\" \/><\/figure>\n\n\n\n<figure class=\"wp-block-image size-large\"><img loading=\"lazy\" decoding=\"async\" width=\"1024\" height=\"768\" data-id=\"1938\" src=\"https:\/\/ejw-oehringen.de\/wordpress\/wp-content\/uploads\/2019\/06\/20190529_163114-1024x768.jpg\" alt=\"\" class=\"wp-image-1938\" srcset=\"https:\/\/ejw-oehringen.de\/wordpress\/wp-content\/uploads\/2019\/06\/20190529_163114-1024x768.jpg 1024w, https:\/\/ejw-oehringen.de\/wordpress\/wp-content\/uploads\/2019\/06\/20190529_163114-300x225.jpg 300w, https:\/\/ejw-oehringen.de\/wordpress\/wp-content\/uploads\/2019\/06\/20190529_163114-768x576.jpg 768w, https:\/\/ejw-oehringen.de\/wordpress\/wp-content\/uploads\/2019\/06\/20190529_163114-200x150.jpg 200w, https:\/\/ejw-oehringen.de\/wordpress\/wp-content\/uploads\/2019\/06\/20190529_163114-150x113.jpg 150w, https:\/\/ejw-oehringen.de\/wordpress\/wp-content\/uploads\/2019\/06\/20190529_163114-1320x990.jpg 1320w\" sizes=\"auto, (max-width: 1024px) 100vw, 1024px\" \/><\/figure>\n\n\n\n<figure class=\"wp-block-image size-large\"><img loading=\"lazy\" decoding=\"async\" width=\"768\" height=\"1024\" data-id=\"1927\" src=\"https:\/\/ejw-oehringen.de\/wordpress\/wp-content\/uploads\/2019\/06\/20190528_142032-e1559465152557-768x1024.jpg\" alt=\"\" class=\"wp-image-1927\" srcset=\"https:\/\/ejw-oehringen.de\/wordpress\/wp-content\/uploads\/2019\/06\/20190528_142032-e1559465152557-768x1024.jpg 768w, https:\/\/ejw-oehringen.de\/wordpress\/wp-content\/uploads\/2019\/06\/20190528_142032-e1559465152557-225x300.jpg 225w, https:\/\/ejw-oehringen.de\/wordpress\/wp-content\/uploads\/2019\/06\/20190528_142032-e1559465152557-113x150.jpg 113w, https:\/\/ejw-oehringen.de\/wordpress\/wp-content\/uploads\/2019\/06\/20190528_142032-e1559465152557-1320x1760.jpg 1320w\" sizes=\"auto, (max-width: 768px) 100vw, 768px\" \/><\/figure>\n\n\n\n<figure class=\"wp-block-image size-large\"><img loading=\"lazy\" decoding=\"async\" width=\"768\" height=\"1024\" data-id=\"1936\" src=\"https:\/\/ejw-oehringen.de\/wordpress\/wp-content\/uploads\/2019\/06\/20190528_142717-e1559465086674-768x1024.jpg\" alt=\"\" class=\"wp-image-1936\" srcset=\"https:\/\/ejw-oehringen.de\/wordpress\/wp-content\/uploads\/2019\/06\/20190528_142717-e1559465086674-768x1024.jpg 768w, https:\/\/ejw-oehringen.de\/wordpress\/wp-content\/uploads\/2019\/06\/20190528_142717-e1559465086674-225x300.jpg 225w, https:\/\/ejw-oehringen.de\/wordpress\/wp-content\/uploads\/2019\/06\/20190528_142717-e1559465086674-113x150.jpg 113w, https:\/\/ejw-oehringen.de\/wordpress\/wp-content\/uploads\/2019\/06\/20190528_142717-e1559465086674-1320x1760.jpg 1320w\" sizes=\"auto, (max-width: 768px) 100vw, 768px\" \/><\/figure>\n\n\n\n<figure class=\"wp-block-image size-large\"><img loading=\"lazy\" decoding=\"async\" width=\"1024\" height=\"768\" data-id=\"1935\" src=\"https:\/\/ejw-oehringen.de\/wordpress\/wp-content\/uploads\/2019\/06\/20190528_142021-1024x768.jpg\" alt=\"\" class=\"wp-image-1935\" srcset=\"https:\/\/ejw-oehringen.de\/wordpress\/wp-content\/uploads\/2019\/06\/20190528_142021-1024x768.jpg 1024w, https:\/\/ejw-oehringen.de\/wordpress\/wp-content\/uploads\/2019\/06\/20190528_142021-300x225.jpg 300w, https:\/\/ejw-oehringen.de\/wordpress\/wp-content\/uploads\/2019\/06\/20190528_142021-768x576.jpg 768w, https:\/\/ejw-oehringen.de\/wordpress\/wp-content\/uploads\/2019\/06\/20190528_142021-200x150.jpg 200w, https:\/\/ejw-oehringen.de\/wordpress\/wp-content\/uploads\/2019\/06\/20190528_142021-150x113.jpg 150w, https:\/\/ejw-oehringen.de\/wordpress\/wp-content\/uploads\/2019\/06\/20190528_142021-1320x990.jpg 1320w\" sizes=\"auto, (max-width: 1024px) 100vw, 1024px\" \/><\/figure>\n\n\n\n<figure class=\"wp-block-image size-large\"><img loading=\"lazy\" decoding=\"async\" width=\"1024\" height=\"768\" data-id=\"1933\" src=\"https:\/\/ejw-oehringen.de\/wordpress\/wp-content\/uploads\/2019\/06\/20190528_153535-1024x768.jpg\" alt=\"\" class=\"wp-image-1933\" srcset=\"https:\/\/ejw-oehringen.de\/wordpress\/wp-content\/uploads\/2019\/06\/20190528_153535-1024x768.jpg 1024w, https:\/\/ejw-oehringen.de\/wordpress\/wp-content\/uploads\/2019\/06\/20190528_153535-300x225.jpg 300w, https:\/\/ejw-oehringen.de\/wordpress\/wp-content\/uploads\/2019\/06\/20190528_153535-768x576.jpg 768w, https:\/\/ejw-oehringen.de\/wordpress\/wp-content\/uploads\/2019\/06\/20190528_153535-200x150.jpg 200w, https:\/\/ejw-oehringen.de\/wordpress\/wp-content\/uploads\/2019\/06\/20190528_153535-150x113.jpg 150w, https:\/\/ejw-oehringen.de\/wordpress\/wp-content\/uploads\/2019\/06\/20190528_153535-1320x990.jpg 1320w\" sizes=\"auto, (max-width: 1024px) 100vw, 1024px\" \/><\/figure>\n\n\n\n<figure class=\"wp-block-image size-large\"><img loading=\"lazy\" decoding=\"async\" width=\"768\" height=\"1024\" data-id=\"1934\" src=\"https:\/\/ejw-oehringen.de\/wordpress\/wp-content\/uploads\/2019\/06\/20190530_101958-e1559465124671-768x1024.jpg\" alt=\"\" class=\"wp-image-1934\" srcset=\"https:\/\/ejw-oehringen.de\/wordpress\/wp-content\/uploads\/2019\/06\/20190530_101958-e1559465124671-768x1024.jpg 768w, https:\/\/ejw-oehringen.de\/wordpress\/wp-content\/uploads\/2019\/06\/20190530_101958-e1559465124671-225x300.jpg 225w, https:\/\/ejw-oehringen.de\/wordpress\/wp-content\/uploads\/2019\/06\/20190530_101958-e1559465124671-113x150.jpg 113w, https:\/\/ejw-oehringen.de\/wordpress\/wp-content\/uploads\/2019\/06\/20190530_101958-e1559465124671-1320x1760.jpg 1320w\" sizes=\"auto, (max-width: 768px) 100vw, 768px\" \/><\/figure>\n\n\n\n<figure class=\"wp-block-image size-large\"><img loading=\"lazy\" decoding=\"async\" width=\"768\" height=\"1024\" data-id=\"1928\" src=\"https:\/\/ejw-oehringen.de\/wordpress\/wp-content\/uploads\/2019\/06\/20190528_143618-e1559465010159-768x1024.jpg\" alt=\"\" class=\"wp-image-1928\" srcset=\"https:\/\/ejw-oehringen.de\/wordpress\/wp-content\/uploads\/2019\/06\/20190528_143618-e1559465010159-768x1024.jpg 768w, https:\/\/ejw-oehringen.de\/wordpress\/wp-content\/uploads\/2019\/06\/20190528_143618-e1559465010159-225x300.jpg 225w, https:\/\/ejw-oehringen.de\/wordpress\/wp-content\/uploads\/2019\/06\/20190528_143618-e1559465010159-113x150.jpg 113w, https:\/\/ejw-oehringen.de\/wordpress\/wp-content\/uploads\/2019\/06\/20190528_143618-e1559465010159-1320x1760.jpg 1320w\" sizes=\"auto, (max-width: 768px) 100vw, 768px\" \/><\/figure>\n<\/figure>\n\n\n\n<p>Die Kathedrale von Coventry wurde im 2. Weltkrieg durch Fliegerbomben vollkommen zerst\u00f6rt. Die Antwort darauf war &#8222;Vater vergib!&#8220;. Eine Bewegung der Vers\u00f6hnung, des Miteinander und des Friedens.<br>Auch wir im evangelischen Jugendwerk \u00d6hringen wollen Teil dieser Vers\u00f6hnungsbewegung sein und uns in unserem Alltag f\u00fcr Vers\u00f6hnung, Frieden, Toleranz und Solidarit\u00e4t einsetzen. <\/p>\n\n\n\n<hr class=\"wp-block-separator has-css-opacity is-style-wide\"\/>\n\n\n\n<p>Das Gebet wurde 1958 formuliert und wird seitdem an jedem  Freitagmittag um 12 Uhr im Chorraum der Ruine der alten Kathedrale in  Coventry und in vielen Nagelkreuzzentren der Welt gebetet.<\/p>\n\n\n\n<figure class=\"wp-block-image size-large\"><img loading=\"lazy\" decoding=\"async\" width=\"726\" height=\"1024\" src=\"https:\/\/ejw-oehringen.de\/wordpress\/wp-content\/uploads\/2020\/12\/Allgemein_Gebet-726x1024.jpg\" alt=\"\" class=\"wp-image-2671\" srcset=\"https:\/\/ejw-oehringen.de\/wordpress\/wp-content\/uploads\/2020\/12\/Allgemein_Gebet-726x1024.jpg 726w, https:\/\/ejw-oehringen.de\/wordpress\/wp-content\/uploads\/2020\/12\/Allgemein_Gebet-213x300.jpg 213w, https:\/\/ejw-oehringen.de\/wordpress\/wp-content\/uploads\/2020\/12\/Allgemein_Gebet-768x1083.jpg 768w, https:\/\/ejw-oehringen.de\/wordpress\/wp-content\/uploads\/2020\/12\/Allgemein_Gebet-1090x1536.jpg 1090w, https:\/\/ejw-oehringen.de\/wordpress\/wp-content\/uploads\/2020\/12\/Allgemein_Gebet-106x150.jpg 106w, https:\/\/ejw-oehringen.de\/wordpress\/wp-content\/uploads\/2020\/12\/Allgemein_Gebet.jpg 1240w\" sizes=\"auto, (max-width: 726px) 100vw, 726px\" \/><\/figure>\n","protected":false},"excerpt":{"rendered":"<p>Peacenight \u2013 Friedensmomente in \u00d6hringen Das Evangelische Jugendwerk \u00d6hringen hatte zur PeaceNight am 15.02.2025 ins evangelische Rosenberggemeindehaus eingeladen. Als Teil der weltweiten Nagelkreuzgemeinschaft ist es den Veranstaltern wichtig f\u00fcr Frieden und Vers\u00f6hnung in unserer Welt einzutreten und so versammelten sich zahlreiche Teilnehmer unter dem Motto \u201ePeace starts here\u201c zu einem\u2026 <a class=\"continue-reading-link\" href=\"https:\/\/ejw-oehringen.de\/wordpress\/nagelkreuzgemeinschaft\/\">Continue reading<\/a><\/p>\n","protected":false},"author":1,"featured_media":0,"parent":0,"menu_order":0,"comment_status":"closed","ping_status":"closed","template":"","meta":{"ngg_post_thumbnail":0,"footnotes":""},"class_list":["post-1925","page","type-page","status-publish","hentry"],"_links":{"self":[{"href":"https:\/\/ejw-oehringen.de\/wordpress\/wp-json\/wp\/v2\/pages\/1925","targetHints":{"allow":["GET"]}}],"collection":[{"href":"https:\/\/ejw-oehringen.de\/wordpress\/wp-json\/wp\/v2\/pages"}],"about":[{"href":"https:\/\/ejw-oehringen.de\/wordpress\/wp-json\/wp\/v2\/types\/page"}],"author":[{"embeddable":true,"href":"https:\/\/ejw-oehringen.de\/wordpress\/wp-json\/wp\/v2\/users\/1"}],"replies":[{"embeddable":true,"href":"https:\/\/ejw-oehringen.de\/wordpress\/wp-json\/wp\/v2\/comments?post=1925"}],"version-history":[{"count":51,"href":"https:\/\/ejw-oehringen.de\/wordpress\/wp-json\/wp\/v2\/pages\/1925\/revisions"}],"predecessor-version":[{"id":4709,"href":"https:\/\/ejw-oehringen.de\/wordpress\/wp-json\/wp\/v2\/pages\/1925\/revisions\/4709"}],"wp:attachment":[{"href":"https:\/\/ejw-oehringen.de\/wordpress\/wp-json\/wp\/v2\/media?parent=1925"}],"curies":[{"name":"wp","href":"https:\/\/api.w.org\/{rel}","templated":true}]}}