{"id":1840,"date":"2019-05-26T14:55:25","date_gmt":"2019-05-26T12:55:25","guid":{"rendered":"https:\/\/ejw-oehringen.de\/wordpress\/?page_id=1840"},"modified":"2022-03-16T23:08:23","modified_gmt":"2022-03-16T22:08:23","slug":"internationale-partnerschaften","status":"publish","type":"page","link":"https:\/\/ejw-oehringen.de\/wordpress\/internationale-partnerschaften\/","title":{"rendered":"internationale Partnerschaften des EJ\u00d6"},"content":{"rendered":"\n<hr class=\"wp-block-separator\"\/>\n\n\n\n<figure class=\"wp-block-gallery has-nested-images columns-default is-cropped wp-block-gallery-1 is-layout-flex wp-block-gallery-is-layout-flex\">\n<figure class=\"wp-block-image size-large is-style-default\"><a href=\"https:\/\/ejw-oehringen.de\/wordpress\/wp-content\/uploads\/2022\/03\/20220313_155529-scaled.jpg\"><img loading=\"lazy\" decoding=\"async\" width=\"1920\" height=\"2560\" data-id=\"3218\" src=\"https:\/\/ejw-oehringen.de\/wordpress\/wp-content\/uploads\/2022\/03\/20220313_155529-scaled.jpg\" alt=\"\" class=\"wp-image-3218\" srcset=\"https:\/\/ejw-oehringen.de\/wordpress\/wp-content\/uploads\/2022\/03\/20220313_155529-scaled.jpg 1920w, https:\/\/ejw-oehringen.de\/wordpress\/wp-content\/uploads\/2022\/03\/20220313_155529-225x300.jpg 225w, https:\/\/ejw-oehringen.de\/wordpress\/wp-content\/uploads\/2022\/03\/20220313_155529-768x1024.jpg 768w, https:\/\/ejw-oehringen.de\/wordpress\/wp-content\/uploads\/2022\/03\/20220313_155529-1152x1536.jpg 1152w, https:\/\/ejw-oehringen.de\/wordpress\/wp-content\/uploads\/2022\/03\/20220313_155529-1536x2048.jpg 1536w, https:\/\/ejw-oehringen.de\/wordpress\/wp-content\/uploads\/2022\/03\/20220313_155529-113x150.jpg 113w, https:\/\/ejw-oehringen.de\/wordpress\/wp-content\/uploads\/2022\/03\/20220313_155529-1320x1760.jpg 1320w\" sizes=\"auto, (max-width: 1920px) 100vw, 1920px\" \/><\/a><\/figure>\n\n\n\n<figure class=\"wp-block-image size-large is-style-default\"><a href=\"https:\/\/ejw-oehringen.de\/wordpress\/wp-content\/uploads\/2022\/03\/20220313_155535-scaled.jpg\"><img loading=\"lazy\" decoding=\"async\" width=\"1920\" height=\"2560\" data-id=\"3219\" src=\"https:\/\/ejw-oehringen.de\/wordpress\/wp-content\/uploads\/2022\/03\/20220313_155535-scaled.jpg\" alt=\"\" class=\"wp-image-3219\" srcset=\"https:\/\/ejw-oehringen.de\/wordpress\/wp-content\/uploads\/2022\/03\/20220313_155535-scaled.jpg 1920w, https:\/\/ejw-oehringen.de\/wordpress\/wp-content\/uploads\/2022\/03\/20220313_155535-225x300.jpg 225w, https:\/\/ejw-oehringen.de\/wordpress\/wp-content\/uploads\/2022\/03\/20220313_155535-768x1024.jpg 768w, https:\/\/ejw-oehringen.de\/wordpress\/wp-content\/uploads\/2022\/03\/20220313_155535-1152x1536.jpg 1152w, https:\/\/ejw-oehringen.de\/wordpress\/wp-content\/uploads\/2022\/03\/20220313_155535-1536x2048.jpg 1536w, https:\/\/ejw-oehringen.de\/wordpress\/wp-content\/uploads\/2022\/03\/20220313_155535-113x150.jpg 113w, https:\/\/ejw-oehringen.de\/wordpress\/wp-content\/uploads\/2022\/03\/20220313_155535-1320x1760.jpg 1320w\" sizes=\"auto, (max-width: 1920px) 100vw, 1920px\" \/><\/a><\/figure>\n\n\n\n<figure class=\"wp-block-image size-large is-style-default\"><a href=\"https:\/\/ejw-oehringen.de\/wordpress\/wp-content\/uploads\/2022\/03\/20220313_155545-scaled.jpg\"><img loading=\"lazy\" decoding=\"async\" width=\"1920\" height=\"2560\" data-id=\"3217\" src=\"https:\/\/ejw-oehringen.de\/wordpress\/wp-content\/uploads\/2022\/03\/20220313_155545-scaled.jpg\" alt=\"\" class=\"wp-image-3217\" srcset=\"https:\/\/ejw-oehringen.de\/wordpress\/wp-content\/uploads\/2022\/03\/20220313_155545-scaled.jpg 1920w, https:\/\/ejw-oehringen.de\/wordpress\/wp-content\/uploads\/2022\/03\/20220313_155545-225x300.jpg 225w, https:\/\/ejw-oehringen.de\/wordpress\/wp-content\/uploads\/2022\/03\/20220313_155545-768x1024.jpg 768w, https:\/\/ejw-oehringen.de\/wordpress\/wp-content\/uploads\/2022\/03\/20220313_155545-1152x1536.jpg 1152w, https:\/\/ejw-oehringen.de\/wordpress\/wp-content\/uploads\/2022\/03\/20220313_155545-1536x2048.jpg 1536w, https:\/\/ejw-oehringen.de\/wordpress\/wp-content\/uploads\/2022\/03\/20220313_155545-113x150.jpg 113w, https:\/\/ejw-oehringen.de\/wordpress\/wp-content\/uploads\/2022\/03\/20220313_155545-1320x1760.jpg 1320w\" sizes=\"auto, (max-width: 1920px) 100vw, 1920px\" \/><\/a><\/figure>\n\n\n\n<figure class=\"wp-block-image size-large is-style-default\"><a href=\"https:\/\/ejw-oehringen.de\/wordpress\/wp-content\/uploads\/2022\/03\/GridArt_20220313_123416678-scaled.jpg\"><img loading=\"lazy\" decoding=\"async\" width=\"2560\" height=\"2560\" data-id=\"3215\" src=\"https:\/\/ejw-oehringen.de\/wordpress\/wp-content\/uploads\/2022\/03\/GridArt_20220313_123416678-scaled.jpg\" alt=\"\" class=\"wp-image-3215\" srcset=\"https:\/\/ejw-oehringen.de\/wordpress\/wp-content\/uploads\/2022\/03\/GridArt_20220313_123416678-scaled.jpg 2560w, https:\/\/ejw-oehringen.de\/wordpress\/wp-content\/uploads\/2022\/03\/GridArt_20220313_123416678-300x300.jpg 300w, https:\/\/ejw-oehringen.de\/wordpress\/wp-content\/uploads\/2022\/03\/GridArt_20220313_123416678-1024x1024.jpg 1024w, https:\/\/ejw-oehringen.de\/wordpress\/wp-content\/uploads\/2022\/03\/GridArt_20220313_123416678-150x150.jpg 150w, https:\/\/ejw-oehringen.de\/wordpress\/wp-content\/uploads\/2022\/03\/GridArt_20220313_123416678-768x768.jpg 768w, https:\/\/ejw-oehringen.de\/wordpress\/wp-content\/uploads\/2022\/03\/GridArt_20220313_123416678-1536x1536.jpg 1536w, https:\/\/ejw-oehringen.de\/wordpress\/wp-content\/uploads\/2022\/03\/GridArt_20220313_123416678-2048x2048.jpg 2048w, https:\/\/ejw-oehringen.de\/wordpress\/wp-content\/uploads\/2022\/03\/GridArt_20220313_123416678-1320x1320.jpg 1320w\" sizes=\"auto, (max-width: 2560px) 100vw, 2560px\" \/><\/a><\/figure>\n<\/figure>\n\n\n\n<figure class=\"wp-block-gallery has-nested-images columns-2 wp-block-gallery-2 is-layout-flex wp-block-gallery-is-layout-flex\">\n<figure class=\"wp-block-image size-medium is-style-default\"><a href=\"https:\/\/ejw-oehringen.de\/wordpress\/wp-content\/uploads\/2022\/03\/2022-03-10-21_52_51-Ueber-die-Aktion-_-100-\u00d7-Solidaritaet.png\"><img loading=\"lazy\" decoding=\"async\" width=\"259\" height=\"300\" data-id=\"3210\" src=\"https:\/\/ejw-oehringen.de\/wordpress\/wp-content\/uploads\/2022\/03\/2022-03-10-21_52_51-Ueber-die-Aktion-_-100-\u00d7-Solidaritaet-259x300.png\" alt=\"\" class=\"wp-image-3210\" srcset=\"https:\/\/ejw-oehringen.de\/wordpress\/wp-content\/uploads\/2022\/03\/2022-03-10-21_52_51-Ueber-die-Aktion-_-100-\u00d7-Solidaritaet-259x300.png 259w, https:\/\/ejw-oehringen.de\/wordpress\/wp-content\/uploads\/2022\/03\/2022-03-10-21_52_51-Ueber-die-Aktion-_-100-\u00d7-Solidaritaet-130x150.png 130w, https:\/\/ejw-oehringen.de\/wordpress\/wp-content\/uploads\/2022\/03\/2022-03-10-21_52_51-Ueber-die-Aktion-_-100-\u00d7-Solidaritaet.png 684w\" sizes=\"auto, (max-width: 259px) 100vw, 259px\" \/><\/a><\/figure>\n\n\n\n<figure class=\"wp-block-image size-medium is-style-default\"><a href=\"https:\/\/ejw-oehringen.de\/wordpress\/wp-content\/uploads\/2022\/03\/2022-03-10-21_43_03-100-\u00d7-Solidaritaet.png\"><img loading=\"lazy\" decoding=\"async\" width=\"300\" height=\"197\" data-id=\"3209\" src=\"https:\/\/ejw-oehringen.de\/wordpress\/wp-content\/uploads\/2022\/03\/2022-03-10-21_43_03-100-\u00d7-Solidaritaet-300x197.png\" alt=\"\" class=\"wp-image-3209\" srcset=\"https:\/\/ejw-oehringen.de\/wordpress\/wp-content\/uploads\/2022\/03\/2022-03-10-21_43_03-100-\u00d7-Solidaritaet-300x197.png 300w, https:\/\/ejw-oehringen.de\/wordpress\/wp-content\/uploads\/2022\/03\/2022-03-10-21_43_03-100-\u00d7-Solidaritaet-768x505.png 768w, https:\/\/ejw-oehringen.de\/wordpress\/wp-content\/uploads\/2022\/03\/2022-03-10-21_43_03-100-\u00d7-Solidaritaet-228x150.png 228w, https:\/\/ejw-oehringen.de\/wordpress\/wp-content\/uploads\/2022\/03\/2022-03-10-21_43_03-100-\u00d7-Solidaritaet-150x99.png 150w, https:\/\/ejw-oehringen.de\/wordpress\/wp-content\/uploads\/2022\/03\/2022-03-10-21_43_03-100-\u00d7-Solidaritaet-308x201.png 308w, https:\/\/ejw-oehringen.de\/wordpress\/wp-content\/uploads\/2022\/03\/2022-03-10-21_43_03-100-\u00d7-Solidaritaet.png 948w\" sizes=\"auto, (max-width: 300px) 100vw, 300px\" \/><\/a><\/figure>\n\n\n\n<figure class=\"wp-block-image size-large is-style-default\"><a href=\"https:\/\/ejw-oehringen.de\/wordpress\/wp-content\/uploads\/2022\/03\/2022-03-10-21_45_16-List-of-political-prisoners.png\"><img loading=\"lazy\" decoding=\"async\" width=\"1024\" height=\"518\" data-id=\"3214\" src=\"https:\/\/ejw-oehringen.de\/wordpress\/wp-content\/uploads\/2022\/03\/2022-03-10-21_45_16-List-of-political-prisoners-1024x518.png\" alt=\"\" class=\"wp-image-3214\" srcset=\"https:\/\/ejw-oehringen.de\/wordpress\/wp-content\/uploads\/2022\/03\/2022-03-10-21_45_16-List-of-political-prisoners-1024x518.png 1024w, https:\/\/ejw-oehringen.de\/wordpress\/wp-content\/uploads\/2022\/03\/2022-03-10-21_45_16-List-of-political-prisoners-300x152.png 300w, https:\/\/ejw-oehringen.de\/wordpress\/wp-content\/uploads\/2022\/03\/2022-03-10-21_45_16-List-of-political-prisoners-768x388.png 768w, https:\/\/ejw-oehringen.de\/wordpress\/wp-content\/uploads\/2022\/03\/2022-03-10-21_45_16-List-of-political-prisoners-250x126.png 250w, https:\/\/ejw-oehringen.de\/wordpress\/wp-content\/uploads\/2022\/03\/2022-03-10-21_45_16-List-of-political-prisoners-150x76.png 150w, https:\/\/ejw-oehringen.de\/wordpress\/wp-content\/uploads\/2022\/03\/2022-03-10-21_45_16-List-of-political-prisoners.png 1240w\" sizes=\"auto, (max-width: 1024px) 100vw, 1024px\" \/><\/a><\/figure>\n\n\n\n<figure class=\"wp-block-image size-large is-style-default\"><a href=\"https:\/\/ejw-oehringen.de\/wordpress\/wp-content\/uploads\/2022\/03\/2022-03-10-21_48_38-List-of-political-prisoners.png\"><img loading=\"lazy\" decoding=\"async\" width=\"1024\" height=\"535\" data-id=\"3212\" src=\"https:\/\/ejw-oehringen.de\/wordpress\/wp-content\/uploads\/2022\/03\/2022-03-10-21_48_38-List-of-political-prisoners-1024x535.png\" alt=\"\" class=\"wp-image-3212\" srcset=\"https:\/\/ejw-oehringen.de\/wordpress\/wp-content\/uploads\/2022\/03\/2022-03-10-21_48_38-List-of-political-prisoners-1024x535.png 1024w, https:\/\/ejw-oehringen.de\/wordpress\/wp-content\/uploads\/2022\/03\/2022-03-10-21_48_38-List-of-political-prisoners-300x157.png 300w, https:\/\/ejw-oehringen.de\/wordpress\/wp-content\/uploads\/2022\/03\/2022-03-10-21_48_38-List-of-political-prisoners-768x401.png 768w, https:\/\/ejw-oehringen.de\/wordpress\/wp-content\/uploads\/2022\/03\/2022-03-10-21_48_38-List-of-political-prisoners-250x131.png 250w, https:\/\/ejw-oehringen.de\/wordpress\/wp-content\/uploads\/2022\/03\/2022-03-10-21_48_38-List-of-political-prisoners-150x78.png 150w, https:\/\/ejw-oehringen.de\/wordpress\/wp-content\/uploads\/2022\/03\/2022-03-10-21_48_38-List-of-political-prisoners.png 1300w\" sizes=\"auto, (max-width: 1024px) 100vw, 1024px\" \/><\/a><\/figure>\n\n\n\n<figure class=\"wp-block-image size-large is-style-default\"><a href=\"https:\/\/ejw-oehringen.de\/wordpress\/wp-content\/uploads\/2022\/03\/2022-03-10-21_49_07-List-of-political-prisoners.png\"><img loading=\"lazy\" decoding=\"async\" width=\"1024\" height=\"544\" data-id=\"3211\" src=\"https:\/\/ejw-oehringen.de\/wordpress\/wp-content\/uploads\/2022\/03\/2022-03-10-21_49_07-List-of-political-prisoners-1024x544.png\" alt=\"\" class=\"wp-image-3211\" srcset=\"https:\/\/ejw-oehringen.de\/wordpress\/wp-content\/uploads\/2022\/03\/2022-03-10-21_49_07-List-of-political-prisoners-1024x544.png 1024w, https:\/\/ejw-oehringen.de\/wordpress\/wp-content\/uploads\/2022\/03\/2022-03-10-21_49_07-List-of-political-prisoners-300x159.png 300w, https:\/\/ejw-oehringen.de\/wordpress\/wp-content\/uploads\/2022\/03\/2022-03-10-21_49_07-List-of-political-prisoners-768x408.png 768w, https:\/\/ejw-oehringen.de\/wordpress\/wp-content\/uploads\/2022\/03\/2022-03-10-21_49_07-List-of-political-prisoners-250x133.png 250w, https:\/\/ejw-oehringen.de\/wordpress\/wp-content\/uploads\/2022\/03\/2022-03-10-21_49_07-List-of-political-prisoners-150x80.png 150w, https:\/\/ejw-oehringen.de\/wordpress\/wp-content\/uploads\/2022\/03\/2022-03-10-21_49_07-List-of-political-prisoners-1320x701.png 1320w, https:\/\/ejw-oehringen.de\/wordpress\/wp-content\/uploads\/2022\/03\/2022-03-10-21_49_07-List-of-political-prisoners.png 1328w\" sizes=\"auto, (max-width: 1024px) 100vw, 1024px\" \/><\/a><\/figure>\n\n\n\n<figure class=\"wp-block-image size-large is-style-default\"><a href=\"https:\/\/ejw-oehringen.de\/wordpress\/wp-content\/uploads\/2022\/03\/2022-03-10-21_50_59-List-of-political-prisoners.png\"><img loading=\"lazy\" decoding=\"async\" width=\"1024\" height=\"555\" data-id=\"3213\" src=\"https:\/\/ejw-oehringen.de\/wordpress\/wp-content\/uploads\/2022\/03\/2022-03-10-21_50_59-List-of-political-prisoners-1024x555.png\" alt=\"\" class=\"wp-image-3213\" srcset=\"https:\/\/ejw-oehringen.de\/wordpress\/wp-content\/uploads\/2022\/03\/2022-03-10-21_50_59-List-of-political-prisoners-1024x555.png 1024w, https:\/\/ejw-oehringen.de\/wordpress\/wp-content\/uploads\/2022\/03\/2022-03-10-21_50_59-List-of-political-prisoners-300x163.png 300w, https:\/\/ejw-oehringen.de\/wordpress\/wp-content\/uploads\/2022\/03\/2022-03-10-21_50_59-List-of-political-prisoners-768x416.png 768w, https:\/\/ejw-oehringen.de\/wordpress\/wp-content\/uploads\/2022\/03\/2022-03-10-21_50_59-List-of-political-prisoners-250x136.png 250w, https:\/\/ejw-oehringen.de\/wordpress\/wp-content\/uploads\/2022\/03\/2022-03-10-21_50_59-List-of-political-prisoners-150x81.png 150w, https:\/\/ejw-oehringen.de\/wordpress\/wp-content\/uploads\/2022\/03\/2022-03-10-21_50_59-List-of-political-prisoners-1320x716.png 1320w, https:\/\/ejw-oehringen.de\/wordpress\/wp-content\/uploads\/2022\/03\/2022-03-10-21_50_59-List-of-political-prisoners.png 1341w\" sizes=\"auto, (max-width: 1024px) 100vw, 1024px\" \/><\/a><\/figure>\n<\/figure>\n\n\n\n<p><a href=\"https:\/\/100xsolidaritaet.de\/\">https:\/\/100xsolidaritaet.de\/<\/a><\/p>\n\n\n\n<hr class=\"wp-block-separator\"\/>\n\n\n\n<figure class=\"wp-block-gallery has-nested-images columns-default is-cropped wp-block-gallery-3 is-layout-flex wp-block-gallery-is-layout-flex\">\n<figure class=\"wp-block-image size-large is-style-default\"><a href=\"https:\/\/ejw-oehringen.de\/wordpress\/wp-content\/uploads\/2021\/07\/20210619_213443-scaled.jpg\"><img loading=\"lazy\" decoding=\"async\" width=\"1024\" height=\"768\" data-id=\"2886\" src=\"https:\/\/ejw-oehringen.de\/wordpress\/wp-content\/uploads\/2021\/07\/20210619_213443-1024x768.jpg\" alt=\"\" class=\"wp-image-2886\" srcset=\"https:\/\/ejw-oehringen.de\/wordpress\/wp-content\/uploads\/2021\/07\/20210619_213443-1024x768.jpg 1024w, https:\/\/ejw-oehringen.de\/wordpress\/wp-content\/uploads\/2021\/07\/20210619_213443-300x225.jpg 300w, https:\/\/ejw-oehringen.de\/wordpress\/wp-content\/uploads\/2021\/07\/20210619_213443-768x576.jpg 768w, https:\/\/ejw-oehringen.de\/wordpress\/wp-content\/uploads\/2021\/07\/20210619_213443-1536x1152.jpg 1536w, https:\/\/ejw-oehringen.de\/wordpress\/wp-content\/uploads\/2021\/07\/20210619_213443-2048x1536.jpg 2048w, https:\/\/ejw-oehringen.de\/wordpress\/wp-content\/uploads\/2021\/07\/20210619_213443-200x150.jpg 200w, https:\/\/ejw-oehringen.de\/wordpress\/wp-content\/uploads\/2021\/07\/20210619_213443-150x113.jpg 150w, https:\/\/ejw-oehringen.de\/wordpress\/wp-content\/uploads\/2021\/07\/20210619_213443-1320x990.jpg 1320w\" sizes=\"auto, (max-width: 1024px) 100vw, 1024px\" \/><\/a><\/figure>\n\n\n\n<figure class=\"wp-block-image size-large is-style-default\"><a href=\"https:\/\/ejw-oehringen.de\/wordpress\/wp-content\/uploads\/2021\/07\/20210619_214629-scaled.jpg\"><img loading=\"lazy\" decoding=\"async\" width=\"1024\" height=\"768\" data-id=\"2887\" src=\"https:\/\/ejw-oehringen.de\/wordpress\/wp-content\/uploads\/2021\/07\/20210619_214629-1024x768.jpg\" alt=\"\" class=\"wp-image-2887\" srcset=\"https:\/\/ejw-oehringen.de\/wordpress\/wp-content\/uploads\/2021\/07\/20210619_214629-1024x768.jpg 1024w, https:\/\/ejw-oehringen.de\/wordpress\/wp-content\/uploads\/2021\/07\/20210619_214629-300x225.jpg 300w, https:\/\/ejw-oehringen.de\/wordpress\/wp-content\/uploads\/2021\/07\/20210619_214629-768x576.jpg 768w, https:\/\/ejw-oehringen.de\/wordpress\/wp-content\/uploads\/2021\/07\/20210619_214629-1536x1152.jpg 1536w, https:\/\/ejw-oehringen.de\/wordpress\/wp-content\/uploads\/2021\/07\/20210619_214629-2048x1536.jpg 2048w, https:\/\/ejw-oehringen.de\/wordpress\/wp-content\/uploads\/2021\/07\/20210619_214629-200x150.jpg 200w, https:\/\/ejw-oehringen.de\/wordpress\/wp-content\/uploads\/2021\/07\/20210619_214629-150x113.jpg 150w, https:\/\/ejw-oehringen.de\/wordpress\/wp-content\/uploads\/2021\/07\/20210619_214629-1320x990.jpg 1320w\" sizes=\"auto, (max-width: 1024px) 100vw, 1024px\" \/><\/a><\/figure>\n\n\n\n<figure class=\"wp-block-image size-large is-style-default\"><a href=\"https:\/\/ejw-oehringen.de\/wordpress\/wp-content\/uploads\/2021\/07\/20210619_223505-scaled.jpg\"><img loading=\"lazy\" decoding=\"async\" width=\"1024\" height=\"768\" data-id=\"2888\" src=\"https:\/\/ejw-oehringen.de\/wordpress\/wp-content\/uploads\/2021\/07\/20210619_223505-1024x768.jpg\" alt=\"\" class=\"wp-image-2888\" srcset=\"https:\/\/ejw-oehringen.de\/wordpress\/wp-content\/uploads\/2021\/07\/20210619_223505-1024x768.jpg 1024w, https:\/\/ejw-oehringen.de\/wordpress\/wp-content\/uploads\/2021\/07\/20210619_223505-300x225.jpg 300w, https:\/\/ejw-oehringen.de\/wordpress\/wp-content\/uploads\/2021\/07\/20210619_223505-768x576.jpg 768w, https:\/\/ejw-oehringen.de\/wordpress\/wp-content\/uploads\/2021\/07\/20210619_223505-1536x1152.jpg 1536w, https:\/\/ejw-oehringen.de\/wordpress\/wp-content\/uploads\/2021\/07\/20210619_223505-2048x1536.jpg 2048w, https:\/\/ejw-oehringen.de\/wordpress\/wp-content\/uploads\/2021\/07\/20210619_223505-200x150.jpg 200w, https:\/\/ejw-oehringen.de\/wordpress\/wp-content\/uploads\/2021\/07\/20210619_223505-150x113.jpg 150w, https:\/\/ejw-oehringen.de\/wordpress\/wp-content\/uploads\/2021\/07\/20210619_223505-1320x990.jpg 1320w\" sizes=\"auto, (max-width: 1024px) 100vw, 1024px\" \/><\/a><\/figure>\n\n\n\n<figure class=\"wp-block-image size-large is-style-default\"><a href=\"https:\/\/ejw-oehringen.de\/wordpress\/wp-content\/uploads\/2021\/07\/20210619_233054-scaled.jpg\"><img loading=\"lazy\" decoding=\"async\" width=\"1024\" height=\"768\" data-id=\"2889\" src=\"https:\/\/ejw-oehringen.de\/wordpress\/wp-content\/uploads\/2021\/07\/20210619_233054-1024x768.jpg\" alt=\"\" class=\"wp-image-2889\" srcset=\"https:\/\/ejw-oehringen.de\/wordpress\/wp-content\/uploads\/2021\/07\/20210619_233054-1024x768.jpg 1024w, https:\/\/ejw-oehringen.de\/wordpress\/wp-content\/uploads\/2021\/07\/20210619_233054-300x225.jpg 300w, https:\/\/ejw-oehringen.de\/wordpress\/wp-content\/uploads\/2021\/07\/20210619_233054-768x576.jpg 768w, https:\/\/ejw-oehringen.de\/wordpress\/wp-content\/uploads\/2021\/07\/20210619_233054-1536x1152.jpg 1536w, https:\/\/ejw-oehringen.de\/wordpress\/wp-content\/uploads\/2021\/07\/20210619_233054-2048x1536.jpg 2048w, https:\/\/ejw-oehringen.de\/wordpress\/wp-content\/uploads\/2021\/07\/20210619_233054-200x150.jpg 200w, https:\/\/ejw-oehringen.de\/wordpress\/wp-content\/uploads\/2021\/07\/20210619_233054-150x113.jpg 150w, https:\/\/ejw-oehringen.de\/wordpress\/wp-content\/uploads\/2021\/07\/20210619_233054-1320x990.jpg 1320w\" sizes=\"auto, (max-width: 1024px) 100vw, 1024px\" \/><\/a><\/figure>\n\n\n\n<figure class=\"wp-block-image size-large is-style-default\"><a href=\"https:\/\/ejw-oehringen.de\/wordpress\/wp-content\/uploads\/2021\/07\/IMG_20210620_003550_929.jpg\"><img loading=\"lazy\" decoding=\"async\" width=\"1024\" height=\"1024\" data-id=\"2890\" src=\"https:\/\/ejw-oehringen.de\/wordpress\/wp-content\/uploads\/2021\/07\/IMG_20210620_003550_929-1024x1024.jpg\" alt=\"\" class=\"wp-image-2890\" srcset=\"https:\/\/ejw-oehringen.de\/wordpress\/wp-content\/uploads\/2021\/07\/IMG_20210620_003550_929-1024x1024.jpg 1024w, https:\/\/ejw-oehringen.de\/wordpress\/wp-content\/uploads\/2021\/07\/IMG_20210620_003550_929-300x300.jpg 300w, https:\/\/ejw-oehringen.de\/wordpress\/wp-content\/uploads\/2021\/07\/IMG_20210620_003550_929-150x150.jpg 150w, https:\/\/ejw-oehringen.de\/wordpress\/wp-content\/uploads\/2021\/07\/IMG_20210620_003550_929-768x768.jpg 768w, https:\/\/ejw-oehringen.de\/wordpress\/wp-content\/uploads\/2021\/07\/IMG_20210620_003550_929-1320x1320.jpg 1320w, https:\/\/ejw-oehringen.de\/wordpress\/wp-content\/uploads\/2021\/07\/IMG_20210620_003550_929.jpg 1440w\" sizes=\"auto, (max-width: 1024px) 100vw, 1024px\" \/><\/a><\/figure>\n\n\n\n<figure class=\"wp-block-image size-large is-style-default\"><a href=\"https:\/\/ejw-oehringen.de\/wordpress\/wp-content\/uploads\/2021\/07\/IMG_20210620_003551_043.jpg\"><img loading=\"lazy\" decoding=\"async\" width=\"1024\" height=\"1024\" data-id=\"2891\" src=\"https:\/\/ejw-oehringen.de\/wordpress\/wp-content\/uploads\/2021\/07\/IMG_20210620_003551_043-1024x1024.jpg\" alt=\"\" class=\"wp-image-2891\" srcset=\"https:\/\/ejw-oehringen.de\/wordpress\/wp-content\/uploads\/2021\/07\/IMG_20210620_003551_043-1024x1024.jpg 1024w, https:\/\/ejw-oehringen.de\/wordpress\/wp-content\/uploads\/2021\/07\/IMG_20210620_003551_043-300x300.jpg 300w, https:\/\/ejw-oehringen.de\/wordpress\/wp-content\/uploads\/2021\/07\/IMG_20210620_003551_043-150x150.jpg 150w, https:\/\/ejw-oehringen.de\/wordpress\/wp-content\/uploads\/2021\/07\/IMG_20210620_003551_043-768x768.jpg 768w, https:\/\/ejw-oehringen.de\/wordpress\/wp-content\/uploads\/2021\/07\/IMG_20210620_003551_043-1320x1320.jpg 1320w, https:\/\/ejw-oehringen.de\/wordpress\/wp-content\/uploads\/2021\/07\/IMG_20210620_003551_043.jpg 1440w\" sizes=\"auto, (max-width: 1024px) 100vw, 1024px\" \/><\/a><\/figure>\n\n\n\n<figure class=\"wp-block-image size-large is-style-default\"><a href=\"https:\/\/ejw-oehringen.de\/wordpress\/wp-content\/uploads\/2021\/07\/IMG_20210620_004426_712.jpg\"><img loading=\"lazy\" decoding=\"async\" width=\"1024\" height=\"1024\" data-id=\"2892\" src=\"https:\/\/ejw-oehringen.de\/wordpress\/wp-content\/uploads\/2021\/07\/IMG_20210620_004426_712-1024x1024.jpg\" alt=\"\" class=\"wp-image-2892\" srcset=\"https:\/\/ejw-oehringen.de\/wordpress\/wp-content\/uploads\/2021\/07\/IMG_20210620_004426_712-1024x1024.jpg 1024w, https:\/\/ejw-oehringen.de\/wordpress\/wp-content\/uploads\/2021\/07\/IMG_20210620_004426_712-300x300.jpg 300w, https:\/\/ejw-oehringen.de\/wordpress\/wp-content\/uploads\/2021\/07\/IMG_20210620_004426_712-150x150.jpg 150w, https:\/\/ejw-oehringen.de\/wordpress\/wp-content\/uploads\/2021\/07\/IMG_20210620_004426_712-768x768.jpg 768w, https:\/\/ejw-oehringen.de\/wordpress\/wp-content\/uploads\/2021\/07\/IMG_20210620_004426_712-1320x1320.jpg 1320w, https:\/\/ejw-oehringen.de\/wordpress\/wp-content\/uploads\/2021\/07\/IMG_20210620_004426_712.jpg 1440w\" sizes=\"auto, (max-width: 1024px) 100vw, 1024px\" \/><\/a><\/figure>\n\n\n\n<figure class=\"wp-block-image size-large is-style-default\"><a href=\"https:\/\/ejw-oehringen.de\/wordpress\/wp-content\/uploads\/2021\/07\/IMG-20210619-WA0002.jpg\"><img loading=\"lazy\" decoding=\"async\" width=\"1024\" height=\"768\" data-id=\"2893\" src=\"https:\/\/ejw-oehringen.de\/wordpress\/wp-content\/uploads\/2021\/07\/IMG-20210619-WA0002-1024x768.jpg\" alt=\"\" class=\"wp-image-2893\" srcset=\"https:\/\/ejw-oehringen.de\/wordpress\/wp-content\/uploads\/2021\/07\/IMG-20210619-WA0002-1024x768.jpg 1024w, https:\/\/ejw-oehringen.de\/wordpress\/wp-content\/uploads\/2021\/07\/IMG-20210619-WA0002-300x225.jpg 300w, https:\/\/ejw-oehringen.de\/wordpress\/wp-content\/uploads\/2021\/07\/IMG-20210619-WA0002-768x576.jpg 768w, https:\/\/ejw-oehringen.de\/wordpress\/wp-content\/uploads\/2021\/07\/IMG-20210619-WA0002-1536x1152.jpg 1536w, https:\/\/ejw-oehringen.de\/wordpress\/wp-content\/uploads\/2021\/07\/IMG-20210619-WA0002-200x150.jpg 200w, https:\/\/ejw-oehringen.de\/wordpress\/wp-content\/uploads\/2021\/07\/IMG-20210619-WA0002-150x113.jpg 150w, https:\/\/ejw-oehringen.de\/wordpress\/wp-content\/uploads\/2021\/07\/IMG-20210619-WA0002-1320x990.jpg 1320w, https:\/\/ejw-oehringen.de\/wordpress\/wp-content\/uploads\/2021\/07\/IMG-20210619-WA0002.jpg 1600w\" sizes=\"auto, (max-width: 1024px) 100vw, 1024px\" \/><\/a><\/figure>\n<figcaption class=\"blocks-gallery-caption\">2021-06-19 Beleuchtungsaktion am Rathaus \u00d6hringen<\/figcaption><\/figure>\n\n\n\n<hr class=\"wp-block-separator\"\/>\n\n\n\n<figure class=\"wp-block-embed is-type-video is-provider-youtube wp-block-embed-youtube wp-embed-aspect-16-9 wp-has-aspect-ratio\"><div class=\"wp-block-embed__wrapper\">\n<iframe loading=\"lazy\" title=\"OnlinediskussionBelarusAusschnitte2021-05-17\" width=\"800\" height=\"450\" src=\"https:\/\/www.youtube.com\/embed\/MFBtynH3mog?feature=oembed\" frameborder=\"0\" allow=\"accelerometer; autoplay; clipboard-write; encrypted-media; gyroscope; picture-in-picture\" allowfullscreen><\/iframe>\n<\/div><figcaption>Ausschnitte aus der Veranstaltung &#8211; Kurzversion<\/figcaption><\/figure>\n\n\n\n<figure class=\"wp-block-embed is-type-video is-provider-youtube wp-block-embed-youtube wp-embed-aspect-16-9 wp-has-aspect-ratio\"><div class=\"wp-block-embed__wrapper\">\n<iframe loading=\"lazy\" title=\"OnlinediskussionzuBelarus2021-05-15\" width=\"800\" height=\"450\" src=\"https:\/\/www.youtube.com\/embed\/xEXvdu3Kn6Q?feature=oembed\" frameborder=\"0\" allow=\"accelerometer; autoplay; clipboard-write; encrypted-media; gyroscope; picture-in-picture\" allowfullscreen><\/iframe>\n<\/div><figcaption>Der komplette Mitschnitt &#8211; lange Version<\/figcaption><\/figure>\n\n\n\n<p><strong>15. Mai 2021 um 16 Uhr<\/strong><br><strong>Online Podiumdiskussion mit Politikern und Experten<\/strong><br>Quo vadis Belarus? Quo vadis europ\u00e4ische Werte?<\/p>\n\n\n\n<figure class=\"wp-block-gallery has-nested-images columns-default is-cropped wp-block-gallery-4 is-layout-flex wp-block-gallery-is-layout-flex\">\n<figure class=\"wp-block-image size-large is-style-default\"><a href=\"https:\/\/ejw-oehringen.de\/wordpress\/wp-content\/uploads\/2021\/05\/KundgebungBelarus_1.jpg\"><img loading=\"lazy\" decoding=\"async\" width=\"724\" height=\"1024\" data-id=\"2815\" src=\"https:\/\/ejw-oehringen.de\/wordpress\/wp-content\/uploads\/2021\/05\/KundgebungBelarus_1-724x1024.jpg\" alt=\"\" class=\"wp-image-2815\" srcset=\"https:\/\/ejw-oehringen.de\/wordpress\/wp-content\/uploads\/2021\/05\/KundgebungBelarus_1-724x1024.jpg 724w, https:\/\/ejw-oehringen.de\/wordpress\/wp-content\/uploads\/2021\/05\/KundgebungBelarus_1-212x300.jpg 212w, https:\/\/ejw-oehringen.de\/wordpress\/wp-content\/uploads\/2021\/05\/KundgebungBelarus_1-768x1087.jpg 768w, https:\/\/ejw-oehringen.de\/wordpress\/wp-content\/uploads\/2021\/05\/KundgebungBelarus_1-1085x1536.jpg 1085w, https:\/\/ejw-oehringen.de\/wordpress\/wp-content\/uploads\/2021\/05\/KundgebungBelarus_1-106x150.jpg 106w, https:\/\/ejw-oehringen.de\/wordpress\/wp-content\/uploads\/2021\/05\/KundgebungBelarus_1.jpg 1236w\" sizes=\"auto, (max-width: 724px) 100vw, 724px\" \/><\/a><\/figure>\n\n\n\n<figure class=\"wp-block-image size-large is-style-default\"><a href=\"https:\/\/ejw-oehringen.de\/wordpress\/wp-content\/uploads\/2021\/05\/KundgebungBelarusFlyerApril2021.jpg\"><img loading=\"lazy\" decoding=\"async\" width=\"711\" height=\"1024\" data-id=\"2817\" src=\"https:\/\/ejw-oehringen.de\/wordpress\/wp-content\/uploads\/2021\/05\/KundgebungBelarusFlyerApril2021-711x1024.jpg\" alt=\"\" class=\"wp-image-2817\" srcset=\"https:\/\/ejw-oehringen.de\/wordpress\/wp-content\/uploads\/2021\/05\/KundgebungBelarusFlyerApril2021-711x1024.jpg 711w, https:\/\/ejw-oehringen.de\/wordpress\/wp-content\/uploads\/2021\/05\/KundgebungBelarusFlyerApril2021-208x300.jpg 208w, https:\/\/ejw-oehringen.de\/wordpress\/wp-content\/uploads\/2021\/05\/KundgebungBelarusFlyerApril2021-768x1106.jpg 768w, https:\/\/ejw-oehringen.de\/wordpress\/wp-content\/uploads\/2021\/05\/KundgebungBelarusFlyerApril2021-1067x1536.jpg 1067w, https:\/\/ejw-oehringen.de\/wordpress\/wp-content\/uploads\/2021\/05\/KundgebungBelarusFlyerApril2021-104x150.jpg 104w, https:\/\/ejw-oehringen.de\/wordpress\/wp-content\/uploads\/2021\/05\/KundgebungBelarusFlyerApril2021.jpg 1227w\" sizes=\"auto, (max-width: 711px) 100vw, 711px\" \/><\/a><\/figure>\n\n\n\n<figure class=\"wp-block-image size-large is-style-default\"><a href=\"https:\/\/ejw-oehringen.de\/wordpress\/wp-content\/uploads\/2021\/05\/KundgebungBelarusApril2021.jpg\"><img loading=\"lazy\" decoding=\"async\" width=\"7016\" height=\"9933\" data-id=\"2816\" src=\"https:\/\/ejw-oehringen.de\/wordpress\/wp-content\/uploads\/2021\/05\/KundgebungBelarusApril2021.jpg\" alt=\"\" class=\"wp-image-2816\"\/><\/a><\/figure>\n<\/figure>\n\n\n\n<figure class=\"wp-block-gallery has-nested-images columns-default is-cropped wp-block-gallery-5 is-layout-flex wp-block-gallery-is-layout-flex\">\n<figure class=\"wp-block-image size-large is-style-default\"><a href=\"https:\/\/ejw-oehringen.de\/wordpress\/wp-content\/uploads\/2021\/05\/20210427_173358-scaled.jpg\"><img loading=\"lazy\" decoding=\"async\" width=\"1024\" height=\"768\" data-id=\"2824\" src=\"https:\/\/ejw-oehringen.de\/wordpress\/wp-content\/uploads\/2021\/05\/20210427_173358-1024x768.jpg\" alt=\"\" class=\"wp-image-2824\" srcset=\"https:\/\/ejw-oehringen.de\/wordpress\/wp-content\/uploads\/2021\/05\/20210427_173358-1024x768.jpg 1024w, https:\/\/ejw-oehringen.de\/wordpress\/wp-content\/uploads\/2021\/05\/20210427_173358-300x225.jpg 300w, https:\/\/ejw-oehringen.de\/wordpress\/wp-content\/uploads\/2021\/05\/20210427_173358-768x576.jpg 768w, https:\/\/ejw-oehringen.de\/wordpress\/wp-content\/uploads\/2021\/05\/20210427_173358-1536x1152.jpg 1536w, https:\/\/ejw-oehringen.de\/wordpress\/wp-content\/uploads\/2021\/05\/20210427_173358-2048x1536.jpg 2048w, https:\/\/ejw-oehringen.de\/wordpress\/wp-content\/uploads\/2021\/05\/20210427_173358-200x150.jpg 200w, https:\/\/ejw-oehringen.de\/wordpress\/wp-content\/uploads\/2021\/05\/20210427_173358-150x113.jpg 150w, https:\/\/ejw-oehringen.de\/wordpress\/wp-content\/uploads\/2021\/05\/20210427_173358-1320x990.jpg 1320w\" sizes=\"auto, (max-width: 1024px) 100vw, 1024px\" \/><\/a><\/figure>\n\n\n\n<figure class=\"wp-block-image size-large is-style-default\"><a href=\"https:\/\/ejw-oehringen.de\/wordpress\/wp-content\/uploads\/2021\/05\/20210427_173337-scaled.jpg\"><img loading=\"lazy\" decoding=\"async\" width=\"1024\" height=\"768\" data-id=\"2825\" src=\"https:\/\/ejw-oehringen.de\/wordpress\/wp-content\/uploads\/2021\/05\/20210427_173337-1024x768.jpg\" alt=\"\" class=\"wp-image-2825\" srcset=\"https:\/\/ejw-oehringen.de\/wordpress\/wp-content\/uploads\/2021\/05\/20210427_173337-1024x768.jpg 1024w, https:\/\/ejw-oehringen.de\/wordpress\/wp-content\/uploads\/2021\/05\/20210427_173337-300x225.jpg 300w, https:\/\/ejw-oehringen.de\/wordpress\/wp-content\/uploads\/2021\/05\/20210427_173337-768x576.jpg 768w, https:\/\/ejw-oehringen.de\/wordpress\/wp-content\/uploads\/2021\/05\/20210427_173337-1536x1152.jpg 1536w, https:\/\/ejw-oehringen.de\/wordpress\/wp-content\/uploads\/2021\/05\/20210427_173337-2048x1536.jpg 2048w, https:\/\/ejw-oehringen.de\/wordpress\/wp-content\/uploads\/2021\/05\/20210427_173337-200x150.jpg 200w, https:\/\/ejw-oehringen.de\/wordpress\/wp-content\/uploads\/2021\/05\/20210427_173337-150x113.jpg 150w, https:\/\/ejw-oehringen.de\/wordpress\/wp-content\/uploads\/2021\/05\/20210427_173337-1320x990.jpg 1320w\" sizes=\"auto, (max-width: 1024px) 100vw, 1024px\" \/><\/a><\/figure>\n\n\n\n<figure class=\"wp-block-image size-large is-style-default\"><a href=\"https:\/\/ejw-oehringen.de\/wordpress\/wp-content\/uploads\/2021\/05\/IMG-20210427-WA0008.jpg\"><img loading=\"lazy\" decoding=\"async\" width=\"1024\" height=\"768\" data-id=\"2823\" src=\"https:\/\/ejw-oehringen.de\/wordpress\/wp-content\/uploads\/2021\/05\/IMG-20210427-WA0008-1024x768.jpg\" alt=\"\" class=\"wp-image-2823\" srcset=\"https:\/\/ejw-oehringen.de\/wordpress\/wp-content\/uploads\/2021\/05\/IMG-20210427-WA0008-1024x768.jpg 1024w, https:\/\/ejw-oehringen.de\/wordpress\/wp-content\/uploads\/2021\/05\/IMG-20210427-WA0008-300x225.jpg 300w, https:\/\/ejw-oehringen.de\/wordpress\/wp-content\/uploads\/2021\/05\/IMG-20210427-WA0008-768x576.jpg 768w, https:\/\/ejw-oehringen.de\/wordpress\/wp-content\/uploads\/2021\/05\/IMG-20210427-WA0008-1536x1152.jpg 1536w, https:\/\/ejw-oehringen.de\/wordpress\/wp-content\/uploads\/2021\/05\/IMG-20210427-WA0008-200x150.jpg 200w, https:\/\/ejw-oehringen.de\/wordpress\/wp-content\/uploads\/2021\/05\/IMG-20210427-WA0008-150x113.jpg 150w, https:\/\/ejw-oehringen.de\/wordpress\/wp-content\/uploads\/2021\/05\/IMG-20210427-WA0008-1320x990.jpg 1320w, https:\/\/ejw-oehringen.de\/wordpress\/wp-content\/uploads\/2021\/05\/IMG-20210427-WA0008.jpg 1600w\" sizes=\"auto, (max-width: 1024px) 100vw, 1024px\" \/><\/a><\/figure>\n<\/figure>\n\n\n\n<hr class=\"wp-block-separator\"\/>\n\n\n\n<p><strong>Solidarit\u00e4t mit den Menschen in Belarus<\/strong><br>Macht mit bei der Challenge &#8211; Solidarit\u00e4t mit Belarus! #Jugendwerk4Belarus und sendet uns eure Beitr\u00e4ge zu.<\/p>\n\n\n\n<figure class=\"wp-block-embed is-type-video is-provider-youtube wp-block-embed-youtube wp-embed-aspect-16-9 wp-has-aspect-ratio\"><div class=\"wp-block-embed__wrapper\">\n<iframe loading=\"lazy\" title=\"Jugendwerk4Belarus\" width=\"800\" height=\"450\" src=\"https:\/\/www.youtube.com\/embed\/G6leEjrfdUg?feature=oembed\" frameborder=\"0\" allow=\"accelerometer; autoplay; clipboard-write; encrypted-media; gyroscope; picture-in-picture\" allowfullscreen><\/iframe>\n<\/div><\/figure>\n\n\n\n<p>Ihr k\u00f6nnt zum Beispiel<br>&#8211; eine Steinekette mit wei\u00df-rot-wei\u00dfen Steinen legen<br>&#8211; B\u00e4ndchen in wei\u00df-rot-wei\u00df am Arm oder am Rucksack tragen<br>&#8211; eine wei\u00df-rot-wei\u00dfe Fahne ins Fenster h\u00e4ngen<br>&#8211; eine Solidarit\u00e4tsaktion mit Plakaten und Kundgebung organisieren<br>&#8211; eine Mahnwache mit Kerzen, Luftballons und Blumen organisieren<br>&#8211; Gebet, Andacht zum Thema Belarus machen<br>&#8211; Artikel an die regionale Zeitung schreiben<br>&#8211; <a rel=\"noreferrer noopener\" href=\"https:\/\/www.lphr.org\/spenden\/\" target=\"_blank\">Spenden<\/a> sammeln<br>&#8211; mitmachen an der <a rel=\"noreferrer noopener\" href=\"https:\/\/www.lphr.org\/postkarten-aktion-politische-gefangene-belarus\/\" target=\"_blank\">Postkartenaktion<\/a> f\u00fcr Gefangene in den Gef\u00e4ngnissen in Belarus, Patenschaft f\u00fcr Gefangene in Belarus \u00fcbernehmen<br>&#8211; Mitmachen bei der <a rel=\"noreferrer noopener\" href=\"https:\/\/www.lphr.org\/belarus-gefangene-patenschaften-prisoners-godparenthood\/\" target=\"_blank\">Solidarit\u00e4ts-Kampagne #WeStandBYyou<\/a> &#8211; fotografiert eure Jugendgruppe mit dem Slogan<\/p>\n\n\n\n<figure class=\"wp-block-gallery has-nested-images columns-default is-cropped wp-block-gallery-6 is-layout-flex wp-block-gallery-is-layout-flex\">\n<figure class=\"wp-block-image size-large is-style-default\"><a href=\"https:\/\/ejw-oehringen.de\/wordpress\/wp-content\/uploads\/2021\/03\/20201127_133602-scaled.jpg\"><img loading=\"lazy\" decoding=\"async\" width=\"768\" height=\"1024\" data-id=\"2795\" src=\"https:\/\/ejw-oehringen.de\/wordpress\/wp-content\/uploads\/2021\/03\/20201127_133602-768x1024.jpg\" alt=\"\" class=\"wp-image-2795\" srcset=\"https:\/\/ejw-oehringen.de\/wordpress\/wp-content\/uploads\/2021\/03\/20201127_133602-768x1024.jpg 768w, https:\/\/ejw-oehringen.de\/wordpress\/wp-content\/uploads\/2021\/03\/20201127_133602-225x300.jpg 225w, https:\/\/ejw-oehringen.de\/wordpress\/wp-content\/uploads\/2021\/03\/20201127_133602-1152x1536.jpg 1152w, https:\/\/ejw-oehringen.de\/wordpress\/wp-content\/uploads\/2021\/03\/20201127_133602-1536x2048.jpg 1536w, https:\/\/ejw-oehringen.de\/wordpress\/wp-content\/uploads\/2021\/03\/20201127_133602-113x150.jpg 113w, https:\/\/ejw-oehringen.de\/wordpress\/wp-content\/uploads\/2021\/03\/20201127_133602-1320x1760.jpg 1320w, https:\/\/ejw-oehringen.de\/wordpress\/wp-content\/uploads\/2021\/03\/20201127_133602-scaled.jpg 1920w\" sizes=\"auto, (max-width: 768px) 100vw, 768px\" \/><\/a><\/figure>\n\n\n\n<figure class=\"wp-block-image size-large is-style-default\"><a href=\"https:\/\/ejw-oehringen.de\/wordpress\/wp-content\/uploads\/2021\/03\/IMG-20210207-WA0000-1.jpg\"><img loading=\"lazy\" decoding=\"async\" width=\"768\" height=\"1024\" data-id=\"2797\" src=\"https:\/\/ejw-oehringen.de\/wordpress\/wp-content\/uploads\/2021\/03\/IMG-20210207-WA0000-1-768x1024.jpg\" alt=\"\" class=\"wp-image-2797\" srcset=\"https:\/\/ejw-oehringen.de\/wordpress\/wp-content\/uploads\/2021\/03\/IMG-20210207-WA0000-1-768x1024.jpg 768w, https:\/\/ejw-oehringen.de\/wordpress\/wp-content\/uploads\/2021\/03\/IMG-20210207-WA0000-1-225x300.jpg 225w, https:\/\/ejw-oehringen.de\/wordpress\/wp-content\/uploads\/2021\/03\/IMG-20210207-WA0000-1-1152x1536.jpg 1152w, https:\/\/ejw-oehringen.de\/wordpress\/wp-content\/uploads\/2021\/03\/IMG-20210207-WA0000-1-113x150.jpg 113w, https:\/\/ejw-oehringen.de\/wordpress\/wp-content\/uploads\/2021\/03\/IMG-20210207-WA0000-1.jpg 1200w\" sizes=\"auto, (max-width: 768px) 100vw, 768px\" \/><\/a><\/figure>\n\n\n\n<figure class=\"wp-block-image size-large is-style-default\"><a href=\"https:\/\/ejw-oehringen.de\/wordpress\/wp-content\/uploads\/2021\/03\/20210305_101638-scaled.jpg\"><img loading=\"lazy\" decoding=\"async\" width=\"768\" height=\"1024\" data-id=\"2800\" src=\"https:\/\/ejw-oehringen.de\/wordpress\/wp-content\/uploads\/2021\/03\/20210305_101638-768x1024.jpg\" alt=\"\" class=\"wp-image-2800\" srcset=\"https:\/\/ejw-oehringen.de\/wordpress\/wp-content\/uploads\/2021\/03\/20210305_101638-768x1024.jpg 768w, https:\/\/ejw-oehringen.de\/wordpress\/wp-content\/uploads\/2021\/03\/20210305_101638-225x300.jpg 225w, https:\/\/ejw-oehringen.de\/wordpress\/wp-content\/uploads\/2021\/03\/20210305_101638-1152x1536.jpg 1152w, https:\/\/ejw-oehringen.de\/wordpress\/wp-content\/uploads\/2021\/03\/20210305_101638-1536x2048.jpg 1536w, https:\/\/ejw-oehringen.de\/wordpress\/wp-content\/uploads\/2021\/03\/20210305_101638-113x150.jpg 113w, https:\/\/ejw-oehringen.de\/wordpress\/wp-content\/uploads\/2021\/03\/20210305_101638-1320x1760.jpg 1320w, https:\/\/ejw-oehringen.de\/wordpress\/wp-content\/uploads\/2021\/03\/20210305_101638-scaled.jpg 1920w\" sizes=\"auto, (max-width: 768px) 100vw, 768px\" \/><\/a><\/figure>\n\n\n\n<figure class=\"wp-block-image size-large is-style-default\"><a href=\"https:\/\/ejw-oehringen.de\/wordpress\/wp-content\/uploads\/2021\/03\/Bild1.jpg\"><img loading=\"lazy\" decoding=\"async\" width=\"1024\" height=\"679\" data-id=\"2803\" src=\"https:\/\/ejw-oehringen.de\/wordpress\/wp-content\/uploads\/2021\/03\/Bild1-1024x679.jpg\" alt=\"\" class=\"wp-image-2803\" srcset=\"https:\/\/ejw-oehringen.de\/wordpress\/wp-content\/uploads\/2021\/03\/Bild1-1024x679.jpg 1024w, https:\/\/ejw-oehringen.de\/wordpress\/wp-content\/uploads\/2021\/03\/Bild1-300x199.jpg 300w, https:\/\/ejw-oehringen.de\/wordpress\/wp-content\/uploads\/2021\/03\/Bild1-768x509.jpg 768w, https:\/\/ejw-oehringen.de\/wordpress\/wp-content\/uploads\/2021\/03\/Bild1-226x150.jpg 226w, https:\/\/ejw-oehringen.de\/wordpress\/wp-content\/uploads\/2021\/03\/Bild1-150x99.jpg 150w, https:\/\/ejw-oehringen.de\/wordpress\/wp-content\/uploads\/2021\/03\/Bild1.jpg 1079w\" sizes=\"auto, (max-width: 1024px) 100vw, 1024px\" \/><\/a><\/figure>\n\n\n\n<figure class=\"wp-block-image size-large is-style-default\"><a href=\"https:\/\/ejw-oehringen.de\/wordpress\/wp-content\/uploads\/2021\/03\/img_20201030_191955_201030Mahnwache-Belarus_\u251cuhringen_FrankLutz-scaled.jpg\"><img loading=\"lazy\" decoding=\"async\" width=\"1024\" height=\"768\" data-id=\"2804\" src=\"https:\/\/ejw-oehringen.de\/wordpress\/wp-content\/uploads\/2021\/03\/img_20201030_191955_201030Mahnwache-Belarus_\u251cuhringen_FrankLutz-1024x768.jpg\" alt=\"\" class=\"wp-image-2804\" srcset=\"https:\/\/ejw-oehringen.de\/wordpress\/wp-content\/uploads\/2021\/03\/img_20201030_191955_201030Mahnwache-Belarus_\u251cuhringen_FrankLutz-1024x768.jpg 1024w, https:\/\/ejw-oehringen.de\/wordpress\/wp-content\/uploads\/2021\/03\/img_20201030_191955_201030Mahnwache-Belarus_\u251cuhringen_FrankLutz-300x225.jpg 300w, https:\/\/ejw-oehringen.de\/wordpress\/wp-content\/uploads\/2021\/03\/img_20201030_191955_201030Mahnwache-Belarus_\u251cuhringen_FrankLutz-768x576.jpg 768w, https:\/\/ejw-oehringen.de\/wordpress\/wp-content\/uploads\/2021\/03\/img_20201030_191955_201030Mahnwache-Belarus_\u251cuhringen_FrankLutz-1536x1152.jpg 1536w, https:\/\/ejw-oehringen.de\/wordpress\/wp-content\/uploads\/2021\/03\/img_20201030_191955_201030Mahnwache-Belarus_\u251cuhringen_FrankLutz-2048x1536.jpg 2048w, https:\/\/ejw-oehringen.de\/wordpress\/wp-content\/uploads\/2021\/03\/img_20201030_191955_201030Mahnwache-Belarus_\u251cuhringen_FrankLutz-200x150.jpg 200w, https:\/\/ejw-oehringen.de\/wordpress\/wp-content\/uploads\/2021\/03\/img_20201030_191955_201030Mahnwache-Belarus_\u251cuhringen_FrankLutz-150x113.jpg 150w, https:\/\/ejw-oehringen.de\/wordpress\/wp-content\/uploads\/2021\/03\/img_20201030_191955_201030Mahnwache-Belarus_\u251cuhringen_FrankLutz-1320x990.jpg 1320w\" sizes=\"auto, (max-width: 1024px) 100vw, 1024px\" \/><\/a><\/figure>\n\n\n\n<figure class=\"wp-block-image size-large is-style-default\"><a href=\"https:\/\/ejw-oehringen.de\/wordpress\/wp-content\/uploads\/2021\/03\/img45069_200913Mahnwache-Belarus_Oehringen_FrankLutz.jpg\"><img loading=\"lazy\" decoding=\"async\" width=\"1024\" height=\"678\" data-id=\"2805\" src=\"https:\/\/ejw-oehringen.de\/wordpress\/wp-content\/uploads\/2021\/03\/img45069_200913Mahnwache-Belarus_Oehringen_FrankLutz-1024x678.jpg\" alt=\"\" class=\"wp-image-2805\" srcset=\"https:\/\/ejw-oehringen.de\/wordpress\/wp-content\/uploads\/2021\/03\/img45069_200913Mahnwache-Belarus_Oehringen_FrankLutz-1024x678.jpg 1024w, https:\/\/ejw-oehringen.de\/wordpress\/wp-content\/uploads\/2021\/03\/img45069_200913Mahnwache-Belarus_Oehringen_FrankLutz-300x199.jpg 300w, https:\/\/ejw-oehringen.de\/wordpress\/wp-content\/uploads\/2021\/03\/img45069_200913Mahnwache-Belarus_Oehringen_FrankLutz-768x509.jpg 768w, https:\/\/ejw-oehringen.de\/wordpress\/wp-content\/uploads\/2021\/03\/img45069_200913Mahnwache-Belarus_Oehringen_FrankLutz-1536x1017.jpg 1536w, https:\/\/ejw-oehringen.de\/wordpress\/wp-content\/uploads\/2021\/03\/img45069_200913Mahnwache-Belarus_Oehringen_FrankLutz-2048x1356.jpg 2048w, https:\/\/ejw-oehringen.de\/wordpress\/wp-content\/uploads\/2021\/03\/img45069_200913Mahnwache-Belarus_Oehringen_FrankLutz-226x150.jpg 226w, https:\/\/ejw-oehringen.de\/wordpress\/wp-content\/uploads\/2021\/03\/img45069_200913Mahnwache-Belarus_Oehringen_FrankLutz-150x99.jpg 150w, https:\/\/ejw-oehringen.de\/wordpress\/wp-content\/uploads\/2021\/03\/img45069_200913Mahnwache-Belarus_Oehringen_FrankLutz-1320x874.jpg 1320w\" sizes=\"auto, (max-width: 1024px) 100vw, 1024px\" \/><\/a><\/figure>\n\n\n\n<figure class=\"wp-block-image size-large is-style-default\"><a href=\"https:\/\/ejw-oehringen.de\/wordpress\/wp-content\/uploads\/2021\/03\/WeStandBYyou-scaled.jpg\"><img loading=\"lazy\" decoding=\"async\" width=\"1024\" height=\"724\" data-id=\"2806\" src=\"https:\/\/ejw-oehringen.de\/wordpress\/wp-content\/uploads\/2021\/03\/WeStandBYyou-1024x724.jpg\" alt=\"\" class=\"wp-image-2806\" srcset=\"https:\/\/ejw-oehringen.de\/wordpress\/wp-content\/uploads\/2021\/03\/WeStandBYyou-1024x724.jpg 1024w, https:\/\/ejw-oehringen.de\/wordpress\/wp-content\/uploads\/2021\/03\/WeStandBYyou-300x212.jpg 300w, https:\/\/ejw-oehringen.de\/wordpress\/wp-content\/uploads\/2021\/03\/WeStandBYyou-768x543.jpg 768w, https:\/\/ejw-oehringen.de\/wordpress\/wp-content\/uploads\/2021\/03\/WeStandBYyou-1536x1086.jpg 1536w, https:\/\/ejw-oehringen.de\/wordpress\/wp-content\/uploads\/2021\/03\/WeStandBYyou-2048x1448.jpg 2048w, https:\/\/ejw-oehringen.de\/wordpress\/wp-content\/uploads\/2021\/03\/WeStandBYyou-212x150.jpg 212w, https:\/\/ejw-oehringen.de\/wordpress\/wp-content\/uploads\/2021\/03\/WeStandBYyou-150x106.jpg 150w, https:\/\/ejw-oehringen.de\/wordpress\/wp-content\/uploads\/2021\/03\/WeStandBYyou-1320x933.jpg 1320w\" sizes=\"auto, (max-width: 1024px) 100vw, 1024px\" \/><\/a><\/figure>\n\n\n\n<figure class=\"wp-block-image size-large is-style-default\"><a href=\"https:\/\/ejw-oehringen.de\/wordpress\/wp-content\/uploads\/2021\/03\/20201205_114101-scaled.jpg\"><img loading=\"lazy\" decoding=\"async\" width=\"1024\" height=\"768\" data-id=\"2807\" src=\"https:\/\/ejw-oehringen.de\/wordpress\/wp-content\/uploads\/2021\/03\/20201205_114101-1024x768.jpg\" alt=\"\" class=\"wp-image-2807\" srcset=\"https:\/\/ejw-oehringen.de\/wordpress\/wp-content\/uploads\/2021\/03\/20201205_114101-1024x768.jpg 1024w, https:\/\/ejw-oehringen.de\/wordpress\/wp-content\/uploads\/2021\/03\/20201205_114101-300x225.jpg 300w, https:\/\/ejw-oehringen.de\/wordpress\/wp-content\/uploads\/2021\/03\/20201205_114101-768x576.jpg 768w, https:\/\/ejw-oehringen.de\/wordpress\/wp-content\/uploads\/2021\/03\/20201205_114101-1536x1152.jpg 1536w, https:\/\/ejw-oehringen.de\/wordpress\/wp-content\/uploads\/2021\/03\/20201205_114101-2048x1536.jpg 2048w, https:\/\/ejw-oehringen.de\/wordpress\/wp-content\/uploads\/2021\/03\/20201205_114101-200x150.jpg 200w, https:\/\/ejw-oehringen.de\/wordpress\/wp-content\/uploads\/2021\/03\/20201205_114101-150x113.jpg 150w, https:\/\/ejw-oehringen.de\/wordpress\/wp-content\/uploads\/2021\/03\/20201205_114101-1320x990.jpg 1320w\" sizes=\"auto, (max-width: 1024px) 100vw, 1024px\" \/><\/a><\/figure>\n\n\n\n<figure class=\"wp-block-image size-large is-style-default\"><a href=\"https:\/\/ejw-oehringen.de\/wordpress\/wp-content\/uploads\/2021\/03\/20200914_191236-scaled.jpg\"><img loading=\"lazy\" decoding=\"async\" width=\"1024\" height=\"768\" data-id=\"2808\" src=\"https:\/\/ejw-oehringen.de\/wordpress\/wp-content\/uploads\/2021\/03\/20200914_191236-1024x768.jpg\" alt=\"\" class=\"wp-image-2808\" srcset=\"https:\/\/ejw-oehringen.de\/wordpress\/wp-content\/uploads\/2021\/03\/20200914_191236-1024x768.jpg 1024w, https:\/\/ejw-oehringen.de\/wordpress\/wp-content\/uploads\/2021\/03\/20200914_191236-300x225.jpg 300w, https:\/\/ejw-oehringen.de\/wordpress\/wp-content\/uploads\/2021\/03\/20200914_191236-768x576.jpg 768w, https:\/\/ejw-oehringen.de\/wordpress\/wp-content\/uploads\/2021\/03\/20200914_191236-1536x1152.jpg 1536w, https:\/\/ejw-oehringen.de\/wordpress\/wp-content\/uploads\/2021\/03\/20200914_191236-2048x1536.jpg 2048w, https:\/\/ejw-oehringen.de\/wordpress\/wp-content\/uploads\/2021\/03\/20200914_191236-200x150.jpg 200w, https:\/\/ejw-oehringen.de\/wordpress\/wp-content\/uploads\/2021\/03\/20200914_191236-150x113.jpg 150w, https:\/\/ejw-oehringen.de\/wordpress\/wp-content\/uploads\/2021\/03\/20200914_191236-1320x990.jpg 1320w\" sizes=\"auto, (max-width: 1024px) 100vw, 1024px\" \/><\/a><\/figure>\n<\/figure>\n\n\n\n<hr class=\"wp-block-separator\"\/>\n\n\n\n<figure class=\"wp-block-embed is-type-video is-provider-youtube wp-block-embed-youtube wp-embed-aspect-16-9 wp-has-aspect-ratio\"><div class=\"wp-block-embed__wrapper\">\n<iframe loading=\"lazy\" title=\"OnlinediskussionzuBelarus2021-01-30\" width=\"800\" height=\"450\" src=\"https:\/\/www.youtube.com\/embed\/pe4WAGr--ns?feature=oembed\" frameborder=\"0\" allow=\"accelerometer; autoplay; clipboard-write; encrypted-media; gyroscope; picture-in-picture\" allowfullscreen><\/iframe>\n<\/div><\/figure>\n\n\n\n<p class=\"has-text-align-left\"><strong>Was kommt nach Lukaschenko?<br>Online Podiumdiskussion mit Politikern und Experten<\/strong><\/p>\n\n\n\n<figure class=\"wp-block-gallery has-nested-images columns-default is-cropped wp-block-gallery-7 is-layout-flex wp-block-gallery-is-layout-flex\">\n<figure class=\"wp-block-image size-large is-style-default\"><a href=\"https:\/\/ejw-oehringen.de\/wordpress\/wp-content\/uploads\/2021\/01\/KundgebungBelarus_1.jpg\"><img loading=\"lazy\" decoding=\"async\" width=\"724\" height=\"1024\" data-id=\"2692\" src=\"https:\/\/ejw-oehringen.de\/wordpress\/wp-content\/uploads\/2021\/01\/KundgebungBelarus_1-724x1024.jpg\" alt=\"\" class=\"wp-image-2692\" srcset=\"https:\/\/ejw-oehringen.de\/wordpress\/wp-content\/uploads\/2021\/01\/KundgebungBelarus_1-724x1024.jpg 724w, https:\/\/ejw-oehringen.de\/wordpress\/wp-content\/uploads\/2021\/01\/KundgebungBelarus_1-212x300.jpg 212w, https:\/\/ejw-oehringen.de\/wordpress\/wp-content\/uploads\/2021\/01\/KundgebungBelarus_1-768x1087.jpg 768w, https:\/\/ejw-oehringen.de\/wordpress\/wp-content\/uploads\/2021\/01\/KundgebungBelarus_1-1085x1536.jpg 1085w, https:\/\/ejw-oehringen.de\/wordpress\/wp-content\/uploads\/2021\/01\/KundgebungBelarus_1-106x150.jpg 106w, https:\/\/ejw-oehringen.de\/wordpress\/wp-content\/uploads\/2021\/01\/KundgebungBelarus_1.jpg 1236w\" sizes=\"auto, (max-width: 724px) 100vw, 724px\" \/><\/a><\/figure>\n\n\n\n<figure class=\"wp-block-image size-large is-style-default\"><a href=\"https:\/\/ejw-oehringen.de\/wordpress\/wp-content\/uploads\/2021\/01\/KundgebungBelarus_2.jpg\"><img loading=\"lazy\" decoding=\"async\" width=\"711\" height=\"1024\" data-id=\"2693\" src=\"https:\/\/ejw-oehringen.de\/wordpress\/wp-content\/uploads\/2021\/01\/KundgebungBelarus_2-711x1024.jpg\" alt=\"\" class=\"wp-image-2693\" srcset=\"https:\/\/ejw-oehringen.de\/wordpress\/wp-content\/uploads\/2021\/01\/KundgebungBelarus_2-711x1024.jpg 711w, https:\/\/ejw-oehringen.de\/wordpress\/wp-content\/uploads\/2021\/01\/KundgebungBelarus_2-208x300.jpg 208w, https:\/\/ejw-oehringen.de\/wordpress\/wp-content\/uploads\/2021\/01\/KundgebungBelarus_2-768x1106.jpg 768w, https:\/\/ejw-oehringen.de\/wordpress\/wp-content\/uploads\/2021\/01\/KundgebungBelarus_2-1067x1536.jpg 1067w, https:\/\/ejw-oehringen.de\/wordpress\/wp-content\/uploads\/2021\/01\/KundgebungBelarus_2-104x150.jpg 104w, https:\/\/ejw-oehringen.de\/wordpress\/wp-content\/uploads\/2021\/01\/KundgebungBelarus_2.jpg 1227w\" sizes=\"auto, (max-width: 711px) 100vw, 711px\" \/><\/a><\/figure>\n<\/figure>\n\n\n\n<hr class=\"wp-block-separator\"\/>\n\n\n\n<figure class=\"wp-block-gallery has-nested-images columns-default is-cropped wp-block-gallery-8 is-layout-flex wp-block-gallery-is-layout-flex\">\n<figure class=\"wp-block-image size-large is-style-default\"><img loading=\"lazy\" decoding=\"async\" width=\"1024\" height=\"1024\" data-id=\"2613\" src=\"https:\/\/ejw-oehringen.de\/wordpress\/wp-content\/uploads\/2020\/11\/1-1-1024x1024.png\" alt=\"\" class=\"wp-image-2613\" srcset=\"https:\/\/ejw-oehringen.de\/wordpress\/wp-content\/uploads\/2020\/11\/1-1-1024x1024.png 1024w, https:\/\/ejw-oehringen.de\/wordpress\/wp-content\/uploads\/2020\/11\/1-1-300x300.png 300w, https:\/\/ejw-oehringen.de\/wordpress\/wp-content\/uploads\/2020\/11\/1-1-150x150.png 150w, https:\/\/ejw-oehringen.de\/wordpress\/wp-content\/uploads\/2020\/11\/1-1-768x768.png 768w, https:\/\/ejw-oehringen.de\/wordpress\/wp-content\/uploads\/2020\/11\/1-1.png 1080w\" sizes=\"auto, (max-width: 1024px) 100vw, 1024px\" \/><\/figure>\n\n\n\n<figure class=\"wp-block-image size-large is-style-default\"><img loading=\"lazy\" decoding=\"async\" width=\"678\" height=\"1024\" data-id=\"2648\" src=\"https:\/\/ejw-oehringen.de\/wordpress\/wp-content\/uploads\/2020\/11\/img51950_201121GerechtigkeitBelarus_FrankLutz-678x1024.jpg\" alt=\"\" class=\"wp-image-2648\" srcset=\"https:\/\/ejw-oehringen.de\/wordpress\/wp-content\/uploads\/2020\/11\/img51950_201121GerechtigkeitBelarus_FrankLutz-678x1024.jpg 678w, https:\/\/ejw-oehringen.de\/wordpress\/wp-content\/uploads\/2020\/11\/img51950_201121GerechtigkeitBelarus_FrankLutz-199x300.jpg 199w, https:\/\/ejw-oehringen.de\/wordpress\/wp-content\/uploads\/2020\/11\/img51950_201121GerechtigkeitBelarus_FrankLutz-768x1160.jpg 768w, https:\/\/ejw-oehringen.de\/wordpress\/wp-content\/uploads\/2020\/11\/img51950_201121GerechtigkeitBelarus_FrankLutz-1017x1536.jpg 1017w, https:\/\/ejw-oehringen.de\/wordpress\/wp-content\/uploads\/2020\/11\/img51950_201121GerechtigkeitBelarus_FrankLutz-1356x2048.jpg 1356w, https:\/\/ejw-oehringen.de\/wordpress\/wp-content\/uploads\/2020\/11\/img51950_201121GerechtigkeitBelarus_FrankLutz-99x150.jpg 99w, https:\/\/ejw-oehringen.de\/wordpress\/wp-content\/uploads\/2020\/11\/img51950_201121GerechtigkeitBelarus_FrankLutz-1320x1993.jpg 1320w, https:\/\/ejw-oehringen.de\/wordpress\/wp-content\/uploads\/2020\/11\/img51950_201121GerechtigkeitBelarus_FrankLutz-scaled.jpg 1696w\" sizes=\"auto, (max-width: 678px) 100vw, 678px\" \/><\/figure>\n\n\n\n<figure class=\"wp-block-image size-large is-style-default\"><img loading=\"lazy\" decoding=\"async\" width=\"1024\" height=\"678\" data-id=\"2643\" src=\"https:\/\/ejw-oehringen.de\/wordpress\/wp-content\/uploads\/2020\/11\/img51933_201121GerechtigkeitBelarus_FrankLutz-1024x678.jpg\" alt=\"\" class=\"wp-image-2643\" srcset=\"https:\/\/ejw-oehringen.de\/wordpress\/wp-content\/uploads\/2020\/11\/img51933_201121GerechtigkeitBelarus_FrankLutz-1024x678.jpg 1024w, https:\/\/ejw-oehringen.de\/wordpress\/wp-content\/uploads\/2020\/11\/img51933_201121GerechtigkeitBelarus_FrankLutz-300x199.jpg 300w, https:\/\/ejw-oehringen.de\/wordpress\/wp-content\/uploads\/2020\/11\/img51933_201121GerechtigkeitBelarus_FrankLutz-768x509.jpg 768w, https:\/\/ejw-oehringen.de\/wordpress\/wp-content\/uploads\/2020\/11\/img51933_201121GerechtigkeitBelarus_FrankLutz-1536x1017.jpg 1536w, https:\/\/ejw-oehringen.de\/wordpress\/wp-content\/uploads\/2020\/11\/img51933_201121GerechtigkeitBelarus_FrankLutz-2048x1356.jpg 2048w, https:\/\/ejw-oehringen.de\/wordpress\/wp-content\/uploads\/2020\/11\/img51933_201121GerechtigkeitBelarus_FrankLutz-226x150.jpg 226w, https:\/\/ejw-oehringen.de\/wordpress\/wp-content\/uploads\/2020\/11\/img51933_201121GerechtigkeitBelarus_FrankLutz-150x99.jpg 150w, https:\/\/ejw-oehringen.de\/wordpress\/wp-content\/uploads\/2020\/11\/img51933_201121GerechtigkeitBelarus_FrankLutz-1320x874.jpg 1320w\" sizes=\"auto, (max-width: 1024px) 100vw, 1024px\" \/><\/figure>\n\n\n\n<figure class=\"wp-block-image size-large is-style-default\"><img loading=\"lazy\" decoding=\"async\" width=\"1024\" height=\"678\" data-id=\"2642\" src=\"https:\/\/ejw-oehringen.de\/wordpress\/wp-content\/uploads\/2020\/11\/img51931_201121GerechtigkeitBelarus_FrankLutz-1024x678.jpg\" alt=\"\" class=\"wp-image-2642\" srcset=\"https:\/\/ejw-oehringen.de\/wordpress\/wp-content\/uploads\/2020\/11\/img51931_201121GerechtigkeitBelarus_FrankLutz-1024x678.jpg 1024w, https:\/\/ejw-oehringen.de\/wordpress\/wp-content\/uploads\/2020\/11\/img51931_201121GerechtigkeitBelarus_FrankLutz-300x199.jpg 300w, https:\/\/ejw-oehringen.de\/wordpress\/wp-content\/uploads\/2020\/11\/img51931_201121GerechtigkeitBelarus_FrankLutz-768x509.jpg 768w, https:\/\/ejw-oehringen.de\/wordpress\/wp-content\/uploads\/2020\/11\/img51931_201121GerechtigkeitBelarus_FrankLutz-1536x1017.jpg 1536w, https:\/\/ejw-oehringen.de\/wordpress\/wp-content\/uploads\/2020\/11\/img51931_201121GerechtigkeitBelarus_FrankLutz-2048x1356.jpg 2048w, https:\/\/ejw-oehringen.de\/wordpress\/wp-content\/uploads\/2020\/11\/img51931_201121GerechtigkeitBelarus_FrankLutz-226x150.jpg 226w, https:\/\/ejw-oehringen.de\/wordpress\/wp-content\/uploads\/2020\/11\/img51931_201121GerechtigkeitBelarus_FrankLutz-150x99.jpg 150w, https:\/\/ejw-oehringen.de\/wordpress\/wp-content\/uploads\/2020\/11\/img51931_201121GerechtigkeitBelarus_FrankLutz-1320x874.jpg 1320w\" sizes=\"auto, (max-width: 1024px) 100vw, 1024px\" \/><\/figure>\n\n\n\n<figure class=\"wp-block-image size-large is-style-default\"><img loading=\"lazy\" decoding=\"async\" width=\"1024\" height=\"678\" data-id=\"2644\" src=\"https:\/\/ejw-oehringen.de\/wordpress\/wp-content\/uploads\/2020\/11\/img51937_201121GerechtigkeitBelarus_FrankLutz-1024x678.jpg\" alt=\"\" class=\"wp-image-2644\" srcset=\"https:\/\/ejw-oehringen.de\/wordpress\/wp-content\/uploads\/2020\/11\/img51937_201121GerechtigkeitBelarus_FrankLutz-1024x678.jpg 1024w, https:\/\/ejw-oehringen.de\/wordpress\/wp-content\/uploads\/2020\/11\/img51937_201121GerechtigkeitBelarus_FrankLutz-300x199.jpg 300w, https:\/\/ejw-oehringen.de\/wordpress\/wp-content\/uploads\/2020\/11\/img51937_201121GerechtigkeitBelarus_FrankLutz-768x509.jpg 768w, https:\/\/ejw-oehringen.de\/wordpress\/wp-content\/uploads\/2020\/11\/img51937_201121GerechtigkeitBelarus_FrankLutz-1536x1017.jpg 1536w, https:\/\/ejw-oehringen.de\/wordpress\/wp-content\/uploads\/2020\/11\/img51937_201121GerechtigkeitBelarus_FrankLutz-2048x1356.jpg 2048w, https:\/\/ejw-oehringen.de\/wordpress\/wp-content\/uploads\/2020\/11\/img51937_201121GerechtigkeitBelarus_FrankLutz-226x150.jpg 226w, https:\/\/ejw-oehringen.de\/wordpress\/wp-content\/uploads\/2020\/11\/img51937_201121GerechtigkeitBelarus_FrankLutz-150x99.jpg 150w, https:\/\/ejw-oehringen.de\/wordpress\/wp-content\/uploads\/2020\/11\/img51937_201121GerechtigkeitBelarus_FrankLutz-1320x874.jpg 1320w\" sizes=\"auto, (max-width: 1024px) 100vw, 1024px\" \/><\/figure>\n\n\n\n<figure class=\"wp-block-image size-large is-style-default\"><img loading=\"lazy\" decoding=\"async\" width=\"1024\" height=\"678\" data-id=\"2646\" src=\"https:\/\/ejw-oehringen.de\/wordpress\/wp-content\/uploads\/2020\/11\/img51940_201121GerechtigkeitBelarus_FrankLutz-1024x678.jpg\" alt=\"\" class=\"wp-image-2646\" srcset=\"https:\/\/ejw-oehringen.de\/wordpress\/wp-content\/uploads\/2020\/11\/img51940_201121GerechtigkeitBelarus_FrankLutz-1024x678.jpg 1024w, https:\/\/ejw-oehringen.de\/wordpress\/wp-content\/uploads\/2020\/11\/img51940_201121GerechtigkeitBelarus_FrankLutz-300x199.jpg 300w, https:\/\/ejw-oehringen.de\/wordpress\/wp-content\/uploads\/2020\/11\/img51940_201121GerechtigkeitBelarus_FrankLutz-768x509.jpg 768w, https:\/\/ejw-oehringen.de\/wordpress\/wp-content\/uploads\/2020\/11\/img51940_201121GerechtigkeitBelarus_FrankLutz-1536x1017.jpg 1536w, https:\/\/ejw-oehringen.de\/wordpress\/wp-content\/uploads\/2020\/11\/img51940_201121GerechtigkeitBelarus_FrankLutz-2048x1356.jpg 2048w, https:\/\/ejw-oehringen.de\/wordpress\/wp-content\/uploads\/2020\/11\/img51940_201121GerechtigkeitBelarus_FrankLutz-226x150.jpg 226w, https:\/\/ejw-oehringen.de\/wordpress\/wp-content\/uploads\/2020\/11\/img51940_201121GerechtigkeitBelarus_FrankLutz-150x99.jpg 150w, https:\/\/ejw-oehringen.de\/wordpress\/wp-content\/uploads\/2020\/11\/img51940_201121GerechtigkeitBelarus_FrankLutz-1320x874.jpg 1320w\" sizes=\"auto, (max-width: 1024px) 100vw, 1024px\" \/><\/figure>\n\n\n\n<figure class=\"wp-block-image size-large is-style-default\"><img loading=\"lazy\" decoding=\"async\" width=\"1024\" height=\"678\" data-id=\"2645\" src=\"https:\/\/ejw-oehringen.de\/wordpress\/wp-content\/uploads\/2020\/11\/img51939_201121GerechtigkeitBelarus_FrankLutz-1024x678.jpg\" alt=\"\" class=\"wp-image-2645\" srcset=\"https:\/\/ejw-oehringen.de\/wordpress\/wp-content\/uploads\/2020\/11\/img51939_201121GerechtigkeitBelarus_FrankLutz-1024x678.jpg 1024w, https:\/\/ejw-oehringen.de\/wordpress\/wp-content\/uploads\/2020\/11\/img51939_201121GerechtigkeitBelarus_FrankLutz-300x199.jpg 300w, https:\/\/ejw-oehringen.de\/wordpress\/wp-content\/uploads\/2020\/11\/img51939_201121GerechtigkeitBelarus_FrankLutz-768x509.jpg 768w, https:\/\/ejw-oehringen.de\/wordpress\/wp-content\/uploads\/2020\/11\/img51939_201121GerechtigkeitBelarus_FrankLutz-1536x1017.jpg 1536w, https:\/\/ejw-oehringen.de\/wordpress\/wp-content\/uploads\/2020\/11\/img51939_201121GerechtigkeitBelarus_FrankLutz-2048x1356.jpg 2048w, https:\/\/ejw-oehringen.de\/wordpress\/wp-content\/uploads\/2020\/11\/img51939_201121GerechtigkeitBelarus_FrankLutz-226x150.jpg 226w, https:\/\/ejw-oehringen.de\/wordpress\/wp-content\/uploads\/2020\/11\/img51939_201121GerechtigkeitBelarus_FrankLutz-150x99.jpg 150w, https:\/\/ejw-oehringen.de\/wordpress\/wp-content\/uploads\/2020\/11\/img51939_201121GerechtigkeitBelarus_FrankLutz-1320x874.jpg 1320w\" sizes=\"auto, (max-width: 1024px) 100vw, 1024px\" \/><\/figure>\n\n\n\n<figure class=\"wp-block-image size-large is-style-default\"><img loading=\"lazy\" decoding=\"async\" width=\"1024\" height=\"678\" data-id=\"2647\" src=\"https:\/\/ejw-oehringen.de\/wordpress\/wp-content\/uploads\/2020\/11\/img51943_201121GerechtigkeitBelarus_FrankLutz-1024x678.jpg\" alt=\"\" class=\"wp-image-2647\" srcset=\"https:\/\/ejw-oehringen.de\/wordpress\/wp-content\/uploads\/2020\/11\/img51943_201121GerechtigkeitBelarus_FrankLutz-1024x678.jpg 1024w, https:\/\/ejw-oehringen.de\/wordpress\/wp-content\/uploads\/2020\/11\/img51943_201121GerechtigkeitBelarus_FrankLutz-300x199.jpg 300w, https:\/\/ejw-oehringen.de\/wordpress\/wp-content\/uploads\/2020\/11\/img51943_201121GerechtigkeitBelarus_FrankLutz-768x509.jpg 768w, https:\/\/ejw-oehringen.de\/wordpress\/wp-content\/uploads\/2020\/11\/img51943_201121GerechtigkeitBelarus_FrankLutz-1536x1017.jpg 1536w, https:\/\/ejw-oehringen.de\/wordpress\/wp-content\/uploads\/2020\/11\/img51943_201121GerechtigkeitBelarus_FrankLutz-2048x1356.jpg 2048w, https:\/\/ejw-oehringen.de\/wordpress\/wp-content\/uploads\/2020\/11\/img51943_201121GerechtigkeitBelarus_FrankLutz-226x150.jpg 226w, https:\/\/ejw-oehringen.de\/wordpress\/wp-content\/uploads\/2020\/11\/img51943_201121GerechtigkeitBelarus_FrankLutz-150x99.jpg 150w, https:\/\/ejw-oehringen.de\/wordpress\/wp-content\/uploads\/2020\/11\/img51943_201121GerechtigkeitBelarus_FrankLutz-1320x874.jpg 1320w\" sizes=\"auto, (max-width: 1024px) 100vw, 1024px\" \/><\/figure>\n\n\n\n<figure class=\"wp-block-image size-large is-style-default\"><img loading=\"lazy\" decoding=\"async\" width=\"1024\" height=\"678\" data-id=\"2649\" src=\"https:\/\/ejw-oehringen.de\/wordpress\/wp-content\/uploads\/2020\/11\/img51954_201121GerechtigkeitBelarus_FrankLutz-1024x678.jpg\" alt=\"\" class=\"wp-image-2649\" srcset=\"https:\/\/ejw-oehringen.de\/wordpress\/wp-content\/uploads\/2020\/11\/img51954_201121GerechtigkeitBelarus_FrankLutz-1024x678.jpg 1024w, https:\/\/ejw-oehringen.de\/wordpress\/wp-content\/uploads\/2020\/11\/img51954_201121GerechtigkeitBelarus_FrankLutz-300x199.jpg 300w, https:\/\/ejw-oehringen.de\/wordpress\/wp-content\/uploads\/2020\/11\/img51954_201121GerechtigkeitBelarus_FrankLutz-768x509.jpg 768w, https:\/\/ejw-oehringen.de\/wordpress\/wp-content\/uploads\/2020\/11\/img51954_201121GerechtigkeitBelarus_FrankLutz-1536x1017.jpg 1536w, https:\/\/ejw-oehringen.de\/wordpress\/wp-content\/uploads\/2020\/11\/img51954_201121GerechtigkeitBelarus_FrankLutz-2048x1356.jpg 2048w, https:\/\/ejw-oehringen.de\/wordpress\/wp-content\/uploads\/2020\/11\/img51954_201121GerechtigkeitBelarus_FrankLutz-226x150.jpg 226w, https:\/\/ejw-oehringen.de\/wordpress\/wp-content\/uploads\/2020\/11\/img51954_201121GerechtigkeitBelarus_FrankLutz-150x99.jpg 150w, https:\/\/ejw-oehringen.de\/wordpress\/wp-content\/uploads\/2020\/11\/img51954_201121GerechtigkeitBelarus_FrankLutz-1320x874.jpg 1320w\" sizes=\"auto, (max-width: 1024px) 100vw, 1024px\" \/><\/figure>\n\n\n\n<figure class=\"wp-block-image size-large is-style-default\"><img loading=\"lazy\" decoding=\"async\" width=\"1024\" height=\"678\" data-id=\"2650\" src=\"https:\/\/ejw-oehringen.de\/wordpress\/wp-content\/uploads\/2020\/11\/img51980_201121GerechtigkeitBelarus_FrankLutz-1024x678.jpg\" alt=\"\" class=\"wp-image-2650\" srcset=\"https:\/\/ejw-oehringen.de\/wordpress\/wp-content\/uploads\/2020\/11\/img51980_201121GerechtigkeitBelarus_FrankLutz-1024x678.jpg 1024w, https:\/\/ejw-oehringen.de\/wordpress\/wp-content\/uploads\/2020\/11\/img51980_201121GerechtigkeitBelarus_FrankLutz-300x199.jpg 300w, https:\/\/ejw-oehringen.de\/wordpress\/wp-content\/uploads\/2020\/11\/img51980_201121GerechtigkeitBelarus_FrankLutz-768x509.jpg 768w, https:\/\/ejw-oehringen.de\/wordpress\/wp-content\/uploads\/2020\/11\/img51980_201121GerechtigkeitBelarus_FrankLutz-1536x1017.jpg 1536w, https:\/\/ejw-oehringen.de\/wordpress\/wp-content\/uploads\/2020\/11\/img51980_201121GerechtigkeitBelarus_FrankLutz-2048x1356.jpg 2048w, https:\/\/ejw-oehringen.de\/wordpress\/wp-content\/uploads\/2020\/11\/img51980_201121GerechtigkeitBelarus_FrankLutz-226x150.jpg 226w, https:\/\/ejw-oehringen.de\/wordpress\/wp-content\/uploads\/2020\/11\/img51980_201121GerechtigkeitBelarus_FrankLutz-150x99.jpg 150w, https:\/\/ejw-oehringen.de\/wordpress\/wp-content\/uploads\/2020\/11\/img51980_201121GerechtigkeitBelarus_FrankLutz-1320x874.jpg 1320w\" sizes=\"auto, (max-width: 1024px) 100vw, 1024px\" \/><\/figure>\n\n\n\n<figure class=\"wp-block-image size-large is-style-default\"><img loading=\"lazy\" decoding=\"async\" width=\"1024\" height=\"678\" data-id=\"2651\" src=\"https:\/\/ejw-oehringen.de\/wordpress\/wp-content\/uploads\/2020\/11\/img51986_201121GerechtigkeitBelarus_FrankLutz-1024x678.jpg\" alt=\"\" class=\"wp-image-2651\" srcset=\"https:\/\/ejw-oehringen.de\/wordpress\/wp-content\/uploads\/2020\/11\/img51986_201121GerechtigkeitBelarus_FrankLutz-1024x678.jpg 1024w, https:\/\/ejw-oehringen.de\/wordpress\/wp-content\/uploads\/2020\/11\/img51986_201121GerechtigkeitBelarus_FrankLutz-300x199.jpg 300w, https:\/\/ejw-oehringen.de\/wordpress\/wp-content\/uploads\/2020\/11\/img51986_201121GerechtigkeitBelarus_FrankLutz-768x509.jpg 768w, https:\/\/ejw-oehringen.de\/wordpress\/wp-content\/uploads\/2020\/11\/img51986_201121GerechtigkeitBelarus_FrankLutz-1536x1017.jpg 1536w, https:\/\/ejw-oehringen.de\/wordpress\/wp-content\/uploads\/2020\/11\/img51986_201121GerechtigkeitBelarus_FrankLutz-2048x1356.jpg 2048w, https:\/\/ejw-oehringen.de\/wordpress\/wp-content\/uploads\/2020\/11\/img51986_201121GerechtigkeitBelarus_FrankLutz-226x150.jpg 226w, https:\/\/ejw-oehringen.de\/wordpress\/wp-content\/uploads\/2020\/11\/img51986_201121GerechtigkeitBelarus_FrankLutz-150x99.jpg 150w, https:\/\/ejw-oehringen.de\/wordpress\/wp-content\/uploads\/2020\/11\/img51986_201121GerechtigkeitBelarus_FrankLutz-1320x874.jpg 1320w\" sizes=\"auto, (max-width: 1024px) 100vw, 1024px\" \/><\/figure>\n\n\n\n<figure class=\"wp-block-image size-large is-style-default\"><img loading=\"lazy\" decoding=\"async\" width=\"1024\" height=\"678\" data-id=\"2652\" src=\"https:\/\/ejw-oehringen.de\/wordpress\/wp-content\/uploads\/2020\/11\/img52008_201121GerechtigkeitBelarus_FrankLutz-1024x678.jpg\" alt=\"\" class=\"wp-image-2652\" srcset=\"https:\/\/ejw-oehringen.de\/wordpress\/wp-content\/uploads\/2020\/11\/img52008_201121GerechtigkeitBelarus_FrankLutz-1024x678.jpg 1024w, https:\/\/ejw-oehringen.de\/wordpress\/wp-content\/uploads\/2020\/11\/img52008_201121GerechtigkeitBelarus_FrankLutz-300x199.jpg 300w, https:\/\/ejw-oehringen.de\/wordpress\/wp-content\/uploads\/2020\/11\/img52008_201121GerechtigkeitBelarus_FrankLutz-768x509.jpg 768w, https:\/\/ejw-oehringen.de\/wordpress\/wp-content\/uploads\/2020\/11\/img52008_201121GerechtigkeitBelarus_FrankLutz-1536x1017.jpg 1536w, https:\/\/ejw-oehringen.de\/wordpress\/wp-content\/uploads\/2020\/11\/img52008_201121GerechtigkeitBelarus_FrankLutz-2048x1356.jpg 2048w, https:\/\/ejw-oehringen.de\/wordpress\/wp-content\/uploads\/2020\/11\/img52008_201121GerechtigkeitBelarus_FrankLutz-226x150.jpg 226w, https:\/\/ejw-oehringen.de\/wordpress\/wp-content\/uploads\/2020\/11\/img52008_201121GerechtigkeitBelarus_FrankLutz-150x99.jpg 150w, https:\/\/ejw-oehringen.de\/wordpress\/wp-content\/uploads\/2020\/11\/img52008_201121GerechtigkeitBelarus_FrankLutz-1320x874.jpg 1320w\" sizes=\"auto, (max-width: 1024px) 100vw, 1024px\" \/><\/figure>\n\n\n\n<figure class=\"wp-block-image size-large is-style-default\"><img loading=\"lazy\" decoding=\"async\" width=\"1024\" height=\"678\" data-id=\"2653\" src=\"https:\/\/ejw-oehringen.de\/wordpress\/wp-content\/uploads\/2020\/11\/img52020_201121GerechtigkeitBelarus_FrankLutz-1024x678.jpg\" alt=\"\" class=\"wp-image-2653\" srcset=\"https:\/\/ejw-oehringen.de\/wordpress\/wp-content\/uploads\/2020\/11\/img52020_201121GerechtigkeitBelarus_FrankLutz-1024x678.jpg 1024w, https:\/\/ejw-oehringen.de\/wordpress\/wp-content\/uploads\/2020\/11\/img52020_201121GerechtigkeitBelarus_FrankLutz-300x199.jpg 300w, https:\/\/ejw-oehringen.de\/wordpress\/wp-content\/uploads\/2020\/11\/img52020_201121GerechtigkeitBelarus_FrankLutz-768x509.jpg 768w, https:\/\/ejw-oehringen.de\/wordpress\/wp-content\/uploads\/2020\/11\/img52020_201121GerechtigkeitBelarus_FrankLutz-1536x1017.jpg 1536w, https:\/\/ejw-oehringen.de\/wordpress\/wp-content\/uploads\/2020\/11\/img52020_201121GerechtigkeitBelarus_FrankLutz-2048x1356.jpg 2048w, https:\/\/ejw-oehringen.de\/wordpress\/wp-content\/uploads\/2020\/11\/img52020_201121GerechtigkeitBelarus_FrankLutz-226x150.jpg 226w, https:\/\/ejw-oehringen.de\/wordpress\/wp-content\/uploads\/2020\/11\/img52020_201121GerechtigkeitBelarus_FrankLutz-150x99.jpg 150w, https:\/\/ejw-oehringen.de\/wordpress\/wp-content\/uploads\/2020\/11\/img52020_201121GerechtigkeitBelarus_FrankLutz-1320x874.jpg 1320w\" sizes=\"auto, (max-width: 1024px) 100vw, 1024px\" \/><\/figure>\n\n\n\n<figure class=\"wp-block-image size-large is-style-default\"><img loading=\"lazy\" decoding=\"async\" width=\"1024\" height=\"678\" data-id=\"2654\" src=\"https:\/\/ejw-oehringen.de\/wordpress\/wp-content\/uploads\/2020\/11\/img52031_201121GerechtigkeitBelarus_FrankLutz-1024x678.jpg\" alt=\"\" class=\"wp-image-2654\" srcset=\"https:\/\/ejw-oehringen.de\/wordpress\/wp-content\/uploads\/2020\/11\/img52031_201121GerechtigkeitBelarus_FrankLutz-1024x678.jpg 1024w, https:\/\/ejw-oehringen.de\/wordpress\/wp-content\/uploads\/2020\/11\/img52031_201121GerechtigkeitBelarus_FrankLutz-300x199.jpg 300w, https:\/\/ejw-oehringen.de\/wordpress\/wp-content\/uploads\/2020\/11\/img52031_201121GerechtigkeitBelarus_FrankLutz-768x509.jpg 768w, https:\/\/ejw-oehringen.de\/wordpress\/wp-content\/uploads\/2020\/11\/img52031_201121GerechtigkeitBelarus_FrankLutz-1536x1017.jpg 1536w, https:\/\/ejw-oehringen.de\/wordpress\/wp-content\/uploads\/2020\/11\/img52031_201121GerechtigkeitBelarus_FrankLutz-2048x1356.jpg 2048w, https:\/\/ejw-oehringen.de\/wordpress\/wp-content\/uploads\/2020\/11\/img52031_201121GerechtigkeitBelarus_FrankLutz-226x150.jpg 226w, https:\/\/ejw-oehringen.de\/wordpress\/wp-content\/uploads\/2020\/11\/img52031_201121GerechtigkeitBelarus_FrankLutz-150x99.jpg 150w, https:\/\/ejw-oehringen.de\/wordpress\/wp-content\/uploads\/2020\/11\/img52031_201121GerechtigkeitBelarus_FrankLutz-1320x874.jpg 1320w\" sizes=\"auto, (max-width: 1024px) 100vw, 1024px\" \/><\/figure>\n\n\n\n<figure class=\"wp-block-image size-large is-style-default\"><img loading=\"lazy\" decoding=\"async\" width=\"1024\" height=\"678\" data-id=\"2641\" src=\"https:\/\/ejw-oehringen.de\/wordpress\/wp-content\/uploads\/2020\/11\/img52053_201121GerechtigkeitBelarus_FrankLutz-1024x678.jpg\" alt=\"\" class=\"wp-image-2641\" srcset=\"https:\/\/ejw-oehringen.de\/wordpress\/wp-content\/uploads\/2020\/11\/img52053_201121GerechtigkeitBelarus_FrankLutz-1024x678.jpg 1024w, https:\/\/ejw-oehringen.de\/wordpress\/wp-content\/uploads\/2020\/11\/img52053_201121GerechtigkeitBelarus_FrankLutz-300x199.jpg 300w, https:\/\/ejw-oehringen.de\/wordpress\/wp-content\/uploads\/2020\/11\/img52053_201121GerechtigkeitBelarus_FrankLutz-768x509.jpg 768w, https:\/\/ejw-oehringen.de\/wordpress\/wp-content\/uploads\/2020\/11\/img52053_201121GerechtigkeitBelarus_FrankLutz-1536x1017.jpg 1536w, https:\/\/ejw-oehringen.de\/wordpress\/wp-content\/uploads\/2020\/11\/img52053_201121GerechtigkeitBelarus_FrankLutz-2048x1356.jpg 2048w, https:\/\/ejw-oehringen.de\/wordpress\/wp-content\/uploads\/2020\/11\/img52053_201121GerechtigkeitBelarus_FrankLutz-226x150.jpg 226w, https:\/\/ejw-oehringen.de\/wordpress\/wp-content\/uploads\/2020\/11\/img52053_201121GerechtigkeitBelarus_FrankLutz-150x99.jpg 150w, https:\/\/ejw-oehringen.de\/wordpress\/wp-content\/uploads\/2020\/11\/img52053_201121GerechtigkeitBelarus_FrankLutz-1320x874.jpg 1320w\" sizes=\"auto, (max-width: 1024px) 100vw, 1024px\" \/><\/figure>\n<\/figure>\n\n\n\n<figure class=\"wp-block-embed is-type-rich is-provider-handler-einbetten wp-block-embed-handler-einbetten wp-embed-aspect-16-9 wp-has-aspect-ratio\"><div class=\"wp-block-embed__wrapper\">\n<iframe loading=\"lazy\" title=\"Clip - Gerechtigkeit in Belarus Politikerforum\" width=\"800\" height=\"450\" src=\"https:\/\/www.youtube.com\/embed\/FymCy6c3EK4?feature=oembed\" frameborder=\"0\" allow=\"accelerometer; autoplay; clipboard-write; encrypted-media; gyroscope; picture-in-picture\" allowfullscreen><\/iframe>\n<\/div><\/figure>\n\n\n\n<figure class=\"wp-block-embed is-type-rich is-provider-handler-einbetten wp-block-embed-handler-einbetten wp-embed-aspect-16-9 wp-has-aspect-ratio\"><div class=\"wp-block-embed__wrapper\">\n<iframe loading=\"lazy\" title=\"Gerechtigkeit in Belarus - deutsche Politik zwischen Ohnmacht und Solidarit\u00e4t\" width=\"800\" height=\"450\" src=\"https:\/\/www.youtube.com\/embed\/vts8ERQycs8?feature=oembed\" frameborder=\"0\" allow=\"accelerometer; autoplay; clipboard-write; encrypted-media; gyroscope; picture-in-picture\" allowfullscreen><\/iframe>\n<\/div><\/figure>\n\n\n\n<figure class=\"wp-block-gallery has-nested-images columns-default is-cropped wp-block-gallery-9 is-layout-flex wp-block-gallery-is-layout-flex\">\n<figure class=\"wp-block-image size-large is-style-default\"><img loading=\"lazy\" decoding=\"async\" width=\"1024\" height=\"1024\" data-id=\"2613\" src=\"https:\/\/ejw-oehringen.de\/wordpress\/wp-content\/uploads\/2020\/11\/1-1-1024x1024.png\" alt=\"\" class=\"wp-image-2613\" srcset=\"https:\/\/ejw-oehringen.de\/wordpress\/wp-content\/uploads\/2020\/11\/1-1-1024x1024.png 1024w, https:\/\/ejw-oehringen.de\/wordpress\/wp-content\/uploads\/2020\/11\/1-1-300x300.png 300w, https:\/\/ejw-oehringen.de\/wordpress\/wp-content\/uploads\/2020\/11\/1-1-150x150.png 150w, https:\/\/ejw-oehringen.de\/wordpress\/wp-content\/uploads\/2020\/11\/1-1-768x768.png 768w, https:\/\/ejw-oehringen.de\/wordpress\/wp-content\/uploads\/2020\/11\/1-1.png 1080w\" sizes=\"auto, (max-width: 1024px) 100vw, 1024px\" \/><\/figure>\n\n\n\n<figure class=\"wp-block-image size-large is-style-default\"><img loading=\"lazy\" decoding=\"async\" width=\"1024\" height=\"1024\" data-id=\"2614\" src=\"https:\/\/ejw-oehringen.de\/wordpress\/wp-content\/uploads\/2020\/11\/2-1-1024x1024.png\" alt=\"\" class=\"wp-image-2614\" srcset=\"https:\/\/ejw-oehringen.de\/wordpress\/wp-content\/uploads\/2020\/11\/2-1-1024x1024.png 1024w, https:\/\/ejw-oehringen.de\/wordpress\/wp-content\/uploads\/2020\/11\/2-1-300x300.png 300w, https:\/\/ejw-oehringen.de\/wordpress\/wp-content\/uploads\/2020\/11\/2-1-150x150.png 150w, https:\/\/ejw-oehringen.de\/wordpress\/wp-content\/uploads\/2020\/11\/2-1-768x768.png 768w, https:\/\/ejw-oehringen.de\/wordpress\/wp-content\/uploads\/2020\/11\/2-1.png 1080w\" sizes=\"auto, (max-width: 1024px) 100vw, 1024px\" \/><\/figure>\n\n\n\n<figure class=\"wp-block-image size-large is-style-default\"><img loading=\"lazy\" decoding=\"async\" width=\"1024\" height=\"1024\" data-id=\"2615\" src=\"https:\/\/ejw-oehringen.de\/wordpress\/wp-content\/uploads\/2020\/11\/3-1024x1024.png\" alt=\"\" class=\"wp-image-2615\" srcset=\"https:\/\/ejw-oehringen.de\/wordpress\/wp-content\/uploads\/2020\/11\/3-1024x1024.png 1024w, https:\/\/ejw-oehringen.de\/wordpress\/wp-content\/uploads\/2020\/11\/3-300x300.png 300w, https:\/\/ejw-oehringen.de\/wordpress\/wp-content\/uploads\/2020\/11\/3-150x150.png 150w, https:\/\/ejw-oehringen.de\/wordpress\/wp-content\/uploads\/2020\/11\/3-768x768.png 768w, https:\/\/ejw-oehringen.de\/wordpress\/wp-content\/uploads\/2020\/11\/3.png 1080w\" sizes=\"auto, (max-width: 1024px) 100vw, 1024px\" \/><\/figure>\n<\/figure>\n\n\n\n<hr class=\"wp-block-separator\"\/>\n\n\n\n<figure class=\"wp-block-image size-large\"><img loading=\"lazy\" decoding=\"async\" width=\"958\" height=\"658\" src=\"https:\/\/ejw-oehringen.de\/wordpress\/wp-content\/uploads\/2020\/11\/Mahnwache2.jpg\" alt=\"\" class=\"wp-image-2590\" srcset=\"https:\/\/ejw-oehringen.de\/wordpress\/wp-content\/uploads\/2020\/11\/Mahnwache2.jpg 958w, https:\/\/ejw-oehringen.de\/wordpress\/wp-content\/uploads\/2020\/11\/Mahnwache2-300x206.jpg 300w, https:\/\/ejw-oehringen.de\/wordpress\/wp-content\/uploads\/2020\/11\/Mahnwache2-768x527.jpg 768w, https:\/\/ejw-oehringen.de\/wordpress\/wp-content\/uploads\/2020\/11\/Mahnwache2-218x150.jpg 218w, https:\/\/ejw-oehringen.de\/wordpress\/wp-content\/uploads\/2020\/11\/Mahnwache2-150x103.jpg 150w\" sizes=\"auto, (max-width: 958px) 100vw, 958px\" \/><\/figure>\n\n\n\n<hr class=\"wp-block-separator\"\/>\n\n\n\n<figure class=\"wp-block-image size-large\"><img loading=\"lazy\" decoding=\"async\" width=\"958\" height=\"658\" src=\"https:\/\/ejw-oehringen.de\/wordpress\/wp-content\/uploads\/2020\/11\/2020-09-13-Belarus.jpg\" alt=\"\" class=\"wp-image-2589\" srcset=\"https:\/\/ejw-oehringen.de\/wordpress\/wp-content\/uploads\/2020\/11\/2020-09-13-Belarus.jpg 958w, https:\/\/ejw-oehringen.de\/wordpress\/wp-content\/uploads\/2020\/11\/2020-09-13-Belarus-300x206.jpg 300w, https:\/\/ejw-oehringen.de\/wordpress\/wp-content\/uploads\/2020\/11\/2020-09-13-Belarus-768x527.jpg 768w, https:\/\/ejw-oehringen.de\/wordpress\/wp-content\/uploads\/2020\/11\/2020-09-13-Belarus-218x150.jpg 218w, https:\/\/ejw-oehringen.de\/wordpress\/wp-content\/uploads\/2020\/11\/2020-09-13-Belarus-150x103.jpg 150w\" sizes=\"auto, (max-width: 958px) 100vw, 958px\" \/><\/figure>\n\n\n\n<hr class=\"wp-block-separator\"\/>\n\n\n\n<figure class=\"wp-block-image size-large\"><img loading=\"lazy\" decoding=\"async\" width=\"724\" height=\"1024\" src=\"https:\/\/ejw-oehringen.de\/wordpress\/wp-content\/uploads\/2020\/09\/BelarusDemo3-724x1024.jpg\" alt=\"\" class=\"wp-image-2495\" srcset=\"https:\/\/ejw-oehringen.de\/wordpress\/wp-content\/uploads\/2020\/09\/BelarusDemo3-724x1024.jpg 724w, https:\/\/ejw-oehringen.de\/wordpress\/wp-content\/uploads\/2020\/09\/BelarusDemo3-212x300.jpg 212w, https:\/\/ejw-oehringen.de\/wordpress\/wp-content\/uploads\/2020\/09\/BelarusDemo3-768x1086.jpg 768w, https:\/\/ejw-oehringen.de\/wordpress\/wp-content\/uploads\/2020\/09\/BelarusDemo3-1086x1536.jpg 1086w, https:\/\/ejw-oehringen.de\/wordpress\/wp-content\/uploads\/2020\/09\/BelarusDemo3-1448x2048.jpg 1448w, https:\/\/ejw-oehringen.de\/wordpress\/wp-content\/uploads\/2020\/09\/BelarusDemo3-106x150.jpg 106w, https:\/\/ejw-oehringen.de\/wordpress\/wp-content\/uploads\/2020\/09\/BelarusDemo3-1320x1867.jpg 1320w, https:\/\/ejw-oehringen.de\/wordpress\/wp-content\/uploads\/2020\/09\/BelarusDemo3-scaled.jpg 1810w\" sizes=\"auto, (max-width: 724px) 100vw, 724px\" \/><\/figure>\n\n\n\n<figure class=\"wp-block-gallery has-nested-images columns-default is-cropped wp-block-gallery-10 is-layout-flex wp-block-gallery-is-layout-flex\">\n<figure class=\"wp-block-image size-large is-style-default\"><img loading=\"lazy\" decoding=\"async\" width=\"1024\" height=\"768\" data-id=\"2470\" src=\"https:\/\/ejw-oehringen.de\/wordpress\/wp-content\/uploads\/2020\/09\/20200823_183405-1024x768.jpg\" alt=\"\" class=\"wp-image-2470\" srcset=\"https:\/\/ejw-oehringen.de\/wordpress\/wp-content\/uploads\/2020\/09\/20200823_183405-1024x768.jpg 1024w, https:\/\/ejw-oehringen.de\/wordpress\/wp-content\/uploads\/2020\/09\/20200823_183405-300x225.jpg 300w, https:\/\/ejw-oehringen.de\/wordpress\/wp-content\/uploads\/2020\/09\/20200823_183405-768x576.jpg 768w, https:\/\/ejw-oehringen.de\/wordpress\/wp-content\/uploads\/2020\/09\/20200823_183405-1536x1152.jpg 1536w, https:\/\/ejw-oehringen.de\/wordpress\/wp-content\/uploads\/2020\/09\/20200823_183405-2048x1536.jpg 2048w, https:\/\/ejw-oehringen.de\/wordpress\/wp-content\/uploads\/2020\/09\/20200823_183405-200x150.jpg 200w, https:\/\/ejw-oehringen.de\/wordpress\/wp-content\/uploads\/2020\/09\/20200823_183405-150x113.jpg 150w, https:\/\/ejw-oehringen.de\/wordpress\/wp-content\/uploads\/2020\/09\/20200823_183405-1320x990.jpg 1320w\" sizes=\"auto, (max-width: 1024px) 100vw, 1024px\" \/><\/figure>\n\n\n\n<figure class=\"wp-block-image size-large is-style-default\"><img loading=\"lazy\" decoding=\"async\" width=\"1024\" height=\"768\" data-id=\"2475\" src=\"https:\/\/ejw-oehringen.de\/wordpress\/wp-content\/uploads\/2020\/09\/IMG_20200823_173531_200823Solidarit\u251cntszug-Belarus_\u251cuhringen_FrankLutz-1024x768.jpg\" alt=\"\" class=\"wp-image-2475\" srcset=\"https:\/\/ejw-oehringen.de\/wordpress\/wp-content\/uploads\/2020\/09\/IMG_20200823_173531_200823Solidarit\u251cntszug-Belarus_\u251cuhringen_FrankLutz-1024x768.jpg 1024w, https:\/\/ejw-oehringen.de\/wordpress\/wp-content\/uploads\/2020\/09\/IMG_20200823_173531_200823Solidarit\u251cntszug-Belarus_\u251cuhringen_FrankLutz-300x225.jpg 300w, https:\/\/ejw-oehringen.de\/wordpress\/wp-content\/uploads\/2020\/09\/IMG_20200823_173531_200823Solidarit\u251cntszug-Belarus_\u251cuhringen_FrankLutz-768x576.jpg 768w, https:\/\/ejw-oehringen.de\/wordpress\/wp-content\/uploads\/2020\/09\/IMG_20200823_173531_200823Solidarit\u251cntszug-Belarus_\u251cuhringen_FrankLutz-1536x1152.jpg 1536w, https:\/\/ejw-oehringen.de\/wordpress\/wp-content\/uploads\/2020\/09\/IMG_20200823_173531_200823Solidarit\u251cntszug-Belarus_\u251cuhringen_FrankLutz-200x150.jpg 200w, https:\/\/ejw-oehringen.de\/wordpress\/wp-content\/uploads\/2020\/09\/IMG_20200823_173531_200823Solidarit\u251cntszug-Belarus_\u251cuhringen_FrankLutz-150x113.jpg 150w, https:\/\/ejw-oehringen.de\/wordpress\/wp-content\/uploads\/2020\/09\/IMG_20200823_173531_200823Solidarit\u251cntszug-Belarus_\u251cuhringen_FrankLutz-1320x990.jpg 1320w, https:\/\/ejw-oehringen.de\/wordpress\/wp-content\/uploads\/2020\/09\/IMG_20200823_173531_200823Solidarit\u251cntszug-Belarus_\u251cuhringen_FrankLutz.jpg 2000w\" sizes=\"auto, (max-width: 1024px) 100vw, 1024px\" \/><\/figure>\n\n\n\n<figure class=\"wp-block-image size-large is-style-default\"><img loading=\"lazy\" decoding=\"async\" width=\"1024\" height=\"768\" data-id=\"2476\" src=\"https:\/\/ejw-oehringen.de\/wordpress\/wp-content\/uploads\/2020\/09\/IMG_20200823_180241_200823Solidarit\u251cntszug-Belarus_\u251cuhringen_FrankLutz-1024x768.jpg\" alt=\"\" class=\"wp-image-2476\" srcset=\"https:\/\/ejw-oehringen.de\/wordpress\/wp-content\/uploads\/2020\/09\/IMG_20200823_180241_200823Solidarit\u251cntszug-Belarus_\u251cuhringen_FrankLutz-1024x768.jpg 1024w, https:\/\/ejw-oehringen.de\/wordpress\/wp-content\/uploads\/2020\/09\/IMG_20200823_180241_200823Solidarit\u251cntszug-Belarus_\u251cuhringen_FrankLutz-300x225.jpg 300w, https:\/\/ejw-oehringen.de\/wordpress\/wp-content\/uploads\/2020\/09\/IMG_20200823_180241_200823Solidarit\u251cntszug-Belarus_\u251cuhringen_FrankLutz-768x576.jpg 768w, https:\/\/ejw-oehringen.de\/wordpress\/wp-content\/uploads\/2020\/09\/IMG_20200823_180241_200823Solidarit\u251cntszug-Belarus_\u251cuhringen_FrankLutz-1536x1152.jpg 1536w, https:\/\/ejw-oehringen.de\/wordpress\/wp-content\/uploads\/2020\/09\/IMG_20200823_180241_200823Solidarit\u251cntszug-Belarus_\u251cuhringen_FrankLutz-200x150.jpg 200w, https:\/\/ejw-oehringen.de\/wordpress\/wp-content\/uploads\/2020\/09\/IMG_20200823_180241_200823Solidarit\u251cntszug-Belarus_\u251cuhringen_FrankLutz-150x113.jpg 150w, https:\/\/ejw-oehringen.de\/wordpress\/wp-content\/uploads\/2020\/09\/IMG_20200823_180241_200823Solidarit\u251cntszug-Belarus_\u251cuhringen_FrankLutz-1320x990.jpg 1320w, https:\/\/ejw-oehringen.de\/wordpress\/wp-content\/uploads\/2020\/09\/IMG_20200823_180241_200823Solidarit\u251cntszug-Belarus_\u251cuhringen_FrankLutz.jpg 2000w\" sizes=\"auto, (max-width: 1024px) 100vw, 1024px\" \/><\/figure>\n\n\n\n<figure class=\"wp-block-image size-large is-style-default\"><img loading=\"lazy\" decoding=\"async\" width=\"1024\" height=\"768\" data-id=\"2477\" src=\"https:\/\/ejw-oehringen.de\/wordpress\/wp-content\/uploads\/2020\/09\/IMG_20200823_180543_200823Solidarit\u251cntszug-Belarus_\u251cuhringen_FrankLutz-1024x768.jpg\" alt=\"\" class=\"wp-image-2477\" srcset=\"https:\/\/ejw-oehringen.de\/wordpress\/wp-content\/uploads\/2020\/09\/IMG_20200823_180543_200823Solidarit\u251cntszug-Belarus_\u251cuhringen_FrankLutz-1024x768.jpg 1024w, https:\/\/ejw-oehringen.de\/wordpress\/wp-content\/uploads\/2020\/09\/IMG_20200823_180543_200823Solidarit\u251cntszug-Belarus_\u251cuhringen_FrankLutz-300x225.jpg 300w, https:\/\/ejw-oehringen.de\/wordpress\/wp-content\/uploads\/2020\/09\/IMG_20200823_180543_200823Solidarit\u251cntszug-Belarus_\u251cuhringen_FrankLutz-768x576.jpg 768w, https:\/\/ejw-oehringen.de\/wordpress\/wp-content\/uploads\/2020\/09\/IMG_20200823_180543_200823Solidarit\u251cntszug-Belarus_\u251cuhringen_FrankLutz-1536x1152.jpg 1536w, https:\/\/ejw-oehringen.de\/wordpress\/wp-content\/uploads\/2020\/09\/IMG_20200823_180543_200823Solidarit\u251cntszug-Belarus_\u251cuhringen_FrankLutz-200x150.jpg 200w, https:\/\/ejw-oehringen.de\/wordpress\/wp-content\/uploads\/2020\/09\/IMG_20200823_180543_200823Solidarit\u251cntszug-Belarus_\u251cuhringen_FrankLutz-150x113.jpg 150w, https:\/\/ejw-oehringen.de\/wordpress\/wp-content\/uploads\/2020\/09\/IMG_20200823_180543_200823Solidarit\u251cntszug-Belarus_\u251cuhringen_FrankLutz-1320x990.jpg 1320w, https:\/\/ejw-oehringen.de\/wordpress\/wp-content\/uploads\/2020\/09\/IMG_20200823_180543_200823Solidarit\u251cntszug-Belarus_\u251cuhringen_FrankLutz.jpg 2000w\" sizes=\"auto, (max-width: 1024px) 100vw, 1024px\" \/><\/figure>\n\n\n\n<figure class=\"wp-block-image size-large is-style-default\"><img loading=\"lazy\" decoding=\"async\" width=\"1024\" height=\"678\" data-id=\"2485\" src=\"https:\/\/ejw-oehringen.de\/wordpress\/wp-content\/uploads\/2020\/09\/img42817_200823Solidarit\u251cntszug-Belarus_\u251cuhringen_FrankLutz-1024x678.jpg\" alt=\"\" class=\"wp-image-2485\" srcset=\"https:\/\/ejw-oehringen.de\/wordpress\/wp-content\/uploads\/2020\/09\/img42817_200823Solidarit\u251cntszug-Belarus_\u251cuhringen_FrankLutz-1024x678.jpg 1024w, https:\/\/ejw-oehringen.de\/wordpress\/wp-content\/uploads\/2020\/09\/img42817_200823Solidarit\u251cntszug-Belarus_\u251cuhringen_FrankLutz-300x199.jpg 300w, https:\/\/ejw-oehringen.de\/wordpress\/wp-content\/uploads\/2020\/09\/img42817_200823Solidarit\u251cntszug-Belarus_\u251cuhringen_FrankLutz-768x509.jpg 768w, https:\/\/ejw-oehringen.de\/wordpress\/wp-content\/uploads\/2020\/09\/img42817_200823Solidarit\u251cntszug-Belarus_\u251cuhringen_FrankLutz-1536x1017.jpg 1536w, https:\/\/ejw-oehringen.de\/wordpress\/wp-content\/uploads\/2020\/09\/img42817_200823Solidarit\u251cntszug-Belarus_\u251cuhringen_FrankLutz-2048x1356.jpg 2048w, https:\/\/ejw-oehringen.de\/wordpress\/wp-content\/uploads\/2020\/09\/img42817_200823Solidarit\u251cntszug-Belarus_\u251cuhringen_FrankLutz-226x150.jpg 226w, https:\/\/ejw-oehringen.de\/wordpress\/wp-content\/uploads\/2020\/09\/img42817_200823Solidarit\u251cntszug-Belarus_\u251cuhringen_FrankLutz-150x99.jpg 150w, https:\/\/ejw-oehringen.de\/wordpress\/wp-content\/uploads\/2020\/09\/img42817_200823Solidarit\u251cntszug-Belarus_\u251cuhringen_FrankLutz-1320x874.jpg 1320w\" sizes=\"auto, (max-width: 1024px) 100vw, 1024px\" \/><\/figure>\n\n\n\n<figure class=\"wp-block-image size-large is-style-default\"><img loading=\"lazy\" decoding=\"async\" width=\"1024\" height=\"678\" data-id=\"2484\" src=\"https:\/\/ejw-oehringen.de\/wordpress\/wp-content\/uploads\/2020\/09\/img42780_200823Solidarit\u251cntszug-Belarus_\u251cuhringen_FrankLutz-1024x678.jpg\" alt=\"\" class=\"wp-image-2484\" srcset=\"https:\/\/ejw-oehringen.de\/wordpress\/wp-content\/uploads\/2020\/09\/img42780_200823Solidarit\u251cntszug-Belarus_\u251cuhringen_FrankLutz-1024x678.jpg 1024w, https:\/\/ejw-oehringen.de\/wordpress\/wp-content\/uploads\/2020\/09\/img42780_200823Solidarit\u251cntszug-Belarus_\u251cuhringen_FrankLutz-300x199.jpg 300w, https:\/\/ejw-oehringen.de\/wordpress\/wp-content\/uploads\/2020\/09\/img42780_200823Solidarit\u251cntszug-Belarus_\u251cuhringen_FrankLutz-768x509.jpg 768w, https:\/\/ejw-oehringen.de\/wordpress\/wp-content\/uploads\/2020\/09\/img42780_200823Solidarit\u251cntszug-Belarus_\u251cuhringen_FrankLutz-1536x1017.jpg 1536w, https:\/\/ejw-oehringen.de\/wordpress\/wp-content\/uploads\/2020\/09\/img42780_200823Solidarit\u251cntszug-Belarus_\u251cuhringen_FrankLutz-2048x1356.jpg 2048w, https:\/\/ejw-oehringen.de\/wordpress\/wp-content\/uploads\/2020\/09\/img42780_200823Solidarit\u251cntszug-Belarus_\u251cuhringen_FrankLutz-226x150.jpg 226w, https:\/\/ejw-oehringen.de\/wordpress\/wp-content\/uploads\/2020\/09\/img42780_200823Solidarit\u251cntszug-Belarus_\u251cuhringen_FrankLutz-150x99.jpg 150w, https:\/\/ejw-oehringen.de\/wordpress\/wp-content\/uploads\/2020\/09\/img42780_200823Solidarit\u251cntszug-Belarus_\u251cuhringen_FrankLutz-1320x874.jpg 1320w\" sizes=\"auto, (max-width: 1024px) 100vw, 1024px\" \/><\/figure>\n\n\n\n<figure class=\"wp-block-image size-large is-style-default\"><img loading=\"lazy\" decoding=\"async\" width=\"1024\" height=\"678\" data-id=\"2480\" src=\"https:\/\/ejw-oehringen.de\/wordpress\/wp-content\/uploads\/2020\/09\/img42659_200823Solidarit\u251cntszug-Belarus_\u251cuhringen_FrankLutz-1024x678.jpg\" alt=\"\" class=\"wp-image-2480\" srcset=\"https:\/\/ejw-oehringen.de\/wordpress\/wp-content\/uploads\/2020\/09\/img42659_200823Solidarit\u251cntszug-Belarus_\u251cuhringen_FrankLutz-1024x678.jpg 1024w, https:\/\/ejw-oehringen.de\/wordpress\/wp-content\/uploads\/2020\/09\/img42659_200823Solidarit\u251cntszug-Belarus_\u251cuhringen_FrankLutz-300x199.jpg 300w, https:\/\/ejw-oehringen.de\/wordpress\/wp-content\/uploads\/2020\/09\/img42659_200823Solidarit\u251cntszug-Belarus_\u251cuhringen_FrankLutz-768x509.jpg 768w, https:\/\/ejw-oehringen.de\/wordpress\/wp-content\/uploads\/2020\/09\/img42659_200823Solidarit\u251cntszug-Belarus_\u251cuhringen_FrankLutz-1536x1017.jpg 1536w, https:\/\/ejw-oehringen.de\/wordpress\/wp-content\/uploads\/2020\/09\/img42659_200823Solidarit\u251cntszug-Belarus_\u251cuhringen_FrankLutz-2048x1356.jpg 2048w, https:\/\/ejw-oehringen.de\/wordpress\/wp-content\/uploads\/2020\/09\/img42659_200823Solidarit\u251cntszug-Belarus_\u251cuhringen_FrankLutz-226x150.jpg 226w, https:\/\/ejw-oehringen.de\/wordpress\/wp-content\/uploads\/2020\/09\/img42659_200823Solidarit\u251cntszug-Belarus_\u251cuhringen_FrankLutz-150x99.jpg 150w, https:\/\/ejw-oehringen.de\/wordpress\/wp-content\/uploads\/2020\/09\/img42659_200823Solidarit\u251cntszug-Belarus_\u251cuhringen_FrankLutz-1320x874.jpg 1320w\" sizes=\"auto, (max-width: 1024px) 100vw, 1024px\" \/><\/figure>\n\n\n\n<figure class=\"wp-block-image size-large is-style-default\"><img loading=\"lazy\" decoding=\"async\" width=\"1024\" height=\"678\" data-id=\"2487\" src=\"https:\/\/ejw-oehringen.de\/wordpress\/wp-content\/uploads\/2020\/09\/img42872_200823Solidarit\u251cntszug-Belarus_\u251cuhringen_FrankLutz-1024x678.jpg\" alt=\"\" class=\"wp-image-2487\" srcset=\"https:\/\/ejw-oehringen.de\/wordpress\/wp-content\/uploads\/2020\/09\/img42872_200823Solidarit\u251cntszug-Belarus_\u251cuhringen_FrankLutz-1024x678.jpg 1024w, https:\/\/ejw-oehringen.de\/wordpress\/wp-content\/uploads\/2020\/09\/img42872_200823Solidarit\u251cntszug-Belarus_\u251cuhringen_FrankLutz-300x199.jpg 300w, https:\/\/ejw-oehringen.de\/wordpress\/wp-content\/uploads\/2020\/09\/img42872_200823Solidarit\u251cntszug-Belarus_\u251cuhringen_FrankLutz-768x509.jpg 768w, https:\/\/ejw-oehringen.de\/wordpress\/wp-content\/uploads\/2020\/09\/img42872_200823Solidarit\u251cntszug-Belarus_\u251cuhringen_FrankLutz-1536x1017.jpg 1536w, https:\/\/ejw-oehringen.de\/wordpress\/wp-content\/uploads\/2020\/09\/img42872_200823Solidarit\u251cntszug-Belarus_\u251cuhringen_FrankLutz-2048x1356.jpg 2048w, https:\/\/ejw-oehringen.de\/wordpress\/wp-content\/uploads\/2020\/09\/img42872_200823Solidarit\u251cntszug-Belarus_\u251cuhringen_FrankLutz-226x150.jpg 226w, https:\/\/ejw-oehringen.de\/wordpress\/wp-content\/uploads\/2020\/09\/img42872_200823Solidarit\u251cntszug-Belarus_\u251cuhringen_FrankLutz-150x99.jpg 150w, https:\/\/ejw-oehringen.de\/wordpress\/wp-content\/uploads\/2020\/09\/img42872_200823Solidarit\u251cntszug-Belarus_\u251cuhringen_FrankLutz-1320x874.jpg 1320w\" sizes=\"auto, (max-width: 1024px) 100vw, 1024px\" \/><\/figure>\n\n\n\n<figure class=\"wp-block-image size-large is-style-default\"><img loading=\"lazy\" decoding=\"async\" width=\"1024\" height=\"678\" data-id=\"2488\" src=\"https:\/\/ejw-oehringen.de\/wordpress\/wp-content\/uploads\/2020\/09\/img42937_200823Solidarit\u251cntszug-Belarus_\u251cuhringen_FrankLutz-1024x678.jpg\" alt=\"\" class=\"wp-image-2488\" srcset=\"https:\/\/ejw-oehringen.de\/wordpress\/wp-content\/uploads\/2020\/09\/img42937_200823Solidarit\u251cntszug-Belarus_\u251cuhringen_FrankLutz-1024x678.jpg 1024w, https:\/\/ejw-oehringen.de\/wordpress\/wp-content\/uploads\/2020\/09\/img42937_200823Solidarit\u251cntszug-Belarus_\u251cuhringen_FrankLutz-300x199.jpg 300w, https:\/\/ejw-oehringen.de\/wordpress\/wp-content\/uploads\/2020\/09\/img42937_200823Solidarit\u251cntszug-Belarus_\u251cuhringen_FrankLutz-768x509.jpg 768w, https:\/\/ejw-oehringen.de\/wordpress\/wp-content\/uploads\/2020\/09\/img42937_200823Solidarit\u251cntszug-Belarus_\u251cuhringen_FrankLutz-1536x1017.jpg 1536w, https:\/\/ejw-oehringen.de\/wordpress\/wp-content\/uploads\/2020\/09\/img42937_200823Solidarit\u251cntszug-Belarus_\u251cuhringen_FrankLutz-2048x1356.jpg 2048w, https:\/\/ejw-oehringen.de\/wordpress\/wp-content\/uploads\/2020\/09\/img42937_200823Solidarit\u251cntszug-Belarus_\u251cuhringen_FrankLutz-226x150.jpg 226w, https:\/\/ejw-oehringen.de\/wordpress\/wp-content\/uploads\/2020\/09\/img42937_200823Solidarit\u251cntszug-Belarus_\u251cuhringen_FrankLutz-150x99.jpg 150w, https:\/\/ejw-oehringen.de\/wordpress\/wp-content\/uploads\/2020\/09\/img42937_200823Solidarit\u251cntszug-Belarus_\u251cuhringen_FrankLutz-1320x874.jpg 1320w\" sizes=\"auto, (max-width: 1024px) 100vw, 1024px\" \/><\/figure>\n\n\n\n<figure class=\"wp-block-image size-large is-style-default\"><img loading=\"lazy\" decoding=\"async\" width=\"1024\" height=\"678\" data-id=\"2489\" src=\"https:\/\/ejw-oehringen.de\/wordpress\/wp-content\/uploads\/2020\/09\/img42984_200823Solidarit\u251cntszug-Belarus_\u251cuhringen_FrankLutz-1024x678.jpg\" alt=\"\" class=\"wp-image-2489\" srcset=\"https:\/\/ejw-oehringen.de\/wordpress\/wp-content\/uploads\/2020\/09\/img42984_200823Solidarit\u251cntszug-Belarus_\u251cuhringen_FrankLutz-1024x678.jpg 1024w, https:\/\/ejw-oehringen.de\/wordpress\/wp-content\/uploads\/2020\/09\/img42984_200823Solidarit\u251cntszug-Belarus_\u251cuhringen_FrankLutz-300x199.jpg 300w, https:\/\/ejw-oehringen.de\/wordpress\/wp-content\/uploads\/2020\/09\/img42984_200823Solidarit\u251cntszug-Belarus_\u251cuhringen_FrankLutz-768x509.jpg 768w, https:\/\/ejw-oehringen.de\/wordpress\/wp-content\/uploads\/2020\/09\/img42984_200823Solidarit\u251cntszug-Belarus_\u251cuhringen_FrankLutz-1536x1017.jpg 1536w, https:\/\/ejw-oehringen.de\/wordpress\/wp-content\/uploads\/2020\/09\/img42984_200823Solidarit\u251cntszug-Belarus_\u251cuhringen_FrankLutz-2048x1356.jpg 2048w, https:\/\/ejw-oehringen.de\/wordpress\/wp-content\/uploads\/2020\/09\/img42984_200823Solidarit\u251cntszug-Belarus_\u251cuhringen_FrankLutz-226x150.jpg 226w, https:\/\/ejw-oehringen.de\/wordpress\/wp-content\/uploads\/2020\/09\/img42984_200823Solidarit\u251cntszug-Belarus_\u251cuhringen_FrankLutz-150x99.jpg 150w, https:\/\/ejw-oehringen.de\/wordpress\/wp-content\/uploads\/2020\/09\/img42984_200823Solidarit\u251cntszug-Belarus_\u251cuhringen_FrankLutz-1320x874.jpg 1320w\" sizes=\"auto, (max-width: 1024px) 100vw, 1024px\" \/><\/figure>\n\n\n\n<figure class=\"wp-block-image size-large is-style-default\"><img loading=\"lazy\" decoding=\"async\" width=\"1024\" height=\"678\" data-id=\"2490\" src=\"https:\/\/ejw-oehringen.de\/wordpress\/wp-content\/uploads\/2020\/09\/img43070_200823Solidarit\u251cntszug-Belarus_\u251cuhringen_FrankLutz-1024x678.jpg\" alt=\"\" class=\"wp-image-2490\" srcset=\"https:\/\/ejw-oehringen.de\/wordpress\/wp-content\/uploads\/2020\/09\/img43070_200823Solidarit\u251cntszug-Belarus_\u251cuhringen_FrankLutz-1024x678.jpg 1024w, https:\/\/ejw-oehringen.de\/wordpress\/wp-content\/uploads\/2020\/09\/img43070_200823Solidarit\u251cntszug-Belarus_\u251cuhringen_FrankLutz-300x199.jpg 300w, https:\/\/ejw-oehringen.de\/wordpress\/wp-content\/uploads\/2020\/09\/img43070_200823Solidarit\u251cntszug-Belarus_\u251cuhringen_FrankLutz-768x509.jpg 768w, https:\/\/ejw-oehringen.de\/wordpress\/wp-content\/uploads\/2020\/09\/img43070_200823Solidarit\u251cntszug-Belarus_\u251cuhringen_FrankLutz-1536x1017.jpg 1536w, https:\/\/ejw-oehringen.de\/wordpress\/wp-content\/uploads\/2020\/09\/img43070_200823Solidarit\u251cntszug-Belarus_\u251cuhringen_FrankLutz-2048x1356.jpg 2048w, https:\/\/ejw-oehringen.de\/wordpress\/wp-content\/uploads\/2020\/09\/img43070_200823Solidarit\u251cntszug-Belarus_\u251cuhringen_FrankLutz-226x150.jpg 226w, https:\/\/ejw-oehringen.de\/wordpress\/wp-content\/uploads\/2020\/09\/img43070_200823Solidarit\u251cntszug-Belarus_\u251cuhringen_FrankLutz-150x99.jpg 150w, https:\/\/ejw-oehringen.de\/wordpress\/wp-content\/uploads\/2020\/09\/img43070_200823Solidarit\u251cntszug-Belarus_\u251cuhringen_FrankLutz-1320x874.jpg 1320w\" sizes=\"auto, (max-width: 1024px) 100vw, 1024px\" \/><\/figure>\n\n\n\n<figure class=\"wp-block-image size-large is-style-default\"><img loading=\"lazy\" decoding=\"async\" width=\"1024\" height=\"678\" data-id=\"2491\" src=\"https:\/\/ejw-oehringen.de\/wordpress\/wp-content\/uploads\/2020\/09\/img43086_200823Solidarit\u251cntszug-Belarus_\u251cuhringen_FrankLutz-1024x678.jpg\" alt=\"\" class=\"wp-image-2491\" srcset=\"https:\/\/ejw-oehringen.de\/wordpress\/wp-content\/uploads\/2020\/09\/img43086_200823Solidarit\u251cntszug-Belarus_\u251cuhringen_FrankLutz-1024x678.jpg 1024w, https:\/\/ejw-oehringen.de\/wordpress\/wp-content\/uploads\/2020\/09\/img43086_200823Solidarit\u251cntszug-Belarus_\u251cuhringen_FrankLutz-300x199.jpg 300w, https:\/\/ejw-oehringen.de\/wordpress\/wp-content\/uploads\/2020\/09\/img43086_200823Solidarit\u251cntszug-Belarus_\u251cuhringen_FrankLutz-768x509.jpg 768w, https:\/\/ejw-oehringen.de\/wordpress\/wp-content\/uploads\/2020\/09\/img43086_200823Solidarit\u251cntszug-Belarus_\u251cuhringen_FrankLutz-1536x1017.jpg 1536w, https:\/\/ejw-oehringen.de\/wordpress\/wp-content\/uploads\/2020\/09\/img43086_200823Solidarit\u251cntszug-Belarus_\u251cuhringen_FrankLutz-2048x1356.jpg 2048w, https:\/\/ejw-oehringen.de\/wordpress\/wp-content\/uploads\/2020\/09\/img43086_200823Solidarit\u251cntszug-Belarus_\u251cuhringen_FrankLutz-226x150.jpg 226w, https:\/\/ejw-oehringen.de\/wordpress\/wp-content\/uploads\/2020\/09\/img43086_200823Solidarit\u251cntszug-Belarus_\u251cuhringen_FrankLutz-150x99.jpg 150w, https:\/\/ejw-oehringen.de\/wordpress\/wp-content\/uploads\/2020\/09\/img43086_200823Solidarit\u251cntszug-Belarus_\u251cuhringen_FrankLutz-1320x874.jpg 1320w\" sizes=\"auto, (max-width: 1024px) 100vw, 1024px\" \/><\/figure>\n\n\n\n<figure class=\"wp-block-image size-large is-style-default\"><img loading=\"lazy\" decoding=\"async\" width=\"1024\" height=\"678\" data-id=\"2492\" src=\"https:\/\/ejw-oehringen.de\/wordpress\/wp-content\/uploads\/2020\/09\/img43095_200823Solidarit\u251cntszug-Belarus_\u251cuhringen_FrankLutz-1024x678.jpg\" alt=\"\" class=\"wp-image-2492\" srcset=\"https:\/\/ejw-oehringen.de\/wordpress\/wp-content\/uploads\/2020\/09\/img43095_200823Solidarit\u251cntszug-Belarus_\u251cuhringen_FrankLutz-1024x678.jpg 1024w, https:\/\/ejw-oehringen.de\/wordpress\/wp-content\/uploads\/2020\/09\/img43095_200823Solidarit\u251cntszug-Belarus_\u251cuhringen_FrankLutz-300x199.jpg 300w, https:\/\/ejw-oehringen.de\/wordpress\/wp-content\/uploads\/2020\/09\/img43095_200823Solidarit\u251cntszug-Belarus_\u251cuhringen_FrankLutz-768x509.jpg 768w, https:\/\/ejw-oehringen.de\/wordpress\/wp-content\/uploads\/2020\/09\/img43095_200823Solidarit\u251cntszug-Belarus_\u251cuhringen_FrankLutz-1536x1017.jpg 1536w, https:\/\/ejw-oehringen.de\/wordpress\/wp-content\/uploads\/2020\/09\/img43095_200823Solidarit\u251cntszug-Belarus_\u251cuhringen_FrankLutz-2048x1356.jpg 2048w, https:\/\/ejw-oehringen.de\/wordpress\/wp-content\/uploads\/2020\/09\/img43095_200823Solidarit\u251cntszug-Belarus_\u251cuhringen_FrankLutz-226x150.jpg 226w, https:\/\/ejw-oehringen.de\/wordpress\/wp-content\/uploads\/2020\/09\/img43095_200823Solidarit\u251cntszug-Belarus_\u251cuhringen_FrankLutz-150x99.jpg 150w, https:\/\/ejw-oehringen.de\/wordpress\/wp-content\/uploads\/2020\/09\/img43095_200823Solidarit\u251cntszug-Belarus_\u251cuhringen_FrankLutz-1320x874.jpg 1320w\" sizes=\"auto, (max-width: 1024px) 100vw, 1024px\" \/><\/figure>\n\n\n\n<figure class=\"wp-block-image size-large is-style-default\"><img loading=\"lazy\" decoding=\"async\" width=\"1024\" height=\"678\" data-id=\"2493\" src=\"https:\/\/ejw-oehringen.de\/wordpress\/wp-content\/uploads\/2020\/09\/img43141_200823Solidarit\u251cntszug-Belarus_\u251cuhringen_FrankLutz-1024x678.jpg\" alt=\"\" class=\"wp-image-2493\" srcset=\"https:\/\/ejw-oehringen.de\/wordpress\/wp-content\/uploads\/2020\/09\/img43141_200823Solidarit\u251cntszug-Belarus_\u251cuhringen_FrankLutz-1024x678.jpg 1024w, https:\/\/ejw-oehringen.de\/wordpress\/wp-content\/uploads\/2020\/09\/img43141_200823Solidarit\u251cntszug-Belarus_\u251cuhringen_FrankLutz-300x199.jpg 300w, https:\/\/ejw-oehringen.de\/wordpress\/wp-content\/uploads\/2020\/09\/img43141_200823Solidarit\u251cntszug-Belarus_\u251cuhringen_FrankLutz-768x509.jpg 768w, https:\/\/ejw-oehringen.de\/wordpress\/wp-content\/uploads\/2020\/09\/img43141_200823Solidarit\u251cntszug-Belarus_\u251cuhringen_FrankLutz-1536x1017.jpg 1536w, https:\/\/ejw-oehringen.de\/wordpress\/wp-content\/uploads\/2020\/09\/img43141_200823Solidarit\u251cntszug-Belarus_\u251cuhringen_FrankLutz-2048x1356.jpg 2048w, https:\/\/ejw-oehringen.de\/wordpress\/wp-content\/uploads\/2020\/09\/img43141_200823Solidarit\u251cntszug-Belarus_\u251cuhringen_FrankLutz-226x150.jpg 226w, https:\/\/ejw-oehringen.de\/wordpress\/wp-content\/uploads\/2020\/09\/img43141_200823Solidarit\u251cntszug-Belarus_\u251cuhringen_FrankLutz-150x99.jpg 150w, https:\/\/ejw-oehringen.de\/wordpress\/wp-content\/uploads\/2020\/09\/img43141_200823Solidarit\u251cntszug-Belarus_\u251cuhringen_FrankLutz-1320x874.jpg 1320w\" sizes=\"auto, (max-width: 1024px) 100vw, 1024px\" \/><\/figure>\n\n\n\n<figure class=\"wp-block-image size-large is-style-default\"><img loading=\"lazy\" decoding=\"async\" width=\"1024\" height=\"678\" data-id=\"2494\" src=\"https:\/\/ejw-oehringen.de\/wordpress\/wp-content\/uploads\/2020\/09\/img43150_200823Solidarit\u251cntszug-Belarus_\u251cuhringen_FrankLutz-1024x678.jpg\" alt=\"\" class=\"wp-image-2494\" srcset=\"https:\/\/ejw-oehringen.de\/wordpress\/wp-content\/uploads\/2020\/09\/img43150_200823Solidarit\u251cntszug-Belarus_\u251cuhringen_FrankLutz-1024x678.jpg 1024w, https:\/\/ejw-oehringen.de\/wordpress\/wp-content\/uploads\/2020\/09\/img43150_200823Solidarit\u251cntszug-Belarus_\u251cuhringen_FrankLutz-300x199.jpg 300w, https:\/\/ejw-oehringen.de\/wordpress\/wp-content\/uploads\/2020\/09\/img43150_200823Solidarit\u251cntszug-Belarus_\u251cuhringen_FrankLutz-768x509.jpg 768w, https:\/\/ejw-oehringen.de\/wordpress\/wp-content\/uploads\/2020\/09\/img43150_200823Solidarit\u251cntszug-Belarus_\u251cuhringen_FrankLutz-1536x1017.jpg 1536w, https:\/\/ejw-oehringen.de\/wordpress\/wp-content\/uploads\/2020\/09\/img43150_200823Solidarit\u251cntszug-Belarus_\u251cuhringen_FrankLutz-2048x1356.jpg 2048w, https:\/\/ejw-oehringen.de\/wordpress\/wp-content\/uploads\/2020\/09\/img43150_200823Solidarit\u251cntszug-Belarus_\u251cuhringen_FrankLutz-226x150.jpg 226w, https:\/\/ejw-oehringen.de\/wordpress\/wp-content\/uploads\/2020\/09\/img43150_200823Solidarit\u251cntszug-Belarus_\u251cuhringen_FrankLutz-150x99.jpg 150w, https:\/\/ejw-oehringen.de\/wordpress\/wp-content\/uploads\/2020\/09\/img43150_200823Solidarit\u251cntszug-Belarus_\u251cuhringen_FrankLutz-1320x874.jpg 1320w\" sizes=\"auto, (max-width: 1024px) 100vw, 1024px\" \/><\/figure>\n<\/figure>\n\n\n\n<hr class=\"wp-block-separator\"\/>\n\n\n\n<h2 class=\"wp-block-heading\"><strong>seit 1992 deutsch-polnische Nachbarschaft<\/strong><\/h2>\n\n\n\n<figure class=\"wp-block-image is-resized\"><img loading=\"lazy\" decoding=\"async\" src=\"https:\/\/ejw-oehringen.de\/wordpress\/wp-content\/uploads\/2018\/11\/Partnerschaft2-724x1024.jpg\" alt=\"\" class=\"wp-image-1378\" width=\"424\" height=\"601\"\/><\/figure>\n\n\n\n<figure class=\"wp-block-gallery has-nested-images columns-default is-cropped wp-block-gallery-11 is-layout-flex wp-block-gallery-is-layout-flex\">\n<figure class=\"wp-block-image size-large is-style-default\"><img loading=\"lazy\" decoding=\"async\" width=\"1024\" height=\"768\" data-id=\"1791\" src=\"https:\/\/ejw-oehringen.de\/wordpress\/wp-content\/uploads\/2019\/05\/2018_Krakow_12-1024x768.jpg\" alt=\"\" class=\"wp-image-1791\" srcset=\"https:\/\/ejw-oehringen.de\/wordpress\/wp-content\/uploads\/2019\/05\/2018_Krakow_12-1024x768.jpg 1024w, https:\/\/ejw-oehringen.de\/wordpress\/wp-content\/uploads\/2019\/05\/2018_Krakow_12-300x225.jpg 300w, https:\/\/ejw-oehringen.de\/wordpress\/wp-content\/uploads\/2019\/05\/2018_Krakow_12-768x576.jpg 768w, https:\/\/ejw-oehringen.de\/wordpress\/wp-content\/uploads\/2019\/05\/2018_Krakow_12-200x150.jpg 200w, https:\/\/ejw-oehringen.de\/wordpress\/wp-content\/uploads\/2019\/05\/2018_Krakow_12-150x113.jpg 150w, https:\/\/ejw-oehringen.de\/wordpress\/wp-content\/uploads\/2019\/05\/2018_Krakow_12-1320x990.jpg 1320w\" sizes=\"auto, (max-width: 1024px) 100vw, 1024px\" \/><\/figure>\n<\/figure>\n\n\n\n<hr class=\"wp-block-separator is-style-wide\"\/>\n\n\n\n<h2 class=\"wp-block-heading\"><strong>seit 2009 Partnerschaft mit dem YMCA Brest, Belarus<\/strong><\/h2>\n\n\n\n<figure class=\"wp-block-gallery has-nested-images columns-default is-cropped wp-block-gallery-12 is-layout-flex wp-block-gallery-is-layout-flex\">\n<figure class=\"wp-block-image size-large is-style-default\"><img loading=\"lazy\" decoding=\"async\" width=\"1024\" height=\"522\" data-id=\"1778\" src=\"https:\/\/ejw-oehringen.de\/wordpress\/wp-content\/uploads\/2019\/05\/20190502ej\u00f6ymca-1024x522.jpg\" alt=\"\" class=\"wp-image-1778\" srcset=\"https:\/\/ejw-oehringen.de\/wordpress\/wp-content\/uploads\/2019\/05\/20190502ej\u00f6ymca-1024x522.jpg 1024w, https:\/\/ejw-oehringen.de\/wordpress\/wp-content\/uploads\/2019\/05\/20190502ej\u00f6ymca-300x153.jpg 300w, https:\/\/ejw-oehringen.de\/wordpress\/wp-content\/uploads\/2019\/05\/20190502ej\u00f6ymca-768x391.jpg 768w, https:\/\/ejw-oehringen.de\/wordpress\/wp-content\/uploads\/2019\/05\/20190502ej\u00f6ymca-250x127.jpg 250w, https:\/\/ejw-oehringen.de\/wordpress\/wp-content\/uploads\/2019\/05\/20190502ej\u00f6ymca-150x76.jpg 150w, https:\/\/ejw-oehringen.de\/wordpress\/wp-content\/uploads\/2019\/05\/20190502ej\u00f6ymca-1320x673.jpg 1320w\" sizes=\"auto, (max-width: 1024px) 100vw, 1024px\" \/><\/figure>\n\n\n\n<figure class=\"wp-block-image size-large is-style-default\"><img loading=\"lazy\" decoding=\"async\" width=\"1024\" height=\"646\" data-id=\"1779\" src=\"https:\/\/ejw-oehringen.de\/wordpress\/wp-content\/uploads\/2019\/05\/20190503_16ymcaej\u00f62136-1024x646.jpg\" alt=\"\" class=\"wp-image-1779\" srcset=\"https:\/\/ejw-oehringen.de\/wordpress\/wp-content\/uploads\/2019\/05\/20190503_16ymcaej\u00f62136-1024x646.jpg 1024w, https:\/\/ejw-oehringen.de\/wordpress\/wp-content\/uploads\/2019\/05\/20190503_16ymcaej\u00f62136-300x189.jpg 300w, https:\/\/ejw-oehringen.de\/wordpress\/wp-content\/uploads\/2019\/05\/20190503_16ymcaej\u00f62136-768x484.jpg 768w, https:\/\/ejw-oehringen.de\/wordpress\/wp-content\/uploads\/2019\/05\/20190503_16ymcaej\u00f62136-238x150.jpg 238w, https:\/\/ejw-oehringen.de\/wordpress\/wp-content\/uploads\/2019\/05\/20190503_16ymcaej\u00f62136-150x95.jpg 150w, https:\/\/ejw-oehringen.de\/wordpress\/wp-content\/uploads\/2019\/05\/20190503_16ymcaej\u00f62136-1320x833.jpg 1320w\" sizes=\"auto, (max-width: 1024px) 100vw, 1024px\" \/><\/figure>\n\n\n\n<figure class=\"wp-block-image size-large is-style-default\"><img loading=\"lazy\" decoding=\"async\" width=\"1024\" height=\"749\" data-id=\"1780\" src=\"https:\/\/ejw-oehringen.de\/wordpress\/wp-content\/uploads\/2019\/05\/20190502_ej\u00f6ymca2-1024x749.jpg\" alt=\"\" class=\"wp-image-1780\" srcset=\"https:\/\/ejw-oehringen.de\/wordpress\/wp-content\/uploads\/2019\/05\/20190502_ej\u00f6ymca2-1024x749.jpg 1024w, https:\/\/ejw-oehringen.de\/wordpress\/wp-content\/uploads\/2019\/05\/20190502_ej\u00f6ymca2-300x219.jpg 300w, https:\/\/ejw-oehringen.de\/wordpress\/wp-content\/uploads\/2019\/05\/20190502_ej\u00f6ymca2-768x562.jpg 768w, https:\/\/ejw-oehringen.de\/wordpress\/wp-content\/uploads\/2019\/05\/20190502_ej\u00f6ymca2-205x150.jpg 205w, https:\/\/ejw-oehringen.de\/wordpress\/wp-content\/uploads\/2019\/05\/20190502_ej\u00f6ymca2-150x110.jpg 150w, https:\/\/ejw-oehringen.de\/wordpress\/wp-content\/uploads\/2019\/05\/20190502_ej\u00f6ymca2-1320x966.jpg 1320w\" sizes=\"auto, (max-width: 1024px) 100vw, 1024px\" \/><\/figure>\n\n\n\n<figure class=\"wp-block-image size-large is-style-default\"><img loading=\"lazy\" decoding=\"async\" width=\"640\" height=\"906\" data-id=\"1798\" src=\"https:\/\/ejw-oehringen.de\/wordpress\/wp-content\/uploads\/2019\/05\/LF1kpqPGMhM.jpg\" alt=\"\" class=\"wp-image-1798\" srcset=\"https:\/\/ejw-oehringen.de\/wordpress\/wp-content\/uploads\/2019\/05\/LF1kpqPGMhM.jpg 640w, https:\/\/ejw-oehringen.de\/wordpress\/wp-content\/uploads\/2019\/05\/LF1kpqPGMhM-212x300.jpg 212w, https:\/\/ejw-oehringen.de\/wordpress\/wp-content\/uploads\/2019\/05\/LF1kpqPGMhM-106x150.jpg 106w\" sizes=\"auto, (max-width: 640px) 100vw, 640px\" \/><\/figure>\n<\/figure>\n\n\n\n<hr class=\"wp-block-separator is-style-wide\"\/>\n\n\n\n<h2 class=\"wp-block-heading\"><strong>Partnerschaft  mit Djerba, Tunesien<\/strong><\/h2>\n\n\n\n<figure class=\"wp-block-gallery has-nested-images columns-default is-cropped wp-block-gallery-13 is-layout-flex wp-block-gallery-is-layout-flex\">\n<figure class=\"wp-block-image size-large is-style-default\"><img loading=\"lazy\" decoding=\"async\" width=\"960\" height=\"960\" data-id=\"1792\" src=\"https:\/\/ejw-oehringen.de\/wordpress\/wp-content\/uploads\/2019\/05\/10488087_1080837145275297_418586268049326180_n-2.jpg\" alt=\"\" class=\"wp-image-1792\" srcset=\"https:\/\/ejw-oehringen.de\/wordpress\/wp-content\/uploads\/2019\/05\/10488087_1080837145275297_418586268049326180_n-2.jpg 960w, https:\/\/ejw-oehringen.de\/wordpress\/wp-content\/uploads\/2019\/05\/10488087_1080837145275297_418586268049326180_n-2-150x150.jpg 150w, https:\/\/ejw-oehringen.de\/wordpress\/wp-content\/uploads\/2019\/05\/10488087_1080837145275297_418586268049326180_n-2-300x300.jpg 300w, https:\/\/ejw-oehringen.de\/wordpress\/wp-content\/uploads\/2019\/05\/10488087_1080837145275297_418586268049326180_n-2-768x768.jpg 768w\" sizes=\"auto, (max-width: 960px) 100vw, 960px\" \/><\/figure>\n\n\n\n<figure class=\"wp-block-image size-large is-style-default\"><img loading=\"lazy\" decoding=\"async\" width=\"960\" height=\"420\" data-id=\"1796\" src=\"https:\/\/ejw-oehringen.de\/wordpress\/wp-content\/uploads\/2019\/05\/60591504_3240339769325013_7731127564445417472_n.jpg\" alt=\"\" class=\"wp-image-1796\" srcset=\"https:\/\/ejw-oehringen.de\/wordpress\/wp-content\/uploads\/2019\/05\/60591504_3240339769325013_7731127564445417472_n.jpg 960w, https:\/\/ejw-oehringen.de\/wordpress\/wp-content\/uploads\/2019\/05\/60591504_3240339769325013_7731127564445417472_n-300x131.jpg 300w, https:\/\/ejw-oehringen.de\/wordpress\/wp-content\/uploads\/2019\/05\/60591504_3240339769325013_7731127564445417472_n-768x336.jpg 768w, https:\/\/ejw-oehringen.de\/wordpress\/wp-content\/uploads\/2019\/05\/60591504_3240339769325013_7731127564445417472_n-250x109.jpg 250w, https:\/\/ejw-oehringen.de\/wordpress\/wp-content\/uploads\/2019\/05\/60591504_3240339769325013_7731127564445417472_n-150x66.jpg 150w\" sizes=\"auto, (max-width: 960px) 100vw, 960px\" \/><\/figure>\n<\/figure>\n\n\n\n<p><a href=\"https:\/\/www.facebook.com\/aalt.djerba\/videos\/1943564252414811\/\">https:\/\/www.facebook.com\/aalt.djerba\/videos\/1943564252414811\/<\/a><\/p>\n\n\n\n<figure class=\"wp-block-image\"><img loading=\"lazy\" decoding=\"async\" width=\"708\" height=\"1024\" src=\"https:\/\/ejw-oehringen.de\/wordpress\/wp-content\/uploads\/2019\/05\/facebook_1558875878214-708x1024.jpg\" alt=\"\" class=\"wp-image-1851\" srcset=\"https:\/\/ejw-oehringen.de\/wordpress\/wp-content\/uploads\/2019\/05\/facebook_1558875878214-708x1024.jpg 708w, https:\/\/ejw-oehringen.de\/wordpress\/wp-content\/uploads\/2019\/05\/facebook_1558875878214-208x300.jpg 208w, https:\/\/ejw-oehringen.de\/wordpress\/wp-content\/uploads\/2019\/05\/facebook_1558875878214-768x1110.jpg 768w, https:\/\/ejw-oehringen.de\/wordpress\/wp-content\/uploads\/2019\/05\/facebook_1558875878214-104x150.jpg 104w, https:\/\/ejw-oehringen.de\/wordpress\/wp-content\/uploads\/2019\/05\/facebook_1558875878214.jpg 1293w\" sizes=\"auto, (max-width: 708px) 100vw, 708px\" \/><\/figure>\n\n\n\n<p><a href=\"https:\/\/www.facebook.com\/2368600056710087\/videos\/2120243668013628\/\" target=\"_blank\" rel=\"noreferrer noopener\">https:\/\/www.facebook.com\/2368600056710087\/videos\/2120243668013628\/<\/a><\/p>\n","protected":false},"excerpt":{"rendered":"<p>https:\/\/100xsolidaritaet.de\/ 15. Mai 2021 um 16 UhrOnline Podiumdiskussion mit Politikern und ExpertenQuo vadis Belarus? Quo vadis europ\u00e4ische Werte? Solidarit\u00e4t mit den Menschen in BelarusMacht mit bei der Challenge &#8211; Solidarit\u00e4t mit Belarus! #Jugendwerk4Belarus und sendet uns eure Beitr\u00e4ge zu. Ihr k\u00f6nnt zum Beispiel&#8211; eine Steinekette mit wei\u00df-rot-wei\u00dfen Steinen legen&#8211; B\u00e4ndchen\u2026 <a class=\"continue-reading-link\" href=\"https:\/\/ejw-oehringen.de\/wordpress\/internationale-partnerschaften\/\">Continue reading<\/a><\/p>\n","protected":false},"author":1,"featured_media":0,"parent":0,"menu_order":0,"comment_status":"closed","ping_status":"closed","template":"","meta":{"ngg_post_thumbnail":0,"footnotes":""},"class_list":["post-1840","page","type-page","status-publish","hentry"],"_links":{"self":[{"href":"https:\/\/ejw-oehringen.de\/wordpress\/wp-json\/wp\/v2\/pages\/1840","targetHints":{"allow":["GET"]}}],"collection":[{"href":"https:\/\/ejw-oehringen.de\/wordpress\/wp-json\/wp\/v2\/pages"}],"about":[{"href":"https:\/\/ejw-oehringen.de\/wordpress\/wp-json\/wp\/v2\/types\/page"}],"author":[{"embeddable":true,"href":"https:\/\/ejw-oehringen.de\/wordpress\/wp-json\/wp\/v2\/users\/1"}],"replies":[{"embeddable":true,"href":"https:\/\/ejw-oehringen.de\/wordpress\/wp-json\/wp\/v2\/comments?post=1840"}],"version-history":[{"count":41,"href":"https:\/\/ejw-oehringen.de\/wordpress\/wp-json\/wp\/v2\/pages\/1840\/revisions"}],"predecessor-version":[{"id":3220,"href":"https:\/\/ejw-oehringen.de\/wordpress\/wp-json\/wp\/v2\/pages\/1840\/revisions\/3220"}],"wp:attachment":[{"href":"https:\/\/ejw-oehringen.de\/wordpress\/wp-json\/wp\/v2\/media?parent=1840"}],"curies":[{"name":"wp","href":"https:\/\/api.w.org\/{rel}","templated":true}]}}