{"id":1052,"date":"2016-06-14T23:26:03","date_gmt":"2016-06-14T21:26:03","guid":{"rendered":"http:\/\/www.ejw-oehringen.de\/?page_id=1052"},"modified":"2026-02-10T12:21:07","modified_gmt":"2026-02-10T11:21:07","slug":"delegiertenversammlung","status":"publish","type":"page","link":"https:\/\/ejw-oehringen.de\/wordpress\/ueber-uns-kontakt\/delegiertenversammlung\/","title":{"rendered":"Delegiertenversammlung"},"content":{"rendered":"<h2><a href=\"https:\/\/ejw-oehringen.de\/wordpress\/wp-content\/uploads\/2018\/11\/20181108_191523-1.jpg\"><img loading=\"lazy\" decoding=\"async\" class=\"alignnone size-large wp-image-1394\" src=\"https:\/\/ejw-oehringen.de\/wordpress\/wp-content\/uploads\/2018\/11\/20181108_191523-1-1024x372.jpg\" alt=\"\" width=\"800\" height=\"291\" srcset=\"https:\/\/ejw-oehringen.de\/wordpress\/wp-content\/uploads\/2018\/11\/20181108_191523-1-1024x372.jpg 1024w, https:\/\/ejw-oehringen.de\/wordpress\/wp-content\/uploads\/2018\/11\/20181108_191523-1-300x109.jpg 300w, https:\/\/ejw-oehringen.de\/wordpress\/wp-content\/uploads\/2018\/11\/20181108_191523-1-768x279.jpg 768w, https:\/\/ejw-oehringen.de\/wordpress\/wp-content\/uploads\/2018\/11\/20181108_191523-1-250x91.jpg 250w, https:\/\/ejw-oehringen.de\/wordpress\/wp-content\/uploads\/2018\/11\/20181108_191523-1-150x54.jpg 150w, https:\/\/ejw-oehringen.de\/wordpress\/wp-content\/uploads\/2018\/11\/20181108_191523-1-1320x479.jpg 1320w\" sizes=\"auto, (max-width: 800px) 100vw, 800px\" \/><\/a> <a href=\"https:\/\/ejw-oehringen.de\/wordpress\/wp-content\/uploads\/2018\/11\/20181108_192242-1.jpg\"><img loading=\"lazy\" decoding=\"async\" class=\"alignnone size-large wp-image-1399\" src=\"https:\/\/ejw-oehringen.de\/wordpress\/wp-content\/uploads\/2018\/11\/20181108_192242-1-1024x393.jpg\" alt=\"\" width=\"800\" height=\"307\" srcset=\"https:\/\/ejw-oehringen.de\/wordpress\/wp-content\/uploads\/2018\/11\/20181108_192242-1-1024x393.jpg 1024w, https:\/\/ejw-oehringen.de\/wordpress\/wp-content\/uploads\/2018\/11\/20181108_192242-1-300x115.jpg 300w, https:\/\/ejw-oehringen.de\/wordpress\/wp-content\/uploads\/2018\/11\/20181108_192242-1-768x295.jpg 768w, https:\/\/ejw-oehringen.de\/wordpress\/wp-content\/uploads\/2018\/11\/20181108_192242-1-250x96.jpg 250w, https:\/\/ejw-oehringen.de\/wordpress\/wp-content\/uploads\/2018\/11\/20181108_192242-1-150x58.jpg 150w, https:\/\/ejw-oehringen.de\/wordpress\/wp-content\/uploads\/2018\/11\/20181108_192242-1-1320x507.jpg 1320w\" sizes=\"auto, (max-width: 800px) 100vw, 800px\" \/><\/a><\/h2>\n<p>Einmal j\u00e4hrlich im Herbst tagt die Delegiertenversammlung des Kirchenbezirks \u00d6hringen.<br \/>\nSie besteht aus den entsandten Mitgliedern der Kirchengemeinden im Kirchenbezirk \u00d6hringen und entscheidet \u00fcber die Arbeit (Inhalt, Finanzen etc.) des Jugendwerks.<\/p>\n<p><strong>Termine:<\/strong><\/p>\n<p>26.11.2026 in<br \/>\n20.11. 2025 in \u00d6hringen<br \/>\n28.11. 2024 in Pfedelbach mit Wahl des BAK<\/p>\n<p><a href=\"https:\/\/ejw-oehringen.de\/wordpress\/wp-content\/uploads\/2026\/02\/GridArt_20251120_231507673-scaled.jpg\"><img loading=\"lazy\" decoding=\"async\" class=\"alignnone size-full wp-image-4753\" src=\"https:\/\/ejw-oehringen.de\/wordpress\/wp-content\/uploads\/2026\/02\/GridArt_20251120_231507673-scaled.jpg\" alt=\"\" width=\"1920\" height=\"2560\" srcset=\"https:\/\/ejw-oehringen.de\/wordpress\/wp-content\/uploads\/2026\/02\/GridArt_20251120_231507673-scaled.jpg 1920w, https:\/\/ejw-oehringen.de\/wordpress\/wp-content\/uploads\/2026\/02\/GridArt_20251120_231507673-225x300.jpg 225w, https:\/\/ejw-oehringen.de\/wordpress\/wp-content\/uploads\/2026\/02\/GridArt_20251120_231507673-768x1024.jpg 768w, https:\/\/ejw-oehringen.de\/wordpress\/wp-content\/uploads\/2026\/02\/GridArt_20251120_231507673-1152x1536.jpg 1152w, https:\/\/ejw-oehringen.de\/wordpress\/wp-content\/uploads\/2026\/02\/GridArt_20251120_231507673-1536x2048.jpg 1536w, https:\/\/ejw-oehringen.de\/wordpress\/wp-content\/uploads\/2026\/02\/GridArt_20251120_231507673-113x150.jpg 113w, https:\/\/ejw-oehringen.de\/wordpress\/wp-content\/uploads\/2026\/02\/GridArt_20251120_231507673-1320x1760.jpg 1320w\" sizes=\"auto, (max-width: 1920px) 100vw, 1920px\" \/><\/a><\/p>\n<p><a href=\"https:\/\/ejw-oehringen.de\/wordpress\/wp-content\/uploads\/2026\/02\/20251120_210351-scaled.jpg\"><img loading=\"lazy\" decoding=\"async\" class=\"alignnone size-full wp-image-4757\" src=\"https:\/\/ejw-oehringen.de\/wordpress\/wp-content\/uploads\/2026\/02\/20251120_210351-scaled.jpg\" alt=\"\" width=\"2560\" height=\"1920\" srcset=\"https:\/\/ejw-oehringen.de\/wordpress\/wp-content\/uploads\/2026\/02\/20251120_210351-scaled.jpg 2560w, https:\/\/ejw-oehringen.de\/wordpress\/wp-content\/uploads\/2026\/02\/20251120_210351-300x225.jpg 300w, https:\/\/ejw-oehringen.de\/wordpress\/wp-content\/uploads\/2026\/02\/20251120_210351-1024x768.jpg 1024w, https:\/\/ejw-oehringen.de\/wordpress\/wp-content\/uploads\/2026\/02\/20251120_210351-768x576.jpg 768w, https:\/\/ejw-oehringen.de\/wordpress\/wp-content\/uploads\/2026\/02\/20251120_210351-1536x1152.jpg 1536w, https:\/\/ejw-oehringen.de\/wordpress\/wp-content\/uploads\/2026\/02\/20251120_210351-2048x1536.jpg 2048w, https:\/\/ejw-oehringen.de\/wordpress\/wp-content\/uploads\/2026\/02\/20251120_210351-200x150.jpg 200w, https:\/\/ejw-oehringen.de\/wordpress\/wp-content\/uploads\/2026\/02\/20251120_210351-150x113.jpg 150w, https:\/\/ejw-oehringen.de\/wordpress\/wp-content\/uploads\/2026\/02\/20251120_210351-1320x990.jpg 1320w\" sizes=\"auto, (max-width: 2560px) 100vw, 2560px\" \/><\/a><a href=\"https:\/\/ejw-oehringen.de\/wordpress\/wp-content\/uploads\/2026\/02\/20251120_192012-scaled.jpg\"><img loading=\"lazy\" decoding=\"async\" class=\"alignnone size-full wp-image-4755\" src=\"https:\/\/ejw-oehringen.de\/wordpress\/wp-content\/uploads\/2026\/02\/20251120_192012-scaled.jpg\" alt=\"\" width=\"2560\" height=\"1920\" srcset=\"https:\/\/ejw-oehringen.de\/wordpress\/wp-content\/uploads\/2026\/02\/20251120_192012-scaled.jpg 2560w, https:\/\/ejw-oehringen.de\/wordpress\/wp-content\/uploads\/2026\/02\/20251120_192012-300x225.jpg 300w, https:\/\/ejw-oehringen.de\/wordpress\/wp-content\/uploads\/2026\/02\/20251120_192012-1024x768.jpg 1024w, https:\/\/ejw-oehringen.de\/wordpress\/wp-content\/uploads\/2026\/02\/20251120_192012-768x576.jpg 768w, https:\/\/ejw-oehringen.de\/wordpress\/wp-content\/uploads\/2026\/02\/20251120_192012-1536x1152.jpg 1536w, https:\/\/ejw-oehringen.de\/wordpress\/wp-content\/uploads\/2026\/02\/20251120_192012-2048x1536.jpg 2048w, https:\/\/ejw-oehringen.de\/wordpress\/wp-content\/uploads\/2026\/02\/20251120_192012-200x150.jpg 200w, https:\/\/ejw-oehringen.de\/wordpress\/wp-content\/uploads\/2026\/02\/20251120_192012-150x113.jpg 150w, https:\/\/ejw-oehringen.de\/wordpress\/wp-content\/uploads\/2026\/02\/20251120_192012-1320x990.jpg 1320w\" sizes=\"auto, (max-width: 2560px) 100vw, 2560px\" \/><\/a><a href=\"https:\/\/ejw-oehringen.de\/wordpress\/wp-content\/uploads\/2026\/02\/20251120_192039-scaled.jpg\"><img loading=\"lazy\" decoding=\"async\" class=\"alignnone size-full wp-image-4756\" src=\"https:\/\/ejw-oehringen.de\/wordpress\/wp-content\/uploads\/2026\/02\/20251120_192039-scaled.jpg\" alt=\"\" width=\"2560\" height=\"1920\" srcset=\"https:\/\/ejw-oehringen.de\/wordpress\/wp-content\/uploads\/2026\/02\/20251120_192039-scaled.jpg 2560w, https:\/\/ejw-oehringen.de\/wordpress\/wp-content\/uploads\/2026\/02\/20251120_192039-300x225.jpg 300w, https:\/\/ejw-oehringen.de\/wordpress\/wp-content\/uploads\/2026\/02\/20251120_192039-1024x768.jpg 1024w, https:\/\/ejw-oehringen.de\/wordpress\/wp-content\/uploads\/2026\/02\/20251120_192039-768x576.jpg 768w, https:\/\/ejw-oehringen.de\/wordpress\/wp-content\/uploads\/2026\/02\/20251120_192039-1536x1152.jpg 1536w, https:\/\/ejw-oehringen.de\/wordpress\/wp-content\/uploads\/2026\/02\/20251120_192039-2048x1536.jpg 2048w, https:\/\/ejw-oehringen.de\/wordpress\/wp-content\/uploads\/2026\/02\/20251120_192039-200x150.jpg 200w, https:\/\/ejw-oehringen.de\/wordpress\/wp-content\/uploads\/2026\/02\/20251120_192039-150x113.jpg 150w, https:\/\/ejw-oehringen.de\/wordpress\/wp-content\/uploads\/2026\/02\/20251120_192039-1320x990.jpg 1320w\" sizes=\"auto, (max-width: 2560px) 100vw, 2560px\" \/><\/a><\/p>\n<p><a href=\"https:\/\/ejw-oehringen.de\/wordpress\/wp-content\/uploads\/2025\/06\/GridArt_20241129_000451629-scaled.jpg\"><img loading=\"lazy\" decoding=\"async\" class=\"alignnone size-full wp-image-4513\" src=\"https:\/\/ejw-oehringen.de\/wordpress\/wp-content\/uploads\/2025\/06\/GridArt_20241129_000451629-scaled.jpg\" alt=\"\" width=\"1920\" height=\"2560\" srcset=\"https:\/\/ejw-oehringen.de\/wordpress\/wp-content\/uploads\/2025\/06\/GridArt_20241129_000451629-scaled.jpg 1920w, https:\/\/ejw-oehringen.de\/wordpress\/wp-content\/uploads\/2025\/06\/GridArt_20241129_000451629-225x300.jpg 225w, https:\/\/ejw-oehringen.de\/wordpress\/wp-content\/uploads\/2025\/06\/GridArt_20241129_000451629-768x1024.jpg 768w, https:\/\/ejw-oehringen.de\/wordpress\/wp-content\/uploads\/2025\/06\/GridArt_20241129_000451629-1152x1536.jpg 1152w, https:\/\/ejw-oehringen.de\/wordpress\/wp-content\/uploads\/2025\/06\/GridArt_20241129_000451629-1536x2048.jpg 1536w, https:\/\/ejw-oehringen.de\/wordpress\/wp-content\/uploads\/2025\/06\/GridArt_20241129_000451629-113x150.jpg 113w, https:\/\/ejw-oehringen.de\/wordpress\/wp-content\/uploads\/2025\/06\/GridArt_20241129_000451629-1320x1760.jpg 1320w\" sizes=\"auto, (max-width: 1920px) 100vw, 1920px\" \/><\/a><\/p>\n<p><a href=\"https:\/\/ejw-oehringen.de\/wordpress\/wp-content\/uploads\/2025\/06\/20231130_DVejoe-scaled.jpg\"><img loading=\"lazy\" decoding=\"async\" class=\"alignnone size-full wp-image-4511\" src=\"https:\/\/ejw-oehringen.de\/wordpress\/wp-content\/uploads\/2025\/06\/20231130_DVejoe-scaled.jpg\" alt=\"\" width=\"1920\" height=\"2560\" srcset=\"https:\/\/ejw-oehringen.de\/wordpress\/wp-content\/uploads\/2025\/06\/20231130_DVejoe-scaled.jpg 1920w, https:\/\/ejw-oehringen.de\/wordpress\/wp-content\/uploads\/2025\/06\/20231130_DVejoe-225x300.jpg 225w, https:\/\/ejw-oehringen.de\/wordpress\/wp-content\/uploads\/2025\/06\/20231130_DVejoe-768x1024.jpg 768w, https:\/\/ejw-oehringen.de\/wordpress\/wp-content\/uploads\/2025\/06\/20231130_DVejoe-1152x1536.jpg 1152w, https:\/\/ejw-oehringen.de\/wordpress\/wp-content\/uploads\/2025\/06\/20231130_DVejoe-1536x2048.jpg 1536w, https:\/\/ejw-oehringen.de\/wordpress\/wp-content\/uploads\/2025\/06\/20231130_DVejoe-113x150.jpg 113w, https:\/\/ejw-oehringen.de\/wordpress\/wp-content\/uploads\/2025\/06\/20231130_DVejoe-1320x1760.jpg 1320w\" sizes=\"auto, (max-width: 1920px) 100vw, 1920px\" \/><\/a><\/p>\n<p><a href=\"https:\/\/ejw-oehringen.de\/wordpress\/wp-content\/uploads\/2022\/11\/GridArt_20221118_001018463-scaled.jpg\"><img loading=\"lazy\" decoding=\"async\" class=\"alignnone wp-image-3611 size-full\" src=\"https:\/\/ejw-oehringen.de\/wordpress\/wp-content\/uploads\/2022\/11\/GridArt_20221118_001018463-scaled.jpg\" alt=\"\" width=\"1920\" height=\"2560\" srcset=\"https:\/\/ejw-oehringen.de\/wordpress\/wp-content\/uploads\/2022\/11\/GridArt_20221118_001018463-scaled.jpg 1920w, https:\/\/ejw-oehringen.de\/wordpress\/wp-content\/uploads\/2022\/11\/GridArt_20221118_001018463-225x300.jpg 225w, https:\/\/ejw-oehringen.de\/wordpress\/wp-content\/uploads\/2022\/11\/GridArt_20221118_001018463-768x1024.jpg 768w, https:\/\/ejw-oehringen.de\/wordpress\/wp-content\/uploads\/2022\/11\/GridArt_20221118_001018463-1152x1536.jpg 1152w, https:\/\/ejw-oehringen.de\/wordpress\/wp-content\/uploads\/2022\/11\/GridArt_20221118_001018463-1536x2048.jpg 1536w, https:\/\/ejw-oehringen.de\/wordpress\/wp-content\/uploads\/2022\/11\/GridArt_20221118_001018463-113x150.jpg 113w, https:\/\/ejw-oehringen.de\/wordpress\/wp-content\/uploads\/2022\/11\/GridArt_20221118_001018463-1320x1760.jpg 1320w\" sizes=\"auto, (max-width: 1920px) 100vw, 1920px\" \/><\/a><\/p>\n<p>25.11. 2021 online mit Wahl des BAK<br \/>\n10.12. 2020 online<br \/>\n21.11. 2019 in Baumerlenbach evang. Gemeindehaus<\/p>\n<p><a href=\"https:\/\/ejw-oehringen.de\/wordpress\/wp-content\/uploads\/2019\/12\/20191121_192706-scaled.jpg\"><img loading=\"lazy\" decoding=\"async\" class=\"alignnone wp-image-2192\" src=\"https:\/\/ejw-oehringen.de\/wordpress\/wp-content\/uploads\/2019\/12\/20191121_192706-300x225.jpg\" alt=\"\" width=\"270\" height=\"203\" srcset=\"https:\/\/ejw-oehringen.de\/wordpress\/wp-content\/uploads\/2019\/12\/20191121_192706-300x225.jpg 300w, https:\/\/ejw-oehringen.de\/wordpress\/wp-content\/uploads\/2019\/12\/20191121_192706-1024x768.jpg 1024w, https:\/\/ejw-oehringen.de\/wordpress\/wp-content\/uploads\/2019\/12\/20191121_192706-768x576.jpg 768w, https:\/\/ejw-oehringen.de\/wordpress\/wp-content\/uploads\/2019\/12\/20191121_192706-1536x1152.jpg 1536w, https:\/\/ejw-oehringen.de\/wordpress\/wp-content\/uploads\/2019\/12\/20191121_192706-2048x1536.jpg 2048w, https:\/\/ejw-oehringen.de\/wordpress\/wp-content\/uploads\/2019\/12\/20191121_192706-200x150.jpg 200w, https:\/\/ejw-oehringen.de\/wordpress\/wp-content\/uploads\/2019\/12\/20191121_192706-150x113.jpg 150w, https:\/\/ejw-oehringen.de\/wordpress\/wp-content\/uploads\/2019\/12\/20191121_192706-1320x990.jpg 1320w\" sizes=\"auto, (max-width: 270px) 100vw, 270px\" \/><\/a> <a href=\"https:\/\/ejw-oehringen.de\/wordpress\/wp-content\/uploads\/2019\/12\/20191121_192723-scaled.jpg\"><img loading=\"lazy\" decoding=\"async\" class=\"alignnone wp-image-2193\" src=\"https:\/\/ejw-oehringen.de\/wordpress\/wp-content\/uploads\/2019\/12\/20191121_192723-300x225.jpg\" alt=\"\" width=\"270\" height=\"203\" srcset=\"https:\/\/ejw-oehringen.de\/wordpress\/wp-content\/uploads\/2019\/12\/20191121_192723-300x225.jpg 300w, https:\/\/ejw-oehringen.de\/wordpress\/wp-content\/uploads\/2019\/12\/20191121_192723-1024x768.jpg 1024w, https:\/\/ejw-oehringen.de\/wordpress\/wp-content\/uploads\/2019\/12\/20191121_192723-768x576.jpg 768w, https:\/\/ejw-oehringen.de\/wordpress\/wp-content\/uploads\/2019\/12\/20191121_192723-1536x1152.jpg 1536w, https:\/\/ejw-oehringen.de\/wordpress\/wp-content\/uploads\/2019\/12\/20191121_192723-2048x1536.jpg 2048w, https:\/\/ejw-oehringen.de\/wordpress\/wp-content\/uploads\/2019\/12\/20191121_192723-200x150.jpg 200w, https:\/\/ejw-oehringen.de\/wordpress\/wp-content\/uploads\/2019\/12\/20191121_192723-150x113.jpg 150w, https:\/\/ejw-oehringen.de\/wordpress\/wp-content\/uploads\/2019\/12\/20191121_192723-1320x990.jpg 1320w\" sizes=\"auto, (max-width: 270px) 100vw, 270px\" \/><\/a> <a href=\"https:\/\/ejw-oehringen.de\/wordpress\/wp-content\/uploads\/2019\/12\/20191121_192734-scaled.jpg\"><img loading=\"lazy\" decoding=\"async\" class=\"alignnone wp-image-2195\" src=\"https:\/\/ejw-oehringen.de\/wordpress\/wp-content\/uploads\/2019\/12\/20191121_192734-300x225.jpg\" alt=\"\" width=\"270\" height=\"203\" srcset=\"https:\/\/ejw-oehringen.de\/wordpress\/wp-content\/uploads\/2019\/12\/20191121_192734-300x225.jpg 300w, https:\/\/ejw-oehringen.de\/wordpress\/wp-content\/uploads\/2019\/12\/20191121_192734-1024x768.jpg 1024w, https:\/\/ejw-oehringen.de\/wordpress\/wp-content\/uploads\/2019\/12\/20191121_192734-768x576.jpg 768w, https:\/\/ejw-oehringen.de\/wordpress\/wp-content\/uploads\/2019\/12\/20191121_192734-1536x1152.jpg 1536w, https:\/\/ejw-oehringen.de\/wordpress\/wp-content\/uploads\/2019\/12\/20191121_192734-2048x1536.jpg 2048w, https:\/\/ejw-oehringen.de\/wordpress\/wp-content\/uploads\/2019\/12\/20191121_192734-200x150.jpg 200w, https:\/\/ejw-oehringen.de\/wordpress\/wp-content\/uploads\/2019\/12\/20191121_192734-150x113.jpg 150w, https:\/\/ejw-oehringen.de\/wordpress\/wp-content\/uploads\/2019\/12\/20191121_192734-1320x990.jpg 1320w\" sizes=\"auto, (max-width: 270px) 100vw, 270px\" \/><\/a> <a href=\"https:\/\/ejw-oehringen.de\/wordpress\/wp-content\/uploads\/2019\/12\/20191121_192751-scaled.jpg\"><img loading=\"lazy\" decoding=\"async\" class=\"alignnone wp-image-2196\" src=\"https:\/\/ejw-oehringen.de\/wordpress\/wp-content\/uploads\/2019\/12\/20191121_192751-300x225.jpg\" alt=\"\" width=\"270\" height=\"203\" srcset=\"https:\/\/ejw-oehringen.de\/wordpress\/wp-content\/uploads\/2019\/12\/20191121_192751-300x225.jpg 300w, https:\/\/ejw-oehringen.de\/wordpress\/wp-content\/uploads\/2019\/12\/20191121_192751-1024x768.jpg 1024w, https:\/\/ejw-oehringen.de\/wordpress\/wp-content\/uploads\/2019\/12\/20191121_192751-768x576.jpg 768w, https:\/\/ejw-oehringen.de\/wordpress\/wp-content\/uploads\/2019\/12\/20191121_192751-1536x1152.jpg 1536w, https:\/\/ejw-oehringen.de\/wordpress\/wp-content\/uploads\/2019\/12\/20191121_192751-2048x1536.jpg 2048w, https:\/\/ejw-oehringen.de\/wordpress\/wp-content\/uploads\/2019\/12\/20191121_192751-200x150.jpg 200w, https:\/\/ejw-oehringen.de\/wordpress\/wp-content\/uploads\/2019\/12\/20191121_192751-150x113.jpg 150w, https:\/\/ejw-oehringen.de\/wordpress\/wp-content\/uploads\/2019\/12\/20191121_192751-1320x990.jpg 1320w\" sizes=\"auto, (max-width: 270px) 100vw, 270px\" \/><\/a> <a href=\"https:\/\/ejw-oehringen.de\/wordpress\/wp-content\/uploads\/2019\/12\/20191121_192801-scaled.jpg\"><img loading=\"lazy\" decoding=\"async\" class=\"alignnone wp-image-2197\" src=\"https:\/\/ejw-oehringen.de\/wordpress\/wp-content\/uploads\/2019\/12\/20191121_192801-300x225.jpg\" alt=\"\" width=\"270\" height=\"203\" srcset=\"https:\/\/ejw-oehringen.de\/wordpress\/wp-content\/uploads\/2019\/12\/20191121_192801-300x225.jpg 300w, https:\/\/ejw-oehringen.de\/wordpress\/wp-content\/uploads\/2019\/12\/20191121_192801-1024x768.jpg 1024w, https:\/\/ejw-oehringen.de\/wordpress\/wp-content\/uploads\/2019\/12\/20191121_192801-768x576.jpg 768w, https:\/\/ejw-oehringen.de\/wordpress\/wp-content\/uploads\/2019\/12\/20191121_192801-1536x1152.jpg 1536w, https:\/\/ejw-oehringen.de\/wordpress\/wp-content\/uploads\/2019\/12\/20191121_192801-2048x1536.jpg 2048w, https:\/\/ejw-oehringen.de\/wordpress\/wp-content\/uploads\/2019\/12\/20191121_192801-200x150.jpg 200w, https:\/\/ejw-oehringen.de\/wordpress\/wp-content\/uploads\/2019\/12\/20191121_192801-150x113.jpg 150w, https:\/\/ejw-oehringen.de\/wordpress\/wp-content\/uploads\/2019\/12\/20191121_192801-1320x990.jpg 1320w\" sizes=\"auto, (max-width: 270px) 100vw, 270px\" \/><\/a> <a href=\"https:\/\/ejw-oehringen.de\/wordpress\/wp-content\/uploads\/2019\/12\/20191121_192933-scaled.jpg\"><img loading=\"lazy\" decoding=\"async\" class=\"alignnone wp-image-2198\" src=\"https:\/\/ejw-oehringen.de\/wordpress\/wp-content\/uploads\/2019\/12\/20191121_192933-300x225.jpg\" alt=\"\" width=\"270\" height=\"203\" srcset=\"https:\/\/ejw-oehringen.de\/wordpress\/wp-content\/uploads\/2019\/12\/20191121_192933-300x225.jpg 300w, https:\/\/ejw-oehringen.de\/wordpress\/wp-content\/uploads\/2019\/12\/20191121_192933-1024x768.jpg 1024w, https:\/\/ejw-oehringen.de\/wordpress\/wp-content\/uploads\/2019\/12\/20191121_192933-768x576.jpg 768w, https:\/\/ejw-oehringen.de\/wordpress\/wp-content\/uploads\/2019\/12\/20191121_192933-1536x1152.jpg 1536w, https:\/\/ejw-oehringen.de\/wordpress\/wp-content\/uploads\/2019\/12\/20191121_192933-2048x1536.jpg 2048w, https:\/\/ejw-oehringen.de\/wordpress\/wp-content\/uploads\/2019\/12\/20191121_192933-200x150.jpg 200w, https:\/\/ejw-oehringen.de\/wordpress\/wp-content\/uploads\/2019\/12\/20191121_192933-150x113.jpg 150w, https:\/\/ejw-oehringen.de\/wordpress\/wp-content\/uploads\/2019\/12\/20191121_192933-1320x990.jpg 1320w\" sizes=\"auto, (max-width: 270px) 100vw, 270px\" \/><\/a>&nbsp; <a href=\"https:\/\/ejw-oehringen.de\/wordpress\/wp-content\/uploads\/2019\/12\/20191121_192944-scaled.jpg\"><img loading=\"lazy\" decoding=\"async\" class=\"alignnone wp-image-2200\" src=\"https:\/\/ejw-oehringen.de\/wordpress\/wp-content\/uploads\/2019\/12\/20191121_192944-300x225.jpg\" alt=\"\" width=\"270\" height=\"203\" srcset=\"https:\/\/ejw-oehringen.de\/wordpress\/wp-content\/uploads\/2019\/12\/20191121_192944-300x225.jpg 300w, https:\/\/ejw-oehringen.de\/wordpress\/wp-content\/uploads\/2019\/12\/20191121_192944-1024x768.jpg 1024w, https:\/\/ejw-oehringen.de\/wordpress\/wp-content\/uploads\/2019\/12\/20191121_192944-768x576.jpg 768w, https:\/\/ejw-oehringen.de\/wordpress\/wp-content\/uploads\/2019\/12\/20191121_192944-1536x1152.jpg 1536w, https:\/\/ejw-oehringen.de\/wordpress\/wp-content\/uploads\/2019\/12\/20191121_192944-2048x1536.jpg 2048w, https:\/\/ejw-oehringen.de\/wordpress\/wp-content\/uploads\/2019\/12\/20191121_192944-200x150.jpg 200w, https:\/\/ejw-oehringen.de\/wordpress\/wp-content\/uploads\/2019\/12\/20191121_192944-150x113.jpg 150w, https:\/\/ejw-oehringen.de\/wordpress\/wp-content\/uploads\/2019\/12\/20191121_192944-1320x990.jpg 1320w\" sizes=\"auto, (max-width: 270px) 100vw, 270px\" \/><\/a> <a href=\"https:\/\/ejw-oehringen.de\/wordpress\/wp-content\/uploads\/2019\/12\/20191121_201632-scaled.jpg\"><img loading=\"lazy\" decoding=\"async\" class=\"alignnone wp-image-2201\" src=\"https:\/\/ejw-oehringen.de\/wordpress\/wp-content\/uploads\/2019\/12\/20191121_201632-300x225.jpg\" alt=\"\" width=\"270\" height=\"203\" srcset=\"https:\/\/ejw-oehringen.de\/wordpress\/wp-content\/uploads\/2019\/12\/20191121_201632-300x225.jpg 300w, https:\/\/ejw-oehringen.de\/wordpress\/wp-content\/uploads\/2019\/12\/20191121_201632-1024x768.jpg 1024w, https:\/\/ejw-oehringen.de\/wordpress\/wp-content\/uploads\/2019\/12\/20191121_201632-768x576.jpg 768w, https:\/\/ejw-oehringen.de\/wordpress\/wp-content\/uploads\/2019\/12\/20191121_201632-1536x1152.jpg 1536w, https:\/\/ejw-oehringen.de\/wordpress\/wp-content\/uploads\/2019\/12\/20191121_201632-2048x1536.jpg 2048w, https:\/\/ejw-oehringen.de\/wordpress\/wp-content\/uploads\/2019\/12\/20191121_201632-200x150.jpg 200w, https:\/\/ejw-oehringen.de\/wordpress\/wp-content\/uploads\/2019\/12\/20191121_201632-150x113.jpg 150w, https:\/\/ejw-oehringen.de\/wordpress\/wp-content\/uploads\/2019\/12\/20191121_201632-1320x990.jpg 1320w\" sizes=\"auto, (max-width: 270px) 100vw, 270px\" \/><\/a> <a href=\"https:\/\/ejw-oehringen.de\/wordpress\/wp-content\/uploads\/2019\/12\/20191121_211111-scaled.jpg\"><img loading=\"lazy\" decoding=\"async\" class=\"alignnone wp-image-2202\" src=\"https:\/\/ejw-oehringen.de\/wordpress\/wp-content\/uploads\/2019\/12\/20191121_211111-300x225.jpg\" alt=\"\" width=\"270\" height=\"203\" srcset=\"https:\/\/ejw-oehringen.de\/wordpress\/wp-content\/uploads\/2019\/12\/20191121_211111-300x225.jpg 300w, https:\/\/ejw-oehringen.de\/wordpress\/wp-content\/uploads\/2019\/12\/20191121_211111-1024x768.jpg 1024w, https:\/\/ejw-oehringen.de\/wordpress\/wp-content\/uploads\/2019\/12\/20191121_211111-768x576.jpg 768w, https:\/\/ejw-oehringen.de\/wordpress\/wp-content\/uploads\/2019\/12\/20191121_211111-1536x1152.jpg 1536w, https:\/\/ejw-oehringen.de\/wordpress\/wp-content\/uploads\/2019\/12\/20191121_211111-2048x1536.jpg 2048w, https:\/\/ejw-oehringen.de\/wordpress\/wp-content\/uploads\/2019\/12\/20191121_211111-200x150.jpg 200w, https:\/\/ejw-oehringen.de\/wordpress\/wp-content\/uploads\/2019\/12\/20191121_211111-150x113.jpg 150w, https:\/\/ejw-oehringen.de\/wordpress\/wp-content\/uploads\/2019\/12\/20191121_211111-1320x990.jpg 1320w\" sizes=\"auto, (max-width: 270px) 100vw, 270px\" \/><\/a><\/p>\n<p>08.11. 2018 in Kupferzell mit Wahl des BAK<br \/>\n23.11. 2017 in Orendelsall<br \/>\n24.11. 2016 in<br \/>\n26.11. 2015 in Kupferzell mit Wahl des BAK<br \/>\n21.11. 2014 im MGH in \u00d6hringen<br \/>\n29.11. 2013 in Langenbeutingen<br \/>\n30.11. 2012 in Pfedelbach mit Wahl des BAK<\/p>\n<p><a href=\"https:\/\/ejw-oehringen.de\/wordpress\/wp-content\/uploads\/2019\/01\/20161124_204258.jpg\"><img loading=\"lazy\" decoding=\"async\" class=\"alignnone size-large wp-image-1469\" src=\"https:\/\/ejw-oehringen.de\/wordpress\/wp-content\/uploads\/2019\/01\/20161124_204258-1024x768.jpg\" alt=\"\" width=\"800\" height=\"600\" srcset=\"https:\/\/ejw-oehringen.de\/wordpress\/wp-content\/uploads\/2019\/01\/20161124_204258-1024x768.jpg 1024w, https:\/\/ejw-oehringen.de\/wordpress\/wp-content\/uploads\/2019\/01\/20161124_204258-300x225.jpg 300w, https:\/\/ejw-oehringen.de\/wordpress\/wp-content\/uploads\/2019\/01\/20161124_204258-768x576.jpg 768w, https:\/\/ejw-oehringen.de\/wordpress\/wp-content\/uploads\/2019\/01\/20161124_204258-200x150.jpg 200w, https:\/\/ejw-oehringen.de\/wordpress\/wp-content\/uploads\/2019\/01\/20161124_204258-150x113.jpg 150w, https:\/\/ejw-oehringen.de\/wordpress\/wp-content\/uploads\/2019\/01\/20161124_204258-1320x990.jpg 1320w\" sizes=\"auto, (max-width: 800px) 100vw, 800px\" \/><\/a> Es k\u00f6nnen Antr\u00e4ge von den Kirchengemeinden gestellt werden, die die Arbeit des Jugendwerk betreffen.<a href=\"https:\/\/ejw-oehringen.de\/wordpress\/wp-content\/uploads\/2019\/01\/20161124_204306.jpg\"><img loading=\"lazy\" decoding=\"async\" class=\"alignnone size-large wp-image-1470\" src=\"https:\/\/ejw-oehringen.de\/wordpress\/wp-content\/uploads\/2019\/01\/20161124_204306-1024x768.jpg\" alt=\"\" width=\"800\" height=\"600\" srcset=\"https:\/\/ejw-oehringen.de\/wordpress\/wp-content\/uploads\/2019\/01\/20161124_204306-1024x768.jpg 1024w, https:\/\/ejw-oehringen.de\/wordpress\/wp-content\/uploads\/2019\/01\/20161124_204306-300x225.jpg 300w, https:\/\/ejw-oehringen.de\/wordpress\/wp-content\/uploads\/2019\/01\/20161124_204306-768x576.jpg 768w, https:\/\/ejw-oehringen.de\/wordpress\/wp-content\/uploads\/2019\/01\/20161124_204306-200x150.jpg 200w, https:\/\/ejw-oehringen.de\/wordpress\/wp-content\/uploads\/2019\/01\/20161124_204306-150x113.jpg 150w, https:\/\/ejw-oehringen.de\/wordpress\/wp-content\/uploads\/2019\/01\/20161124_204306-1320x990.jpg 1320w\" sizes=\"auto, (max-width: 800px) 100vw, 800px\" \/><\/a> <a href=\"https:\/\/ejw-oehringen.de\/wordpress\/wp-content\/uploads\/2019\/01\/20161124_204318.jpg\"><img loading=\"lazy\" decoding=\"async\" class=\"alignnone size-large wp-image-1471\" src=\"https:\/\/ejw-oehringen.de\/wordpress\/wp-content\/uploads\/2019\/01\/20161124_204318-1024x768.jpg\" alt=\"\" width=\"800\" height=\"600\" srcset=\"https:\/\/ejw-oehringen.de\/wordpress\/wp-content\/uploads\/2019\/01\/20161124_204318-1024x768.jpg 1024w, https:\/\/ejw-oehringen.de\/wordpress\/wp-content\/uploads\/2019\/01\/20161124_204318-300x225.jpg 300w, https:\/\/ejw-oehringen.de\/wordpress\/wp-content\/uploads\/2019\/01\/20161124_204318-768x576.jpg 768w, https:\/\/ejw-oehringen.de\/wordpress\/wp-content\/uploads\/2019\/01\/20161124_204318-200x150.jpg 200w, https:\/\/ejw-oehringen.de\/wordpress\/wp-content\/uploads\/2019\/01\/20161124_204318-150x113.jpg 150w, https:\/\/ejw-oehringen.de\/wordpress\/wp-content\/uploads\/2019\/01\/20161124_204318-1320x990.jpg 1320w\" sizes=\"auto, (max-width: 800px) 100vw, 800px\" \/><\/a> Die Finanzen des Jugendwerks \/ der Haushalt wird besprochen und beschlossen.<img loading=\"lazy\" decoding=\"async\" class=\"alignnone size-large wp-image-1472\" src=\"https:\/\/ejw-oehringen.de\/wordpress\/wp-content\/uploads\/2019\/01\/20161124_204321-1024x768.jpg\" alt=\"\" width=\"800\" height=\"600\" srcset=\"https:\/\/ejw-oehringen.de\/wordpress\/wp-content\/uploads\/2019\/01\/20161124_204321-1024x768.jpg 1024w, https:\/\/ejw-oehringen.de\/wordpress\/wp-content\/uploads\/2019\/01\/20161124_204321-300x225.jpg 300w, https:\/\/ejw-oehringen.de\/wordpress\/wp-content\/uploads\/2019\/01\/20161124_204321-768x576.jpg 768w, https:\/\/ejw-oehringen.de\/wordpress\/wp-content\/uploads\/2019\/01\/20161124_204321-200x150.jpg 200w, https:\/\/ejw-oehringen.de\/wordpress\/wp-content\/uploads\/2019\/01\/20161124_204321-150x113.jpg 150w, https:\/\/ejw-oehringen.de\/wordpress\/wp-content\/uploads\/2019\/01\/20161124_204321-1320x990.jpg 1320w\" sizes=\"auto, (max-width: 800px) 100vw, 800px\" \/>Au\u00dferdem gibt es leckeres Essen und man lernt eventuell neue Menschen aus dem Kirchenbezirk kennen.<img loading=\"lazy\" decoding=\"async\" class=\"alignnone size-large wp-image-1473\" src=\"https:\/\/ejw-oehringen.de\/wordpress\/wp-content\/uploads\/2019\/01\/20161124_204357-1024x768.jpg\" alt=\"\" width=\"800\" height=\"600\" srcset=\"https:\/\/ejw-oehringen.de\/wordpress\/wp-content\/uploads\/2019\/01\/20161124_204357-1024x768.jpg 1024w, https:\/\/ejw-oehringen.de\/wordpress\/wp-content\/uploads\/2019\/01\/20161124_204357-300x225.jpg 300w, https:\/\/ejw-oehringen.de\/wordpress\/wp-content\/uploads\/2019\/01\/20161124_204357-768x576.jpg 768w, https:\/\/ejw-oehringen.de\/wordpress\/wp-content\/uploads\/2019\/01\/20161124_204357-200x150.jpg 200w, https:\/\/ejw-oehringen.de\/wordpress\/wp-content\/uploads\/2019\/01\/20161124_204357-150x113.jpg 150w, https:\/\/ejw-oehringen.de\/wordpress\/wp-content\/uploads\/2019\/01\/20161124_204357-1320x990.jpg 1320w\" sizes=\"auto, (max-width: 800px) 100vw, 800px\" \/>Die Jugendreferenten berichten aus ihrer Arbeit im vergangenen Jahr.<img loading=\"lazy\" decoding=\"async\" class=\"alignnone size-large wp-image-1474\" src=\"https:\/\/ejw-oehringen.de\/wordpress\/wp-content\/uploads\/2019\/01\/20161124_213310-1024x768.jpg\" alt=\"\" width=\"800\" height=\"600\" srcset=\"https:\/\/ejw-oehringen.de\/wordpress\/wp-content\/uploads\/2019\/01\/20161124_213310-1024x768.jpg 1024w, https:\/\/ejw-oehringen.de\/wordpress\/wp-content\/uploads\/2019\/01\/20161124_213310-300x225.jpg 300w, https:\/\/ejw-oehringen.de\/wordpress\/wp-content\/uploads\/2019\/01\/20161124_213310-768x576.jpg 768w, https:\/\/ejw-oehringen.de\/wordpress\/wp-content\/uploads\/2019\/01\/20161124_213310-200x150.jpg 200w, https:\/\/ejw-oehringen.de\/wordpress\/wp-content\/uploads\/2019\/01\/20161124_213310-150x113.jpg 150w, https:\/\/ejw-oehringen.de\/wordpress\/wp-content\/uploads\/2019\/01\/20161124_213310-1320x990.jpg 1320w\" sizes=\"auto, (max-width: 800px) 100vw, 800px\" \/> <img loading=\"lazy\" decoding=\"async\" class=\"alignnone size-large wp-image-1475\" src=\"https:\/\/ejw-oehringen.de\/wordpress\/wp-content\/uploads\/2019\/01\/20161124_215146-1024x768.jpg\" alt=\"\" width=\"800\" height=\"600\" srcset=\"https:\/\/ejw-oehringen.de\/wordpress\/wp-content\/uploads\/2019\/01\/20161124_215146-1024x768.jpg 1024w, https:\/\/ejw-oehringen.de\/wordpress\/wp-content\/uploads\/2019\/01\/20161124_215146-300x225.jpg 300w, https:\/\/ejw-oehringen.de\/wordpress\/wp-content\/uploads\/2019\/01\/20161124_215146-768x576.jpg 768w, https:\/\/ejw-oehringen.de\/wordpress\/wp-content\/uploads\/2019\/01\/20161124_215146-200x150.jpg 200w, https:\/\/ejw-oehringen.de\/wordpress\/wp-content\/uploads\/2019\/01\/20161124_215146-150x113.jpg 150w, https:\/\/ejw-oehringen.de\/wordpress\/wp-content\/uploads\/2019\/01\/20161124_215146-1320x990.jpg 1320w\" sizes=\"auto, (max-width: 800px) 100vw, 800px\" \/>Alle 3 Jahre findet die Wahl des Bezirksarbeitskreis (BAK) des evangelischen Jugendwerks \u00d6hringen statt.<\/p>\n","protected":false},"excerpt":{"rendered":"<p>Einmal j\u00e4hrlich im Herbst tagt die Delegiertenversammlung des Kirchenbezirks \u00d6hringen. Sie besteht aus den entsandten Mitgliedern der Kirchengemeinden im Kirchenbezirk \u00d6hringen und entscheidet \u00fcber die Arbeit (Inhalt, Finanzen etc.) des Jugendwerks. Termine: 26.11.2026 in 20.11. 2025 in \u00d6hringen 28.11. 2024 in Pfedelbach mit Wahl des BAK 25.11. 2021 online mit\u2026 <a class=\"continue-reading-link\" href=\"https:\/\/ejw-oehringen.de\/wordpress\/ueber-uns-kontakt\/delegiertenversammlung\/\">Continue reading<\/a><\/p>\n","protected":false},"author":1,"featured_media":0,"parent":8,"menu_order":4,"comment_status":"closed","ping_status":"closed","template":"","meta":{"ngg_post_thumbnail":0,"footnotes":""},"class_list":["post-1052","page","type-page","status-publish","hentry"],"_links":{"self":[{"href":"https:\/\/ejw-oehringen.de\/wordpress\/wp-json\/wp\/v2\/pages\/1052","targetHints":{"allow":["GET"]}}],"collection":[{"href":"https:\/\/ejw-oehringen.de\/wordpress\/wp-json\/wp\/v2\/pages"}],"about":[{"href":"https:\/\/ejw-oehringen.de\/wordpress\/wp-json\/wp\/v2\/types\/page"}],"author":[{"embeddable":true,"href":"https:\/\/ejw-oehringen.de\/wordpress\/wp-json\/wp\/v2\/users\/1"}],"replies":[{"embeddable":true,"href":"https:\/\/ejw-oehringen.de\/wordpress\/wp-json\/wp\/v2\/comments?post=1052"}],"version-history":[{"count":27,"href":"https:\/\/ejw-oehringen.de\/wordpress\/wp-json\/wp\/v2\/pages\/1052\/revisions"}],"predecessor-version":[{"id":4758,"href":"https:\/\/ejw-oehringen.de\/wordpress\/wp-json\/wp\/v2\/pages\/1052\/revisions\/4758"}],"up":[{"embeddable":true,"href":"https:\/\/ejw-oehringen.de\/wordpress\/wp-json\/wp\/v2\/pages\/8"}],"wp:attachment":[{"href":"https:\/\/ejw-oehringen.de\/wordpress\/wp-json\/wp\/v2\/media?parent=1052"}],"curies":[{"name":"wp","href":"https:\/\/api.w.org\/{rel}","templated":true}]}}